{"id":2847,"date":"2022-02-21T21:21:02","date_gmt":"2022-02-21T20:21:02","guid":{"rendered":"https:\/\/gr10.org\/?page_id=2847"},"modified":"2026-02-21T22:47:08","modified_gmt":"2026-02-21T21:47:08","slug":"periodes-douverture-des-hebergements-du-gr10","status":"publish","type":"page","link":"https:\/\/gr10.org\/index.php\/periodes-douverture-des-hebergements-du-gr10\/","title":{"rendered":"P\u00e9riodes d&rsquo;ouverture des h\u00e9bergements du GR10"},"content":{"rendered":"\t\t<div data-elementor-type=\"wp-page\" data-elementor-id=\"2847\" class=\"elementor elementor-2847\" data-elementor-post-type=\"page\">\n\t\t\t\t\t\t<section class=\"elementor-section elementor-top-section elementor-element elementor-element-67da542 elementor-section-boxed elementor-section-height-default elementor-section-height-default\" data-id=\"67da542\" data-element_type=\"section\" data-e-type=\"section\" data-settings=\"{&quot;background_background&quot;:&quot;classic&quot;}\">\n\t\t\t\t\t\t<div class=\"elementor-container elementor-column-gap-default\">\n\t\t\t\t\t<div class=\"elementor-column elementor-col-100 elementor-top-column elementor-element elementor-element-88f64c1\" data-id=\"88f64c1\" data-element_type=\"column\" data-e-type=\"column\" data-settings=\"{&quot;background_background&quot;:&quot;classic&quot;}\">\n\t\t\t<div class=\"elementor-widget-wrap elementor-element-populated\">\n\t\t\t\t\t\t<section class=\"elementor-section elementor-inner-section elementor-element elementor-element-83300ad elementor-section-full_width elementor-section-content-middle elementor-section-height-default elementor-section-height-default\" data-id=\"83300ad\" data-element_type=\"section\" data-e-type=\"section\">\n\t\t\t\t\t\t<div class=\"elementor-container elementor-column-gap-default\">\n\t\t\t\t\t<div class=\"elementor-column elementor-col-50 elementor-inner-column elementor-element elementor-element-8c7c650\" data-id=\"8c7c650\" data-element_type=\"column\" data-e-type=\"column\">\n\t\t\t<div class=\"elementor-widget-wrap elementor-element-populated\">\n\t\t\t\t\t\t<div class=\"elementor-element elementor-element-9313b33 elementor-widget elementor-widget-image\" data-id=\"9313b33\" data-element_type=\"widget\" data-e-type=\"widget\" data-widget_type=\"image.default\">\n\t\t\t\t<div class=\"elementor-widget-container\">\n\t\t\t\t\t\t\t\t\t\t\t\t\t\t\t<img fetchpriority=\"high\" decoding=\"async\" width=\"640\" height=\"640\" src=\"https:\/\/gr10.org\/wp-content\/uploads\/2022\/03\/Periodes-douverture-des-hebergements-du-GR10.jpg\" class=\"attachment-large size-large wp-image-2848\" alt=\"P\u00e9riodes d&#039;ouverture des h\u00e9bergements du GR10\" srcset=\"https:\/\/gr10.org\/wp-content\/uploads\/2022\/03\/Periodes-douverture-des-hebergements-du-GR10.jpg 640w, https:\/\/gr10.org\/wp-content\/uploads\/2022\/03\/Periodes-douverture-des-hebergements-du-GR10-300x300.jpg 300w, https:\/\/gr10.org\/wp-content\/uploads\/2022\/03\/Periodes-douverture-des-hebergements-du-GR10-150x150.jpg 150w\" sizes=\"(max-width: 640px) 100vw, 640px\" \/>\t\t\t\t\t\t\t\t\t\t\t\t\t\t\t<\/div>\n\t\t\t\t<\/div>\n\t\t\t\t\t<\/div>\n\t\t<\/div>\n\t\t\t\t<div class=\"elementor-column elementor-col-50 elementor-inner-column elementor-element elementor-element-d0e0bb9\" data-id=\"d0e0bb9\" data-element_type=\"column\" data-e-type=\"column\">\n\t\t\t<div class=\"elementor-widget-wrap elementor-element-populated\">\n\t\t\t\t\t\t<div class=\"elementor-element elementor-element-a62b9dc elementor-widget elementor-widget-heading\" data-id=\"a62b9dc\" data-element_type=\"widget\" data-e-type=\"widget\" data-widget_type=\"heading.default\">\n\t\t\t\t<div class=\"elementor-widget-container\">\n\t\t\t\t\t<h2 class=\"elementor-heading-title elementor-size-default\">P\u00e9riodes d'ouverture des h\u00e9bergements du GR10\n<\/h2>\t\t\t\t<\/div>\n\t\t\t\t<\/div>\n\t\t\t\t<div class=\"elementor-element elementor-element-7e7dfe1 elementor-widget elementor-widget-heading\" data-id=\"7e7dfe1\" data-element_type=\"widget\" data-e-type=\"widget\" data-widget_type=\"heading.default\">\n\t\t\t\t<div class=\"elementor-widget-container\">\n\t\t\t\t\t<h2 class=\"elementor-heading-title elementor-size-default\">fonction du mois et du secteur concern\u00e9\n<\/h2>\t\t\t\t<\/div>\n\t\t\t\t<\/div>\n\t\t\t\t<div class=\"elementor-element elementor-element-d2db5c1 elementor-widget elementor-widget-text-editor\" data-id=\"d2db5c1\" data-element_type=\"widget\" data-e-type=\"widget\" data-widget_type=\"text-editor.default\">\n\t\t\t\t<div class=\"elementor-widget-container\">\n\t\t\t\t\t\t\t\t\t<p>P\u00e9riodes d&rsquo;ouverture des h\u00e9bergements du GR10.<br \/>Sur le GR10, tous les h\u00e9bergements ne sont pas ouverts en permanence toute l&rsquo;ann\u00e9e. En fonction de leurs types et de leurs positionnements, leurs ouvertures ne seront que saisonni\u00e8res. C&rsquo;est un param\u00e8tre important \u00e0 prendre en compte si vous souhaitez ne pas prendre de mat\u00e9riel de bivouac et donc loger uniquement dans des structures d&rsquo;accueil en \u00ab\u00a0dur\u00a0\u00bb.<br \/><br \/>Cette \u00e9tude ne portera bien \u00e9videmment pas sur les p\u00e9riodes allant de d\u00e9but d\u00e9cembre \u00e0 fin f\u00e9vrier qui sont d\u00e9favorables pour parcourir le GR10 dans des conditions normales de randonneur.<\/p>\t\t\t\t\t\t\t\t<\/div>\n\t\t\t\t<\/div>\n\t\t\t\t\t<\/div>\n\t\t<\/div>\n\t\t\t\t\t<\/div>\n\t\t<\/section>\n\t\t\t\t<section class=\"elementor-section elementor-inner-section elementor-element elementor-element-4538967 elementor-section-full_width elementor-section-content-middle elementor-section-height-default elementor-section-height-default\" data-id=\"4538967\" data-element_type=\"section\" data-e-type=\"section\">\n\t\t\t\t\t\t<div class=\"elementor-container elementor-column-gap-default\">\n\t\t\t\t\t<div class=\"elementor-column elementor-col-50 elementor-inner-column elementor-element elementor-element-8162c3e elementor-hidden-mobile\" data-id=\"8162c3e\" data-element_type=\"column\" data-e-type=\"column\">\n\t\t\t<div class=\"elementor-widget-wrap\">\n\t\t\t\t\t\t\t<\/div>\n\t\t<\/div>\n\t\t\t\t<div class=\"elementor-column elementor-col-50 elementor-inner-column elementor-element elementor-element-25dfa9c\" data-id=\"25dfa9c\" data-element_type=\"column\" data-e-type=\"column\">\n\t\t\t<div class=\"elementor-widget-wrap elementor-element-populated\">\n\t\t\t\t\t\t<div class=\"elementor-element elementor-element-ba770d0 elementor-widget elementor-widget-text-editor\" data-id=\"ba770d0\" data-element_type=\"widget\" data-e-type=\"widget\" data-widget_type=\"text-editor.default\">\n\t\t\t\t<div class=\"elementor-widget-container\">\n\t\t\t\t\t\t\t\t\t<p>Nous vous laissons prendre connaissance du graphique pr\u00e9sent\u00e9 ci-dessous. Celui-ci pr\u00e9sente les pourcentages d&rsquo;h\u00e9bergements ouverts sur le GR10 en fonction du secteur g\u00e9ographique et de la p\u00e9riode de l&rsquo;ann\u00e9e concern\u00e9s<a href=\"https:\/\/fr.wikipedia.org\/wiki\/H%C3%A9bergement_(voyage)\">.<\/a><\/p>\t\t\t\t\t\t\t\t<\/div>\n\t\t\t\t<\/div>\n\t\t\t\t<div class=\"elementor-element elementor-element-4f643b3 elementor-widget elementor-widget-heading\" data-id=\"4f643b3\" data-element_type=\"widget\" data-e-type=\"widget\" data-widget_type=\"heading.default\">\n\t\t\t\t<div class=\"elementor-widget-container\">\n\t\t\t\t\t<h3 class=\"elementor-heading-title elementor-size-default\">Pourcentage d'h\u00e9bergements ouverts sur le GR10 en fonction du secteur et de la p\u00e9riode concern\u00e9e<\/h3>\t\t\t\t<\/div>\n\t\t\t\t<\/div>\n\t\t\t\t<div class=\"elementor-element elementor-element-c661677 elementor-widget elementor-widget-image\" data-id=\"c661677\" data-element_type=\"widget\" data-e-type=\"widget\" data-widget_type=\"image.default\">\n\t\t\t\t<div class=\"elementor-widget-container\">\n\t\t\t\t\t\t\t\t\t\t\t\t\t\t\t\t<a href=\"https:\/\/gr10.org\/wp-content\/uploads\/2026\/02\/les-periodes-douverture-des-hebergements-sur-le-gr10-scaled.jpg\" data-elementor-open-lightbox=\"yes\" data-elementor-lightbox-title=\"les p\u00e9riodes d&#039;ouverture des h\u00e9bergements sur le gr10\" data-e-action-hash=\"#elementor-action%3Aaction%3Dlightbox%26settings%3DeyJpZCI6MTUzMjcsInVybCI6Imh0dHBzOlwvXC9ncjEwLm9yZ1wvd3AtY29udGVudFwvdXBsb2Fkc1wvMjAyNlwvMDJcL2xlcy1wZXJpb2Rlcy1kb3V2ZXJ0dXJlLWRlcy1oZWJlcmdlbWVudHMtc3VyLWxlLWdyMTAtc2NhbGVkLmpwZyJ9\">\n\t\t\t\t\t\t\t<img decoding=\"async\" width=\"1024\" height=\"506\" src=\"https:\/\/gr10.org\/wp-content\/uploads\/2026\/02\/les-periodes-douverture-des-hebergements-sur-le-gr10-1024x506.jpg\" class=\"attachment-large size-large wp-image-15327\" alt=\"les p\u00e9riodes d&#039;ouverture des h\u00e9bergements sur le gr10\" srcset=\"https:\/\/gr10.org\/wp-content\/uploads\/2026\/02\/les-periodes-douverture-des-hebergements-sur-le-gr10-1024x506.jpg 1024w, https:\/\/gr10.org\/wp-content\/uploads\/2026\/02\/les-periodes-douverture-des-hebergements-sur-le-gr10-300x148.jpg 300w, https:\/\/gr10.org\/wp-content\/uploads\/2026\/02\/les-periodes-douverture-des-hebergements-sur-le-gr10-768x379.jpg 768w, https:\/\/gr10.org\/wp-content\/uploads\/2026\/02\/les-periodes-douverture-des-hebergements-sur-le-gr10-1536x759.jpg 1536w, https:\/\/gr10.org\/wp-content\/uploads\/2026\/02\/les-periodes-douverture-des-hebergements-sur-le-gr10-2048x1012.jpg 2048w\" sizes=\"(max-width: 1024px) 100vw, 1024px\" \/>\t\t\t\t\t\t\t\t<\/a>\n\t\t\t\t\t\t\t\t\t\t\t\t\t\t\t<\/div>\n\t\t\t\t<\/div>\n\t\t\t\t\t<\/div>\n\t\t<\/div>\n\t\t\t\t\t<\/div>\n\t\t<\/section>\n\t\t\t\t<section class=\"elementor-section elementor-inner-section elementor-element elementor-element-4fbccd4 elementor-section-full_width elementor-section-content-middle elementor-section-height-default elementor-section-height-default\" data-id=\"4fbccd4\" data-element_type=\"section\" data-e-type=\"section\">\n\t\t\t\t\t\t<div class=\"elementor-container elementor-column-gap-default\">\n\t\t\t\t\t<div class=\"elementor-column elementor-col-50 elementor-inner-column elementor-element elementor-element-1795b48 elementor-hidden-mobile\" data-id=\"1795b48\" data-element_type=\"column\" data-e-type=\"column\">\n\t\t\t<div class=\"elementor-widget-wrap\">\n\t\t\t\t\t\t\t<\/div>\n\t\t<\/div>\n\t\t\t\t<div class=\"elementor-column elementor-col-50 elementor-inner-column elementor-element elementor-element-2d12b8e\" data-id=\"2d12b8e\" data-element_type=\"column\" data-e-type=\"column\">\n\t\t\t<div class=\"elementor-widget-wrap elementor-element-populated\">\n\t\t\t\t\t\t<div class=\"elementor-element elementor-element-cc6dc9e elementor-widget elementor-widget-heading\" data-id=\"cc6dc9e\" data-element_type=\"widget\" data-e-type=\"widget\" data-widget_type=\"heading.default\">\n\t\t\t\t<div class=\"elementor-widget-container\">\n\t\t\t\t\t<h3 class=\"elementor-heading-title elementor-size-default\">Analyse rapide<\/h3>\t\t\t\t<\/div>\n\t\t\t\t<\/div>\n\t\t\t\t<div class=\"elementor-element elementor-element-2481af8 elementor-widget elementor-widget-text-editor\" data-id=\"2481af8\" data-element_type=\"widget\" data-e-type=\"widget\" data-widget_type=\"text-editor.default\">\n\t\t\t\t<div class=\"elementor-widget-container\">\n\t\t\t\t\t\t\t\t\t<p><span style=\"text-decoration: underline;\">Premier constat<\/span>\u00a0: si vous souhaitez ne pas porter de mat\u00e9riel de bivouac et ne parcourir le GR10 que d&rsquo;h\u00e9bergement en h\u00e9bergement seule la p\u00e9riode allant de d\u00e9but juin \u00e0 fin septembre sera favorable.<br \/><br \/><span style=\"text-decoration: underline;\">Second constat<\/span>\u00a0: Seul le secteur des Pyr\u00e9n\u00e9es Occidentales (Pays Basque et B\u00e9arn) b\u00e9n\u00e9ficiant de conditions plus favorables (altitudes moins \u00e9lev\u00e9es, climat plus doux, vall\u00e9es touristiques, etc&#8230;) pourra \u00eatre travers\u00e9 par le GR10 sans mat\u00e9riel de bivouac de d\u00e9but mars \u00e0 fin novembre et ce sans aucun probl\u00e8me sur le plan de la capacit\u00e9 d&rsquo;h\u00e9bergement.<br \/><br \/><span style=\"text-decoration: underline;\">Troisi\u00e8me constat<\/span>\u00a0: La p\u00e9riode limit\u00e9e d&rsquo;ouverture des refuges d&rsquo;altitude s&rsquo;explique facilement par les conditions locales d&rsquo;enneigement limitant leur acc\u00e8s.<\/p>\t\t\t\t\t\t\t\t<\/div>\n\t\t\t\t<\/div>\n\t\t\t\t\t<\/div>\n\t\t<\/div>\n\t\t\t\t\t<\/div>\n\t\t<\/section>\n\t\t\t\t<section class=\"elementor-section elementor-inner-section elementor-element elementor-element-d7b652a elementor-section-full_width elementor-section-content-middle elementor-section-height-default elementor-section-height-default\" data-id=\"d7b652a\" data-element_type=\"section\" data-e-type=\"section\">\n\t\t\t\t\t\t<div class=\"elementor-container elementor-column-gap-default\">\n\t\t\t\t\t<div class=\"elementor-column elementor-col-50 elementor-inner-column elementor-element elementor-element-13e2a41 elementor-hidden-mobile\" data-id=\"13e2a41\" data-element_type=\"column\" data-e-type=\"column\">\n\t\t\t<div class=\"elementor-widget-wrap\">\n\t\t\t\t\t\t\t<\/div>\n\t\t<\/div>\n\t\t\t\t<div class=\"elementor-column elementor-col-50 elementor-inner-column elementor-element elementor-element-9caab6b\" data-id=\"9caab6b\" data-element_type=\"column\" data-e-type=\"column\">\n\t\t\t<div class=\"elementor-widget-wrap elementor-element-populated\">\n\t\t\t\t\t\t<div class=\"elementor-element elementor-element-14ddf93 elementor-widget elementor-widget-heading\" data-id=\"14ddf93\" data-element_type=\"widget\" data-e-type=\"widget\" data-widget_type=\"heading.default\">\n\t\t\t\t<div class=\"elementor-widget-container\">\n\t\t\t\t\t<h3 class=\"elementor-heading-title elementor-size-default\">En conclusion<\/h3>\t\t\t\t<\/div>\n\t\t\t\t<\/div>\n\t\t\t\t<div class=\"elementor-element elementor-element-d1c0d4b elementor-widget elementor-widget-text-editor\" data-id=\"d1c0d4b\" data-element_type=\"widget\" data-e-type=\"widget\" data-widget_type=\"text-editor.default\">\n\t\t\t\t<div class=\"elementor-widget-container\">\n\t\t\t\t\t\t\t\t\tSeule la p\u00e9riode allant de juin \u00e0 septembre propose une capacit\u00e9 d&rsquo;h\u00e9bergement de 100%. En dehors de cette p\u00e9riode, les refuges d&rsquo;altitude \u00e9tant pour leur grande majorit\u00e9 ferm\u00e9s, il y aura lieu d&rsquo;\u00eatre autonomes en mati\u00e8re de \u00ab\u00a0couchage\u00a0\u00bb et d&rsquo;\u00eatre attentifs aux dates d&rsquo;ouverture des autres h\u00e9bergements qui ne seront pas tous ouverts en dehors de la p\u00e9riode \u00ab\u00a0faste\u00a0\u00bb.\t\t\t\t\t\t\t\t<\/div>\n\t\t\t\t<\/div>\n\t\t\t\t\t<\/div>\n\t\t<\/div>\n\t\t\t\t\t<\/div>\n\t\t<\/section>\n\t\t\t\t<section class=\"elementor-section elementor-inner-section elementor-element elementor-element-599c766 elementor-section-full_width elementor-section-content-middle elementor-section-height-default elementor-section-height-default\" data-id=\"599c766\" data-element_type=\"section\" data-e-type=\"section\">\n\t\t\t\t\t\t<div class=\"elementor-container elementor-column-gap-default\">\n\t\t\t\t\t<div class=\"elementor-column elementor-col-50 elementor-inner-column elementor-element elementor-element-6786ff9 elementor-hidden-mobile\" data-id=\"6786ff9\" data-element_type=\"column\" data-e-type=\"column\">\n\t\t\t<div class=\"elementor-widget-wrap\">\n\t\t\t\t\t\t\t<\/div>\n\t\t<\/div>\n\t\t\t\t<div class=\"elementor-column elementor-col-50 elementor-inner-column elementor-element elementor-element-3d34cc0\" data-id=\"3d34cc0\" data-element_type=\"column\" data-e-type=\"column\">\n\t\t\t<div class=\"elementor-widget-wrap elementor-element-populated\">\n\t\t\t\t\t\t<div class=\"elementor-element elementor-element-d161791 elementor-align-center elementor-widget__width-auto elementor-widget elementor-widget-button\" data-id=\"d161791\" data-element_type=\"widget\" data-e-type=\"widget\" data-widget_type=\"button.default\">\n\t\t\t\t<div class=\"elementor-widget-container\">\n\t\t\t\t\t\t\t\t\t<div class=\"elementor-button-wrapper\">\n\t\t\t\t\t<a class=\"elementor-button elementor-button-link elementor-size-xs\" href=\"https:\/\/gr10.org\/index.php\/portail-des-dossiers-de-preparation-au-gr10\/\">\n\t\t\t\t\t\t<span class=\"elementor-button-content-wrapper\">\n\t\t\t\t\t\t\t\t\t<span class=\"elementor-button-text\">Retour au portail des dossiers de pr\u00e9paration<\/span>\n\t\t\t\t\t<\/span>\n\t\t\t\t\t<\/a>\n\t\t\t\t<\/div>\n\t\t\t\t\t\t\t\t<\/div>\n\t\t\t\t<\/div>\n\t\t\t\t\t<\/div>\n\t\t<\/div>\n\t\t\t\t\t<\/div>\n\t\t<\/section>\n\t\t\t\t<section class=\"elementor-section elementor-inner-section elementor-element elementor-element-15d7a1a elementor-section-boxed elementor-section-height-default elementor-section-height-default\" data-id=\"15d7a1a\" data-element_type=\"section\" data-e-type=\"section\">\n\t\t\t\t\t\t<div class=\"elementor-container elementor-column-gap-default\">\n\t\t\t\t\t<div class=\"elementor-column elementor-col-100 elementor-inner-column elementor-element elementor-element-9bfadb7\" data-id=\"9bfadb7\" data-element_type=\"column\" data-e-type=\"column\">\n\t\t\t<div class=\"elementor-widget-wrap elementor-element-populated\">\n\t\t\t\t\t\t<div class=\"elementor-element elementor-element-329f9b7 elementor-position-inline-start elementor-widget__width-inherit elementor-view-default elementor-mobile-position-block-start elementor-widget elementor-widget-icon-box\" data-id=\"329f9b7\" data-element_type=\"widget\" data-e-type=\"widget\" data-widget_type=\"icon-box.default\">\n\t\t\t\t<div class=\"elementor-widget-container\">\n\t\t\t\t\t\t\t<div class=\"elementor-icon-box-wrapper\">\n\n\t\t\t\t\t\t<div class=\"elementor-icon-box-icon\">\n\t\t\t\t<span  class=\"elementor-icon\">\n\t\t\t\t<i aria-hidden=\"true\" class=\"fas fa-info-circle\"><\/i>\t\t\t\t<\/span>\n\t\t\t<\/div>\n\t\t\t\n\t\t\t\t\t\t<div class=\"elementor-icon-box-content\">\n\n\t\t\t\t\n\t\t\t\t\t\t\t\t\t<p class=\"elementor-icon-box-description\">\n\t\t\t\t\t\tPoint info\t\t\t\t\t<\/p>\n\t\t\t\t\n\t\t\t<\/div>\n\t\t\t\n\t\t<\/div>\n\t\t\t\t\t\t<\/div>\n\t\t\t\t<\/div>\n\t\t\t\t<div class=\"elementor-element elementor-element-1fe0ed6 elementor-widget elementor-widget-text-editor\" data-id=\"1fe0ed6\" data-element_type=\"widget\" data-e-type=\"widget\" data-widget_type=\"text-editor.default\">\n\t\t\t\t<div class=\"elementor-widget-container\">\n\t\t\t\t\t\t\t\t\tPour toutes questions relatives aux dossiers de pr\u00e9paration, n&rsquo;h\u00e9sitez-pas \u00e0 contacter :\n<br>\nEric CHAIGNEAU\n<br>\nanimateur b\u00e9n\u00e9vole des Amis GRdistes.\n<br>\n<a href=\"mailto:assogr10@gmail.com\" target=\"_blank\" rel=\"noopener\">assogr10@gmail.com<\/a>\n<br>\ntel 06 83 61 48 49\t\t\t\t\t\t\t\t<\/div>\n\t\t\t\t<\/div>\n\t\t\t\t\t<\/div>\n\t\t<\/div>\n\t\t\t\t\t<\/div>\n\t\t<\/section>\n\t\t\t\t\t<\/div>\n\t\t<\/div>\n\t\t\t\t\t<\/div>\n\t\t<\/section>\n\t\t\t\t<\/div>\n\t\t","protected":false},"excerpt":{"rendered":"<p>P\u00e9riodes d&rsquo;ouverture des h\u00e9bergements du GR10 fonction du mois et du secteur concern\u00e9 P\u00e9riodes d&rsquo;ouverture des h\u00e9bergements du GR10.Sur le GR10, tous les h\u00e9bergements ne sont pas ouverts en permanence toute l&rsquo;ann\u00e9e. En fonction de leurs types et de leurs positionnements, leurs ouvertures ne seront que saisonni\u00e8res. C&rsquo;est un param\u00e8tre important \u00e0 prendre en compte&#8230;<\/p>\n","protected":false},"author":3,"featured_media":2848,"parent":0,"menu_order":0,"comment_status":"closed","ping_status":"closed","template":"elementor_theme","meta":{"_acf_changed":false,"_kad_post_transparent":"default","_kad_post_title":"hide","_kad_post_layout":"right","_kad_post_sidebar_id":"","_kad_post_content_style":"unboxed","_kad_post_vertical_padding":"hide","_kad_post_feature":"hide","_kad_post_feature_position":"","_kad_post_header":false,"_kad_post_footer":false,"footnotes":""},"categories":[18,24,19],"tags":[],"class_list":["post-2847","page","type-page","status-publish","has-post-thumbnail","hentry","category-dossier-de-preparation","category-hebergements-bivouacs","category-les-essentiels"],"acf":[],"yoast_head":"<!-- This site is optimized with the Yoast SEO plugin v27.4 - https:\/\/yoast.com\/product\/yoast-seo-wordpress\/ -->\n<title>P\u00e9riodes d&#039;ouverture des h\u00e9bergements du GR10 - Dossier de pr\u00e9paration<\/title>\n<meta name=\"description\" content=\"Connaitre les p\u00e9riodes d&#039;ouverture des h\u00e9bergements du GR10 est important pour le futur GRdiste souhaitant planifier son aventure.\" \/>\n<meta name=\"robots\" content=\"index, follow, max-snippet:-1, max-image-preview:large, max-video-preview:-1\" \/>\n<link rel=\"canonical\" href=\"https:\/\/gr10.org\/index.php\/periodes-douverture-des-hebergements-du-gr10\/\" \/>\n<meta property=\"og:locale\" content=\"fr_FR\" \/>\n<meta property=\"og:type\" content=\"article\" \/>\n<meta property=\"og:title\" content=\"P\u00e9riodes d&#039;ouverture des h\u00e9bergements du GR10 - Dossier de pr\u00e9paration\" \/>\n<meta property=\"og:description\" content=\"Connaitre les p\u00e9riodes d&#039;ouverture des h\u00e9bergements du GR10 est important pour le futur GRdiste souhaitant planifier son aventure.\" \/>\n<meta property=\"og:url\" content=\"https:\/\/gr10.org\/index.php\/periodes-douverture-des-hebergements-du-gr10\/\" \/>\n<meta property=\"og:site_name\" content=\"GR10 - La grande travers\u00e9e des Pyr\u00e9n\u00e9es\" \/>\n<meta property=\"article:modified_time\" content=\"2026-02-21T21:47:08+00:00\" \/>\n<meta property=\"og:image\" content=\"https:\/\/gr10.org\/wp-content\/uploads\/2022\/03\/Periodes-douverture-des-hebergements-du-GR10.jpg\" \/>\n\t<meta property=\"og:image:width\" content=\"640\" \/>\n\t<meta property=\"og:image:height\" content=\"640\" \/>\n\t<meta property=\"og:image:type\" content=\"image\/jpeg\" \/>\n<meta name=\"twitter:card\" content=\"summary_large_image\" \/>\n<meta name=\"twitter:label1\" content=\"Dur\u00e9e de lecture estim\u00e9e\" \/>\n\t<meta name=\"twitter:data1\" content=\"3 minutes\" \/>\n<script type=\"application\/ld+json\" class=\"yoast-schema-graph\">{\"@context\":\"https:\\\/\\\/schema.org\",\"@graph\":[{\"@type\":\"WebPage\",\"@id\":\"https:\\\/\\\/gr10.org\\\/index.php\\\/periodes-douverture-des-hebergements-du-gr10\\\/\",\"url\":\"https:\\\/\\\/gr10.org\\\/index.php\\\/periodes-douverture-des-hebergements-du-gr10\\\/\",\"name\":\"P\u00e9riodes d'ouverture des h\u00e9bergements du GR10 - Dossier de pr\u00e9paration\",\"isPartOf\":{\"@id\":\"https:\\\/\\\/gr10.org\\\/#website\"},\"primaryImageOfPage\":{\"@id\":\"https:\\\/\\\/gr10.org\\\/index.php\\\/periodes-douverture-des-hebergements-du-gr10\\\/#primaryimage\"},\"image\":{\"@id\":\"https:\\\/\\\/gr10.org\\\/index.php\\\/periodes-douverture-des-hebergements-du-gr10\\\/#primaryimage\"},\"thumbnailUrl\":\"https:\\\/\\\/gr10.org\\\/wp-content\\\/uploads\\\/2022\\\/03\\\/Periodes-douverture-des-hebergements-du-GR10.jpg\",\"datePublished\":\"2022-02-21T20:21:02+00:00\",\"dateModified\":\"2026-02-21T21:47:08+00:00\",\"description\":\"Connaitre les p\u00e9riodes d'ouverture des h\u00e9bergements du GR10 est important pour le futur GRdiste souhaitant planifier son aventure.\",\"breadcrumb\":{\"@id\":\"https:\\\/\\\/gr10.org\\\/index.php\\\/periodes-douverture-des-hebergements-du-gr10\\\/#breadcrumb\"},\"inLanguage\":\"fr-FR\",\"potentialAction\":[{\"@type\":\"ReadAction\",\"target\":[\"https:\\\/\\\/gr10.org\\\/index.php\\\/periodes-douverture-des-hebergements-du-gr10\\\/\"]}]},{\"@type\":\"ImageObject\",\"inLanguage\":\"fr-FR\",\"@id\":\"https:\\\/\\\/gr10.org\\\/index.php\\\/periodes-douverture-des-hebergements-du-gr10\\\/#primaryimage\",\"url\":\"https:\\\/\\\/gr10.org\\\/wp-content\\\/uploads\\\/2022\\\/03\\\/Periodes-douverture-des-hebergements-du-GR10.jpg\",\"contentUrl\":\"https:\\\/\\\/gr10.org\\\/wp-content\\\/uploads\\\/2022\\\/03\\\/Periodes-douverture-des-hebergements-du-GR10.jpg\",\"width\":640,\"height\":640,\"caption\":\"P\u00e9riodes d'ouverture des h\u00e9bergements du GR10\"},{\"@type\":\"BreadcrumbList\",\"@id\":\"https:\\\/\\\/gr10.org\\\/index.php\\\/periodes-douverture-des-hebergements-du-gr10\\\/#breadcrumb\",\"itemListElement\":[{\"@type\":\"ListItem\",\"position\":1,\"name\":\"Accueil\",\"item\":\"https:\\\/\\\/gr10.org\\\/\"},{\"@type\":\"ListItem\",\"position\":2,\"name\":\"P\u00e9riodes d&rsquo;ouverture des h\u00e9bergements du GR10\"}]},{\"@type\":\"WebSite\",\"@id\":\"https:\\\/\\\/gr10.org\\\/#website\",\"url\":\"https:\\\/\\\/gr10.org\\\/\",\"name\":\"GR10 - La grande travers\u00e9e des Pyr\u00e9n\u00e9es\",\"description\":\"La grande aventure de la travers\u00e9e des Pyr\u00e9n\u00e9es via le gr10, vous en avez r\u00eav\u00e9? Alors, faite-la! Ce site vous aidera \u00e0 r\u00e9aliser votre aventure.\",\"potentialAction\":[{\"@type\":\"SearchAction\",\"target\":{\"@type\":\"EntryPoint\",\"urlTemplate\":\"https:\\\/\\\/gr10.org\\\/?s={search_term_string}\"},\"query-input\":{\"@type\":\"PropertyValueSpecification\",\"valueRequired\":true,\"valueName\":\"search_term_string\"}}],\"inLanguage\":\"fr-FR\"}]}<\/script>\n<!-- \/ Yoast SEO plugin. -->","yoast_head_json":{"title":"P\u00e9riodes d'ouverture des h\u00e9bergements du GR10 - Dossier de pr\u00e9paration","description":"Connaitre les p\u00e9riodes d'ouverture des h\u00e9bergements du GR10 est important pour le futur GRdiste souhaitant planifier son aventure.","robots":{"index":"index","follow":"follow","max-snippet":"max-snippet:-1","max-image-preview":"max-image-preview:large","max-video-preview":"max-video-preview:-1"},"canonical":"https:\/\/gr10.org\/index.php\/periodes-douverture-des-hebergements-du-gr10\/","og_locale":"fr_FR","og_type":"article","og_title":"P\u00e9riodes d'ouverture des h\u00e9bergements du GR10 - Dossier de pr\u00e9paration","og_description":"Connaitre les p\u00e9riodes d'ouverture des h\u00e9bergements du GR10 est important pour le futur GRdiste souhaitant planifier son aventure.","og_url":"https:\/\/gr10.org\/index.php\/periodes-douverture-des-hebergements-du-gr10\/","og_site_name":"GR10 - La grande travers\u00e9e des Pyr\u00e9n\u00e9es","article_modified_time":"2026-02-21T21:47:08+00:00","og_image":[{"width":640,"height":640,"url":"https:\/\/gr10.org\/wp-content\/uploads\/2022\/03\/Periodes-douverture-des-hebergements-du-GR10.jpg","type":"image\/jpeg"}],"twitter_card":"summary_large_image","twitter_misc":{"Dur\u00e9e de lecture estim\u00e9e":"3 minutes"},"schema":{"@context":"https:\/\/schema.org","@graph":[{"@type":"WebPage","@id":"https:\/\/gr10.org\/index.php\/periodes-douverture-des-hebergements-du-gr10\/","url":"https:\/\/gr10.org\/index.php\/periodes-douverture-des-hebergements-du-gr10\/","name":"P\u00e9riodes d'ouverture des h\u00e9bergements du GR10 - Dossier de pr\u00e9paration","isPartOf":{"@id":"https:\/\/gr10.org\/#website"},"primaryImageOfPage":{"@id":"https:\/\/gr10.org\/index.php\/periodes-douverture-des-hebergements-du-gr10\/#primaryimage"},"image":{"@id":"https:\/\/gr10.org\/index.php\/periodes-douverture-des-hebergements-du-gr10\/#primaryimage"},"thumbnailUrl":"https:\/\/gr10.org\/wp-content\/uploads\/2022\/03\/Periodes-douverture-des-hebergements-du-GR10.jpg","datePublished":"2022-02-21T20:21:02+00:00","dateModified":"2026-02-21T21:47:08+00:00","description":"Connaitre les p\u00e9riodes d'ouverture des h\u00e9bergements du GR10 est important pour le futur GRdiste souhaitant planifier son aventure.","breadcrumb":{"@id":"https:\/\/gr10.org\/index.php\/periodes-douverture-des-hebergements-du-gr10\/#breadcrumb"},"inLanguage":"fr-FR","potentialAction":[{"@type":"ReadAction","target":["https:\/\/gr10.org\/index.php\/periodes-douverture-des-hebergements-du-gr10\/"]}]},{"@type":"ImageObject","inLanguage":"fr-FR","@id":"https:\/\/gr10.org\/index.php\/periodes-douverture-des-hebergements-du-gr10\/#primaryimage","url":"https:\/\/gr10.org\/wp-content\/uploads\/2022\/03\/Periodes-douverture-des-hebergements-du-GR10.jpg","contentUrl":"https:\/\/gr10.org\/wp-content\/uploads\/2022\/03\/Periodes-douverture-des-hebergements-du-GR10.jpg","width":640,"height":640,"caption":"P\u00e9riodes d'ouverture des h\u00e9bergements du GR10"},{"@type":"BreadcrumbList","@id":"https:\/\/gr10.org\/index.php\/periodes-douverture-des-hebergements-du-gr10\/#breadcrumb","itemListElement":[{"@type":"ListItem","position":1,"name":"Accueil","item":"https:\/\/gr10.org\/"},{"@type":"ListItem","position":2,"name":"P\u00e9riodes d&rsquo;ouverture des h\u00e9bergements du GR10"}]},{"@type":"WebSite","@id":"https:\/\/gr10.org\/#website","url":"https:\/\/gr10.org\/","name":"GR10 - La grande travers\u00e9e des Pyr\u00e9n\u00e9es","description":"La grande aventure de la travers\u00e9e des Pyr\u00e9n\u00e9es via le gr10, vous en avez r\u00eav\u00e9? Alors, faite-la! Ce site vous aidera \u00e0 r\u00e9aliser votre aventure.","potentialAction":[{"@type":"SearchAction","target":{"@type":"EntryPoint","urlTemplate":"https:\/\/gr10.org\/?s={search_term_string}"},"query-input":{"@type":"PropertyValueSpecification","valueRequired":true,"valueName":"search_term_string"}}],"inLanguage":"fr-FR"}]}},"_links":{"self":[{"href":"https:\/\/gr10.org\/index.php\/wp-json\/wp\/v2\/pages\/2847","targetHints":{"allow":["GET"]}}],"collection":[{"href":"https:\/\/gr10.org\/index.php\/wp-json\/wp\/v2\/pages"}],"about":[{"href":"https:\/\/gr10.org\/index.php\/wp-json\/wp\/v2\/types\/page"}],"author":[{"embeddable":true,"href":"https:\/\/gr10.org\/index.php\/wp-json\/wp\/v2\/users\/3"}],"replies":[{"embeddable":true,"href":"https:\/\/gr10.org\/index.php\/wp-json\/wp\/v2\/comments?post=2847"}],"version-history":[{"count":29,"href":"https:\/\/gr10.org\/index.php\/wp-json\/wp\/v2\/pages\/2847\/revisions"}],"predecessor-version":[{"id":15330,"href":"https:\/\/gr10.org\/index.php\/wp-json\/wp\/v2\/pages\/2847\/revisions\/15330"}],"wp:featuredmedia":[{"embeddable":true,"href":"https:\/\/gr10.org\/index.php\/wp-json\/wp\/v2\/media\/2848"}],"wp:attachment":[{"href":"https:\/\/gr10.org\/index.php\/wp-json\/wp\/v2\/media?parent=2847"}],"wp:term":[{"taxonomy":"category","embeddable":true,"href":"https:\/\/gr10.org\/index.php\/wp-json\/wp\/v2\/categories?post=2847"},{"taxonomy":"post_tag","embeddable":true,"href":"https:\/\/gr10.org\/index.php\/wp-json\/wp\/v2\/tags?post=2847"}],"curies":[{"name":"wp","href":"https:\/\/api.w.org\/{rel}","templated":true}]}}