{"id":2856,"date":"2022-03-07T21:30:57","date_gmt":"2022-03-07T20:30:57","guid":{"rendered":"https:\/\/gr10.org\/?page_id=2856"},"modified":"2023-10-19T22:53:25","modified_gmt":"2023-10-19T20:53:25","slug":"la-meteo-sur-le-gr10","status":"publish","type":"page","link":"https:\/\/gr10.org\/index.php\/la-meteo-sur-le-gr10\/","title":{"rendered":"La m\u00e9t\u00e9o sur le GR10"},"content":{"rendered":"\t\t<div data-elementor-type=\"wp-page\" data-elementor-id=\"2856\" class=\"elementor elementor-2856\" data-elementor-post-type=\"page\">\n\t\t\t\t\t\t<section class=\"elementor-section elementor-top-section elementor-element elementor-element-3ab89a0 elementor-section-boxed elementor-section-height-default elementor-section-height-default\" data-id=\"3ab89a0\" data-element_type=\"section\" data-e-type=\"section\" data-settings=\"{&quot;background_background&quot;:&quot;classic&quot;}\">\n\t\t\t\t\t\t<div class=\"elementor-container elementor-column-gap-default\">\n\t\t\t\t\t<div class=\"elementor-column elementor-col-100 elementor-top-column elementor-element elementor-element-5677c01\" data-id=\"5677c01\" data-element_type=\"column\" data-e-type=\"column\" data-settings=\"{&quot;background_background&quot;:&quot;classic&quot;}\">\n\t\t\t<div class=\"elementor-widget-wrap elementor-element-populated\">\n\t\t\t\t\t\t<section class=\"elementor-section elementor-inner-section elementor-element elementor-element-2e5d768 elementor-section-full_width elementor-section-content-middle elementor-section-height-default elementor-section-height-default\" data-id=\"2e5d768\" data-element_type=\"section\" data-e-type=\"section\">\n\t\t\t\t\t\t<div class=\"elementor-container elementor-column-gap-default\">\n\t\t\t\t\t<div class=\"elementor-column elementor-col-50 elementor-inner-column elementor-element elementor-element-37ee049\" data-id=\"37ee049\" data-element_type=\"column\" data-e-type=\"column\">\n\t\t\t<div class=\"elementor-widget-wrap elementor-element-populated\">\n\t\t\t\t\t\t<div class=\"elementor-element elementor-element-95f5991 elementor-widget elementor-widget-image\" data-id=\"95f5991\" data-element_type=\"widget\" data-e-type=\"widget\" data-widget_type=\"image.default\">\n\t\t\t\t<div class=\"elementor-widget-container\">\n\t\t\t\t\t\t\t\t\t\t\t\t\t\t\t<img fetchpriority=\"high\" decoding=\"async\" width=\"626\" height=\"626\" src=\"https:\/\/gr10.org\/wp-content\/uploads\/2022\/03\/La-meteo-sur-le-GR10.jpg\" class=\"attachment-large size-large wp-image-2857\" alt=\"La m\u00e9t\u00e9o sur le GR10\" srcset=\"https:\/\/gr10.org\/wp-content\/uploads\/2022\/03\/La-meteo-sur-le-GR10.jpg 626w, https:\/\/gr10.org\/wp-content\/uploads\/2022\/03\/La-meteo-sur-le-GR10-300x300.jpg 300w, https:\/\/gr10.org\/wp-content\/uploads\/2022\/03\/La-meteo-sur-le-GR10-150x150.jpg 150w\" sizes=\"(max-width: 626px) 100vw, 626px\" \/>\t\t\t\t\t\t\t\t\t\t\t\t\t\t\t<\/div>\n\t\t\t\t<\/div>\n\t\t\t\t\t<\/div>\n\t\t<\/div>\n\t\t\t\t<div class=\"elementor-column elementor-col-50 elementor-inner-column elementor-element elementor-element-7611bda\" data-id=\"7611bda\" data-element_type=\"column\" data-e-type=\"column\">\n\t\t\t<div class=\"elementor-widget-wrap elementor-element-populated\">\n\t\t\t\t\t\t<div class=\"elementor-element elementor-element-18f4e3f elementor-widget elementor-widget-heading\" data-id=\"18f4e3f\" data-element_type=\"widget\" data-e-type=\"widget\" data-widget_type=\"heading.default\">\n\t\t\t\t<div class=\"elementor-widget-container\">\n\t\t\t\t\t<h2 class=\"elementor-heading-title elementor-size-default\">La m\u00e9t\u00e9o sur le GR10\n<\/h2>\t\t\t\t<\/div>\n\t\t\t\t<\/div>\n\t\t\t\t<div class=\"elementor-element elementor-element-4413f85 elementor-widget elementor-widget-heading\" data-id=\"4413f85\" data-element_type=\"widget\" data-e-type=\"widget\" data-widget_type=\"heading.default\">\n\t\t\t\t<div class=\"elementor-widget-container\">\n\t\t\t\t\t<h2 class=\"elementor-heading-title elementor-size-default\">L'anticiper pour mieux l'affronter.\n<\/h2>\t\t\t\t<\/div>\n\t\t\t\t<\/div>\n\t\t\t\t<div class=\"elementor-element elementor-element-f8791d4 elementor-widget elementor-widget-text-editor\" data-id=\"f8791d4\" data-element_type=\"widget\" data-e-type=\"widget\" data-widget_type=\"text-editor.default\">\n\t\t\t\t<div class=\"elementor-widget-container\">\n\t\t\t\t\t\t\t\t\t<p>La m\u00e9t\u00e9o sur le GR10. Voil\u00e0 un sujet qui ne peut laisser personne indiff\u00e9rent. Comment aborder cette probl\u00e9matique simplement ? Existe-t-il une \u00ab recette \u00bb miracle, une r\u00e9ponse et une m\u00e9thode de pr\u00e9vision universelle ?<br \/><br \/>Le randonneur GRdiste se pose g\u00e9n\u00e9ralement deux grandes questions :<br \/><br \/>&#8211; Quel temps va-t-il faire aujourd\u2019hui, l\u2019orage est-il pr\u00e9vu ?<br \/><br \/>&#8211; Quelles conditions m\u00e9t\u00e9o vais-je rencontrer dans les prochains jours ?<br \/><br \/>Avant de tenter de r\u00e9pondre le plus pr\u00e9cis\u00e9ment possible \u00e0 ces questions, un petit cours simplifi\u00e9 de g\u00e9ographie et de climatologie s\u2019impose.<\/p>\t\t\t\t\t\t\t\t<\/div>\n\t\t\t\t<\/div>\n\t\t\t\t\t<\/div>\n\t\t<\/div>\n\t\t\t\t\t<\/div>\n\t\t<\/section>\n\t\t\t\t<section class=\"elementor-section elementor-inner-section elementor-element elementor-element-60823df elementor-section-full_width elementor-section-content-middle elementor-section-height-default elementor-section-height-default\" data-id=\"60823df\" data-element_type=\"section\" data-e-type=\"section\">\n\t\t\t\t\t\t<div class=\"elementor-container elementor-column-gap-default\">\n\t\t\t\t\t<div class=\"elementor-column elementor-col-50 elementor-inner-column elementor-element elementor-element-d930722\" data-id=\"d930722\" data-element_type=\"column\" data-e-type=\"column\">\n\t\t\t<div class=\"elementor-widget-wrap elementor-element-populated\">\n\t\t\t\t\t\t<div class=\"elementor-element elementor-element-9e952a4 elementor-hidden-mobile elementor-widget elementor-widget-image\" data-id=\"9e952a4\" data-element_type=\"widget\" data-e-type=\"widget\" data-widget_type=\"image.default\">\n\t\t\t\t<div class=\"elementor-widget-container\">\n\t\t\t\t\t\t\t\t\t\t\t\t\t\t\t\t<a href=\"https:\/\/gr10.org\/wp-content\/uploads\/2022\/03\/Les-Pyrenees.jpg\" data-elementor-open-lightbox=\"yes\" data-elementor-lightbox-title=\"Les Pyr\u00e9n\u00e9es\" data-e-action-hash=\"#elementor-action%3Aaction%3Dlightbox%26settings%3DeyJpZCI6Mjg2MCwidXJsIjoiaHR0cHM6XC9cL2dyMTAub3JnXC93cC1jb250ZW50XC91cGxvYWRzXC8yMDIyXC8wM1wvTGVzLVB5cmVuZWVzLmpwZyJ9\">\n\t\t\t\t\t\t\t<img decoding=\"async\" width=\"1024\" height=\"719\" src=\"https:\/\/gr10.org\/wp-content\/uploads\/2022\/03\/Les-Pyrenees-1024x719.jpg\" class=\"attachment-large size-large wp-image-2860\" alt=\"Les Pyr\u00e9n\u00e9es\" srcset=\"https:\/\/gr10.org\/wp-content\/uploads\/2022\/03\/Les-Pyrenees-1024x719.jpg 1024w, https:\/\/gr10.org\/wp-content\/uploads\/2022\/03\/Les-Pyrenees-300x210.jpg 300w, https:\/\/gr10.org\/wp-content\/uploads\/2022\/03\/Les-Pyrenees-768x539.jpg 768w, https:\/\/gr10.org\/wp-content\/uploads\/2022\/03\/Les-Pyrenees-1536x1078.jpg 1536w, https:\/\/gr10.org\/wp-content\/uploads\/2022\/03\/Les-Pyrenees.jpg 2048w\" sizes=\"(max-width: 1024px) 100vw, 1024px\" \/>\t\t\t\t\t\t\t\t<\/a>\n\t\t\t\t\t\t\t\t\t\t\t\t\t\t\t<\/div>\n\t\t\t\t<\/div>\n\t\t\t\t\t<\/div>\n\t\t<\/div>\n\t\t\t\t<div class=\"elementor-column elementor-col-50 elementor-inner-column elementor-element elementor-element-b2a2ede\" data-id=\"b2a2ede\" data-element_type=\"column\" data-e-type=\"column\">\n\t\t\t<div class=\"elementor-widget-wrap elementor-element-populated\">\n\t\t\t\t\t\t<div class=\"elementor-element elementor-element-df1c87e elementor-widget elementor-widget-heading\" data-id=\"df1c87e\" data-element_type=\"widget\" data-e-type=\"widget\" data-widget_type=\"heading.default\">\n\t\t\t\t<div class=\"elementor-widget-container\">\n\t\t\t\t\t<h3 class=\"elementor-heading-title elementor-size-default\">Les Pyr\u00e9n\u00e9es, une cha\u00eene montagneuse vaste et \u00e9tendue<\/h3>\t\t\t\t<\/div>\n\t\t\t\t<\/div>\n\t\t\t\t<div class=\"elementor-element elementor-element-f3e7353 elementor-widget elementor-widget-text-editor\" data-id=\"f3e7353\" data-element_type=\"widget\" data-e-type=\"widget\" data-widget_type=\"text-editor.default\">\n\t\t\t\t<div class=\"elementor-widget-container\">\n\t\t\t\t\t\t\t\t\tLa chaine des Pyr\u00e9n\u00e9es n\u2019est pas un petit massif montagneux isol\u00e9. Cette cha\u00eene montagneuse, fronti\u00e8re naturelle entre la France et l\u2019Espagne, s\u2019\u00e9tend largement de l\u2019ouest vers l\u2019est. Son extr\u00e9mit\u00e9 ouest trempe ses pieds dans l\u2019oc\u00e9an Atlantique et son extr\u00e9mit\u00e9 est plonge directement dans la mer M\u00e9diterran\u00e9e. Cette cha\u00eene de montagne est longue de plus de 450 km \u00e0 vol d\u2019oiseau.\t\t\t\t\t\t\t\t<\/div>\n\t\t\t\t<\/div>\n\t\t\t\t\t<\/div>\n\t\t<\/div>\n\t\t\t\t\t<\/div>\n\t\t<\/section>\n\t\t\t\t<section class=\"elementor-section elementor-inner-section elementor-element elementor-element-58f4fa2 elementor-section-full_width elementor-section-content-middle elementor-section-height-default elementor-section-height-default\" data-id=\"58f4fa2\" data-element_type=\"section\" data-e-type=\"section\">\n\t\t\t\t\t\t<div class=\"elementor-container elementor-column-gap-default\">\n\t\t\t\t\t<div class=\"elementor-column elementor-col-50 elementor-inner-column elementor-element elementor-element-fcdc9ea\" data-id=\"fcdc9ea\" data-element_type=\"column\" data-e-type=\"column\">\n\t\t\t<div class=\"elementor-widget-wrap elementor-element-populated\">\n\t\t\t\t\t\t<div class=\"elementor-element elementor-element-99e5e27 elementor-widget elementor-widget-image\" data-id=\"99e5e27\" data-element_type=\"widget\" data-e-type=\"widget\" data-widget_type=\"image.default\">\n\t\t\t\t<div class=\"elementor-widget-container\">\n\t\t\t\t\t\t\t\t\t\t\t\t\t\t\t\t<a href=\"https:\/\/gr10.org\/wp-content\/uploads\/2022\/03\/Les-deux-grandes-influences-climatiques-subies-par-Les-Pyrenees.jpg\" data-elementor-open-lightbox=\"yes\" data-elementor-lightbox-title=\"Les deux grandes influences climatiques subies par Les Pyr\u00e9n\u00e9es\" data-e-action-hash=\"#elementor-action%3Aaction%3Dlightbox%26settings%3DeyJpZCI6Mjg2NCwidXJsIjoiaHR0cHM6XC9cL2dyMTAub3JnXC93cC1jb250ZW50XC91cGxvYWRzXC8yMDIyXC8wM1wvTGVzLWRldXgtZ3JhbmRlcy1pbmZsdWVuY2VzLWNsaW1hdGlxdWVzLXN1Ymllcy1wYXItTGVzLVB5cmVuZWVzLmpwZyJ9\">\n\t\t\t\t\t\t\t<img decoding=\"async\" width=\"198\" height=\"245\" src=\"https:\/\/gr10.org\/wp-content\/uploads\/2022\/03\/Les-deux-grandes-influences-climatiques-subies-par-Les-Pyrenees.jpg\" class=\"attachment-large size-large wp-image-2864\" alt=\"Les deux grandes influences climatiques subies par Les Pyr\u00e9n\u00e9es\" \/>\t\t\t\t\t\t\t\t<\/a>\n\t\t\t\t\t\t\t\t\t\t\t\t\t\t\t<\/div>\n\t\t\t\t<\/div>\n\t\t\t\t<div class=\"elementor-element elementor-element-e259010 elementor-widget elementor-widget-image\" data-id=\"e259010\" data-element_type=\"widget\" data-e-type=\"widget\" data-widget_type=\"image.default\">\n\t\t\t\t<div class=\"elementor-widget-container\">\n\t\t\t\t\t\t\t\t\t\t\t\t\t\t\t\t<a href=\"https:\/\/gr10.org\/wp-content\/uploads\/2022\/03\/carte-de-vigilance-meteo.gif\" data-elementor-open-lightbox=\"yes\" data-elementor-lightbox-title=\"carte de vigilance m\u00e9t\u00e9o\" data-e-action-hash=\"#elementor-action%3Aaction%3Dlightbox%26settings%3DeyJpZCI6Mjg2NSwidXJsIjoiaHR0cHM6XC9cL2dyMTAub3JnXC93cC1jb250ZW50XC91cGxvYWRzXC8yMDIyXC8wM1wvY2FydGUtZGUtdmlnaWxhbmNlLW1ldGVvLmdpZiJ9\">\n\t\t\t\t\t\t\t<img loading=\"lazy\" decoding=\"async\" width=\"950\" height=\"565\" src=\"https:\/\/gr10.org\/wp-content\/uploads\/2022\/03\/carte-de-vigilance-meteo.gif\" class=\"attachment-large size-large wp-image-2865\" alt=\"d\u00e9pression atlantique en \u00e9charpe\" \/>\t\t\t\t\t\t\t\t<\/a>\n\t\t\t\t\t\t\t\t\t\t\t\t\t\t\t<\/div>\n\t\t\t\t<\/div>\n\t\t\t\t\t<\/div>\n\t\t<\/div>\n\t\t\t\t<div class=\"elementor-column elementor-col-50 elementor-inner-column elementor-element elementor-element-c6f99bc\" data-id=\"c6f99bc\" data-element_type=\"column\" data-e-type=\"column\">\n\t\t\t<div class=\"elementor-widget-wrap elementor-element-populated\">\n\t\t\t\t\t\t<div class=\"elementor-element elementor-element-1721e17 elementor-widget elementor-widget-heading\" data-id=\"1721e17\" data-element_type=\"widget\" data-e-type=\"widget\" data-widget_type=\"heading.default\">\n\t\t\t\t<div class=\"elementor-widget-container\">\n\t\t\t\t\t<h3 class=\"elementor-heading-title elementor-size-default\">Les deux grandes influences climatiques subies par Les Pyr\u00e9n\u00e9es<\/h3>\t\t\t\t<\/div>\n\t\t\t\t<\/div>\n\t\t\t\t<div class=\"elementor-element elementor-element-1cb016e elementor-widget elementor-widget-heading\" data-id=\"1cb016e\" data-element_type=\"widget\" data-e-type=\"widget\" data-widget_type=\"heading.default\">\n\t\t\t\t<div class=\"elementor-widget-container\">\n\t\t\t\t\t<h3 class=\"elementor-heading-title elementor-size-default\">1\/ L'influence m\u00e9t\u00e9orologique oc\u00e9anique<\/h3>\t\t\t\t<\/div>\n\t\t\t\t<\/div>\n\t\t\t\t<div class=\"elementor-element elementor-element-86aefea elementor-widget elementor-widget-text-editor\" data-id=\"86aefea\" data-element_type=\"widget\" data-e-type=\"widget\" data-widget_type=\"text-editor.default\">\n\t\t\t\t<div class=\"elementor-widget-container\">\n\t\t\t\t\t\t\t\t\t<p>A l\u2019ouest (Pyr\u00e9n\u00e9es Occidentales), les Pyr\u00e9n\u00e9es sont g\u00e9n\u00e9ralement soumises \u00e0 un climat oc\u00e9anique frais et humide. Les d\u00e9pressions oc\u00e9aniques pluvieuses engendrant vents et pluies r\u00e9sultent la plupart du temps de cette influence. Le vent frais vient de l\u2019ouest ou du nord-ouest. Une d\u00e9pression peut durer de quelques heures \u00e0 plusieurs jours.<\/p>\t\t\t\t\t\t\t\t<\/div>\n\t\t\t\t<\/div>\n\t\t\t\t<div class=\"elementor-element elementor-element-f4fb045 elementor-widget elementor-widget-heading\" data-id=\"f4fb045\" data-element_type=\"widget\" data-e-type=\"widget\" data-widget_type=\"heading.default\">\n\t\t\t\t<div class=\"elementor-widget-container\">\n\t\t\t\t\t<h3 class=\"elementor-heading-title elementor-size-default\">2\/ L'influence m\u00e9t\u00e9orologique m\u00e9diterran\u00e9enne<\/h3>\t\t\t\t<\/div>\n\t\t\t\t<\/div>\n\t\t\t\t<div class=\"elementor-element elementor-element-384e0cd elementor-widget elementor-widget-text-editor\" data-id=\"384e0cd\" data-element_type=\"widget\" data-e-type=\"widget\" data-widget_type=\"text-editor.default\">\n\t\t\t\t<div class=\"elementor-widget-container\">\n\t\t\t\t\t\t\t\t\t<p>A l\u2019est (Pyr\u00e9n\u00e9es Orientales), les Pyr\u00e9n\u00e9es sont plut\u00f4t soumises \u00e0 un climat m\u00e9diterran\u00e9en chaud et sec. Le climat m\u00e9diterran\u00e9en engendre souvent des vents chauds et secs venant du sud par effet de foehn.<\/p>\t\t\t\t\t\t\t\t<\/div>\n\t\t\t\t<\/div>\n\t\t\t\t<div class=\"elementor-element elementor-element-4d2fb0c elementor-widget elementor-widget-heading\" data-id=\"4d2fb0c\" data-element_type=\"widget\" data-e-type=\"widget\" data-widget_type=\"heading.default\">\n\t\t\t\t<div class=\"elementor-widget-container\">\n\t\t\t\t\t<h3 class=\"elementor-heading-title elementor-size-default\">Les cons\u00e9quences de ces influences<\/h3>\t\t\t\t<\/div>\n\t\t\t\t<\/div>\n\t\t\t\t<div class=\"elementor-element elementor-element-d10e5dc elementor-widget elementor-widget-text-editor\" data-id=\"d10e5dc\" data-element_type=\"widget\" data-e-type=\"widget\" data-widget_type=\"text-editor.default\">\n\t\t\t\t<div class=\"elementor-widget-container\">\n\t\t\t\t\t\t\t\t\t<p>&#8211; Les pluies abondantes avec vents de nord-ouest frais\/froids,<br \/>&#8211; Le grand beau temps avec ou sans vent,<br \/>&#8211; La canicule.<br \/><br \/>Selon la saison, les influences climatiques globales s\u2019exprimeront diff\u00e9remment. Au printemps le temps est souvent instable (orages, grosses averses, pluies soutenues) du fait des conflits entre front froid et front chaud. En \u00e9t\u00e9, ce sont les orages et le beau temps qui s\u2019imposent. A l&rsquo;automne, la m\u00e9t\u00e9o est beaucoup plus stable, les orages sont peu violents voire inexistants.<\/p>\t\t\t\t\t\t\t\t<\/div>\n\t\t\t\t<\/div>\n\t\t\t\t\t<\/div>\n\t\t<\/div>\n\t\t\t\t\t<\/div>\n\t\t<\/section>\n\t\t\t\t<section class=\"elementor-section elementor-inner-section elementor-element elementor-element-2b633e8 elementor-section-full_width elementor-section-content-middle elementor-section-height-default elementor-section-height-default\" data-id=\"2b633e8\" data-element_type=\"section\" data-e-type=\"section\">\n\t\t\t\t\t\t<div class=\"elementor-container elementor-column-gap-default\">\n\t\t\t\t\t<div class=\"elementor-column elementor-col-50 elementor-inner-column elementor-element elementor-element-342a28f\" data-id=\"342a28f\" data-element_type=\"column\" data-e-type=\"column\">\n\t\t\t<div class=\"elementor-widget-wrap elementor-element-populated\">\n\t\t\t\t\t\t<div class=\"elementor-element elementor-element-4bd8fea elementor-hidden-mobile elementor-widget elementor-widget-image\" data-id=\"4bd8fea\" data-element_type=\"widget\" data-e-type=\"widget\" data-widget_type=\"image.default\">\n\t\t\t\t<div class=\"elementor-widget-container\">\n\t\t\t\t\t\t\t\t\t\t\t\t\t\t\t\t<a href=\"https:\/\/gr10.org\/wp-content\/uploads\/2022\/03\/Influences-climatiques-locales.png\" data-elementor-open-lightbox=\"yes\" data-elementor-lightbox-title=\"Influences climatiques locales\" data-e-action-hash=\"#elementor-action%3Aaction%3Dlightbox%26settings%3DeyJpZCI6Mjg2NywidXJsIjoiaHR0cHM6XC9cL2dyMTAub3JnXC93cC1jb250ZW50XC91cGxvYWRzXC8yMDIyXC8wM1wvSW5mbHVlbmNlcy1jbGltYXRpcXVlcy1sb2NhbGVzLnBuZyJ9\">\n\t\t\t\t\t\t\t<img loading=\"lazy\" decoding=\"async\" width=\"1024\" height=\"562\" src=\"https:\/\/gr10.org\/wp-content\/uploads\/2022\/03\/Influences-climatiques-locales-1024x562.png\" class=\"attachment-large size-large wp-image-2867\" alt=\"Influences climatiques locales\" srcset=\"https:\/\/gr10.org\/wp-content\/uploads\/2022\/03\/Influences-climatiques-locales-1024x562.png 1024w, https:\/\/gr10.org\/wp-content\/uploads\/2022\/03\/Influences-climatiques-locales-300x165.png 300w, https:\/\/gr10.org\/wp-content\/uploads\/2022\/03\/Influences-climatiques-locales-768x421.png 768w, https:\/\/gr10.org\/wp-content\/uploads\/2022\/03\/Influences-climatiques-locales.png 1280w\" sizes=\"(max-width: 1024px) 100vw, 1024px\" \/>\t\t\t\t\t\t\t\t<\/a>\n\t\t\t\t\t\t\t\t\t\t\t\t\t\t\t<\/div>\n\t\t\t\t<\/div>\n\t\t\t\t\t<\/div>\n\t\t<\/div>\n\t\t\t\t<div class=\"elementor-column elementor-col-50 elementor-inner-column elementor-element elementor-element-520fe05\" data-id=\"520fe05\" data-element_type=\"column\" data-e-type=\"column\">\n\t\t\t<div class=\"elementor-widget-wrap elementor-element-populated\">\n\t\t\t\t\t\t<div class=\"elementor-element elementor-element-eb7183e elementor-widget elementor-widget-heading\" data-id=\"eb7183e\" data-element_type=\"widget\" data-e-type=\"widget\" data-widget_type=\"heading.default\">\n\t\t\t\t<div class=\"elementor-widget-container\">\n\t\t\t\t\t<h3 class=\"elementor-heading-title elementor-size-default\">Influences m\u00e9t\u00e9orologiques locales<\/h3>\t\t\t\t<\/div>\n\t\t\t\t<\/div>\n\t\t\t\t<div class=\"elementor-element elementor-element-73d8199 elementor-widget elementor-widget-text-editor\" data-id=\"73d8199\" data-element_type=\"widget\" data-e-type=\"widget\" data-widget_type=\"text-editor.default\">\n\t\t\t\t<div class=\"elementor-widget-container\">\n\t\t\t\t\t\t\t\t\t<p>Outre les grandes influences climatiques (Atlantique et M\u00e9diterran\u00e9enne), il est important de consid\u00e9rer les influences climatiques locales qui d\u00e9pendent d\u2019une multitude de facteurs environnementaux tels que le relief, l\u2019altitude, l\u2019orientation des vall\u00e9es, les temp\u00e9ratures, les vents dominants, etc.<br \/>Les cons\u00e9quences concr\u00e8tes de ces influences locales pouvant impacter le GRdiste sont :<br \/><br \/>&#8211; Les orages localis\u00e9s ou g\u00e9n\u00e9ralis\u00e9s,<br \/>&#8211; Les brumes tr\u00e8s localis\u00e9es.<\/p>\t\t\t\t\t\t\t\t<\/div>\n\t\t\t\t<\/div>\n\t\t\t\t\t<\/div>\n\t\t<\/div>\n\t\t\t\t\t<\/div>\n\t\t<\/section>\n\t\t\t\t<section class=\"elementor-section elementor-inner-section elementor-element elementor-element-69ebb14 elementor-section-full_width elementor-section-content-middle elementor-section-height-default elementor-section-height-default\" data-id=\"69ebb14\" data-element_type=\"section\" data-e-type=\"section\">\n\t\t\t\t\t\t<div class=\"elementor-container elementor-column-gap-default\">\n\t\t\t\t\t<div class=\"elementor-column elementor-col-50 elementor-inner-column elementor-element elementor-element-1fd4479\" data-id=\"1fd4479\" data-element_type=\"column\" data-e-type=\"column\">\n\t\t\t<div class=\"elementor-widget-wrap elementor-element-populated\">\n\t\t\t\t\t\t<div class=\"elementor-element elementor-element-79f4261 elementor-hidden-mobile elementor-widget elementor-widget-image\" data-id=\"79f4261\" data-element_type=\"widget\" data-e-type=\"widget\" data-widget_type=\"image.default\">\n\t\t\t\t<div class=\"elementor-widget-container\">\n\t\t\t\t\t\t\t\t\t\t\t\t\t\t\t\t<a href=\"https:\/\/gr10.org\/wp-content\/uploads\/2022\/03\/randonneur-dans-la-brume.jpg\" data-elementor-open-lightbox=\"yes\" data-elementor-lightbox-title=\"randonneur dans la brume\" data-e-action-hash=\"#elementor-action%3Aaction%3Dlightbox%26settings%3DeyJpZCI6Mjg2OCwidXJsIjoiaHR0cHM6XC9cL2dyMTAub3JnXC93cC1jb250ZW50XC91cGxvYWRzXC8yMDIyXC8wM1wvcmFuZG9ubmV1ci1kYW5zLWxhLWJydW1lLmpwZyJ9\">\n\t\t\t\t\t\t\t<img loading=\"lazy\" decoding=\"async\" width=\"600\" height=\"800\" src=\"https:\/\/gr10.org\/wp-content\/uploads\/2022\/03\/randonneur-dans-la-brume.jpg\" class=\"attachment-large size-large wp-image-2868\" alt=\"randonneur dans la brume\" srcset=\"https:\/\/gr10.org\/wp-content\/uploads\/2022\/03\/randonneur-dans-la-brume.jpg 600w, https:\/\/gr10.org\/wp-content\/uploads\/2022\/03\/randonneur-dans-la-brume-225x300.jpg 225w\" sizes=\"(max-width: 600px) 100vw, 600px\" \/>\t\t\t\t\t\t\t\t<\/a>\n\t\t\t\t\t\t\t\t\t\t\t\t\t\t\t<\/div>\n\t\t\t\t<\/div>\n\t\t\t\t\t<\/div>\n\t\t<\/div>\n\t\t\t\t<div class=\"elementor-column elementor-col-50 elementor-inner-column elementor-element elementor-element-2233ac8\" data-id=\"2233ac8\" data-element_type=\"column\" data-e-type=\"column\">\n\t\t\t<div class=\"elementor-widget-wrap elementor-element-populated\">\n\t\t\t\t\t\t<div class=\"elementor-element elementor-element-58f0980 elementor-widget elementor-widget-heading\" data-id=\"58f0980\" data-element_type=\"widget\" data-e-type=\"widget\" data-widget_type=\"heading.default\">\n\t\t\t\t<div class=\"elementor-widget-container\">\n\t\t\t\t\t<h3 class=\"elementor-heading-title elementor-size-default\">Les deux grandes questions relatives \u00e0 la m\u00e9t\u00e9o :\n<\/h3>\t\t\t\t<\/div>\n\t\t\t\t<\/div>\n\t\t\t\t<div class=\"elementor-element elementor-element-82d5a5f elementor-widget elementor-widget-text-editor\" data-id=\"82d5a5f\" data-element_type=\"widget\" data-e-type=\"widget\" data-widget_type=\"text-editor.default\">\n\t\t\t\t<div class=\"elementor-widget-container\">\n\t\t\t\t\t\t\t\t\t<p>Va-t-il pleuvoir dans les jours \u00e0 venir ?<br \/><br \/>Va-t-il y avoir de l\u2019orage ?<br \/><br \/>Si vous avez bien suivi notre analyse, vous comprendrez que la r\u00e9ponse \u00e0 la premi\u00e8re question d\u00e9pend presque exclusivement de l\u2019influence climatique oc\u00e9anique. La r\u00e9ponse \u00e0 la seconde question d\u00e9pend de facteurs environnementaux plus locaux.<\/p>\t\t\t\t\t\t\t\t<\/div>\n\t\t\t\t<\/div>\n\t\t\t\t\t<\/div>\n\t\t<\/div>\n\t\t\t\t\t<\/div>\n\t\t<\/section>\n\t\t\t\t<section class=\"elementor-section elementor-inner-section elementor-element elementor-element-4025822 elementor-section-full_width elementor-section-content-middle elementor-section-height-default elementor-section-height-default\" data-id=\"4025822\" data-element_type=\"section\" data-e-type=\"section\">\n\t\t\t\t\t\t<div class=\"elementor-container elementor-column-gap-default\">\n\t\t\t\t\t<div class=\"elementor-column elementor-col-50 elementor-inner-column elementor-element elementor-element-dce1029\" data-id=\"dce1029\" data-element_type=\"column\" data-e-type=\"column\">\n\t\t\t<div class=\"elementor-widget-wrap elementor-element-populated\">\n\t\t\t\t\t\t<div class=\"elementor-element elementor-element-f8b4d2c elementor-hidden-mobile elementor-widget elementor-widget-image\" data-id=\"f8b4d2c\" data-element_type=\"widget\" data-e-type=\"widget\" data-widget_type=\"image.default\">\n\t\t\t\t<div class=\"elementor-widget-container\">\n\t\t\t\t\t\t\t\t\t\t\t\t\t\t\t\t<a href=\"https:\/\/meteofrance.com\/\" target=\"_blank\">\n\t\t\t\t\t\t\t<img loading=\"lazy\" decoding=\"async\" width=\"300\" height=\"300\" src=\"https:\/\/gr10.org\/wp-content\/uploads\/2022\/03\/meteo-France-300x300.png\" class=\"attachment-medium size-medium wp-image-2869\" alt=\"m\u00e9t\u00e9o France\" srcset=\"https:\/\/gr10.org\/wp-content\/uploads\/2022\/03\/meteo-France-300x300.png 300w, https:\/\/gr10.org\/wp-content\/uploads\/2022\/03\/meteo-France-150x150.png 150w, https:\/\/gr10.org\/wp-content\/uploads\/2022\/03\/meteo-France-768x768.png 768w, https:\/\/gr10.org\/wp-content\/uploads\/2022\/03\/meteo-France.png 800w\" sizes=\"(max-width: 300px) 100vw, 300px\" \/>\t\t\t\t\t\t\t\t<\/a>\n\t\t\t\t\t\t\t\t\t\t\t\t\t\t\t<\/div>\n\t\t\t\t<\/div>\n\t\t\t\t\t<\/div>\n\t\t<\/div>\n\t\t\t\t<div class=\"elementor-column elementor-col-50 elementor-inner-column elementor-element elementor-element-db329bf\" data-id=\"db329bf\" data-element_type=\"column\" data-e-type=\"column\">\n\t\t\t<div class=\"elementor-widget-wrap elementor-element-populated\">\n\t\t\t\t\t\t<div class=\"elementor-element elementor-element-4c797ed elementor-widget elementor-widget-heading\" data-id=\"4c797ed\" data-element_type=\"widget\" data-e-type=\"widget\" data-widget_type=\"heading.default\">\n\t\t\t\t<div class=\"elementor-widget-container\">\n\t\t\t\t\t<h3 class=\"elementor-heading-title elementor-size-default\">Pr\u00e9voir la pluie ou le beau temps<\/h3>\t\t\t\t<\/div>\n\t\t\t\t<\/div>\n\t\t\t\t<div class=\"elementor-element elementor-element-18bbdb1 elementor-widget elementor-widget-text-editor\" data-id=\"18bbdb1\" data-element_type=\"widget\" data-e-type=\"widget\" data-widget_type=\"text-editor.default\">\n\t\t\t\t<div class=\"elementor-widget-container\">\n\t\t\t\t\t\t\t\t\t<p>Pour savoir si la pluie ou le beau temps s\u2019installe durablement, il faut avoir une vision globale de l\u2019influence climatique du moment. Votre vision devra \u00eatre une vision d&rsquo;ensemble de la m\u00e9t\u00e9o \u00e0 l\u2019\u00e9chelle de la France. M\u00e9t\u00e9o France sera le seul organisme avec des d\u00e9cennies d&rsquo;exp\u00e9rience et de bons logiciels de pr\u00e9vision susceptible de produire cette vision fiable \u00e0 moyen terme (quelques jours).<br \/><br \/><a href=\"http:\/\/www.meteofrance.com\/accueil\" target=\"_blank\" rel=\"noopener\">Voir le site de M\u00e9t\u00e9o-France<\/a><\/p>\t\t\t\t\t\t\t\t<\/div>\n\t\t\t\t<\/div>\n\t\t\t\t\t<\/div>\n\t\t<\/div>\n\t\t\t\t\t<\/div>\n\t\t<\/section>\n\t\t\t\t<section class=\"elementor-section elementor-inner-section elementor-element elementor-element-8c5deb0 elementor-section-full_width elementor-section-content-middle elementor-section-height-default elementor-section-height-default\" data-id=\"8c5deb0\" data-element_type=\"section\" data-e-type=\"section\">\n\t\t\t\t\t\t<div class=\"elementor-container elementor-column-gap-default\">\n\t\t\t\t\t<div class=\"elementor-column elementor-col-50 elementor-inner-column elementor-element elementor-element-9737421 elementor-hidden-mobile\" data-id=\"9737421\" data-element_type=\"column\" data-e-type=\"column\">\n\t\t\t<div class=\"elementor-widget-wrap\">\n\t\t\t\t\t\t\t<\/div>\n\t\t<\/div>\n\t\t\t\t<div class=\"elementor-column elementor-col-50 elementor-inner-column elementor-element elementor-element-a8408a3\" data-id=\"a8408a3\" data-element_type=\"column\" data-e-type=\"column\">\n\t\t\t<div class=\"elementor-widget-wrap elementor-element-populated\">\n\t\t\t\t\t\t<div class=\"elementor-element elementor-element-3491f97 elementor-widget elementor-widget-heading\" data-id=\"3491f97\" data-element_type=\"widget\" data-e-type=\"widget\" data-widget_type=\"heading.default\">\n\t\t\t\t<div class=\"elementor-widget-container\">\n\t\t\t\t\t<h3 class=\"elementor-heading-title elementor-size-default\">Pr\u00e9voir les orages<\/h3>\t\t\t\t<\/div>\n\t\t\t\t<\/div>\n\t\t\t\t<div class=\"elementor-element elementor-element-bc0f6e4 elementor-widget elementor-widget-text-editor\" data-id=\"bc0f6e4\" data-element_type=\"widget\" data-e-type=\"widget\" data-widget_type=\"text-editor.default\">\n\t\t\t\t<div class=\"elementor-widget-container\">\n\t\t\t\t\t\t\t\t\t<p>Les orages sont des ph\u00e9nom\u00e8nes tr\u00e8s complexes \u00e0 anticiper. M\u00eame si M\u00e9t\u00e9o France peut sans aucun probl\u00e8me pr\u00e9voir un front orageux li\u00e9 \u00e0 des changements brutaux de temp\u00e9ratures, il est impossible de d\u00e9terminer avec une grande pr\u00e9cision si telle ou telle vall\u00e9e sera impact\u00e9e par l\u2019orage ou pas. Personne ne pourra vous donner cette information avec un niveau de fiabilit\u00e9 suffisant.<\/p>\t\t\t\t\t\t\t\t<\/div>\n\t\t\t\t<\/div>\n\t\t\t\t\t<\/div>\n\t\t<\/div>\n\t\t\t\t\t<\/div>\n\t\t<\/section>\n\t\t\t\t<section class=\"elementor-section elementor-inner-section elementor-element elementor-element-2cf5f2e elementor-section-full_width elementor-section-content-middle elementor-section-height-default elementor-section-height-default\" data-id=\"2cf5f2e\" data-element_type=\"section\" data-e-type=\"section\">\n\t\t\t\t\t\t<div class=\"elementor-container elementor-column-gap-default\">\n\t\t\t\t\t<div class=\"elementor-column elementor-col-50 elementor-inner-column elementor-element elementor-element-acb524c elementor-hidden-mobile\" data-id=\"acb524c\" data-element_type=\"column\" data-e-type=\"column\">\n\t\t\t<div class=\"elementor-widget-wrap\">\n\t\t\t\t\t\t\t<\/div>\n\t\t<\/div>\n\t\t\t\t<div class=\"elementor-column elementor-col-50 elementor-inner-column elementor-element elementor-element-0bfc7ab\" data-id=\"0bfc7ab\" data-element_type=\"column\" data-e-type=\"column\">\n\t\t\t<div class=\"elementor-widget-wrap elementor-element-populated\">\n\t\t\t\t\t\t<div class=\"elementor-element elementor-element-916ce0c elementor-widget elementor-widget-heading\" data-id=\"916ce0c\" data-element_type=\"widget\" data-e-type=\"widget\" data-widget_type=\"heading.default\">\n\t\t\t\t<div class=\"elementor-widget-container\">\n\t\t\t\t\t<h3 class=\"elementor-heading-title elementor-size-default\">Conclusion \/ conseils sur la pr\u00e9vision m\u00e9t\u00e9o\n<\/h3>\t\t\t\t<\/div>\n\t\t\t\t<\/div>\n\t\t\t\t<div class=\"elementor-element elementor-element-2723d97 elementor-widget elementor-widget-text-editor\" data-id=\"2723d97\" data-element_type=\"widget\" data-e-type=\"widget\" data-widget_type=\"text-editor.default\">\n\t\t\t\t<div class=\"elementor-widget-container\">\n\t\t\t\t\t\t\t\t\t<p>Ne pas h\u00e9siter \u00e0 surveiller les grandes influences climatiques globales via le site de M\u00e9t\u00e9o France. Cette surveillance vous permettra d&rsquo;avoir une bonne vision des d\u00e9pressions (mauvais temps) ou anticyclone (beau temps) \u00e0 venir. Ce site vous permettra \u00e9galement de prendre connaissance des \u00e9ventuelles alertes m\u00e9t\u00e9os lanc\u00e9es par M\u00e9t\u00e9o France (vents violents, pluie, canicule, front d\u2019orages g\u00e9n\u00e9ralis\u00e9s).<br \/><br \/>Il ne faut pas h\u00e9siter \u00e0 consulter les professionnels sur place qui vous donneront des informations plus d\u00e9taill\u00e9es relatives aux conditions de passages d&rsquo;altitude en tenant compte de la m\u00e9t\u00e9o du moment.<br \/><br \/>Une bonne vision pr\u00e9cise et d&rsquo;ensemble de la m\u00e9t\u00e9o (influences oc\u00e9aniques ou m\u00e9diterran\u00e9enne) sont pr\u00e9f\u00e9rables \u00e0 des visions trop localis\u00e9es et impr\u00e9cises des conditions m\u00e9t\u00e9o locales..<br \/><br \/>Le marcheur du GR10 s&rsquo;inscrit dans un cheminement long. Pour ne pas \u00ab subir \u00bb Il doit \u00ab ressentir \u00bb la m\u00e9t\u00e9o sur plusieurs jours.<\/p>\t\t\t\t\t\t\t\t<\/div>\n\t\t\t\t<\/div>\n\t\t\t\t\t<\/div>\n\t\t<\/div>\n\t\t\t\t\t<\/div>\n\t\t<\/section>\n\t\t\t\t<section class=\"elementor-section elementor-inner-section elementor-element elementor-element-ae14032 elementor-section-boxed elementor-section-height-default elementor-section-height-default\" data-id=\"ae14032\" data-element_type=\"section\" data-e-type=\"section\">\n\t\t\t\t\t\t<div class=\"elementor-container elementor-column-gap-default\">\n\t\t\t\t\t<div class=\"elementor-column elementor-col-100 elementor-inner-column elementor-element elementor-element-d8c911a\" data-id=\"d8c911a\" data-element_type=\"column\" data-e-type=\"column\">\n\t\t\t<div class=\"elementor-widget-wrap elementor-element-populated\">\n\t\t\t\t\t\t<div class=\"elementor-element elementor-element-2a2c18b elementor-position-inline-start elementor-widget__width-inherit elementor-view-default elementor-mobile-position-block-start elementor-widget elementor-widget-icon-box\" data-id=\"2a2c18b\" data-element_type=\"widget\" data-e-type=\"widget\" data-widget_type=\"icon-box.default\">\n\t\t\t\t<div class=\"elementor-widget-container\">\n\t\t\t\t\t\t\t<div class=\"elementor-icon-box-wrapper\">\n\n\t\t\t\t\t\t<div class=\"elementor-icon-box-icon\">\n\t\t\t\t<span  class=\"elementor-icon\">\n\t\t\t\t<i aria-hidden=\"true\" class=\"fas fa-info-circle\"><\/i>\t\t\t\t<\/span>\n\t\t\t<\/div>\n\t\t\t\n\t\t\t\t\t\t<div class=\"elementor-icon-box-content\">\n\n\t\t\t\t\n\t\t\t\t\t\t\t\t\t<p class=\"elementor-icon-box-description\">\n\t\t\t\t\t\tPoint info\t\t\t\t\t<\/p>\n\t\t\t\t\n\t\t\t<\/div>\n\t\t\t\n\t\t<\/div>\n\t\t\t\t\t\t<\/div>\n\t\t\t\t<\/div>\n\t\t\t\t<div class=\"elementor-element elementor-element-a794c8a elementor-widget elementor-widget-text-editor\" data-id=\"a794c8a\" data-element_type=\"widget\" data-e-type=\"widget\" data-widget_type=\"text-editor.default\">\n\t\t\t\t<div class=\"elementor-widget-container\">\n\t\t\t\t\t\t\t\t\tPour toutes questions relatives aux dossiers de pr\u00e9paration, n&rsquo;h\u00e9sitez-pas \u00e0 contacter :\n<br>\nEric CHAIGNEAU\n<br>\nanimateur b\u00e9n\u00e9vole des Amis GRdistes.\n<br>\n<a href=\"mailto:assogr10@gmail.com\" target=\"_blank\" rel=\"noopener\">assogr10@gmail.com<\/a>\n<br>\ntel 06 83 61 48 49\t\t\t\t\t\t\t\t<\/div>\n\t\t\t\t<\/div>\n\t\t\t\t\t<\/div>\n\t\t<\/div>\n\t\t\t\t\t<\/div>\n\t\t<\/section>\n\t\t\t\t\t<\/div>\n\t\t<\/div>\n\t\t\t\t\t<\/div>\n\t\t<\/section>\n\t\t\t\t<\/div>\n\t\t","protected":false},"excerpt":{"rendered":"<p>La m\u00e9t\u00e9o sur le GR10 L&rsquo;anticiper pour mieux l&rsquo;affronter. La m\u00e9t\u00e9o sur le GR10. Voil\u00e0 un sujet qui ne peut laisser personne indiff\u00e9rent. Comment aborder cette probl\u00e9matique simplement ? Existe-t-il une \u00ab recette \u00bb miracle, une r\u00e9ponse et une m\u00e9thode de pr\u00e9vision universelle ? Le randonneur GRdiste se pose g\u00e9n\u00e9ralement deux grandes questions : &#8211;&#8230;<\/p>\n","protected":false},"author":3,"featured_media":2857,"parent":0,"menu_order":0,"comment_status":"closed","ping_status":"closed","template":"elementor_theme","meta":{"_acf_changed":false,"_kad_post_transparent":"","_kad_post_title":"hide","_kad_post_layout":"right","_kad_post_sidebar_id":"","_kad_post_content_style":"unboxed","_kad_post_vertical_padding":"hide","_kad_post_feature":"hide","_kad_post_feature_position":"","_kad_post_header":false,"_kad_post_footer":false,"footnotes":""},"categories":[18,25],"tags":[],"class_list":["post-2856","page","type-page","status-publish","has-post-thumbnail","hentry","category-dossier-de-preparation","category-meteo"],"acf":[],"yoast_head":"<!-- This site is optimized with the Yoast SEO plugin v27.4 - https:\/\/yoast.com\/product\/yoast-seo-wordpress\/ -->\n<title>La m\u00e9t\u00e9o sur le GR10 - M\u00e9t\u00e9o<\/title>\n<meta name=\"description\" content=\"La m\u00e9t\u00e9o sur le GR10L&#039;anticiper pour mieux l&#039;affronter. Voil\u00e0 un sujet qui ne peut laisser personne indiff\u00e9rent.\" \/>\n<meta name=\"robots\" content=\"index, follow, max-snippet:-1, max-image-preview:large, max-video-preview:-1\" \/>\n<link rel=\"canonical\" href=\"https:\/\/gr10.org\/index.php\/la-meteo-sur-le-gr10\/\" \/>\n<meta property=\"og:locale\" content=\"fr_FR\" \/>\n<meta property=\"og:type\" content=\"article\" \/>\n<meta property=\"og:title\" content=\"La m\u00e9t\u00e9o sur le GR10 - M\u00e9t\u00e9o\" \/>\n<meta property=\"og:description\" content=\"La m\u00e9t\u00e9o sur le GR10L&#039;anticiper pour mieux l&#039;affronter. Voil\u00e0 un sujet qui ne peut laisser personne indiff\u00e9rent.\" \/>\n<meta property=\"og:url\" content=\"https:\/\/gr10.org\/index.php\/la-meteo-sur-le-gr10\/\" \/>\n<meta property=\"og:site_name\" content=\"GR10 - La grande travers\u00e9e des Pyr\u00e9n\u00e9es\" \/>\n<meta property=\"article:modified_time\" content=\"2023-10-19T20:53:25+00:00\" \/>\n<meta property=\"og:image\" content=\"https:\/\/gr10.org\/wp-content\/uploads\/2022\/03\/La-meteo-sur-le-GR10.jpg\" \/>\n\t<meta property=\"og:image:width\" content=\"626\" \/>\n\t<meta property=\"og:image:height\" content=\"626\" \/>\n\t<meta property=\"og:image:type\" content=\"image\/jpeg\" \/>\n<meta name=\"twitter:card\" content=\"summary_large_image\" \/>\n<meta name=\"twitter:label1\" content=\"Dur\u00e9e de lecture estim\u00e9e\" \/>\n\t<meta name=\"twitter:data1\" content=\"6 minutes\" \/>\n<script type=\"application\/ld+json\" class=\"yoast-schema-graph\">{\"@context\":\"https:\\\/\\\/schema.org\",\"@graph\":[{\"@type\":\"WebPage\",\"@id\":\"https:\\\/\\\/gr10.org\\\/index.php\\\/la-meteo-sur-le-gr10\\\/\",\"url\":\"https:\\\/\\\/gr10.org\\\/index.php\\\/la-meteo-sur-le-gr10\\\/\",\"name\":\"La m\u00e9t\u00e9o sur le GR10 - M\u00e9t\u00e9o\",\"isPartOf\":{\"@id\":\"https:\\\/\\\/gr10.org\\\/#website\"},\"primaryImageOfPage\":{\"@id\":\"https:\\\/\\\/gr10.org\\\/index.php\\\/la-meteo-sur-le-gr10\\\/#primaryimage\"},\"image\":{\"@id\":\"https:\\\/\\\/gr10.org\\\/index.php\\\/la-meteo-sur-le-gr10\\\/#primaryimage\"},\"thumbnailUrl\":\"https:\\\/\\\/gr10.org\\\/wp-content\\\/uploads\\\/2022\\\/03\\\/La-meteo-sur-le-GR10.jpg\",\"datePublished\":\"2022-03-07T20:30:57+00:00\",\"dateModified\":\"2023-10-19T20:53:25+00:00\",\"description\":\"La m\u00e9t\u00e9o sur le GR10L'anticiper pour mieux l'affronter. Voil\u00e0 un sujet qui ne peut laisser personne indiff\u00e9rent.\",\"breadcrumb\":{\"@id\":\"https:\\\/\\\/gr10.org\\\/index.php\\\/la-meteo-sur-le-gr10\\\/#breadcrumb\"},\"inLanguage\":\"fr-FR\",\"potentialAction\":[{\"@type\":\"ReadAction\",\"target\":[\"https:\\\/\\\/gr10.org\\\/index.php\\\/la-meteo-sur-le-gr10\\\/\"]}]},{\"@type\":\"ImageObject\",\"inLanguage\":\"fr-FR\",\"@id\":\"https:\\\/\\\/gr10.org\\\/index.php\\\/la-meteo-sur-le-gr10\\\/#primaryimage\",\"url\":\"https:\\\/\\\/gr10.org\\\/wp-content\\\/uploads\\\/2022\\\/03\\\/La-meteo-sur-le-GR10.jpg\",\"contentUrl\":\"https:\\\/\\\/gr10.org\\\/wp-content\\\/uploads\\\/2022\\\/03\\\/La-meteo-sur-le-GR10.jpg\",\"width\":626,\"height\":626,\"caption\":\"La m\u00e9t\u00e9o sur le GR10\"},{\"@type\":\"BreadcrumbList\",\"@id\":\"https:\\\/\\\/gr10.org\\\/index.php\\\/la-meteo-sur-le-gr10\\\/#breadcrumb\",\"itemListElement\":[{\"@type\":\"ListItem\",\"position\":1,\"name\":\"Accueil\",\"item\":\"https:\\\/\\\/gr10.org\\\/\"},{\"@type\":\"ListItem\",\"position\":2,\"name\":\"La m\u00e9t\u00e9o sur le GR10\"}]},{\"@type\":\"WebSite\",\"@id\":\"https:\\\/\\\/gr10.org\\\/#website\",\"url\":\"https:\\\/\\\/gr10.org\\\/\",\"name\":\"GR10 - La grande travers\u00e9e des Pyr\u00e9n\u00e9es\",\"description\":\"La grande aventure de la travers\u00e9e des Pyr\u00e9n\u00e9es via le gr10, vous en avez r\u00eav\u00e9? Alors, faite-la! Ce site vous aidera \u00e0 r\u00e9aliser votre aventure.\",\"potentialAction\":[{\"@type\":\"SearchAction\",\"target\":{\"@type\":\"EntryPoint\",\"urlTemplate\":\"https:\\\/\\\/gr10.org\\\/?s={search_term_string}\"},\"query-input\":{\"@type\":\"PropertyValueSpecification\",\"valueRequired\":true,\"valueName\":\"search_term_string\"}}],\"inLanguage\":\"fr-FR\"}]}<\/script>\n<!-- \/ Yoast SEO plugin. -->","yoast_head_json":{"title":"La m\u00e9t\u00e9o sur le GR10 - M\u00e9t\u00e9o","description":"La m\u00e9t\u00e9o sur le GR10L'anticiper pour mieux l'affronter. Voil\u00e0 un sujet qui ne peut laisser personne indiff\u00e9rent.","robots":{"index":"index","follow":"follow","max-snippet":"max-snippet:-1","max-image-preview":"max-image-preview:large","max-video-preview":"max-video-preview:-1"},"canonical":"https:\/\/gr10.org\/index.php\/la-meteo-sur-le-gr10\/","og_locale":"fr_FR","og_type":"article","og_title":"La m\u00e9t\u00e9o sur le GR10 - M\u00e9t\u00e9o","og_description":"La m\u00e9t\u00e9o sur le GR10L'anticiper pour mieux l'affronter. Voil\u00e0 un sujet qui ne peut laisser personne indiff\u00e9rent.","og_url":"https:\/\/gr10.org\/index.php\/la-meteo-sur-le-gr10\/","og_site_name":"GR10 - La grande travers\u00e9e des Pyr\u00e9n\u00e9es","article_modified_time":"2023-10-19T20:53:25+00:00","og_image":[{"width":626,"height":626,"url":"https:\/\/gr10.org\/wp-content\/uploads\/2022\/03\/La-meteo-sur-le-GR10.jpg","type":"image\/jpeg"}],"twitter_card":"summary_large_image","twitter_misc":{"Dur\u00e9e de lecture estim\u00e9e":"6 minutes"},"schema":{"@context":"https:\/\/schema.org","@graph":[{"@type":"WebPage","@id":"https:\/\/gr10.org\/index.php\/la-meteo-sur-le-gr10\/","url":"https:\/\/gr10.org\/index.php\/la-meteo-sur-le-gr10\/","name":"La m\u00e9t\u00e9o sur le GR10 - M\u00e9t\u00e9o","isPartOf":{"@id":"https:\/\/gr10.org\/#website"},"primaryImageOfPage":{"@id":"https:\/\/gr10.org\/index.php\/la-meteo-sur-le-gr10\/#primaryimage"},"image":{"@id":"https:\/\/gr10.org\/index.php\/la-meteo-sur-le-gr10\/#primaryimage"},"thumbnailUrl":"https:\/\/gr10.org\/wp-content\/uploads\/2022\/03\/La-meteo-sur-le-GR10.jpg","datePublished":"2022-03-07T20:30:57+00:00","dateModified":"2023-10-19T20:53:25+00:00","description":"La m\u00e9t\u00e9o sur le GR10L'anticiper pour mieux l'affronter. Voil\u00e0 un sujet qui ne peut laisser personne indiff\u00e9rent.","breadcrumb":{"@id":"https:\/\/gr10.org\/index.php\/la-meteo-sur-le-gr10\/#breadcrumb"},"inLanguage":"fr-FR","potentialAction":[{"@type":"ReadAction","target":["https:\/\/gr10.org\/index.php\/la-meteo-sur-le-gr10\/"]}]},{"@type":"ImageObject","inLanguage":"fr-FR","@id":"https:\/\/gr10.org\/index.php\/la-meteo-sur-le-gr10\/#primaryimage","url":"https:\/\/gr10.org\/wp-content\/uploads\/2022\/03\/La-meteo-sur-le-GR10.jpg","contentUrl":"https:\/\/gr10.org\/wp-content\/uploads\/2022\/03\/La-meteo-sur-le-GR10.jpg","width":626,"height":626,"caption":"La m\u00e9t\u00e9o sur le GR10"},{"@type":"BreadcrumbList","@id":"https:\/\/gr10.org\/index.php\/la-meteo-sur-le-gr10\/#breadcrumb","itemListElement":[{"@type":"ListItem","position":1,"name":"Accueil","item":"https:\/\/gr10.org\/"},{"@type":"ListItem","position":2,"name":"La m\u00e9t\u00e9o sur le GR10"}]},{"@type":"WebSite","@id":"https:\/\/gr10.org\/#website","url":"https:\/\/gr10.org\/","name":"GR10 - La grande travers\u00e9e des Pyr\u00e9n\u00e9es","description":"La grande aventure de la travers\u00e9e des Pyr\u00e9n\u00e9es via le gr10, vous en avez r\u00eav\u00e9? Alors, faite-la! Ce site vous aidera \u00e0 r\u00e9aliser votre aventure.","potentialAction":[{"@type":"SearchAction","target":{"@type":"EntryPoint","urlTemplate":"https:\/\/gr10.org\/?s={search_term_string}"},"query-input":{"@type":"PropertyValueSpecification","valueRequired":true,"valueName":"search_term_string"}}],"inLanguage":"fr-FR"}]}},"_links":{"self":[{"href":"https:\/\/gr10.org\/index.php\/wp-json\/wp\/v2\/pages\/2856","targetHints":{"allow":["GET"]}}],"collection":[{"href":"https:\/\/gr10.org\/index.php\/wp-json\/wp\/v2\/pages"}],"about":[{"href":"https:\/\/gr10.org\/index.php\/wp-json\/wp\/v2\/types\/page"}],"author":[{"embeddable":true,"href":"https:\/\/gr10.org\/index.php\/wp-json\/wp\/v2\/users\/3"}],"replies":[{"embeddable":true,"href":"https:\/\/gr10.org\/index.php\/wp-json\/wp\/v2\/comments?post=2856"}],"version-history":[{"count":37,"href":"https:\/\/gr10.org\/index.php\/wp-json\/wp\/v2\/pages\/2856\/revisions"}],"predecessor-version":[{"id":12633,"href":"https:\/\/gr10.org\/index.php\/wp-json\/wp\/v2\/pages\/2856\/revisions\/12633"}],"wp:featuredmedia":[{"embeddable":true,"href":"https:\/\/gr10.org\/index.php\/wp-json\/wp\/v2\/media\/2857"}],"wp:attachment":[{"href":"https:\/\/gr10.org\/index.php\/wp-json\/wp\/v2\/media?parent=2856"}],"wp:term":[{"taxonomy":"category","embeddable":true,"href":"https:\/\/gr10.org\/index.php\/wp-json\/wp\/v2\/categories?post=2856"},{"taxonomy":"post_tag","embeddable":true,"href":"https:\/\/gr10.org\/index.php\/wp-json\/wp\/v2\/tags?post=2856"}],"curies":[{"name":"wp","href":"https:\/\/api.w.org\/{rel}","templated":true}]}}