{"id":2957,"date":"2022-02-16T08:03:01","date_gmt":"2022-02-16T07:03:01","guid":{"rendered":"https:\/\/gr10.org\/?page_id=2957"},"modified":"2025-06-30T08:39:21","modified_gmt":"2025-06-30T06:39:21","slug":"les-transports-en-commun-desservant-le-gr10","status":"publish","type":"page","link":"https:\/\/gr10.org\/index.php\/les-transports-en-commun-desservant-le-gr10\/","title":{"rendered":"Les transports en commun desservant le GR10"},"content":{"rendered":"\t\t<div data-elementor-type=\"wp-page\" data-elementor-id=\"2957\" class=\"elementor elementor-2957\" data-elementor-post-type=\"page\">\n\t\t\t\t\t\t<section class=\"elementor-section elementor-top-section elementor-element elementor-element-43f062c elementor-section-boxed elementor-section-height-default elementor-section-height-default\" data-id=\"43f062c\" data-element_type=\"section\" data-e-type=\"section\" data-settings=\"{&quot;background_background&quot;:&quot;classic&quot;}\">\n\t\t\t\t\t\t<div class=\"elementor-container elementor-column-gap-default\">\n\t\t\t\t\t<div class=\"elementor-column elementor-col-100 elementor-top-column elementor-element elementor-element-51c7f1c\" data-id=\"51c7f1c\" data-element_type=\"column\" data-e-type=\"column\" data-settings=\"{&quot;background_background&quot;:&quot;classic&quot;}\">\n\t\t\t<div class=\"elementor-widget-wrap elementor-element-populated\">\n\t\t\t\t\t\t<section class=\"elementor-section elementor-inner-section elementor-element elementor-element-84c61d2 elementor-section-full_width elementor-section-content-middle elementor-section-height-default elementor-section-height-default\" data-id=\"84c61d2\" data-element_type=\"section\" data-e-type=\"section\">\n\t\t\t\t\t\t<div class=\"elementor-container elementor-column-gap-default\">\n\t\t\t\t\t<div class=\"elementor-column elementor-col-50 elementor-inner-column elementor-element elementor-element-422c332\" data-id=\"422c332\" data-element_type=\"column\" data-e-type=\"column\">\n\t\t\t<div class=\"elementor-widget-wrap elementor-element-populated\">\n\t\t\t\t\t\t<div class=\"elementor-element elementor-element-a78fa0c elementor-widget elementor-widget-image\" data-id=\"a78fa0c\" data-element_type=\"widget\" data-e-type=\"widget\" data-widget_type=\"image.default\">\n\t\t\t\t<div class=\"elementor-widget-container\">\n\t\t\t\t\t\t\t\t\t\t\t\t\t\t\t<img fetchpriority=\"high\" decoding=\"async\" width=\"960\" height=\"540\" src=\"https:\/\/gr10.org\/wp-content\/uploads\/2022\/03\/GRdistes-a-la-gare.jpg\" class=\"attachment-large size-large wp-image-3652\" alt=\"R\u00e9cit GR10 GRdistes \u00e0 la gare\" srcset=\"https:\/\/gr10.org\/wp-content\/uploads\/2022\/03\/GRdistes-a-la-gare.jpg 960w, https:\/\/gr10.org\/wp-content\/uploads\/2022\/03\/GRdistes-a-la-gare-300x169.jpg 300w, https:\/\/gr10.org\/wp-content\/uploads\/2022\/03\/GRdistes-a-la-gare-768x432.jpg 768w\" sizes=\"(max-width: 960px) 100vw, 960px\" \/>\t\t\t\t\t\t\t\t\t\t\t\t\t\t\t<\/div>\n\t\t\t\t<\/div>\n\t\t\t\t\t<\/div>\n\t\t<\/div>\n\t\t\t\t<div class=\"elementor-column elementor-col-50 elementor-inner-column elementor-element elementor-element-913348e\" data-id=\"913348e\" data-element_type=\"column\" data-e-type=\"column\">\n\t\t\t<div class=\"elementor-widget-wrap elementor-element-populated\">\n\t\t\t\t\t\t<div class=\"elementor-element elementor-element-07810a6 elementor-widget elementor-widget-heading\" data-id=\"07810a6\" data-element_type=\"widget\" data-e-type=\"widget\" data-widget_type=\"heading.default\">\n\t\t\t\t<div class=\"elementor-widget-container\">\n\t\t\t\t\t<h1 class=\"elementor-heading-title elementor-size-default\">Les transports en commun desservant le GR10\n\n<\/h1>\t\t\t\t<\/div>\n\t\t\t\t<\/div>\n\t\t\t\t<div class=\"elementor-element elementor-element-c9888cb elementor-widget elementor-widget-heading\" data-id=\"c9888cb\" data-element_type=\"widget\" data-e-type=\"widget\" data-widget_type=\"heading.default\">\n\t\t\t\t<div class=\"elementor-widget-container\">\n\t\t\t\t\t<h2 class=\"elementor-heading-title elementor-size-default\"> Trains, bus, avions\n<\/h2>\t\t\t\t<\/div>\n\t\t\t\t<\/div>\n\t\t\t\t<div class=\"elementor-element elementor-element-8c12f68 elementor-widget elementor-widget-text-editor\" data-id=\"8c12f68\" data-element_type=\"widget\" data-e-type=\"widget\" data-widget_type=\"text-editor.default\">\n\t\t\t\t<div class=\"elementor-widget-container\">\n\t\t\t\t\t\t\t\t\t<p>Les transports en commun desservant le GR10 vous permettront de pouvoir facilement rejoindre ou quitter le GR10 selon vos imp\u00e9ratifs ou choix de parcours.<br \/><br \/>La cha\u00eene Pyr\u00e9n\u00e9enne poss\u00e8de de nombreux services de transports en commun lui permettant d&rsquo;\u00e9viter un enclavement et un isolement certain.<\/p>\t\t\t\t\t\t\t\t<\/div>\n\t\t\t\t<\/div>\n\t\t\t\t\t<\/div>\n\t\t<\/div>\n\t\t\t\t\t<\/div>\n\t\t<\/section>\n\t\t\t\t<section class=\"elementor-section elementor-inner-section elementor-element elementor-element-dc4589a elementor-section-full_width elementor-section-content-middle elementor-section-height-default elementor-section-height-default\" data-id=\"dc4589a\" data-element_type=\"section\" data-e-type=\"section\">\n\t\t\t\t\t\t<div class=\"elementor-container elementor-column-gap-default\">\n\t\t\t\t\t<div class=\"elementor-column elementor-col-50 elementor-inner-column elementor-element elementor-element-31a0928 elementor-hidden-mobile\" data-id=\"31a0928\" data-element_type=\"column\" data-e-type=\"column\">\n\t\t\t<div class=\"elementor-widget-wrap\">\n\t\t\t\t\t\t\t<\/div>\n\t\t<\/div>\n\t\t\t\t<div class=\"elementor-column elementor-col-50 elementor-inner-column elementor-element elementor-element-cf29b84\" data-id=\"cf29b84\" data-element_type=\"column\" data-e-type=\"column\">\n\t\t\t<div class=\"elementor-widget-wrap elementor-element-populated\">\n\t\t\t\t\t\t<div class=\"elementor-element elementor-element-ee71d73 elementor-widget elementor-widget-text-editor\" data-id=\"ee71d73\" data-element_type=\"widget\" data-e-type=\"widget\" data-widget_type=\"text-editor.default\">\n\t\t\t\t<div class=\"elementor-widget-container\">\n\t\t\t\t\t\t\t\t\t<p>Vous trouverez trois types de services de transports \u00e0 votre disposition :<\/p><p>&#8211; <strong>Les A\u00e9roports r\u00e9gionaux<\/strong> r\u00e9partis sur 5 grandes villes (Bayonne, Pau, Tarbes, Toulouse et Perpignan).<\/p><p>&#8211; <strong>Les lignes de train<\/strong> de la SNCF (Soci\u00e9t\u00e9 Nationale des Chemins de Fer Fran\u00e7ais). Ces lignes sont aussi appel\u00e9es localement TER (Transport Express R\u00e9gional). Certaines lignes TER font appel \u00e0 des autobus affr\u00e9t\u00e9s directement par la SNCF.<\/p><p>&#8211; <strong>Les lignes r\u00e9guli\u00e8res de bus<\/strong> g\u00e9r\u00e9es par les d\u00e9partements concern\u00e9s et entrant dans le cadre d&rsquo;un service publique d&rsquo;aide au d\u00e9senclavement des vall\u00e9es Pyr\u00e9n\u00e9ennes. Ces lignes de bus sont plus ou moins subventionn\u00e9es et permettent l&rsquo;application de tarifs vraiment concurrentiels.<\/p>\t\t\t\t\t\t\t\t<\/div>\n\t\t\t\t<\/div>\n\t\t\t\t\t<\/div>\n\t\t<\/div>\n\t\t\t\t\t<\/div>\n\t\t<\/section>\n\t\t\t\t<div class=\"elementor-element elementor-element-c965c90 elementor-widget elementor-widget-heading\" data-id=\"c965c90\" data-element_type=\"widget\" data-e-type=\"widget\" data-widget_type=\"heading.default\">\n\t\t\t\t<div class=\"elementor-widget-container\">\n\t\t\t\t\t<h3 class=\"elementor-heading-title elementor-size-default\">Carte dynamique des transports en commun.<\/h3>\t\t\t\t<\/div>\n\t\t\t\t<\/div>\n\t\t\t\t<div class=\"elementor-element elementor-element-fd04c8c elementor-widget elementor-widget-html\" data-id=\"fd04c8c\" data-element_type=\"widget\" data-e-type=\"widget\" data-widget_type=\"html.default\">\n\t\t\t\t<div class=\"elementor-widget-container\">\n\t\t\t\t\t<iframe src=\"https:\/\/macarte.ign.fr\/carte\/4e49c20190f9c59ba4cd38f44f825d42\/TRANSPORTS\" border=\"0\" width=\"800\" height=\"550\"><\/iframe>\t\t\t\t<\/div>\n\t\t\t\t<\/div>\n\t\t\t\t<section class=\"elementor-section elementor-inner-section elementor-element elementor-element-74c4be4 elementor-section-boxed elementor-section-height-default elementor-section-height-default\" data-id=\"74c4be4\" data-element_type=\"section\" data-e-type=\"section\">\n\t\t\t\t\t\t<div class=\"elementor-container elementor-column-gap-default\">\n\t\t\t\t\t<div class=\"elementor-column elementor-col-50 elementor-inner-column elementor-element elementor-element-df35a06\" data-id=\"df35a06\" data-element_type=\"column\" data-e-type=\"column\">\n\t\t\t<div class=\"elementor-widget-wrap elementor-element-populated\">\n\t\t\t\t\t\t<div class=\"elementor-element elementor-element-e19df09 elementor-widget elementor-widget-heading\" data-id=\"e19df09\" data-element_type=\"widget\" data-e-type=\"widget\" data-widget_type=\"heading.default\">\n\t\t\t\t<div class=\"elementor-widget-container\">\n\t\t\t\t\t<h3 class=\"elementor-heading-title elementor-size-default\">Hendaye<\/h3>\t\t\t\t<\/div>\n\t\t\t\t<\/div>\n\t\t\t\t<div class=\"elementor-element elementor-element-043f31c elementor-widget elementor-widget-heading\" data-id=\"043f31c\" data-element_type=\"widget\" data-e-type=\"widget\" data-widget_type=\"heading.default\">\n\t\t\t\t<div class=\"elementor-widget-container\">\n\t\t\t\t\t<h4 class=\"elementor-heading-title elementor-size-default\">64700 - Pyr\u00e9n\u00e9es Occidentales<\/h4>\t\t\t\t<\/div>\n\t\t\t\t<\/div>\n\t\t\t\t<div class=\"elementor-element elementor-element-ef393fa elementor-widget elementor-widget-text-editor\" data-id=\"ef393fa\" data-element_type=\"widget\" data-e-type=\"widget\" data-widget_type=\"text-editor.default\">\n\t\t\t\t<div class=\"elementor-widget-container\">\n\t\t\t\t\t\t\t\t\t<p>Gare SNCF vers Bayonne, Toulouse, Bordeaux, Paris<br \/><a href=\"https:\/\/www.sncf-connect.com\/app\/home\/search\/od\" target=\"_blank\" rel=\"noopener\" data-wplink-edit=\"true\">d\u00e9tails, horaires et tarifs<\/a><\/p>\t\t\t\t\t\t\t\t<\/div>\n\t\t\t\t<\/div>\n\t\t\t\t<div class=\"elementor-element elementor-element-eadc806 elementor-widget elementor-widget-heading\" data-id=\"eadc806\" data-element_type=\"widget\" data-e-type=\"widget\" data-widget_type=\"heading.default\">\n\t\t\t\t<div class=\"elementor-widget-container\">\n\t\t\t\t\t<h3 class=\"elementor-heading-title elementor-size-default\">Sare<\/h3>\t\t\t\t<\/div>\n\t\t\t\t<\/div>\n\t\t\t\t<div class=\"elementor-element elementor-element-decc0ff elementor-widget elementor-widget-heading\" data-id=\"decc0ff\" data-element_type=\"widget\" data-e-type=\"widget\" data-widget_type=\"heading.default\">\n\t\t\t\t<div class=\"elementor-widget-container\">\n\t\t\t\t\t<h4 class=\"elementor-heading-title elementor-size-default\">64310 - Pyr\u00e9n\u00e9es Occidentales<\/h4>\t\t\t\t<\/div>\n\t\t\t\t<\/div>\n\t\t\t\t<div class=\"elementor-element elementor-element-423d770 elementor-widget elementor-widget-text-editor\" data-id=\"423d770\" data-element_type=\"widget\" data-e-type=\"widget\" data-widget_type=\"text-editor.default\">\n\t\t\t\t<div class=\"elementor-widget-container\">\n\t\t\t\t\t\t\t\t\t<p>liaison Bus vers St-Jean-de-Luz Sare (ligne n\u00b045)<br \/><a href=\"https:\/\/hegobus.fr\/fr\/voyagez\/horaires\/\" target=\"_blank\" rel=\"noopener\">d\u00e9tails, horaires et tarifs<\/a><br \/>Renseignements compl\u00e9mentaires : Office de Tourisme d&rsquo;A\u00efnhoa : <span aria-label=\"Appeler le 05 59 29 93 99\">05 59 29 93 99<\/span><\/p>\t\t\t\t\t\t\t\t<\/div>\n\t\t\t\t<\/div>\n\t\t\t\t<div class=\"elementor-element elementor-element-716ab42 elementor-widget elementor-widget-heading\" data-id=\"716ab42\" data-element_type=\"widget\" data-e-type=\"widget\" data-widget_type=\"heading.default\">\n\t\t\t\t<div class=\"elementor-widget-container\">\n\t\t\t\t\t<h3 class=\"elementor-heading-title elementor-size-default\">A\u00efnhoa<\/h3>\t\t\t\t<\/div>\n\t\t\t\t<\/div>\n\t\t\t\t<div class=\"elementor-element elementor-element-cfed324 elementor-widget elementor-widget-heading\" data-id=\"cfed324\" data-element_type=\"widget\" data-e-type=\"widget\" data-widget_type=\"heading.default\">\n\t\t\t\t<div class=\"elementor-widget-container\">\n\t\t\t\t\t<h4 class=\"elementor-heading-title elementor-size-default\">64250 - Pyr\u00e9n\u00e9es Occidentales<\/h4>\t\t\t\t<\/div>\n\t\t\t\t<\/div>\n\t\t\t\t<div class=\"elementor-element elementor-element-c4839dd elementor-widget elementor-widget-text-editor\" data-id=\"c4839dd\" data-element_type=\"widget\" data-e-type=\"widget\" data-widget_type=\"text-editor.default\">\n\t\t\t\t<div class=\"elementor-widget-container\">\n\t\t\t\t\t\t\t\t\t<p>liaison bus vers St-Jean-Pied-de-Port (ligne n\u00b047)<br \/><a href=\"https:\/\/hegobus.fr\/fr\/voyagez\/horaires\/\" target=\"_blank\" rel=\"noopener\">d\u00e9tails, horaires et tarifs<\/a><br \/>Renseignements compl\u00e9mentaires : Office de Tourisme d&rsquo;A\u00efnhoa : <span aria-label=\"Appeler le 05 59 29 93 99\">05 59 29 93 99<\/span><\/p>\t\t\t\t\t\t\t\t<\/div>\n\t\t\t\t<\/div>\n\t\t\t\t<div class=\"elementor-element elementor-element-8372ef5 elementor-widget elementor-widget-heading\" data-id=\"8372ef5\" data-element_type=\"widget\" data-e-type=\"widget\" data-widget_type=\"heading.default\">\n\t\t\t\t<div class=\"elementor-widget-container\">\n\t\t\t\t\t<h3 class=\"elementor-heading-title elementor-size-default\">Bidarray<\/h3>\t\t\t\t<\/div>\n\t\t\t\t<\/div>\n\t\t\t\t<div class=\"elementor-element elementor-element-5359bc0 elementor-widget elementor-widget-heading\" data-id=\"5359bc0\" data-element_type=\"widget\" data-e-type=\"widget\" data-widget_type=\"heading.default\">\n\t\t\t\t<div class=\"elementor-widget-container\">\n\t\t\t\t\t<h4 class=\"elementor-heading-title elementor-size-default\">64780 - Pyr\u00e9n\u00e9es Occidentales<\/h4>\t\t\t\t<\/div>\n\t\t\t\t<\/div>\n\t\t\t\t<div class=\"elementor-element elementor-element-4293299 elementor-widget elementor-widget-text-editor\" data-id=\"4293299\" data-element_type=\"widget\" data-e-type=\"widget\" data-widget_type=\"text-editor.default\">\n\t\t\t\t<div class=\"elementor-widget-container\">\n\t\t\t\t\t\t\t\t\t<p>Gare SNCF vers Bayonne et St-Jean-de-Port<br \/><a href=\"https:\/\/www.ter.sncf.com\/medias\/PDF\/nouvelle_aquitaine\/Affiche%2054%20Bayonne%20St%20Jean%20Pied%20de%20Port_MAJ_08_02_tcm78-217224_tcm78-233205.pdf\" target=\"_blank\" rel=\"noopener\">d\u00e9tails, horaires et tarifs<\/a><\/p>\t\t\t\t\t\t\t\t<\/div>\n\t\t\t\t<\/div>\n\t\t\t\t<div class=\"elementor-element elementor-element-31ccc03 elementor-widget elementor-widget-heading\" data-id=\"31ccc03\" data-element_type=\"widget\" data-e-type=\"widget\" data-widget_type=\"heading.default\">\n\t\t\t\t<div class=\"elementor-widget-container\">\n\t\t\t\t\t<h3 class=\"elementor-heading-title elementor-size-default\">St-Etienne-de-Ba\u00cfgorry<\/h3>\t\t\t\t<\/div>\n\t\t\t\t<\/div>\n\t\t\t\t<div class=\"elementor-element elementor-element-0b75626 elementor-widget elementor-widget-heading\" data-id=\"0b75626\" data-element_type=\"widget\" data-e-type=\"widget\" data-widget_type=\"heading.default\">\n\t\t\t\t<div class=\"elementor-widget-container\">\n\t\t\t\t\t<h4 class=\"elementor-heading-title elementor-size-default\">64430 - Pyr\u00e9n\u00e9es Occidentales<\/h4>\t\t\t\t<\/div>\n\t\t\t\t<\/div>\n\t\t\t\t<div class=\"elementor-element elementor-element-fb601e6 elementor-widget elementor-widget-text-editor\" data-id=\"fb601e6\" data-element_type=\"widget\" data-e-type=\"widget\" data-widget_type=\"text-editor.default\">\n\t\t\t\t<div class=\"elementor-widget-container\">\n\t\t\t\t\t\t\t\t\t<p>liaison bus vers St-Jean-Pied-de-Port<br \/><a href=\"https:\/\/itineraires.txiktxak.fr\/fr\/horaires\/Txik-Txak-Cars-Express\/Bus\/ligne\/10\/direction\/OUTWARD\/TXIKTXAK:10\" target=\"_blank\" rel=\"noopener\">d\u00e9tails, horaires et tarifs<\/a><\/p>\t\t\t\t\t\t\t\t<\/div>\n\t\t\t\t<\/div>\n\t\t\t\t<div class=\"elementor-element elementor-element-07285b9 elementor-widget elementor-widget-heading\" data-id=\"07285b9\" data-element_type=\"widget\" data-e-type=\"widget\" data-widget_type=\"heading.default\">\n\t\t\t\t<div class=\"elementor-widget-container\">\n\t\t\t\t\t<h3 class=\"elementor-heading-title elementor-size-default\">St-Jean-Pied-de-Port<\/h3>\t\t\t\t<\/div>\n\t\t\t\t<\/div>\n\t\t\t\t<div class=\"elementor-element elementor-element-8d2e139 elementor-widget elementor-widget-heading\" data-id=\"8d2e139\" data-element_type=\"widget\" data-e-type=\"widget\" data-widget_type=\"heading.default\">\n\t\t\t\t<div class=\"elementor-widget-container\">\n\t\t\t\t\t<h4 class=\"elementor-heading-title elementor-size-default\">64220 - Pyr\u00e9n\u00e9es Occidentales<\/h4>\t\t\t\t<\/div>\n\t\t\t\t<\/div>\n\t\t\t\t<div class=\"elementor-element elementor-element-e1a320f elementor-widget elementor-widget-text-editor\" data-id=\"e1a320f\" data-element_type=\"widget\" data-e-type=\"widget\" data-widget_type=\"text-editor.default\">\n\t\t\t\t<div class=\"elementor-widget-container\">\n\t\t\t\t\t\t\t\t\t<p><span class=\"styledescriptifetape\">Liaison bus vers St-Etienne-de-Ba\u00efgorry<br \/><a href=\"https:\/\/itineraires.txiktxak.fr\/fr\/horaires\/Txik-Txak-Cars-Express\/Bus\/ligne\/10\/direction\/OUTWARD\/TXIKTXAK:10\" target=\"_blank\" rel=\"noopener\">d\u00e9tails, horaires et tarifs<\/a><br \/><\/span><span class=\"styledescriptifetape\">Liaison train vers Bayonne via Bidarray<br \/><a href=\"https:\/\/www.ter.sncf.com\/medias\/PDF\/nouvelle_aquitaine\/Affiche%2054%20Bayonne%20St%20Jean%20Pied%20de%20Port_MAJ_08_02_tcm78-217224_tcm78-233205.pdf\" target=\"_blank\" rel=\"noopener\">d\u00e9tails, horaires et tarifs<\/a><\/span><\/p>\t\t\t\t\t\t\t\t<\/div>\n\t\t\t\t<\/div>\n\t\t\t\t<div class=\"elementor-element elementor-element-14a5475 elementor-widget elementor-widget-heading\" data-id=\"14a5475\" data-element_type=\"widget\" data-e-type=\"widget\" data-widget_type=\"heading.default\">\n\t\t\t\t<div class=\"elementor-widget-container\">\n\t\t\t\t\t<h3 class=\"elementor-heading-title elementor-size-default\">Arette-la-Pierre-St-Martin<\/h3>\t\t\t\t<\/div>\n\t\t\t\t<\/div>\n\t\t\t\t<div class=\"elementor-element elementor-element-99480a9 elementor-widget elementor-widget-heading\" data-id=\"99480a9\" data-element_type=\"widget\" data-e-type=\"widget\" data-widget_type=\"heading.default\">\n\t\t\t\t<div class=\"elementor-widget-container\">\n\t\t\t\t\t<h4 class=\"elementor-heading-title elementor-size-default\">64570 - Pyr\u00e9n\u00e9es Occidentales<\/h4>\t\t\t\t<\/div>\n\t\t\t\t<\/div>\n\t\t\t\t<div class=\"elementor-element elementor-element-074e5d4 elementor-widget elementor-widget-text-editor\" data-id=\"074e5d4\" data-element_type=\"widget\" data-e-type=\"widget\" data-widget_type=\"text-editor.default\">\n\t\t\t\t<div class=\"elementor-widget-container\">\n\t\t\t\t\t\t\t\t\t<p>Attention, cette solution n&rsquo;est pas valable en saison estivale. Un taxi doit \u00eatre pris de la station de ski jusqu&rsquo;\u00e0 Arette o\u00f9 le bus peut-\u00eatre r\u00e9cup\u00e9r\u00e9. La solution du \u00ab\u00a0stop\u00a0\u00bb depuis la station est tout \u00e0 fait envisageable \u00e9galement.<br \/>Liaison bus vers Oloron-Ste-Marie<br \/><a href=\"https:\/\/www.n-py.com\/fr\/pierre-saint-martin\/skibus\">d\u00e9tails, horaires et tarifs<\/a><\/p>\t\t\t\t\t\t\t\t<\/div>\n\t\t\t\t<\/div>\n\t\t\t\t<div class=\"elementor-element elementor-element-1474d6d elementor-widget elementor-widget-heading\" data-id=\"1474d6d\" data-element_type=\"widget\" data-e-type=\"widget\" data-widget_type=\"heading.default\">\n\t\t\t\t<div class=\"elementor-widget-container\">\n\t\t\t\t\t<h3 class=\"elementor-heading-title elementor-size-default\">Borce - Etsaut<\/h3>\t\t\t\t<\/div>\n\t\t\t\t<\/div>\n\t\t\t\t<div class=\"elementor-element elementor-element-901922a elementor-widget elementor-widget-heading\" data-id=\"901922a\" data-element_type=\"widget\" data-e-type=\"widget\" data-widget_type=\"heading.default\">\n\t\t\t\t<div class=\"elementor-widget-container\">\n\t\t\t\t\t<h4 class=\"elementor-heading-title elementor-size-default\">64490 - Pyr\u00e9n\u00e9es Occidentales<\/h4>\t\t\t\t<\/div>\n\t\t\t\t<\/div>\n\t\t\t\t<div class=\"elementor-element elementor-element-7a99435 elementor-widget elementor-widget-text-editor\" data-id=\"7a99435\" data-element_type=\"widget\" data-e-type=\"widget\" data-widget_type=\"text-editor.default\">\n\t\t\t\t<div class=\"elementor-widget-container\">\n\t\t\t\t\t\t\t\t\t<p>liaison bus SNCF vers Oloron Ste-Marie et Pau<br \/><a href=\"https:\/\/www.citrampyrenees.fr\/wp-content\/uploads\/2024\/12\/100x150-DEPLIANT-BEDOUS-CANFRANC-DECEMBRE-2024_HD-1.pdf\" target=\"_blank\" rel=\"noopener\">d\u00e9tails, horaires et tarifs<\/a><\/p>\t\t\t\t\t\t\t\t<\/div>\n\t\t\t\t<\/div>\n\t\t\t\t<div class=\"elementor-element elementor-element-ff775d2 elementor-widget elementor-widget-heading\" data-id=\"ff775d2\" data-element_type=\"widget\" data-e-type=\"widget\" data-widget_type=\"heading.default\">\n\t\t\t\t<div class=\"elementor-widget-container\">\n\t\t\t\t\t<h3 class=\"elementor-heading-title elementor-size-default\">Gourette<\/h3>\t\t\t\t<\/div>\n\t\t\t\t<\/div>\n\t\t\t\t<div class=\"elementor-element elementor-element-409f288 elementor-widget elementor-widget-heading\" data-id=\"409f288\" data-element_type=\"widget\" data-e-type=\"widget\" data-widget_type=\"heading.default\">\n\t\t\t\t<div class=\"elementor-widget-container\">\n\t\t\t\t\t<h4 class=\"elementor-heading-title elementor-size-default\">64440 - Pyr\u00e9n\u00e9es Occidentales<\/h4>\t\t\t\t<\/div>\n\t\t\t\t<\/div>\n\t\t\t\t<div class=\"elementor-element elementor-element-e08f0ec elementor-widget elementor-widget-text-editor\" data-id=\"e08f0ec\" data-element_type=\"widget\" data-e-type=\"widget\" data-widget_type=\"text-editor.default\">\n\t\t\t\t<div class=\"elementor-widget-container\">\n\t\t\t\t\t\t\t\t\t<p>liaison bus vers Pau<br \/><a href=\"https:\/\/gr10.org\/wp-content\/uploads\/2024\/07\/LIGNE-524-PAU-GOURETTE-24_HD.pdf\" target=\"_blank\" rel=\"noopener\">d\u00e9tails, horaires et tarifs<\/a><\/p>\t\t\t\t\t\t\t\t<\/div>\n\t\t\t\t<\/div>\n\t\t\t\t<div class=\"elementor-element elementor-element-8326ae2 elementor-widget elementor-widget-heading\" data-id=\"8326ae2\" data-element_type=\"widget\" data-e-type=\"widget\" data-widget_type=\"heading.default\">\n\t\t\t\t<div class=\"elementor-widget-container\">\n\t\t\t\t\t<h3 class=\"elementor-heading-title elementor-size-default\">Arrens-Marsous<\/h3>\t\t\t\t<\/div>\n\t\t\t\t<\/div>\n\t\t\t\t<div class=\"elementor-element elementor-element-adace44 elementor-widget elementor-widget-heading\" data-id=\"adace44\" data-element_type=\"widget\" data-e-type=\"widget\" data-widget_type=\"heading.default\">\n\t\t\t\t<div class=\"elementor-widget-container\">\n\t\t\t\t\t<h4 class=\"elementor-heading-title elementor-size-default\">65400 - Pyr\u00e9n\u00e9es Centrales<\/h4>\t\t\t\t<\/div>\n\t\t\t\t<\/div>\n\t\t\t\t<div class=\"elementor-element elementor-element-9e687eb elementor-widget elementor-widget-text-editor\" data-id=\"9e687eb\" data-element_type=\"widget\" data-e-type=\"widget\" data-widget_type=\"text-editor.default\">\n\t\t\t\t<div class=\"elementor-widget-container\">\n\t\t\t\t\t\t\t\t\t<p>liaison bus vers Lourdes.<br \/>Attention : navette qui ne circule qu&rsquo;\u00e0 la demande et qu&rsquo;il faut r\u00e9server au plus tard la veille.<br \/><a href=\"https:\/\/gr10.org\/wp-content\/uploads\/2025\/06\/lignes-TAD-Val-dazun-2025.pdf\" target=\"_blank\" rel=\"noopener\">d\u00e9tails, horaires et tarifs<\/a><\/p>\t\t\t\t\t\t\t\t<\/div>\n\t\t\t\t<\/div>\n\t\t\t\t<div class=\"elementor-element elementor-element-7082c74 elementor-widget elementor-widget-heading\" data-id=\"7082c74\" data-element_type=\"widget\" data-e-type=\"widget\" data-widget_type=\"heading.default\">\n\t\t\t\t<div class=\"elementor-widget-container\">\n\t\t\t\t\t<h3 class=\"elementor-heading-title elementor-size-default\">Cauterets<\/h3>\t\t\t\t<\/div>\n\t\t\t\t<\/div>\n\t\t\t\t<div class=\"elementor-element elementor-element-f6595e6 elementor-widget elementor-widget-heading\" data-id=\"f6595e6\" data-element_type=\"widget\" data-e-type=\"widget\" data-widget_type=\"heading.default\">\n\t\t\t\t<div class=\"elementor-widget-container\">\n\t\t\t\t\t<h4 class=\"elementor-heading-title elementor-size-default\">65110 - Pyr\u00e9n\u00e9es Centrales<\/h4>\t\t\t\t<\/div>\n\t\t\t\t<\/div>\n\t\t\t\t<div class=\"elementor-element elementor-element-406c9ec elementor-widget elementor-widget-text-editor\" data-id=\"406c9ec\" data-element_type=\"widget\" data-e-type=\"widget\" data-widget_type=\"text-editor.default\">\n\t\t\t\t<div class=\"elementor-widget-container\">\n\t\t\t\t\t\t\t\t\t<p>liaison bus SNCF vers Lourdes, Pau<br \/><a href=\"https:\/\/gr10.org\/wp-content\/uploads\/2024\/07\/Ligne-965-Lourdes-Cauterets.pdf\" target=\"_blank\" rel=\"noopener\">d\u00e9tails, horaires et tarifs<\/a><\/p>\t\t\t\t\t\t\t\t<\/div>\n\t\t\t\t<\/div>\n\t\t\t\t<div class=\"elementor-element elementor-element-0927967 elementor-widget elementor-widget-heading\" data-id=\"0927967\" data-element_type=\"widget\" data-e-type=\"widget\" data-widget_type=\"heading.default\">\n\t\t\t\t<div class=\"elementor-widget-container\">\n\t\t\t\t\t<h3 class=\"elementor-heading-title elementor-size-default\">Gavarnie<\/h3>\t\t\t\t<\/div>\n\t\t\t\t<\/div>\n\t\t\t\t<div class=\"elementor-element elementor-element-084eb9f elementor-widget elementor-widget-heading\" data-id=\"084eb9f\" data-element_type=\"widget\" data-e-type=\"widget\" data-widget_type=\"heading.default\">\n\t\t\t\t<div class=\"elementor-widget-container\">\n\t\t\t\t\t<h4 class=\"elementor-heading-title elementor-size-default\">65192 - Pyr\u00e9n\u00e9es Centrales<\/h4>\t\t\t\t<\/div>\n\t\t\t\t<\/div>\n\t\t\t\t<div class=\"elementor-element elementor-element-80d5239 elementor-widget elementor-widget-text-editor\" data-id=\"80d5239\" data-element_type=\"widget\" data-e-type=\"widget\" data-widget_type=\"text-editor.default\">\n\t\t\t\t<div class=\"elementor-widget-container\">\n\t\t\t\t\t\t\t\t\t<p>liaison bus vers Lourdes, Luz-St-Sauveur<br \/><a href=\"https:\/\/gr10.org\/wp-content\/uploads\/2024\/07\/Ligne-965-Lourdes-Gavarnie-1.pdf\" target=\"_blank\" rel=\"noopener\">d\u00e9tails, horaires et tarifs<\/a><\/p>\t\t\t\t\t\t\t\t<\/div>\n\t\t\t\t<\/div>\n\t\t\t\t<div class=\"elementor-element elementor-element-8cdf9f0 elementor-widget elementor-widget-heading\" data-id=\"8cdf9f0\" data-element_type=\"widget\" data-e-type=\"widget\" data-widget_type=\"heading.default\">\n\t\t\t\t<div class=\"elementor-widget-container\">\n\t\t\t\t\t<h3 class=\"elementor-heading-title elementor-size-default\">Luz-St-Sauveur<\/h3>\t\t\t\t<\/div>\n\t\t\t\t<\/div>\n\t\t\t\t<div class=\"elementor-element elementor-element-3e58d1d elementor-widget elementor-widget-heading\" data-id=\"3e58d1d\" data-element_type=\"widget\" data-e-type=\"widget\" data-widget_type=\"heading.default\">\n\t\t\t\t<div class=\"elementor-widget-container\">\n\t\t\t\t\t<h4 class=\"elementor-heading-title elementor-size-default\">65120 - Pyr\u00e9n\u00e9es Centrales<\/h4>\t\t\t\t<\/div>\n\t\t\t\t<\/div>\n\t\t\t\t<div class=\"elementor-element elementor-element-2a7925f elementor-widget elementor-widget-text-editor\" data-id=\"2a7925f\" data-element_type=\"widget\" data-e-type=\"widget\" data-widget_type=\"text-editor.default\">\n\t\t\t\t<div class=\"elementor-widget-container\">\n\t\t\t\t\t\t\t\t\t<p>liaison bus vers Lourdes<br \/><a href=\"https:\/\/gr10.org\/wp-content\/uploads\/2025\/06\/Ligne-BUS-965-Lourdes-Argeles-Luz-st-sauveur.pdf\" target=\"_blank\" rel=\"noopener\">d\u00e9tails, horaires et tarifs<\/a><\/p>\t\t\t\t\t\t\t\t<\/div>\n\t\t\t\t<\/div>\n\t\t\t\t<div class=\"elementor-element elementor-element-2b7d4d1 elementor-widget elementor-widget-heading\" data-id=\"2b7d4d1\" data-element_type=\"widget\" data-e-type=\"widget\" data-widget_type=\"heading.default\">\n\t\t\t\t<div class=\"elementor-widget-container\">\n\t\t\t\t\t<h3 class=\"elementor-heading-title elementor-size-default\">Bar\u00e8ges<\/h3>\t\t\t\t<\/div>\n\t\t\t\t<\/div>\n\t\t\t\t<div class=\"elementor-element elementor-element-a6702b8 elementor-widget elementor-widget-heading\" data-id=\"a6702b8\" data-element_type=\"widget\" data-e-type=\"widget\" data-widget_type=\"heading.default\">\n\t\t\t\t<div class=\"elementor-widget-container\">\n\t\t\t\t\t<h4 class=\"elementor-heading-title elementor-size-default\">65120 - Pyr\u00e9n\u00e9es Centrales<\/h4>\t\t\t\t<\/div>\n\t\t\t\t<\/div>\n\t\t\t\t<div class=\"elementor-element elementor-element-b8cb517 elementor-widget elementor-widget-text-editor\" data-id=\"b8cb517\" data-element_type=\"widget\" data-e-type=\"widget\" data-widget_type=\"text-editor.default\">\n\t\t\t\t<div class=\"elementor-widget-container\">\n\t\t\t\t\t\t\t\t\t<p>liaison bus vers Luz-St-Sauveur et Lourdes<br \/><a href=\"https:\/\/gr10.org\/wp-content\/uploads\/2024\/07\/Bus-Bareges-Lourdes-ete-24.pdf\" target=\"_blank\" rel=\"noopener\">d\u00e9tails, horaires et tarifs<\/a><\/p>\t\t\t\t\t\t\t\t<\/div>\n\t\t\t\t<\/div>\n\t\t\t\t\t<\/div>\n\t\t<\/div>\n\t\t\t\t<div class=\"elementor-column elementor-col-50 elementor-inner-column elementor-element elementor-element-40694d8\" data-id=\"40694d8\" data-element_type=\"column\" data-e-type=\"column\">\n\t\t\t<div class=\"elementor-widget-wrap elementor-element-populated\">\n\t\t\t\t\t\t<div class=\"elementor-element elementor-element-c144a19 elementor-widget elementor-widget-heading\" data-id=\"c144a19\" data-element_type=\"widget\" data-e-type=\"widget\" data-widget_type=\"heading.default\">\n\t\t\t\t<div class=\"elementor-widget-container\">\n\t\t\t\t\t<h3 class=\"elementor-heading-title elementor-size-default\">Bourisp<\/h3>\t\t\t\t<\/div>\n\t\t\t\t<\/div>\n\t\t\t\t<div class=\"elementor-element elementor-element-8e9eb43 elementor-widget elementor-widget-heading\" data-id=\"8e9eb43\" data-element_type=\"widget\" data-e-type=\"widget\" data-widget_type=\"heading.default\">\n\t\t\t\t<div class=\"elementor-widget-container\">\n\t\t\t\t\t<h4 class=\"elementor-heading-title elementor-size-default\">65170 - Pyr\u00e9n\u00e9es Centrales<\/h4>\t\t\t\t<\/div>\n\t\t\t\t<\/div>\n\t\t\t\t<div class=\"elementor-element elementor-element-3942f37 elementor-widget elementor-widget-text-editor\" data-id=\"3942f37\" data-element_type=\"widget\" data-e-type=\"widget\" data-widget_type=\"text-editor.default\">\n\t\t\t\t<div class=\"elementor-widget-container\">\n\t\t\t\t\t\t\t\t\t<p>liaison bus vers Arreau et Lannemezan<br \/><a href=\"https:\/\/gr10.org\/wp-content\/uploads\/2024\/07\/Ligne-963-Du-1-Septembre-2023-au-31-Aout-2024.pdf\" target=\"_blank\" rel=\"noopener\">d\u00e9tails, horaires et tarifs<\/a><\/p>\t\t\t\t\t\t\t\t<\/div>\n\t\t\t\t<\/div>\n\t\t\t\t<div class=\"elementor-element elementor-element-57d6d52 elementor-widget elementor-widget-heading\" data-id=\"57d6d52\" data-element_type=\"widget\" data-e-type=\"widget\" data-widget_type=\"heading.default\">\n\t\t\t\t<div class=\"elementor-widget-container\">\n\t\t\t\t\t<h3 class=\"elementor-heading-title elementor-size-default\">Bagn\u00e8res-de-Luchon<\/h3>\t\t\t\t<\/div>\n\t\t\t\t<\/div>\n\t\t\t\t<div class=\"elementor-element elementor-element-aebf314 elementor-widget elementor-widget-heading\" data-id=\"aebf314\" data-element_type=\"widget\" data-e-type=\"widget\" data-widget_type=\"heading.default\">\n\t\t\t\t<div class=\"elementor-widget-container\">\n\t\t\t\t\t<h4 class=\"elementor-heading-title elementor-size-default\">31110 - Pyr\u00e9n\u00e9es Centrales<\/h4>\t\t\t\t<\/div>\n\t\t\t\t<\/div>\n\t\t\t\t<div class=\"elementor-element elementor-element-c21801a elementor-widget elementor-widget-text-editor\" data-id=\"c21801a\" data-element_type=\"widget\" data-e-type=\"widget\" data-widget_type=\"text-editor.default\">\n\t\t\t\t<div class=\"elementor-widget-container\">\n\t\t\t\t\t\t\t\t\t<p><span class=\"styledescriptifetape\">liaison bus SNCF vers St-Gaudens<br \/><a href=\"https:\/\/www.sncf-connect.com\/app\/home\/search\/od\" target=\"_blank\" rel=\"noopener\">d\u00e9tails, horaires et tarifs<\/a><br \/><\/span><span class=\"styledescriptifetape\">Liaison bus vers St-Gaudens<br \/><a href=\"https:\/\/img-scoop-cms.airweb.fr\/uploads\/sites\/10\/20211212-ligne394-1.pdf\" target=\"_blank\" rel=\"noopener\">d\u00e9tails, horaires et tarifs<\/a><\/span><\/p>\t\t\t\t\t\t\t\t<\/div>\n\t\t\t\t<\/div>\n\t\t\t\t<div class=\"elementor-element elementor-element-36a1fb4 elementor-widget elementor-widget-heading\" data-id=\"36a1fb4\" data-element_type=\"widget\" data-e-type=\"widget\" data-widget_type=\"heading.default\">\n\t\t\t\t<div class=\"elementor-widget-container\">\n\t\t\t\t\t<h3 class=\"elementor-heading-title elementor-size-default\">Fos<\/h3>\t\t\t\t<\/div>\n\t\t\t\t<\/div>\n\t\t\t\t<div class=\"elementor-element elementor-element-8e9c71b elementor-widget elementor-widget-heading\" data-id=\"8e9c71b\" data-element_type=\"widget\" data-e-type=\"widget\" data-widget_type=\"heading.default\">\n\t\t\t\t<div class=\"elementor-widget-container\">\n\t\t\t\t\t<h4 class=\"elementor-heading-title elementor-size-default\">31190 - Pyr\u00e9n\u00e9es Centrales<\/h4>\t\t\t\t<\/div>\n\t\t\t\t<\/div>\n\t\t\t\t<div class=\"elementor-element elementor-element-6f8ca73 elementor-widget elementor-widget-text-editor\" data-id=\"6f8ca73\" data-element_type=\"widget\" data-e-type=\"widget\" data-widget_type=\"text-editor.default\">\n\t\t\t\t<div class=\"elementor-widget-container\">\n\t\t\t\t\t\t\t\t\t<p>liaison bus vers St-Gaudens<br \/><a href=\"https:\/\/img-scoop-cms.airweb.fr\/uploads\/sites\/10\/20210825-ligne393.pdf\" target=\"_blank\" rel=\"noopener\">d\u00e9tails, horaires et tarifs<\/a><\/p>\t\t\t\t\t\t\t\t<\/div>\n\t\t\t\t<\/div>\n\t\t\t\t<div class=\"elementor-element elementor-element-a61259f elementor-widget elementor-widget-heading\" data-id=\"a61259f\" data-element_type=\"widget\" data-e-type=\"widget\" data-widget_type=\"heading.default\">\n\t\t\t\t<div class=\"elementor-widget-container\">\n\t\t\t\t\t<h3 class=\"elementor-heading-title elementor-size-default\">Bonac-Irazein (sur acc\u00e8s GR10)<\/h3>\t\t\t\t<\/div>\n\t\t\t\t<\/div>\n\t\t\t\t<div class=\"elementor-element elementor-element-8dacaba elementor-widget elementor-widget-heading\" data-id=\"8dacaba\" data-element_type=\"widget\" data-e-type=\"widget\" data-widget_type=\"heading.default\">\n\t\t\t\t<div class=\"elementor-widget-container\">\n\t\t\t\t\t<h4 class=\"elementor-heading-title elementor-size-default\">09059 - Pyr\u00e9n\u00e9es Ari\u00e9geoises<\/h4>\t\t\t\t<\/div>\n\t\t\t\t<\/div>\n\t\t\t\t<div class=\"elementor-element elementor-element-d7cb273 elementor-widget elementor-widget-text-editor\" data-id=\"d7cb273\" data-element_type=\"widget\" data-e-type=\"widget\" data-widget_type=\"text-editor.default\">\n\t\t\t\t<div class=\"elementor-widget-container\">\n\t\t\t\t\t\t\t\t\t<p>Liaison vers St-Girons<br \/><a href=\"https:\/\/gr10.org\/wp-content\/uploads\/2024\/07\/FH-temporaire-455-2-1-1.pdf\" target=\"_blank\" rel=\"noopener\">d\u00e9tails, horaires et tarifs<\/a><\/p>\t\t\t\t\t\t\t\t<\/div>\n\t\t\t\t<\/div>\n\t\t\t\t<div class=\"elementor-element elementor-element-8558e9c elementor-widget elementor-widget-heading\" data-id=\"8558e9c\" data-element_type=\"widget\" data-e-type=\"widget\" data-widget_type=\"heading.default\">\n\t\t\t\t<div class=\"elementor-widget-container\">\n\t\t\t\t\t<h3 class=\"elementor-heading-title elementor-size-default\">Seix (Hors GR10 5kms)<\/h3>\t\t\t\t<\/div>\n\t\t\t\t<\/div>\n\t\t\t\t<div class=\"elementor-element elementor-element-f4e6c7a elementor-widget elementor-widget-heading\" data-id=\"f4e6c7a\" data-element_type=\"widget\" data-e-type=\"widget\" data-widget_type=\"heading.default\">\n\t\t\t\t<div class=\"elementor-widget-container\">\n\t\t\t\t\t<h4 class=\"elementor-heading-title elementor-size-default\">09400 - Pyr\u00e9n\u00e9es Ari\u00e9geoises<\/h4>\t\t\t\t<\/div>\n\t\t\t\t<\/div>\n\t\t\t\t<div class=\"elementor-element elementor-element-de25142 elementor-widget elementor-widget-text-editor\" data-id=\"de25142\" data-element_type=\"widget\" data-e-type=\"widget\" data-widget_type=\"text-editor.default\">\n\t\t\t\t<div class=\"elementor-widget-container\">\n\t\t\t\t\t\t\t\t\t<p>Liaison vers St-Girons et Aulus<br \/><a href=\"https:\/\/gr10.org\/wp-content\/uploads\/2024\/07\/OC-1223-FHliO-09-452GUZET.pdf\" target=\"_blank\" rel=\"noopener\">d\u00e9tails, horaires et tarifs<\/a><\/p>\t\t\t\t\t\t\t\t<\/div>\n\t\t\t\t<\/div>\n\t\t\t\t<div class=\"elementor-element elementor-element-e25f4b3 elementor-widget elementor-widget-heading\" data-id=\"e25f4b3\" data-element_type=\"widget\" data-e-type=\"widget\" data-widget_type=\"heading.default\">\n\t\t\t\t<div class=\"elementor-widget-container\">\n\t\t\t\t\t<h3 class=\"elementor-heading-title elementor-size-default\">Aulus-Les-Bains<\/h3>\t\t\t\t<\/div>\n\t\t\t\t<\/div>\n\t\t\t\t<div class=\"elementor-element elementor-element-e5c2dd2 elementor-widget elementor-widget-heading\" data-id=\"e5c2dd2\" data-element_type=\"widget\" data-e-type=\"widget\" data-widget_type=\"heading.default\">\n\t\t\t\t<div class=\"elementor-widget-container\">\n\t\t\t\t\t<h4 class=\"elementor-heading-title elementor-size-default\">09140 - Pyr\u00e9n\u00e9es Ari\u00e9geoises<\/h4>\t\t\t\t<\/div>\n\t\t\t\t<\/div>\n\t\t\t\t<div class=\"elementor-element elementor-element-a618db3 elementor-widget elementor-widget-text-editor\" data-id=\"a618db3\" data-element_type=\"widget\" data-e-type=\"widget\" data-widget_type=\"text-editor.default\">\n\t\t\t\t<div class=\"elementor-widget-container\">\n\t\t\t\t\t\t\t\t\t<p>liaison bus vers St-Girons<br \/><a href=\"https:\/\/gr10.org\/wp-content\/uploads\/2024\/07\/OC-1223-FHliO-09-452GUZET.pdf\" target=\"_blank\" rel=\"noopener\">d\u00e9tails, horaires et tarifs<\/a><\/p>\t\t\t\t\t\t\t\t<\/div>\n\t\t\t\t<\/div>\n\t\t\t\t<div class=\"elementor-element elementor-element-cafe4b1 elementor-widget elementor-widget-heading\" data-id=\"cafe4b1\" data-element_type=\"widget\" data-e-type=\"widget\" data-widget_type=\"heading.default\">\n\t\t\t\t<div class=\"elementor-widget-container\">\n\t\t\t\t\t<h3 class=\"elementor-heading-title elementor-size-default\">M\u00e9rens-les-Vals<\/h3>\t\t\t\t<\/div>\n\t\t\t\t<\/div>\n\t\t\t\t<div class=\"elementor-element elementor-element-8a0eb2f elementor-widget elementor-widget-heading\" data-id=\"8a0eb2f\" data-element_type=\"widget\" data-e-type=\"widget\" data-widget_type=\"heading.default\">\n\t\t\t\t<div class=\"elementor-widget-container\">\n\t\t\t\t\t<h4 class=\"elementor-heading-title elementor-size-default\">09110 - Pyr\u00e9n\u00e9es Ari\u00e9geoises<\/h4>\t\t\t\t<\/div>\n\t\t\t\t<\/div>\n\t\t\t\t<div class=\"elementor-element elementor-element-7ca6d62 elementor-widget elementor-widget-text-editor\" data-id=\"7ca6d62\" data-element_type=\"widget\" data-e-type=\"widget\" data-widget_type=\"text-editor.default\">\n\t\t\t\t<div class=\"elementor-widget-container\">\n\t\t\t\t\t\t\t\t\t<p>liaison train TER vers Ax-les-Thermes et Foix, Toulouse<br \/><a href=\"https:\/\/www.sncf-connect.com\/app\/home\/search\/od\" target=\"_blank\" rel=\"noopener\">d\u00e9tails, horaires et tarifs<\/a><\/p>\t\t\t\t\t\t\t\t<\/div>\n\t\t\t\t<\/div>\n\t\t\t\t<div class=\"elementor-element elementor-element-abc9963 elementor-widget elementor-widget-heading\" data-id=\"abc9963\" data-element_type=\"widget\" data-e-type=\"widget\" data-widget_type=\"heading.default\">\n\t\t\t\t<div class=\"elementor-widget-container\">\n\t\t\t\t\t<h3 class=\"elementor-heading-title elementor-size-default\">Bolqu\u00e8re<\/h3>\t\t\t\t<\/div>\n\t\t\t\t<\/div>\n\t\t\t\t<div class=\"elementor-element elementor-element-d225a5e elementor-widget elementor-widget-heading\" data-id=\"d225a5e\" data-element_type=\"widget\" data-e-type=\"widget\" data-widget_type=\"heading.default\">\n\t\t\t\t<div class=\"elementor-widget-container\">\n\t\t\t\t\t<h4 class=\"elementor-heading-title elementor-size-default\">66210 - Pyr\u00e9n\u00e9es Orientales<\/h4>\t\t\t\t<\/div>\n\t\t\t\t<\/div>\n\t\t\t\t<div class=\"elementor-element elementor-element-91a3d88 elementor-widget elementor-widget-text-editor\" data-id=\"91a3d88\" data-element_type=\"widget\" data-e-type=\"widget\" data-widget_type=\"text-editor.default\">\n\t\t\t\t<div class=\"elementor-widget-container\">\n\t\t\t\t\t\t\t\t\t<p><span class=\"styledescriptifetape\">liaison train TER vers M\u00e9rens-les-Vals, Foix et Toulouse<br \/><a href=\"https:\/\/www.ter.sncf.com\/medias\/PDF\/OCC\/WEB%20FH%2024%20PERPIGNAN%20-%20VILLEFRANCHE%20VERNET%20LES%20BAINS_tcm76-299425_tcm76-299392.pdf\" target=\"_blank\" rel=\"noopener\">d\u00e9tails, horaires et tarifs<\/a><br \/><\/span><span class=\"styledescriptifetape\">Liaison train jaune vers Perpignan<br \/><a href=\"https:\/\/www.ter.sncf.com\/medias\/PDF\/OCC\/WEB%20FH32%20TRAIN%20JAUNE_25_05_tcm76-299435_tcm76-299378.pdf\" target=\"_blank\" rel=\"noopener\">d\u00e9tails, horaires et tarifs<\/a><br \/>Liaison bus vers Perpignan<br \/><a href=\"https:\/\/img-scoop-cms.airweb.fr\/uploads\/sites\/23\/560-Port%C3%A9-Perpignan-A-compter-du-18-Avril.pdf\" target=\"_blank\" rel=\"noopener\" data-wplink-edit=\"true\">d\u00e9tail, horaires et tarifs<\/a><\/span><\/p>\t\t\t\t\t\t\t\t<\/div>\n\t\t\t\t<\/div>\n\t\t\t\t<div class=\"elementor-element elementor-element-0161227 elementor-widget elementor-widget-heading\" data-id=\"0161227\" data-element_type=\"widget\" data-e-type=\"widget\" data-widget_type=\"heading.default\">\n\t\t\t\t<div class=\"elementor-widget-container\">\n\t\t\t\t\t<h3 class=\"elementor-heading-title elementor-size-default\">la Cabanasse<\/h3>\t\t\t\t<\/div>\n\t\t\t\t<\/div>\n\t\t\t\t<div class=\"elementor-element elementor-element-4c45318 elementor-widget elementor-widget-heading\" data-id=\"4c45318\" data-element_type=\"widget\" data-e-type=\"widget\" data-widget_type=\"heading.default\">\n\t\t\t\t<div class=\"elementor-widget-container\">\n\t\t\t\t\t<h4 class=\"elementor-heading-title elementor-size-default\">66027 - Pyr\u00e9n\u00e9es Orientales<\/h4>\t\t\t\t<\/div>\n\t\t\t\t<\/div>\n\t\t\t\t<div class=\"elementor-element elementor-element-c67cb2a elementor-widget elementor-widget-text-editor\" data-id=\"c67cb2a\" data-element_type=\"widget\" data-e-type=\"widget\" data-widget_type=\"text-editor.default\">\n\t\t\t\t<div class=\"elementor-widget-container\">\n\t\t\t\t\t\t\t\t\t<p><span class=\"styledescriptifetape\">liaison train vers Perpignan, Bolqu\u00e8re<br \/><a href=\"https:\/\/www.ter.sncf.com\/medias\/PDF\/OCC\/WEB%20FH32%20TRAIN%20JAUNE_25_05_tcm76-299435_tcm76-299378.pdf\" target=\"_blank\" rel=\"noopener\">d\u00e9tails, horaires et tarifs<\/a><br \/><\/span><span class=\"styledescriptifetape\">Liaison bus vers Perpignan<br \/><a href=\"https:\/\/img-scoop-cms.airweb.fr\/uploads\/sites\/23\/560-Port%C3%A9-Perpignan-A-compter-du-18-Avril.pdf\" target=\"_blank\" rel=\"noopener\">d\u00e9tails, horaires et tarifs<\/a><\/span><\/p>\t\t\t\t\t\t\t\t<\/div>\n\t\t\t\t<\/div>\n\t\t\t\t<div class=\"elementor-element elementor-element-2d4ccdd elementor-widget elementor-widget-heading\" data-id=\"2d4ccdd\" data-element_type=\"widget\" data-e-type=\"widget\" data-widget_type=\"heading.default\">\n\t\t\t\t<div class=\"elementor-widget-container\">\n\t\t\t\t\t<h3 class=\"elementor-heading-title elementor-size-default\">Py<\/h3>\t\t\t\t<\/div>\n\t\t\t\t<\/div>\n\t\t\t\t<div class=\"elementor-element elementor-element-5925ed0 elementor-widget elementor-widget-heading\" data-id=\"5925ed0\" data-element_type=\"widget\" data-e-type=\"widget\" data-widget_type=\"heading.default\">\n\t\t\t\t<div class=\"elementor-widget-container\">\n\t\t\t\t\t<h4 class=\"elementor-heading-title elementor-size-default\">66155 - Pyr\u00e9n\u00e9es Orientales<\/h4>\t\t\t\t<\/div>\n\t\t\t\t<\/div>\n\t\t\t\t<div class=\"elementor-element elementor-element-5197577 elementor-widget elementor-widget-text-editor\" data-id=\"5197577\" data-element_type=\"widget\" data-e-type=\"widget\" data-widget_type=\"text-editor.default\">\n\t\t\t\t<div class=\"elementor-widget-container\">\n\t\t\t\t\t\t\t\t\t<p>liaison bus vers Prades, Perpignan<br \/><a href=\"https:\/\/img-scoop-cms.airweb.fr\/uploads\/sites\/23\/525-Py-Sahorre-Prades-web-1.pdf\" target=\"_blank\" rel=\"noopener\">d\u00e9tails, horaires et tarifs<\/a><\/p>\t\t\t\t\t\t\t\t<\/div>\n\t\t\t\t<\/div>\n\t\t\t\t<div class=\"elementor-element elementor-element-fb795b0 elementor-widget elementor-widget-heading\" data-id=\"fb795b0\" data-element_type=\"widget\" data-e-type=\"widget\" data-widget_type=\"heading.default\">\n\t\t\t\t<div class=\"elementor-widget-container\">\n\t\t\t\t\t<h3 class=\"elementor-heading-title elementor-size-default\">Arles-Sur-Tech<\/h3>\t\t\t\t<\/div>\n\t\t\t\t<\/div>\n\t\t\t\t<div class=\"elementor-element elementor-element-462e570 elementor-widget elementor-widget-heading\" data-id=\"462e570\" data-element_type=\"widget\" data-e-type=\"widget\" data-widget_type=\"heading.default\">\n\t\t\t\t<div class=\"elementor-widget-container\">\n\t\t\t\t\t<h4 class=\"elementor-heading-title elementor-size-default\">66150 - Pyr\u00e9n\u00e9es Orientales<\/h4>\t\t\t\t<\/div>\n\t\t\t\t<\/div>\n\t\t\t\t<div class=\"elementor-element elementor-element-d8bb9ce elementor-widget elementor-widget-text-editor\" data-id=\"d8bb9ce\" data-element_type=\"widget\" data-e-type=\"widget\" data-widget_type=\"text-editor.default\">\n\t\t\t\t<div class=\"elementor-widget-container\">\n\t\t\t\t\t\t\t\t\t<p>2 liaisons de bus vers Perpignan<br \/><a href=\"https:\/\/img-scoop-cms.airweb.fr\/uploads\/sites\/23\/531-Arles-sur-Tech-Prats-de-Mollo-04-avril-2022.pdf\" target=\"_blank\" rel=\"noopener\">d\u00e9tails, horaires et tarifs<\/a><br \/><a href=\"https:\/\/img-scoop-cms.airweb.fr\/uploads\/sites\/23\/532-Coustouges-Arles-sur-Tech-18-Novembre-.pdf\" target=\"_blank\" rel=\"noopener\">d\u00e9tails, horaires et tarifs<\/a><\/p>\t\t\t\t\t\t\t\t<\/div>\n\t\t\t\t<\/div>\n\t\t\t\t<div class=\"elementor-element elementor-element-eeaf876 elementor-widget elementor-widget-heading\" data-id=\"eeaf876\" data-element_type=\"widget\" data-e-type=\"widget\" data-widget_type=\"heading.default\">\n\t\t\t\t<div class=\"elementor-widget-container\">\n\t\t\t\t\t<h3 class=\"elementor-heading-title elementor-size-default\">Banyuls-Sur-Mer<\/h3>\t\t\t\t<\/div>\n\t\t\t\t<\/div>\n\t\t\t\t<div class=\"elementor-element elementor-element-4fdac5d elementor-widget elementor-widget-heading\" data-id=\"4fdac5d\" data-element_type=\"widget\" data-e-type=\"widget\" data-widget_type=\"heading.default\">\n\t\t\t\t<div class=\"elementor-widget-container\">\n\t\t\t\t\t<h4 class=\"elementor-heading-title elementor-size-default\">66650 - Pyr\u00e9n\u00e9es Orientales<\/h4>\t\t\t\t<\/div>\n\t\t\t\t<\/div>\n\t\t\t\t<div class=\"elementor-element elementor-element-1f65f1a elementor-widget elementor-widget-text-editor\" data-id=\"1f65f1a\" data-element_type=\"widget\" data-e-type=\"widget\" data-widget_type=\"text-editor.default\">\n\t\t\t\t<div class=\"elementor-widget-container\">\n\t\t\t\t\t\t\t\t\t<p><span class=\"styledescriptifetape\">liaison SNCF vers Perpignan<br \/><a href=\"https:\/\/www.sncf-connect.com\/app\/home\/search\/od\" target=\"_blank\" rel=\"noopener\">d\u00e9tails, horaires et tarifs<\/a><br \/><\/span><span class=\"styledescriptifetape\">liaison bus vers Perpignan<br \/><a href=\"https:\/\/gr10.org\/wp-content\/uploads\/2024\/07\/FLYER-PASS-COTE-VERMEILLE-2024.pdf\" target=\"_blank\" rel=\"noopener\">d\u00e9tails, horaires et tarifs<\/a><\/span><\/p>\t\t\t\t\t\t\t\t<\/div>\n\t\t\t\t<\/div>\n\t\t\t\t\t<\/div>\n\t\t<\/div>\n\t\t\t\t\t<\/div>\n\t\t<\/section>\n\t\t\t\t<section class=\"elementor-section elementor-inner-section elementor-element elementor-element-66b9e89 elementor-section-full_width elementor-section-content-middle elementor-section-height-default elementor-section-height-default\" data-id=\"66b9e89\" data-element_type=\"section\" data-e-type=\"section\">\n\t\t\t\t\t\t<div class=\"elementor-container elementor-column-gap-default\">\n\t\t\t\t\t<div class=\"elementor-column elementor-col-50 elementor-inner-column elementor-element elementor-element-5ceb78c elementor-hidden-mobile\" data-id=\"5ceb78c\" data-element_type=\"column\" data-e-type=\"column\">\n\t\t\t<div class=\"elementor-widget-wrap\">\n\t\t\t\t\t\t\t<\/div>\n\t\t<\/div>\n\t\t\t\t<div class=\"elementor-column elementor-col-50 elementor-inner-column elementor-element elementor-element-d0045fd\" data-id=\"d0045fd\" data-element_type=\"column\" data-e-type=\"column\">\n\t\t\t<div class=\"elementor-widget-wrap elementor-element-populated\">\n\t\t\t\t\t\t<div class=\"elementor-element elementor-element-25165d5 elementor-align-center elementor-widget__width-auto elementor-widget elementor-widget-button\" data-id=\"25165d5\" data-element_type=\"widget\" data-e-type=\"widget\" data-widget_type=\"button.default\">\n\t\t\t\t<div class=\"elementor-widget-container\">\n\t\t\t\t\t\t\t\t\t<div class=\"elementor-button-wrapper\">\n\t\t\t\t\t<a class=\"elementor-button elementor-button-link elementor-size-xs\" href=\"https:\/\/gr10.org\/index.php\/portail-des-dossiers-de-preparation-au-gr10\/\">\n\t\t\t\t\t\t<span class=\"elementor-button-content-wrapper\">\n\t\t\t\t\t\t\t\t\t<span class=\"elementor-button-text\">Retour au portail des dossiers de pr\u00e9paration<\/span>\n\t\t\t\t\t<\/span>\n\t\t\t\t\t<\/a>\n\t\t\t\t<\/div>\n\t\t\t\t\t\t\t\t<\/div>\n\t\t\t\t<\/div>\n\t\t\t\t\t<\/div>\n\t\t<\/div>\n\t\t\t\t\t<\/div>\n\t\t<\/section>\n\t\t\t\t<section class=\"elementor-section elementor-inner-section elementor-element elementor-element-508c44e elementor-section-boxed elementor-section-height-default elementor-section-height-default\" data-id=\"508c44e\" data-element_type=\"section\" data-e-type=\"section\">\n\t\t\t\t\t\t<div class=\"elementor-container elementor-column-gap-default\">\n\t\t\t\t\t<div class=\"elementor-column elementor-col-100 elementor-inner-column elementor-element elementor-element-2884c1d\" data-id=\"2884c1d\" data-element_type=\"column\" data-e-type=\"column\">\n\t\t\t<div class=\"elementor-widget-wrap elementor-element-populated\">\n\t\t\t\t\t\t<div class=\"elementor-element elementor-element-78e52c0 elementor-position-inline-start elementor-widget__width-inherit elementor-view-default elementor-mobile-position-block-start elementor-widget elementor-widget-icon-box\" data-id=\"78e52c0\" data-element_type=\"widget\" data-e-type=\"widget\" data-widget_type=\"icon-box.default\">\n\t\t\t\t<div class=\"elementor-widget-container\">\n\t\t\t\t\t\t\t<div class=\"elementor-icon-box-wrapper\">\n\n\t\t\t\t\t\t<div class=\"elementor-icon-box-icon\">\n\t\t\t\t<span  class=\"elementor-icon\">\n\t\t\t\t<i aria-hidden=\"true\" class=\"fas fa-info-circle\"><\/i>\t\t\t\t<\/span>\n\t\t\t<\/div>\n\t\t\t\n\t\t\t\t\t\t<div class=\"elementor-icon-box-content\">\n\n\t\t\t\t\n\t\t\t\t\t\t\t\t\t<p class=\"elementor-icon-box-description\">\n\t\t\t\t\t\tPoint info\t\t\t\t\t<\/p>\n\t\t\t\t\n\t\t\t<\/div>\n\t\t\t\n\t\t<\/div>\n\t\t\t\t\t\t<\/div>\n\t\t\t\t<\/div>\n\t\t\t\t<div class=\"elementor-element elementor-element-686f227 elementor-widget elementor-widget-text-editor\" data-id=\"686f227\" data-element_type=\"widget\" data-e-type=\"widget\" data-widget_type=\"text-editor.default\">\n\t\t\t\t<div class=\"elementor-widget-container\">\n\t\t\t\t\t\t\t\t\tPour toutes questions relatives aux dossiers de pr\u00e9paration, n&rsquo;h\u00e9sitez-pas \u00e0 contacter :\n<br>\nEric CHAIGNEAU\n<br>\nanimateur b\u00e9n\u00e9vole des Amis GRdistes.\n<br>\n<a href=\"mailto:assogr10@gmail.com\" target=\"_blank\" rel=\"noopener\">assogr10@gmail.com<\/a>\n<br>\ntel 06 83 61 48 49\t\t\t\t\t\t\t\t<\/div>\n\t\t\t\t<\/div>\n\t\t\t\t\t<\/div>\n\t\t<\/div>\n\t\t\t\t\t<\/div>\n\t\t<\/section>\n\t\t\t\t\t<\/div>\n\t\t<\/div>\n\t\t\t\t\t<\/div>\n\t\t<\/section>\n\t\t\t\t<\/div>\n\t\t","protected":false},"excerpt":{"rendered":"<p>Les transports en commun desservant le GR10 Trains, bus, avions Les transports en commun desservant le GR10 vous permettront de pouvoir facilement rejoindre ou quitter le GR10 selon vos imp\u00e9ratifs ou choix de parcours. La cha\u00eene Pyr\u00e9n\u00e9enne poss\u00e8de de nombreux services de transports en commun lui permettant d&rsquo;\u00e9viter un enclavement et un isolement certain. Vous&#8230;<\/p>\n","protected":false},"author":3,"featured_media":3652,"parent":0,"menu_order":0,"comment_status":"closed","ping_status":"closed","template":"","meta":{"_acf_changed":false,"_kad_post_transparent":"","_kad_post_title":"hide","_kad_post_layout":"right","_kad_post_sidebar_id":"","_kad_post_content_style":"unboxed","_kad_post_vertical_padding":"hide","_kad_post_feature":"hide","_kad_post_feature_position":"","_kad_post_header":false,"_kad_post_footer":false,"footnotes":""},"categories":[18,19],"tags":[],"class_list":["post-2957","page","type-page","status-publish","has-post-thumbnail","hentry","category-dossier-de-preparation","category-les-essentiels"],"acf":[],"yoast_head":"<!-- This site is optimized with the Yoast SEO plugin v27.4 - https:\/\/yoast.com\/product\/yoast-seo-wordpress\/ -->\n<title>Les transports en commun desservant le GR10<\/title>\n<meta name=\"description\" content=\"Les transports en commun desservant le GR10 vous permettront de pouvoir rejoindre ou quitter le GR10 selon vos imp\u00e9ratifs ou vos choix.\" \/>\n<meta name=\"robots\" content=\"index, follow, max-snippet:-1, max-image-preview:large, max-video-preview:-1\" \/>\n<link rel=\"canonical\" href=\"https:\/\/gr10.org\/index.php\/les-transports-en-commun-desservant-le-gr10\/\" \/>\n<meta property=\"og:locale\" content=\"fr_FR\" \/>\n<meta property=\"og:type\" content=\"article\" \/>\n<meta property=\"og:title\" content=\"Les transports en commun desservant le GR10\" \/>\n<meta property=\"og:description\" content=\"Les transports en commun desservant le GR10 vous permettront de pouvoir rejoindre ou quitter le GR10 selon vos imp\u00e9ratifs ou vos choix.\" \/>\n<meta property=\"og:url\" content=\"https:\/\/gr10.org\/index.php\/les-transports-en-commun-desservant-le-gr10\/\" \/>\n<meta property=\"og:site_name\" content=\"GR10 - La grande travers\u00e9e des Pyr\u00e9n\u00e9es\" \/>\n<meta property=\"article:modified_time\" content=\"2025-06-30T06:39:21+00:00\" \/>\n<meta property=\"og:image\" content=\"https:\/\/gr10.org\/wp-content\/uploads\/2022\/03\/GRdistes-a-la-gare.jpg\" \/>\n\t<meta property=\"og:image:width\" content=\"960\" \/>\n\t<meta property=\"og:image:height\" content=\"540\" \/>\n\t<meta property=\"og:image:type\" content=\"image\/jpeg\" \/>\n<meta name=\"twitter:card\" content=\"summary_large_image\" \/>\n<meta name=\"twitter:label1\" content=\"Dur\u00e9e de lecture estim\u00e9e\" \/>\n\t<meta name=\"twitter:data1\" content=\"4 minutes\" \/>\n<script type=\"application\/ld+json\" class=\"yoast-schema-graph\">{\"@context\":\"https:\\\/\\\/schema.org\",\"@graph\":[{\"@type\":\"WebPage\",\"@id\":\"https:\\\/\\\/gr10.org\\\/index.php\\\/les-transports-en-commun-desservant-le-gr10\\\/\",\"url\":\"https:\\\/\\\/gr10.org\\\/index.php\\\/les-transports-en-commun-desservant-le-gr10\\\/\",\"name\":\"Les transports en commun desservant le GR10\",\"isPartOf\":{\"@id\":\"https:\\\/\\\/gr10.org\\\/#website\"},\"primaryImageOfPage\":{\"@id\":\"https:\\\/\\\/gr10.org\\\/index.php\\\/les-transports-en-commun-desservant-le-gr10\\\/#primaryimage\"},\"image\":{\"@id\":\"https:\\\/\\\/gr10.org\\\/index.php\\\/les-transports-en-commun-desservant-le-gr10\\\/#primaryimage\"},\"thumbnailUrl\":\"https:\\\/\\\/gr10.org\\\/wp-content\\\/uploads\\\/2022\\\/03\\\/GRdistes-a-la-gare.jpg\",\"datePublished\":\"2022-02-16T07:03:01+00:00\",\"dateModified\":\"2025-06-30T06:39:21+00:00\",\"description\":\"Les transports en commun desservant le GR10 vous permettront de pouvoir rejoindre ou quitter le GR10 selon vos imp\u00e9ratifs ou vos choix.\",\"breadcrumb\":{\"@id\":\"https:\\\/\\\/gr10.org\\\/index.php\\\/les-transports-en-commun-desservant-le-gr10\\\/#breadcrumb\"},\"inLanguage\":\"fr-FR\",\"potentialAction\":[{\"@type\":\"ReadAction\",\"target\":[\"https:\\\/\\\/gr10.org\\\/index.php\\\/les-transports-en-commun-desservant-le-gr10\\\/\"]}]},{\"@type\":\"ImageObject\",\"inLanguage\":\"fr-FR\",\"@id\":\"https:\\\/\\\/gr10.org\\\/index.php\\\/les-transports-en-commun-desservant-le-gr10\\\/#primaryimage\",\"url\":\"https:\\\/\\\/gr10.org\\\/wp-content\\\/uploads\\\/2022\\\/03\\\/GRdistes-a-la-gare.jpg\",\"contentUrl\":\"https:\\\/\\\/gr10.org\\\/wp-content\\\/uploads\\\/2022\\\/03\\\/GRdistes-a-la-gare.jpg\",\"width\":960,\"height\":540,\"caption\":\"GRdistes \u00e0 la gare\"},{\"@type\":\"BreadcrumbList\",\"@id\":\"https:\\\/\\\/gr10.org\\\/index.php\\\/les-transports-en-commun-desservant-le-gr10\\\/#breadcrumb\",\"itemListElement\":[{\"@type\":\"ListItem\",\"position\":1,\"name\":\"Accueil\",\"item\":\"https:\\\/\\\/gr10.org\\\/\"},{\"@type\":\"ListItem\",\"position\":2,\"name\":\"Les transports en commun desservant le GR10\"}]},{\"@type\":\"WebSite\",\"@id\":\"https:\\\/\\\/gr10.org\\\/#website\",\"url\":\"https:\\\/\\\/gr10.org\\\/\",\"name\":\"GR10 - La grande travers\u00e9e des Pyr\u00e9n\u00e9es\",\"description\":\"La grande aventure de la travers\u00e9e des Pyr\u00e9n\u00e9es via le gr10, vous en avez r\u00eav\u00e9? Alors, faite-la! Ce site vous aidera \u00e0 r\u00e9aliser votre aventure.\",\"potentialAction\":[{\"@type\":\"SearchAction\",\"target\":{\"@type\":\"EntryPoint\",\"urlTemplate\":\"https:\\\/\\\/gr10.org\\\/?s={search_term_string}\"},\"query-input\":{\"@type\":\"PropertyValueSpecification\",\"valueRequired\":true,\"valueName\":\"search_term_string\"}}],\"inLanguage\":\"fr-FR\"}]}<\/script>\n<!-- \/ Yoast SEO plugin. -->","yoast_head_json":{"title":"Les transports en commun desservant le GR10","description":"Les transports en commun desservant le GR10 vous permettront de pouvoir rejoindre ou quitter le GR10 selon vos imp\u00e9ratifs ou vos choix.","robots":{"index":"index","follow":"follow","max-snippet":"max-snippet:-1","max-image-preview":"max-image-preview:large","max-video-preview":"max-video-preview:-1"},"canonical":"https:\/\/gr10.org\/index.php\/les-transports-en-commun-desservant-le-gr10\/","og_locale":"fr_FR","og_type":"article","og_title":"Les transports en commun desservant le GR10","og_description":"Les transports en commun desservant le GR10 vous permettront de pouvoir rejoindre ou quitter le GR10 selon vos imp\u00e9ratifs ou vos choix.","og_url":"https:\/\/gr10.org\/index.php\/les-transports-en-commun-desservant-le-gr10\/","og_site_name":"GR10 - La grande travers\u00e9e des Pyr\u00e9n\u00e9es","article_modified_time":"2025-06-30T06:39:21+00:00","og_image":[{"width":960,"height":540,"url":"https:\/\/gr10.org\/wp-content\/uploads\/2022\/03\/GRdistes-a-la-gare.jpg","type":"image\/jpeg"}],"twitter_card":"summary_large_image","twitter_misc":{"Dur\u00e9e de lecture estim\u00e9e":"4 minutes"},"schema":{"@context":"https:\/\/schema.org","@graph":[{"@type":"WebPage","@id":"https:\/\/gr10.org\/index.php\/les-transports-en-commun-desservant-le-gr10\/","url":"https:\/\/gr10.org\/index.php\/les-transports-en-commun-desservant-le-gr10\/","name":"Les transports en commun desservant le GR10","isPartOf":{"@id":"https:\/\/gr10.org\/#website"},"primaryImageOfPage":{"@id":"https:\/\/gr10.org\/index.php\/les-transports-en-commun-desservant-le-gr10\/#primaryimage"},"image":{"@id":"https:\/\/gr10.org\/index.php\/les-transports-en-commun-desservant-le-gr10\/#primaryimage"},"thumbnailUrl":"https:\/\/gr10.org\/wp-content\/uploads\/2022\/03\/GRdistes-a-la-gare.jpg","datePublished":"2022-02-16T07:03:01+00:00","dateModified":"2025-06-30T06:39:21+00:00","description":"Les transports en commun desservant le GR10 vous permettront de pouvoir rejoindre ou quitter le GR10 selon vos imp\u00e9ratifs ou vos choix.","breadcrumb":{"@id":"https:\/\/gr10.org\/index.php\/les-transports-en-commun-desservant-le-gr10\/#breadcrumb"},"inLanguage":"fr-FR","potentialAction":[{"@type":"ReadAction","target":["https:\/\/gr10.org\/index.php\/les-transports-en-commun-desservant-le-gr10\/"]}]},{"@type":"ImageObject","inLanguage":"fr-FR","@id":"https:\/\/gr10.org\/index.php\/les-transports-en-commun-desservant-le-gr10\/#primaryimage","url":"https:\/\/gr10.org\/wp-content\/uploads\/2022\/03\/GRdistes-a-la-gare.jpg","contentUrl":"https:\/\/gr10.org\/wp-content\/uploads\/2022\/03\/GRdistes-a-la-gare.jpg","width":960,"height":540,"caption":"GRdistes \u00e0 la gare"},{"@type":"BreadcrumbList","@id":"https:\/\/gr10.org\/index.php\/les-transports-en-commun-desservant-le-gr10\/#breadcrumb","itemListElement":[{"@type":"ListItem","position":1,"name":"Accueil","item":"https:\/\/gr10.org\/"},{"@type":"ListItem","position":2,"name":"Les transports en commun desservant le GR10"}]},{"@type":"WebSite","@id":"https:\/\/gr10.org\/#website","url":"https:\/\/gr10.org\/","name":"GR10 - La grande travers\u00e9e des Pyr\u00e9n\u00e9es","description":"La grande aventure de la travers\u00e9e des Pyr\u00e9n\u00e9es via le gr10, vous en avez r\u00eav\u00e9? Alors, faite-la! Ce site vous aidera \u00e0 r\u00e9aliser votre aventure.","potentialAction":[{"@type":"SearchAction","target":{"@type":"EntryPoint","urlTemplate":"https:\/\/gr10.org\/?s={search_term_string}"},"query-input":{"@type":"PropertyValueSpecification","valueRequired":true,"valueName":"search_term_string"}}],"inLanguage":"fr-FR"}]}},"_links":{"self":[{"href":"https:\/\/gr10.org\/index.php\/wp-json\/wp\/v2\/pages\/2957","targetHints":{"allow":["GET"]}}],"collection":[{"href":"https:\/\/gr10.org\/index.php\/wp-json\/wp\/v2\/pages"}],"about":[{"href":"https:\/\/gr10.org\/index.php\/wp-json\/wp\/v2\/types\/page"}],"author":[{"embeddable":true,"href":"https:\/\/gr10.org\/index.php\/wp-json\/wp\/v2\/users\/3"}],"replies":[{"embeddable":true,"href":"https:\/\/gr10.org\/index.php\/wp-json\/wp\/v2\/comments?post=2957"}],"version-history":[{"count":143,"href":"https:\/\/gr10.org\/index.php\/wp-json\/wp\/v2\/pages\/2957\/revisions"}],"predecessor-version":[{"id":14601,"href":"https:\/\/gr10.org\/index.php\/wp-json\/wp\/v2\/pages\/2957\/revisions\/14601"}],"wp:featuredmedia":[{"embeddable":true,"href":"https:\/\/gr10.org\/index.php\/wp-json\/wp\/v2\/media\/3652"}],"wp:attachment":[{"href":"https:\/\/gr10.org\/index.php\/wp-json\/wp\/v2\/media?parent=2957"}],"wp:term":[{"taxonomy":"category","embeddable":true,"href":"https:\/\/gr10.org\/index.php\/wp-json\/wp\/v2\/categories?post=2957"},{"taxonomy":"post_tag","embeddable":true,"href":"https:\/\/gr10.org\/index.php\/wp-json\/wp\/v2\/tags?post=2957"}],"curies":[{"name":"wp","href":"https:\/\/api.w.org\/{rel}","templated":true}]}}