{"id":3083,"date":"2022-02-28T11:54:01","date_gmt":"2022-02-28T10:54:01","guid":{"rendered":"https:\/\/gr10.org\/?page_id=3083"},"modified":"2023-10-19T22:37:41","modified_gmt":"2023-10-19T20:37:41","slug":"reserver-ou-ne-pas-reserver-son-hebergement-sur-le-gr10","status":"publish","type":"page","link":"https:\/\/gr10.org\/index.php\/reserver-ou-ne-pas-reserver-son-hebergement-sur-le-gr10\/","title":{"rendered":"R\u00e9server ou ne pas r\u00e9server son h\u00e9bergement sur le GR10 ?"},"content":{"rendered":"\t\t<div data-elementor-type=\"wp-page\" data-elementor-id=\"3083\" class=\"elementor elementor-3083\" data-elementor-post-type=\"page\">\n\t\t\t\t\t\t<section class=\"elementor-section elementor-top-section elementor-element elementor-element-fb4fb13 elementor-section-boxed elementor-section-height-default elementor-section-height-default\" data-id=\"fb4fb13\" data-element_type=\"section\" data-e-type=\"section\" data-settings=\"{&quot;background_background&quot;:&quot;classic&quot;}\">\n\t\t\t\t\t\t<div class=\"elementor-container elementor-column-gap-default\">\n\t\t\t\t\t<div class=\"elementor-column elementor-col-100 elementor-top-column elementor-element elementor-element-e0ba505\" data-id=\"e0ba505\" data-element_type=\"column\" data-e-type=\"column\" data-settings=\"{&quot;background_background&quot;:&quot;classic&quot;}\">\n\t\t\t<div class=\"elementor-widget-wrap elementor-element-populated\">\n\t\t\t\t\t\t<section class=\"elementor-section elementor-inner-section elementor-element elementor-element-22269c7 elementor-section-full_width elementor-section-content-middle elementor-section-height-default elementor-section-height-default\" data-id=\"22269c7\" data-element_type=\"section\" data-e-type=\"section\">\n\t\t\t\t\t\t<div class=\"elementor-container elementor-column-gap-default\">\n\t\t\t\t\t<div class=\"elementor-column elementor-col-50 elementor-inner-column elementor-element elementor-element-1f1e13b\" data-id=\"1f1e13b\" data-element_type=\"column\" data-e-type=\"column\">\n\t\t\t<div class=\"elementor-widget-wrap elementor-element-populated\">\n\t\t\t\t\t\t<div class=\"elementor-element elementor-element-c8ee09e elementor-widget elementor-widget-image\" data-id=\"c8ee09e\" data-element_type=\"widget\" data-e-type=\"widget\" data-widget_type=\"image.default\">\n\t\t\t\t<div class=\"elementor-widget-container\">\n\t\t\t\t\t\t\t\t\t\t\t\t\t\t\t<img fetchpriority=\"high\" decoding=\"async\" width=\"800\" height=\"600\" src=\"https:\/\/gr10.org\/wp-content\/uploads\/2022\/03\/111338974.jpg\" class=\"attachment-large size-large wp-image-3084\" alt=\"R\u00e9server ou ne pas r\u00e9server son h\u00e9bergement sur le GR10\" srcset=\"https:\/\/gr10.org\/wp-content\/uploads\/2022\/03\/111338974.jpg 800w, https:\/\/gr10.org\/wp-content\/uploads\/2022\/03\/111338974-300x225.jpg 300w, https:\/\/gr10.org\/wp-content\/uploads\/2022\/03\/111338974-768x576.jpg 768w\" sizes=\"(max-width: 800px) 100vw, 800px\" \/>\t\t\t\t\t\t\t\t\t\t\t\t\t\t\t<\/div>\n\t\t\t\t<\/div>\n\t\t\t\t\t<\/div>\n\t\t<\/div>\n\t\t\t\t<div class=\"elementor-column elementor-col-50 elementor-inner-column elementor-element elementor-element-e5d8b06\" data-id=\"e5d8b06\" data-element_type=\"column\" data-e-type=\"column\">\n\t\t\t<div class=\"elementor-widget-wrap elementor-element-populated\">\n\t\t\t\t\t\t<div class=\"elementor-element elementor-element-a501ab1 elementor-widget elementor-widget-heading\" data-id=\"a501ab1\" data-element_type=\"widget\" data-e-type=\"widget\" data-widget_type=\"heading.default\">\n\t\t\t\t<div class=\"elementor-widget-container\">\n\t\t\t\t\t<h2 class=\"elementor-heading-title elementor-size-default\">R\u00e9server ou ne pas r\u00e9server son h\u00e9bergement sur le GR10 ?\n<\/h2>\t\t\t\t<\/div>\n\t\t\t\t<\/div>\n\t\t\t\t<div class=\"elementor-element elementor-element-b4c507e elementor-widget elementor-widget-heading\" data-id=\"b4c507e\" data-element_type=\"widget\" data-e-type=\"widget\" data-widget_type=\"heading.default\">\n\t\t\t\t<div class=\"elementor-widget-container\">\n\t\t\t\t\t<h2 class=\"elementor-heading-title elementor-size-default\">L\u00e0 est la question.\n<\/h2>\t\t\t\t<\/div>\n\t\t\t\t<\/div>\n\t\t\t\t<div class=\"elementor-element elementor-element-e04c71e elementor-widget elementor-widget-text-editor\" data-id=\"e04c71e\" data-element_type=\"widget\" data-e-type=\"widget\" data-widget_type=\"text-editor.default\">\n\t\t\t\t<div class=\"elementor-widget-container\">\n\t\t\t\t\t\t\t\t\t<p>Vous \u00eates nombreux et nombreuses \u00e0 vous poser la question. R\u00e9server ou ne pas r\u00e9server son h\u00e9bergement sur le GR10 ? Afin de vous faire une id\u00e9e \u00ab\u00a0pr\u00e9cise\u00a0\u00bb sur le sujet, nous vous proposons un floril\u00e8ge de r\u00e9ponses diverses et vari\u00e9es donn\u00e9es directement par les h\u00e9bergeurs que nous remercions pour cette participation active. A la fin de cet article nous r\u00e9sumerons la situation et tenterons de vous permettre d&rsquo;y voir un peu plus clair sur un sujet plus complexe qu&rsquo;il y parait.<\/p>\t\t\t\t\t\t\t\t<\/div>\n\t\t\t\t<\/div>\n\t\t\t\t\t<\/div>\n\t\t<\/div>\n\t\t\t\t\t<\/div>\n\t\t<\/section>\n\t\t\t\t<section class=\"elementor-section elementor-inner-section elementor-element elementor-element-0513e6a elementor-section-full_width elementor-section-content-middle elementor-section-height-default elementor-section-height-default\" data-id=\"0513e6a\" data-element_type=\"section\" data-e-type=\"section\">\n\t\t\t\t\t\t<div class=\"elementor-container elementor-column-gap-default\">\n\t\t\t\t\t<div class=\"elementor-column elementor-col-50 elementor-inner-column elementor-element elementor-element-2a3d4d9 elementor-hidden-mobile\" data-id=\"2a3d4d9\" data-element_type=\"column\" data-e-type=\"column\">\n\t\t\t<div class=\"elementor-widget-wrap\">\n\t\t\t\t\t\t\t<\/div>\n\t\t<\/div>\n\t\t\t\t<div class=\"elementor-column elementor-col-50 elementor-inner-column elementor-element elementor-element-f08dafb\" data-id=\"f08dafb\" data-element_type=\"column\" data-e-type=\"column\">\n\t\t\t<div class=\"elementor-widget-wrap elementor-element-populated\">\n\t\t\t\t\t\t<div class=\"elementor-element elementor-element-88d890a elementor-widget elementor-widget-heading\" data-id=\"88d890a\" data-element_type=\"widget\" data-e-type=\"widget\" data-widget_type=\"heading.default\">\n\t\t\t\t<div class=\"elementor-widget-container\">\n\t\t\t\t\t<h3 class=\"elementor-heading-title elementor-size-default\">l'Avis des h\u00e9bergeurs\n\n<\/h3>\t\t\t\t<\/div>\n\t\t\t\t<\/div>\n\t\t\t\t\t<\/div>\n\t\t<\/div>\n\t\t\t\t\t<\/div>\n\t\t<\/section>\n\t\t\t\t<section class=\"elementor-section elementor-inner-section elementor-element elementor-element-9771b95 elementor-section-full_width elementor-section-content-middle elementor-section-height-default elementor-section-height-default\" data-id=\"9771b95\" data-element_type=\"section\" data-e-type=\"section\">\n\t\t\t\t\t\t<div class=\"elementor-container elementor-column-gap-default\">\n\t\t\t\t\t<div class=\"elementor-column elementor-col-50 elementor-inner-column elementor-element elementor-element-4f9a415\" data-id=\"4f9a415\" data-element_type=\"column\" data-e-type=\"column\">\n\t\t\t<div class=\"elementor-widget-wrap elementor-element-populated\">\n\t\t\t\t\t\t<div class=\"elementor-element elementor-element-7b70cd4 elementor-widget elementor-widget-image\" data-id=\"7b70cd4\" data-element_type=\"widget\" data-e-type=\"widget\" data-widget_type=\"image.default\">\n\t\t\t\t<div class=\"elementor-widget-container\">\n\t\t\t\t\t\t\t\t\t\t\t\t<figure class=\"wp-caption\">\n\t\t\t\t\t\t\t\t\t\t\t<a href=\"https:\/\/gr10.org\/wp-content\/uploads\/2022\/02\/Gite-detape-Trapero-Baita-dOlhette.jpg\" data-elementor-open-lightbox=\"yes\" data-elementor-lightbox-title=\"G\u00eete d&#039;\u00e9tape Trap\u00e9ro Ba\u00efta d&#039;Olhette\" data-e-action-hash=\"#elementor-action%3Aaction%3Dlightbox%26settings%3DeyJpZCI6MTA3MiwidXJsIjoiaHR0cHM6XC9cL2dyMTAub3JnXC93cC1jb250ZW50XC91cGxvYWRzXC8yMDIyXC8wMlwvR2l0ZS1kZXRhcGUtVHJhcGVyby1CYWl0YS1kT2xoZXR0ZS5qcGcifQ%3D%3D\">\n\t\t\t\t\t\t\t<img decoding=\"async\" width=\"800\" height=\"600\" src=\"https:\/\/gr10.org\/wp-content\/uploads\/2022\/02\/Gite-detape-Trapero-Baita-dOlhette.jpg\" class=\"attachment-large size-large wp-image-1072\" alt=\"G\u00eete d&#039;\u00e9tape Trap\u00e9ro Ba\u00efta d&#039;Olhette\" srcset=\"https:\/\/gr10.org\/wp-content\/uploads\/2022\/02\/Gite-detape-Trapero-Baita-dOlhette.jpg 800w, https:\/\/gr10.org\/wp-content\/uploads\/2022\/02\/Gite-detape-Trapero-Baita-dOlhette-300x225.jpg 300w, https:\/\/gr10.org\/wp-content\/uploads\/2022\/02\/Gite-detape-Trapero-Baita-dOlhette-768x576.jpg 768w\" sizes=\"(max-width: 800px) 100vw, 800px\" \/>\t\t\t\t\t\t\t\t<\/a>\n\t\t\t\t\t\t\t\t\t\t\t<figcaption class=\"widget-image-caption wp-caption-text\">G\u00eete d'\u00e9tape Trap\u00e9ro Ba\u00efta d'Olhette<\/figcaption>\n\t\t\t\t\t\t\t\t\t\t<\/figure>\n\t\t\t\t\t\t\t\t\t<\/div>\n\t\t\t\t<\/div>\n\t\t\t\t\t<\/div>\n\t\t<\/div>\n\t\t\t\t<div class=\"elementor-column elementor-col-50 elementor-inner-column elementor-element elementor-element-0929987\" data-id=\"0929987\" data-element_type=\"column\" data-e-type=\"column\">\n\t\t\t<div class=\"elementor-widget-wrap elementor-element-populated\">\n\t\t\t\t\t\t<div class=\"elementor-element elementor-element-25bb4ca elementor-widget elementor-widget-heading\" data-id=\"25bb4ca\" data-element_type=\"widget\" data-e-type=\"widget\" data-widget_type=\"heading.default\">\n\t\t\t\t<div class=\"elementor-widget-container\">\n\t\t\t\t\t<h3 class=\"elementor-heading-title elementor-size-default\">D\u00e9d\u00e9 du g\u00eete d'\u00e9tape Trap\u00e9ro Ba\u00efta dans le Pays Basque en fin de la premi\u00e8re \u00e9tape en venant de l'ouest\n<\/h3>\t\t\t\t<\/div>\n\t\t\t\t<\/div>\n\t\t\t\t<div class=\"elementor-element elementor-element-780060a elementor-widget elementor-widget-text-editor\" data-id=\"780060a\" data-element_type=\"widget\" data-e-type=\"widget\" data-widget_type=\"text-editor.default\">\n\t\t\t\t<div class=\"elementor-widget-container\">\n\t\t\t\t\t\t\t\t\t<p>\u00ab\u00a0Mes places en g\u00eete ou en chambre \u00e9tant limit\u00e9es, je pense qu&rsquo;il est plus judicieux de r\u00e9server. Dans le cas d&rsquo;un emp\u00eachement le marcheur se doit de pr\u00e9venir le plus t\u00f4t possible le g\u00eete afin de trouver un arrangement pour l&rsquo;accueillir ult\u00e9rieurement.\u00a0\u00bb<\/p>\t\t\t\t\t\t\t\t<\/div>\n\t\t\t\t<\/div>\n\t\t\t\t\t<\/div>\n\t\t<\/div>\n\t\t\t\t\t<\/div>\n\t\t<\/section>\n\t\t\t\t<section class=\"elementor-section elementor-inner-section elementor-element elementor-element-b902f16 elementor-section-full_width elementor-section-content-middle elementor-section-height-default elementor-section-height-default\" data-id=\"b902f16\" data-element_type=\"section\" data-e-type=\"section\">\n\t\t\t\t\t\t<div class=\"elementor-container elementor-column-gap-default\">\n\t\t\t\t\t<div class=\"elementor-column elementor-col-50 elementor-inner-column elementor-element elementor-element-d5fa33b\" data-id=\"d5fa33b\" data-element_type=\"column\" data-e-type=\"column\">\n\t\t\t<div class=\"elementor-widget-wrap elementor-element-populated\">\n\t\t\t\t\t\t<div class=\"elementor-element elementor-element-2b30768 elementor-widget elementor-widget-image\" data-id=\"2b30768\" data-element_type=\"widget\" data-e-type=\"widget\" data-widget_type=\"image.default\">\n\t\t\t\t<div class=\"elementor-widget-container\">\n\t\t\t\t\t\t\t\t\t\t\t\t<figure class=\"wp-caption\">\n\t\t\t\t\t\t\t\t\t\t\t<a href=\"https:\/\/gr10.org\/wp-content\/uploads\/2022\/02\/gite-detape-Aire-Zabal-Association-Paroissiale.jpg\" data-elementor-open-lightbox=\"yes\" data-elementor-lightbox-title=\"g\u00eete d&#039;\u00e9tape Aire Zabal (Association Paroissiale)\" data-e-action-hash=\"#elementor-action%3Aaction%3Dlightbox%26settings%3DeyJpZCI6MTA5NiwidXJsIjoiaHR0cHM6XC9cL2dyMTAub3JnXC93cC1jb250ZW50XC91cGxvYWRzXC8yMDIyXC8wMlwvZ2l0ZS1kZXRhcGUtQWlyZS1aYWJhbC1Bc3NvY2lhdGlvbi1QYXJvaXNzaWFsZS5qcGcifQ%3D%3D\">\n\t\t\t\t\t\t\t<img decoding=\"async\" width=\"800\" height=\"533\" src=\"https:\/\/gr10.org\/wp-content\/uploads\/2022\/02\/gite-detape-Aire-Zabal-Association-Paroissiale.jpg\" class=\"attachment-large size-large wp-image-1096\" alt=\"g\u00eete d&#039;\u00e9tape Aire Zabal (Association Paroissiale)\" srcset=\"https:\/\/gr10.org\/wp-content\/uploads\/2022\/02\/gite-detape-Aire-Zabal-Association-Paroissiale.jpg 800w, https:\/\/gr10.org\/wp-content\/uploads\/2022\/02\/gite-detape-Aire-Zabal-Association-Paroissiale-300x200.jpg 300w, https:\/\/gr10.org\/wp-content\/uploads\/2022\/02\/gite-detape-Aire-Zabal-Association-Paroissiale-768x512.jpg 768w\" sizes=\"(max-width: 800px) 100vw, 800px\" \/>\t\t\t\t\t\t\t\t<\/a>\n\t\t\t\t\t\t\t\t\t\t\t<figcaption class=\"widget-image-caption wp-caption-text\">g\u00eete d'\u00e9tape Aire Zabal (Association Paroissiale)<\/figcaption>\n\t\t\t\t\t\t\t\t\t\t<\/figure>\n\t\t\t\t\t\t\t\t\t<\/div>\n\t\t\t\t<\/div>\n\t\t\t\t\t<\/div>\n\t\t<\/div>\n\t\t\t\t<div class=\"elementor-column elementor-col-50 elementor-inner-column elementor-element elementor-element-e988a02\" data-id=\"e988a02\" data-element_type=\"column\" data-e-type=\"column\">\n\t\t\t<div class=\"elementor-widget-wrap elementor-element-populated\">\n\t\t\t\t\t\t<div class=\"elementor-element elementor-element-f23d4a6 elementor-widget elementor-widget-heading\" data-id=\"f23d4a6\" data-element_type=\"widget\" data-e-type=\"widget\" data-widget_type=\"heading.default\">\n\t\t\t\t<div class=\"elementor-widget-container\">\n\t\t\t\t\t<h3 class=\"elementor-heading-title elementor-size-default\">gite d'\u00e9tape Aire Zabal de Bidarray dans le Pays-Basque<\/h3>\t\t\t\t<\/div>\n\t\t\t\t<\/div>\n\t\t\t\t<div class=\"elementor-element elementor-element-bde2c34 elementor-widget elementor-widget-text-editor\" data-id=\"bde2c34\" data-element_type=\"widget\" data-e-type=\"widget\" data-widget_type=\"text-editor.default\">\n\t\t\t\t<div class=\"elementor-widget-container\">\n\t\t\t\t\t\t\t\t\t<p>\u00ab\u00a0Pour \u00eatre s\u00fbr d&rsquo;avoir une place, il vaut mieux r\u00e9server au moins les samedis soirs et les mois de juin, juillet et ao\u00fbt. Pour le reste, il est pr\u00e9f\u00e9rable aussi quitte \u00e0 avertir s&rsquo;il y a changement.\u00a0\u00bb<\/p>\t\t\t\t\t\t\t\t<\/div>\n\t\t\t\t<\/div>\n\t\t\t\t\t<\/div>\n\t\t<\/div>\n\t\t\t\t\t<\/div>\n\t\t<\/section>\n\t\t\t\t<section class=\"elementor-section elementor-inner-section elementor-element elementor-element-f06f27d elementor-section-full_width elementor-section-content-middle elementor-section-height-default elementor-section-height-default\" data-id=\"f06f27d\" data-element_type=\"section\" data-e-type=\"section\">\n\t\t\t\t\t\t<div class=\"elementor-container elementor-column-gap-default\">\n\t\t\t\t\t<div class=\"elementor-column elementor-col-50 elementor-inner-column elementor-element elementor-element-5f67ad8\" data-id=\"5f67ad8\" data-element_type=\"column\" data-e-type=\"column\">\n\t\t\t<div class=\"elementor-widget-wrap elementor-element-populated\">\n\t\t\t\t\t\t<div class=\"elementor-element elementor-element-0235df5 elementor-widget elementor-widget-image\" data-id=\"0235df5\" data-element_type=\"widget\" data-e-type=\"widget\" data-widget_type=\"image.default\">\n\t\t\t\t<div class=\"elementor-widget-container\">\n\t\t\t\t\t\t\t\t\t\t\t\t<figure class=\"wp-caption\">\n\t\t\t\t\t\t\t\t\t\t\t<a href=\"https:\/\/gr10.org\/wp-content\/uploads\/2022\/02\/gite-detape-Ultreia.png\" data-elementor-open-lightbox=\"yes\" data-elementor-lightbox-title=\"g\u00eete d&#039;\u00e9tape Ultre\u00efa\" data-e-action-hash=\"#elementor-action%3Aaction%3Dlightbox%26settings%3DeyJpZCI6MTEwNywidXJsIjoiaHR0cHM6XC9cL2dyMTAub3JnXC93cC1jb250ZW50XC91cGxvYWRzXC8yMDIyXC8wMlwvZ2l0ZS1kZXRhcGUtVWx0cmVpYS5wbmcifQ%3D%3D\">\n\t\t\t\t\t\t\t<img loading=\"lazy\" decoding=\"async\" width=\"800\" height=\"600\" src=\"https:\/\/gr10.org\/wp-content\/uploads\/2022\/02\/gite-detape-Ultreia.png\" class=\"attachment-large size-large wp-image-1107\" alt=\"g\u00eete d&#039;\u00e9tape Ultre\u00efa\" srcset=\"https:\/\/gr10.org\/wp-content\/uploads\/2022\/02\/gite-detape-Ultreia.png 800w, https:\/\/gr10.org\/wp-content\/uploads\/2022\/02\/gite-detape-Ultreia-300x225.png 300w, https:\/\/gr10.org\/wp-content\/uploads\/2022\/02\/gite-detape-Ultreia-768x576.png 768w\" sizes=\"(max-width: 800px) 100vw, 800px\" \/>\t\t\t\t\t\t\t\t<\/a>\n\t\t\t\t\t\t\t\t\t\t\t<figcaption class=\"widget-image-caption wp-caption-text\">g\u00eete d'\u00e9tape Ultre\u00efa<\/figcaption>\n\t\t\t\t\t\t\t\t\t\t<\/figure>\n\t\t\t\t\t\t\t\t\t<\/div>\n\t\t\t\t<\/div>\n\t\t\t\t\t<\/div>\n\t\t<\/div>\n\t\t\t\t<div class=\"elementor-column elementor-col-50 elementor-inner-column elementor-element elementor-element-aa9c85e\" data-id=\"aa9c85e\" data-element_type=\"column\" data-e-type=\"column\">\n\t\t\t<div class=\"elementor-widget-wrap elementor-element-populated\">\n\t\t\t\t\t\t<div class=\"elementor-element elementor-element-6b07b78 elementor-widget elementor-widget-heading\" data-id=\"6b07b78\" data-element_type=\"widget\" data-e-type=\"widget\" data-widget_type=\"heading.default\">\n\t\t\t\t<div class=\"elementor-widget-container\">\n\t\t\t\t\t<h3 class=\"elementor-heading-title elementor-size-default\">g\u00eete d'\u00e9tape Ultr\u00e9\u00efa \u00e0 Saint Jean Pied de Port sur le GR10 et Compostelle<\/h3>\t\t\t\t<\/div>\n\t\t\t\t<\/div>\n\t\t\t\t<div class=\"elementor-element elementor-element-782c2b7 elementor-widget elementor-widget-text-editor\" data-id=\"782c2b7\" data-element_type=\"widget\" data-e-type=\"widget\" data-widget_type=\"text-editor.default\">\n\t\t\t\t<div class=\"elementor-widget-container\">\n\t\t\t\t\t\t\t\t\t<p>\u00ab\u00a0\u00c9tant situ\u00e9s sur le d\u00e9part pour la plupart des p\u00e8lerins de Saint Jacques de Compostelle, nous sommes tr\u00e8s souvent complets (surtout les mois de Mai et Septembre), il est donc pr\u00e9f\u00e9rable de r\u00e9server \u00e0 l&rsquo;avance.<a href=\"https:\/\/www.ultreia64.fr\/\">\u00ab\u00a0<\/a><\/p>\t\t\t\t\t\t\t\t<\/div>\n\t\t\t\t<\/div>\n\t\t\t\t\t<\/div>\n\t\t<\/div>\n\t\t\t\t\t<\/div>\n\t\t<\/section>\n\t\t\t\t<section class=\"elementor-section elementor-inner-section elementor-element elementor-element-6711053 elementor-section-full_width elementor-section-content-middle elementor-section-height-default elementor-section-height-default\" data-id=\"6711053\" data-element_type=\"section\" data-e-type=\"section\">\n\t\t\t\t\t\t<div class=\"elementor-container elementor-column-gap-default\">\n\t\t\t\t\t<div class=\"elementor-column elementor-col-50 elementor-inner-column elementor-element elementor-element-661a6e6\" data-id=\"661a6e6\" data-element_type=\"column\" data-e-type=\"column\">\n\t\t\t<div class=\"elementor-widget-wrap elementor-element-populated\">\n\t\t\t\t\t\t<div class=\"elementor-element elementor-element-2d82705 elementor-widget elementor-widget-image\" data-id=\"2d82705\" data-element_type=\"widget\" data-e-type=\"widget\" data-widget_type=\"image.default\">\n\t\t\t\t<div class=\"elementor-widget-container\">\n\t\t\t\t\t\t\t\t\t\t\t\t<figure class=\"wp-caption\">\n\t\t\t\t\t\t\t\t\t\t\t<a href=\"https:\/\/gr10.org\/wp-content\/uploads\/2022\/02\/gite-detape-de-Kaskoleta-route-de-Phagalcette.jpg\" data-elementor-open-lightbox=\"yes\" data-elementor-lightbox-title=\"g\u00eete d&#039;\u00e9tape de Kaskoleta (route de Phagalcette)\" data-e-action-hash=\"#elementor-action%3Aaction%3Dlightbox%26settings%3DeyJpZCI6MTExOSwidXJsIjoiaHR0cHM6XC9cL2dyMTAub3JnXC93cC1jb250ZW50XC91cGxvYWRzXC8yMDIyXC8wMlwvZ2l0ZS1kZXRhcGUtZGUtS2Fza29sZXRhLXJvdXRlLWRlLVBoYWdhbGNldHRlLmpwZyJ9\">\n\t\t\t\t\t\t\t<img loading=\"lazy\" decoding=\"async\" width=\"800\" height=\"600\" src=\"https:\/\/gr10.org\/wp-content\/uploads\/2022\/02\/gite-detape-de-Kaskoleta-route-de-Phagalcette.jpg\" class=\"attachment-large size-large wp-image-1119\" alt=\"g\u00eete d&#039;\u00e9tape de Kaskoleta (route de Phagalcette)\" srcset=\"https:\/\/gr10.org\/wp-content\/uploads\/2022\/02\/gite-detape-de-Kaskoleta-route-de-Phagalcette.jpg 800w, https:\/\/gr10.org\/wp-content\/uploads\/2022\/02\/gite-detape-de-Kaskoleta-route-de-Phagalcette-300x225.jpg 300w, https:\/\/gr10.org\/wp-content\/uploads\/2022\/02\/gite-detape-de-Kaskoleta-route-de-Phagalcette-768x576.jpg 768w\" sizes=\"(max-width: 800px) 100vw, 800px\" \/>\t\t\t\t\t\t\t\t<\/a>\n\t\t\t\t\t\t\t\t\t\t\t<figcaption class=\"widget-image-caption wp-caption-text\">g\u00eete d'\u00e9tape de Kaskoleta (route de Phagalcette)<\/figcaption>\n\t\t\t\t\t\t\t\t\t\t<\/figure>\n\t\t\t\t\t\t\t\t\t<\/div>\n\t\t\t\t<\/div>\n\t\t\t\t\t<\/div>\n\t\t<\/div>\n\t\t\t\t<div class=\"elementor-column elementor-col-50 elementor-inner-column elementor-element elementor-element-b18eb9f\" data-id=\"b18eb9f\" data-element_type=\"column\" data-e-type=\"column\">\n\t\t\t<div class=\"elementor-widget-wrap elementor-element-populated\">\n\t\t\t\t\t\t<div class=\"elementor-element elementor-element-ec26a8e elementor-widget elementor-widget-heading\" data-id=\"ec26a8e\" data-element_type=\"widget\" data-e-type=\"widget\" data-widget_type=\"heading.default\">\n\t\t\t\t<div class=\"elementor-widget-container\">\n\t\t\t\t\t<h3 class=\"elementor-heading-title elementor-size-default\">Jean du gite Kaskoleta isol\u00e9 sur les hauteurs du Pays Basque<\/h3>\t\t\t\t<\/div>\n\t\t\t\t<\/div>\n\t\t\t\t<div class=\"elementor-element elementor-element-f09af95 elementor-widget elementor-widget-text-editor\" data-id=\"f09af95\" data-element_type=\"widget\" data-e-type=\"widget\" data-widget_type=\"text-editor.default\">\n\t\t\t\t<div class=\"elementor-widget-container\">\n\t\t\t\t\t\t\t\t\t<p>\u00ab\u00a0Si on veut dormir dedans il faut au moins pr\u00e9venir 2 jours avant. Apr\u00e8s il y a la derni\u00e8re solution si on appelle la veille ou le matin, nous louons des tentes et pour les repas il n&rsquo;y a aucun probl\u00e8me. Voil\u00e0 notre fonctionnement.\u00a0\u00bb<\/p>\t\t\t\t\t\t\t\t<\/div>\n\t\t\t\t<\/div>\n\t\t\t\t\t<\/div>\n\t\t<\/div>\n\t\t\t\t\t<\/div>\n\t\t<\/section>\n\t\t\t\t<section class=\"elementor-section elementor-inner-section elementor-element elementor-element-3500640 elementor-section-full_width elementor-section-content-middle elementor-section-height-default elementor-section-height-default\" data-id=\"3500640\" data-element_type=\"section\" data-e-type=\"section\">\n\t\t\t\t\t\t<div class=\"elementor-container elementor-column-gap-default\">\n\t\t\t\t\t<div class=\"elementor-column elementor-col-50 elementor-inner-column elementor-element elementor-element-9173e59\" data-id=\"9173e59\" data-element_type=\"column\" data-e-type=\"column\">\n\t\t\t<div class=\"elementor-widget-wrap elementor-element-populated\">\n\t\t\t\t\t\t<div class=\"elementor-element elementor-element-bb11043 elementor-widget elementor-widget-image\" data-id=\"bb11043\" data-element_type=\"widget\" data-e-type=\"widget\" data-widget_type=\"image.default\">\n\t\t\t\t<div class=\"elementor-widget-container\">\n\t\t\t\t\t\t\t\t\t\t\t\t<figure class=\"wp-caption\">\n\t\t\t\t\t\t\t\t\t\t\t<a href=\"https:\/\/gr10.org\/wp-content\/uploads\/2022\/02\/gite-detape-des-Chalets-dIraty.jpg\" data-elementor-open-lightbox=\"yes\" data-elementor-lightbox-title=\"g\u00eete d&#039;\u00e9tape des Chalets d&#039;Iraty\" data-e-action-hash=\"#elementor-action%3Aaction%3Dlightbox%26settings%3DeyJpZCI6MTEzMiwidXJsIjoiaHR0cHM6XC9cL2dyMTAub3JnXC93cC1jb250ZW50XC91cGxvYWRzXC8yMDIyXC8wMlwvZ2l0ZS1kZXRhcGUtZGVzLUNoYWxldHMtZElyYXR5LmpwZyJ9\">\n\t\t\t\t\t\t\t<img loading=\"lazy\" decoding=\"async\" width=\"259\" height=\"194\" src=\"https:\/\/gr10.org\/wp-content\/uploads\/2022\/02\/gite-detape-des-Chalets-dIraty.jpg\" class=\"attachment-large size-large wp-image-1132\" alt=\"g\u00eete d&#039;\u00e9tape des Chalets d&#039;Iraty\" \/>\t\t\t\t\t\t\t\t<\/a>\n\t\t\t\t\t\t\t\t\t\t\t<figcaption class=\"widget-image-caption wp-caption-text\">g\u00eete d'\u00e9tape des Chalets d'Iraty<\/figcaption>\n\t\t\t\t\t\t\t\t\t\t<\/figure>\n\t\t\t\t\t\t\t\t\t<\/div>\n\t\t\t\t<\/div>\n\t\t\t\t\t<\/div>\n\t\t<\/div>\n\t\t\t\t<div class=\"elementor-column elementor-col-50 elementor-inner-column elementor-element elementor-element-2565361\" data-id=\"2565361\" data-element_type=\"column\" data-e-type=\"column\">\n\t\t\t<div class=\"elementor-widget-wrap elementor-element-populated\">\n\t\t\t\t\t\t<div class=\"elementor-element elementor-element-1b9a6d2 elementor-widget elementor-widget-heading\" data-id=\"1b9a6d2\" data-element_type=\"widget\" data-e-type=\"widget\" data-widget_type=\"heading.default\">\n\t\t\t\t<div class=\"elementor-widget-container\">\n\t\t\t\t\t<h3 class=\"elementor-heading-title elementor-size-default\">g\u00eete les Chalets d'Iraty dans le Pays Basque\n<\/h3>\t\t\t\t<\/div>\n\t\t\t\t<\/div>\n\t\t\t\t<div class=\"elementor-element elementor-element-5a00456 elementor-widget elementor-widget-text-editor\" data-id=\"5a00456\" data-element_type=\"widget\" data-e-type=\"widget\" data-widget_type=\"text-editor.default\">\n\t\t\t\t<div class=\"elementor-widget-container\">\n\t\t\t\t\t\t\t\t\t\u00ab\u00a0Il vaut mieux qu\u2019il r\u00e9serve \u00e0 l\u2019avance et de nous appeler en cas de d\u00e9calage sur le parcours.\u00a0\u00bb\t\t\t\t\t\t\t\t<\/div>\n\t\t\t\t<\/div>\n\t\t\t\t\t<\/div>\n\t\t<\/div>\n\t\t\t\t\t<\/div>\n\t\t<\/section>\n\t\t\t\t<section class=\"elementor-section elementor-inner-section elementor-element elementor-element-57e9495 elementor-section-full_width elementor-section-content-middle elementor-section-height-default elementor-section-height-default\" data-id=\"57e9495\" data-element_type=\"section\" data-e-type=\"section\">\n\t\t\t\t\t\t<div class=\"elementor-container elementor-column-gap-default\">\n\t\t\t\t\t<div class=\"elementor-column elementor-col-50 elementor-inner-column elementor-element elementor-element-3db17ad\" data-id=\"3db17ad\" data-element_type=\"column\" data-e-type=\"column\">\n\t\t\t<div class=\"elementor-widget-wrap elementor-element-populated\">\n\t\t\t\t\t\t<div class=\"elementor-element elementor-element-17fe58f elementor-widget elementor-widget-image\" data-id=\"17fe58f\" data-element_type=\"widget\" data-e-type=\"widget\" data-widget_type=\"image.default\">\n\t\t\t\t<div class=\"elementor-widget-container\">\n\t\t\t\t\t\t\t\t\t\t\t\t<figure class=\"wp-caption\">\n\t\t\t\t\t\t\t\t\t\t\t<a href=\"https:\/\/gr10.org\/wp-content\/uploads\/2022\/02\/gite-detape-de-Lhers.jpg\" data-elementor-open-lightbox=\"yes\" data-elementor-lightbox-title=\"g\u00eete d&#039;\u00e9tape de Lhers\" data-e-action-hash=\"#elementor-action%3Aaction%3Dlightbox%26settings%3DeyJpZCI6MTE5MywidXJsIjoiaHR0cHM6XC9cL2dyMTAub3JnXC93cC1jb250ZW50XC91cGxvYWRzXC8yMDIyXC8wMlwvZ2l0ZS1kZXRhcGUtZGUtTGhlcnMuanBnIn0%3D\">\n\t\t\t\t\t\t\t<img loading=\"lazy\" decoding=\"async\" width=\"800\" height=\"600\" src=\"https:\/\/gr10.org\/wp-content\/uploads\/2022\/02\/gite-detape-de-Lhers.jpg\" class=\"attachment-large size-large wp-image-1193\" alt=\"g\u00eete d&#039;\u00e9tape de Lhers\" srcset=\"https:\/\/gr10.org\/wp-content\/uploads\/2022\/02\/gite-detape-de-Lhers.jpg 800w, https:\/\/gr10.org\/wp-content\/uploads\/2022\/02\/gite-detape-de-Lhers-300x225.jpg 300w, https:\/\/gr10.org\/wp-content\/uploads\/2022\/02\/gite-detape-de-Lhers-768x576.jpg 768w\" sizes=\"(max-width: 800px) 100vw, 800px\" \/>\t\t\t\t\t\t\t\t<\/a>\n\t\t\t\t\t\t\t\t\t\t\t<figcaption class=\"widget-image-caption wp-caption-text\">g\u00eete d'\u00e9tape de Lhers<\/figcaption>\n\t\t\t\t\t\t\t\t\t\t<\/figure>\n\t\t\t\t\t\t\t\t\t<\/div>\n\t\t\t\t<\/div>\n\t\t\t\t\t<\/div>\n\t\t<\/div>\n\t\t\t\t<div class=\"elementor-column elementor-col-50 elementor-inner-column elementor-element elementor-element-887ded4\" data-id=\"887ded4\" data-element_type=\"column\" data-e-type=\"column\">\n\t\t\t<div class=\"elementor-widget-wrap elementor-element-populated\">\n\t\t\t\t\t\t<div class=\"elementor-element elementor-element-f3f754d elementor-widget elementor-widget-heading\" data-id=\"f3f754d\" data-element_type=\"widget\" data-e-type=\"widget\" data-widget_type=\"heading.default\">\n\t\t\t\t<div class=\"elementor-widget-container\">\n\t\t\t\t\t<h3 class=\"elementor-heading-title elementor-size-default\">Marie-Pierre du g\u00eete d'\u00e9tape de Lhers dans le B\u00e9arn<\/h3>\t\t\t\t<\/div>\n\t\t\t\t<\/div>\n\t\t\t\t<div class=\"elementor-element elementor-element-c561c37 elementor-widget elementor-widget-text-editor\" data-id=\"c561c37\" data-element_type=\"widget\" data-e-type=\"widget\" data-widget_type=\"text-editor.default\">\n\t\t\t\t<div class=\"elementor-widget-container\">\n\t\t\t\t\t\t\t\t\t<p>\u00ab\u00a0la r\u00e9servation est vivement conseill\u00e9e&#8230; question d&rsquo;organisation, m\u00eame si on arrive toujours \u00e0 se d\u00e9brouiller pour les arriv\u00e9es surprise!! j&rsquo;appr\u00e9cie aussi que les gens pr\u00e9viennent d&rsquo;un retard ou d&rsquo;une annulation&#8230; \u00e7a permet de ne pas s\u2019inqui\u00e9ter pour rien!\u00a0\u00bb<\/p>\t\t\t\t\t\t\t\t<\/div>\n\t\t\t\t<\/div>\n\t\t\t\t\t<\/div>\n\t\t<\/div>\n\t\t\t\t\t<\/div>\n\t\t<\/section>\n\t\t\t\t<section class=\"elementor-section elementor-inner-section elementor-element elementor-element-fd59eab elementor-section-full_width elementor-section-content-middle elementor-section-height-default elementor-section-height-default\" data-id=\"fd59eab\" data-element_type=\"section\" data-e-type=\"section\">\n\t\t\t\t\t\t<div class=\"elementor-container elementor-column-gap-default\">\n\t\t\t\t\t<div class=\"elementor-column elementor-col-50 elementor-inner-column elementor-element elementor-element-abeea36\" data-id=\"abeea36\" data-element_type=\"column\" data-e-type=\"column\">\n\t\t\t<div class=\"elementor-widget-wrap elementor-element-populated\">\n\t\t\t\t\t\t<div class=\"elementor-element elementor-element-d7d3fd0 elementor-widget elementor-widget-image\" data-id=\"d7d3fd0\" data-element_type=\"widget\" data-e-type=\"widget\" data-widget_type=\"image.default\">\n\t\t\t\t<div class=\"elementor-widget-container\">\n\t\t\t\t\t\t\t\t\t\t\t\t<figure class=\"wp-caption\">\n\t\t\t\t\t\t\t\t\t\t\t<a href=\"https:\/\/gr10.org\/wp-content\/uploads\/2022\/02\/Chalet-refuge-du-Club-Alpin-Francais-1.png\" data-elementor-open-lightbox=\"yes\" data-elementor-lightbox-title=\"Chalet refuge du Club Alpin Fran\u00e7ais 1\" data-e-action-hash=\"#elementor-action%3Aaction%3Dlightbox%26settings%3DeyJpZCI6MTQyNSwidXJsIjoiaHR0cHM6XC9cL2dyMTAub3JnXC93cC1jb250ZW50XC91cGxvYWRzXC8yMDIyXC8wMlwvQ2hhbGV0LXJlZnVnZS1kdS1DbHViLUFscGluLUZyYW5jYWlzLTEucG5nIn0%3D\">\n\t\t\t\t\t\t\t<img loading=\"lazy\" decoding=\"async\" width=\"1024\" height=\"576\" src=\"https:\/\/gr10.org\/wp-content\/uploads\/2022\/02\/Chalet-refuge-du-Club-Alpin-Francais-1-1024x576.png\" class=\"attachment-large size-large wp-image-1425\" alt=\"Chalet refuge du Club Alpin Fran\u00e7ais\" srcset=\"https:\/\/gr10.org\/wp-content\/uploads\/2022\/02\/Chalet-refuge-du-Club-Alpin-Francais-1-1024x576.png 1024w, https:\/\/gr10.org\/wp-content\/uploads\/2022\/02\/Chalet-refuge-du-Club-Alpin-Francais-1-300x169.png 300w, https:\/\/gr10.org\/wp-content\/uploads\/2022\/02\/Chalet-refuge-du-Club-Alpin-Francais-1-768x432.png 768w, https:\/\/gr10.org\/wp-content\/uploads\/2022\/02\/Chalet-refuge-du-Club-Alpin-Francais-1-1536x863.png 1536w, https:\/\/gr10.org\/wp-content\/uploads\/2022\/02\/Chalet-refuge-du-Club-Alpin-Francais-1.png 2048w\" sizes=\"(max-width: 1024px) 100vw, 1024px\" \/>\t\t\t\t\t\t\t\t<\/a>\n\t\t\t\t\t\t\t\t\t\t\t<figcaption class=\"widget-image-caption wp-caption-text\">Chalet refuge du Club Alpin Fran\u00e7ais<\/figcaption>\n\t\t\t\t\t\t\t\t\t\t<\/figure>\n\t\t\t\t\t\t\t\t\t<\/div>\n\t\t\t\t<\/div>\n\t\t\t\t\t<\/div>\n\t\t<\/div>\n\t\t\t\t<div class=\"elementor-column elementor-col-50 elementor-inner-column elementor-element elementor-element-b32c099\" data-id=\"b32c099\" data-element_type=\"column\" data-e-type=\"column\">\n\t\t\t<div class=\"elementor-widget-wrap elementor-element-populated\">\n\t\t\t\t\t\t<div class=\"elementor-element elementor-element-5ac1427 elementor-widget elementor-widget-heading\" data-id=\"5ac1427\" data-element_type=\"widget\" data-e-type=\"widget\" data-widget_type=\"heading.default\">\n\t\t\t\t<div class=\"elementor-widget-container\">\n\t\t\t\t\t<h3 class=\"elementor-heading-title elementor-size-default\">les refuges du Club Alpin Fran\u00e7ais (CAF)\n<\/h3>\t\t\t\t<\/div>\n\t\t\t\t<\/div>\n\t\t\t\t<div class=\"elementor-element elementor-element-b35ffab elementor-widget elementor-widget-text-editor\" data-id=\"b35ffab\" data-element_type=\"widget\" data-e-type=\"widget\" data-widget_type=\"text-editor.default\">\n\t\t\t\t<div class=\"elementor-widget-container\">\n\t\t\t\t\t\t\t\t\t<p>\u00ab\u00a0Pour ce qui concerne les refuges du Club Alpin Fran\u00e7ais de Lourdes-Cauterets, il est pr\u00e9f\u00e9rable de r\u00e9server toutes les nuit\u00e9es \u00e0 l\u2019avance, et de confirmer ou d\u2019infirmer aux gardiens la r\u00e9servation la veille ou l\u2019avant-veille selon la progression des \u00e9tapes sur le parcours. Cela permet ainsi aux gardiens d\u2019anticiper, notamment pour les repas, et de savoir s\u2019ils doivent ou non attendre les randonneurs chaque soir.\u00a0\u00bb<\/p>\t\t\t\t\t\t\t\t<\/div>\n\t\t\t\t<\/div>\n\t\t\t\t\t<\/div>\n\t\t<\/div>\n\t\t\t\t\t<\/div>\n\t\t<\/section>\n\t\t\t\t<section class=\"elementor-section elementor-inner-section elementor-element elementor-element-2447804 elementor-section-full_width elementor-section-content-middle elementor-section-height-default elementor-section-height-default\" data-id=\"2447804\" data-element_type=\"section\" data-e-type=\"section\">\n\t\t\t\t\t\t<div class=\"elementor-container elementor-column-gap-default\">\n\t\t\t\t\t<div class=\"elementor-column elementor-col-50 elementor-inner-column elementor-element elementor-element-da08482\" data-id=\"da08482\" data-element_type=\"column\" data-e-type=\"column\">\n\t\t\t<div class=\"elementor-widget-wrap elementor-element-populated\">\n\t\t\t\t\t\t<div class=\"elementor-element elementor-element-cd1fd86 elementor-widget elementor-widget-image\" data-id=\"cd1fd86\" data-element_type=\"widget\" data-e-type=\"widget\" data-widget_type=\"image.default\">\n\t\t\t\t<div class=\"elementor-widget-container\">\n\t\t\t\t\t\t\t\t\t\t\t\t<figure class=\"wp-caption\">\n\t\t\t\t\t\t\t\t\t\t\t<a href=\"https:\/\/gr10.org\/wp-content\/uploads\/2022\/02\/gite-detape-dEsbints.jpg\" data-elementor-open-lightbox=\"yes\" data-elementor-lightbox-title=\"g\u00eete d&#039;\u00e9tape d&#039;Esbints\" data-e-action-hash=\"#elementor-action%3Aaction%3Dlightbox%26settings%3DeyJpZCI6MTkwMSwidXJsIjoiaHR0cHM6XC9cL2dyMTAub3JnXC93cC1jb250ZW50XC91cGxvYWRzXC8yMDIyXC8wMlwvZ2l0ZS1kZXRhcGUtZEVzYmludHMuanBnIn0%3D\">\n\t\t\t\t\t\t\t<img loading=\"lazy\" decoding=\"async\" width=\"800\" height=\"450\" src=\"https:\/\/gr10.org\/wp-content\/uploads\/2022\/02\/gite-detape-dEsbints.jpg\" class=\"attachment-large size-large wp-image-1901\" alt=\"g\u00eete d&#039;\u00e9tape d&#039;Esbints\" srcset=\"https:\/\/gr10.org\/wp-content\/uploads\/2022\/02\/gite-detape-dEsbints.jpg 800w, https:\/\/gr10.org\/wp-content\/uploads\/2022\/02\/gite-detape-dEsbints-300x169.jpg 300w, https:\/\/gr10.org\/wp-content\/uploads\/2022\/02\/gite-detape-dEsbints-768x432.jpg 768w\" sizes=\"(max-width: 800px) 100vw, 800px\" \/>\t\t\t\t\t\t\t\t<\/a>\n\t\t\t\t\t\t\t\t\t\t\t<figcaption class=\"widget-image-caption wp-caption-text\">g\u00eete d'\u00e9tape d'Esbints<\/figcaption>\n\t\t\t\t\t\t\t\t\t\t<\/figure>\n\t\t\t\t\t\t\t\t\t<\/div>\n\t\t\t\t<\/div>\n\t\t\t\t\t<\/div>\n\t\t<\/div>\n\t\t\t\t<div class=\"elementor-column elementor-col-50 elementor-inner-column elementor-element elementor-element-9afe5d1\" data-id=\"9afe5d1\" data-element_type=\"column\" data-e-type=\"column\">\n\t\t\t<div class=\"elementor-widget-wrap elementor-element-populated\">\n\t\t\t\t\t\t<div class=\"elementor-element elementor-element-4a7b663 elementor-widget elementor-widget-heading\" data-id=\"4a7b663\" data-element_type=\"widget\" data-e-type=\"widget\" data-widget_type=\"heading.default\">\n\t\t\t\t<div class=\"elementor-widget-container\">\n\t\t\t\t\t<h3 class=\"elementor-heading-title elementor-size-default\">Adeline et Matias du g\u00eete d'\u00e9tape d'Esbintz en Ari\u00e8ge (g\u00eete de montagne isol\u00e9)<\/h3>\t\t\t\t<\/div>\n\t\t\t\t<\/div>\n\t\t\t\t<div class=\"elementor-element elementor-element-29152df elementor-widget elementor-widget-text-editor\" data-id=\"29152df\" data-element_type=\"widget\" data-e-type=\"widget\" data-widget_type=\"text-editor.default\">\n\t\t\t\t<div class=\"elementor-widget-container\">\n\t\t\t\t\t\t\t\t\t<p>\u00ab\u00a0J&rsquo;ai envie de faire une r\u00e9ponse de normand du genre \u00ab\u00a0\u00e7a d\u00e9pend&#8230; \u00a0\u00bb tout d\u00e9pend de la philosophie du g\u00eete. De notre c\u00f4t\u00e9 on ne refuse jamais quelqu&rsquo;un qui arrive \u00e0 pied. si le g\u00eete est complet on trouve une solution, grange de foin, cabane voisine, chambre chez nous et on rallonge la soupe. Du moment que la personne s&rsquo;adapte aux conditions de promiscuit\u00e9, on se met en 4. Je sais que certains gites refusent du monde quand ils sont complets, alors c&rsquo;est un peu la loterie. Cot\u00e9 boulot, c&rsquo;est plus simple si on sait dans le courant de la journ\u00e9e combien de repas seront pr\u00e9vus, c&rsquo;est plus confortable mais les portables passent pas toujours. Les surprises de derni\u00e8res minutes, c&rsquo;est le jeu pendant toute saison\u00a0\u00bb.<\/p>\t\t\t\t\t\t\t\t<\/div>\n\t\t\t\t<\/div>\n\t\t\t\t\t<\/div>\n\t\t<\/div>\n\t\t\t\t\t<\/div>\n\t\t<\/section>\n\t\t\t\t<section class=\"elementor-section elementor-inner-section elementor-element elementor-element-60f4fb2 elementor-section-full_width elementor-section-content-middle elementor-section-height-default elementor-section-height-default\" data-id=\"60f4fb2\" data-element_type=\"section\" data-e-type=\"section\">\n\t\t\t\t\t\t<div class=\"elementor-container elementor-column-gap-default\">\n\t\t\t\t\t<div class=\"elementor-column elementor-col-50 elementor-inner-column elementor-element elementor-element-7878c7d\" data-id=\"7878c7d\" data-element_type=\"column\" data-e-type=\"column\">\n\t\t\t<div class=\"elementor-widget-wrap elementor-element-populated\">\n\t\t\t\t\t\t<div class=\"elementor-element elementor-element-8e1b392 elementor-widget elementor-widget-image\" data-id=\"8e1b392\" data-element_type=\"widget\" data-e-type=\"widget\" data-widget_type=\"image.default\">\n\t\t\t\t<div class=\"elementor-widget-container\">\n\t\t\t\t\t\t\t\t\t\t\t\t<figure class=\"wp-caption\">\n\t\t\t\t\t\t\t\t\t\t\t<a href=\"https:\/\/gr10.org\/wp-content\/uploads\/2022\/02\/gite-detape-Lescolan.jpg\" data-elementor-open-lightbox=\"yes\" data-elementor-lightbox-title=\"g\u00eete d&#039;\u00e9tape Lescolan\" data-e-action-hash=\"#elementor-action%3Aaction%3Dlightbox%26settings%3DeyJpZCI6MTkyMiwidXJsIjoiaHR0cHM6XC9cL2dyMTAub3JnXC93cC1jb250ZW50XC91cGxvYWRzXC8yMDIyXC8wMlwvZ2l0ZS1kZXRhcGUtTGVzY29sYW4uanBnIn0%3D\">\n\t\t\t\t\t\t\t<img loading=\"lazy\" decoding=\"async\" width=\"300\" height=\"225\" src=\"https:\/\/gr10.org\/wp-content\/uploads\/2022\/02\/gite-detape-Lescolan.jpg\" class=\"attachment-large size-large wp-image-1922\" alt=\"g\u00eete d&#039;\u00e9tape Lescolan\" \/>\t\t\t\t\t\t\t\t<\/a>\n\t\t\t\t\t\t\t\t\t\t\t<figcaption class=\"widget-image-caption wp-caption-text\">g\u00eete d'\u00e9tape Lescolan<\/figcaption>\n\t\t\t\t\t\t\t\t\t\t<\/figure>\n\t\t\t\t\t\t\t\t\t<\/div>\n\t\t\t\t<\/div>\n\t\t\t\t\t<\/div>\n\t\t<\/div>\n\t\t\t\t<div class=\"elementor-column elementor-col-50 elementor-inner-column elementor-element elementor-element-e45fa02\" data-id=\"e45fa02\" data-element_type=\"column\" data-e-type=\"column\">\n\t\t\t<div class=\"elementor-widget-wrap elementor-element-populated\">\n\t\t\t\t\t\t<div class=\"elementor-element elementor-element-011f30d elementor-widget elementor-widget-heading\" data-id=\"011f30d\" data-element_type=\"widget\" data-e-type=\"widget\" data-widget_type=\"heading.default\">\n\t\t\t\t<div class=\"elementor-widget-container\">\n\t\t\t\t\t<h3 class=\"elementor-heading-title elementor-size-default\">G\u00eete de Lescolan en Ari\u00e8ge (g\u00eete situ\u00e9 en vall\u00e9e pr\u00e8s d'un petit village touristique)<\/h3>\t\t\t\t<\/div>\n\t\t\t\t<\/div>\n\t\t\t\t<div class=\"elementor-element elementor-element-1ac0e9f elementor-widget elementor-widget-text-editor\" data-id=\"1ac0e9f\" data-element_type=\"widget\" data-e-type=\"widget\" data-widget_type=\"text-editor.default\">\n\t\t\t\t<div class=\"elementor-widget-container\">\n\t\t\t\t\t\t\t\t\t<p>\u00ab\u00a0La majorit\u00e9 des GRdistes arrivent sans avoir r\u00e9serv\u00e9 \u00e0 l&rsquo;avance et il n&rsquo;y a aucun souci de place. Cela leur permet une grande souplesse dans leurs temps de marche, ils appr\u00e9cient beaucoup. Je dirais qu&rsquo;\u00e0 partir du 14 juillet et jusqu&rsquo;au 15 ao\u00fbt, il est plus prudent de r\u00e9server un peu \u00e0 l&rsquo;avance. D&rsquo;une mani\u00e8re g\u00e9n\u00e9rale, sur toute la saison, il faut faire attention aux week-ends car les h\u00e9bergements accueillent souvent des groupes de randonneurs \u00ab\u00a0locaux\u00a0\u00bb et son r\u00e9guli\u00e8rement complets. Attention aussi au nombre de personnes concern\u00e9es, on arrive toujours \u00e0 trouver une solution pour un randonneur qui arrive tout seul, mais quand ils sont 4 ou plus, cela peut devenir compliqu\u00e9.\u00a0\u00bb<\/p>\t\t\t\t\t\t\t\t<\/div>\n\t\t\t\t<\/div>\n\t\t\t\t\t<\/div>\n\t\t<\/div>\n\t\t\t\t\t<\/div>\n\t\t<\/section>\n\t\t\t\t<section class=\"elementor-section elementor-inner-section elementor-element elementor-element-1079d88 elementor-section-full_width elementor-section-content-middle elementor-section-height-default elementor-section-height-default\" data-id=\"1079d88\" data-element_type=\"section\" data-e-type=\"section\">\n\t\t\t\t\t\t<div class=\"elementor-container elementor-column-gap-default\">\n\t\t\t\t\t<div class=\"elementor-column elementor-col-50 elementor-inner-column elementor-element elementor-element-2ada835\" data-id=\"2ada835\" data-element_type=\"column\" data-e-type=\"column\">\n\t\t\t<div class=\"elementor-widget-wrap elementor-element-populated\">\n\t\t\t\t\t\t<div class=\"elementor-element elementor-element-1f5fd24 elementor-widget elementor-widget-image\" data-id=\"1f5fd24\" data-element_type=\"widget\" data-e-type=\"widget\" data-widget_type=\"image.default\">\n\t\t\t\t<div class=\"elementor-widget-container\">\n\t\t\t\t\t\t\t\t\t\t\t\t<figure class=\"wp-caption\">\n\t\t\t\t\t\t\t\t\t\t\t<a href=\"https:\/\/gr10.org\/wp-content\/uploads\/2022\/02\/chambre-dhotes-Les-Ramiers.jpg\" data-elementor-open-lightbox=\"yes\" data-elementor-lightbox-title=\"chambre d&#039;h\u00f4tes Les Ramiers\" data-e-action-hash=\"#elementor-action%3Aaction%3Dlightbox%26settings%3DeyJpZCI6MjAzMSwidXJsIjoiaHR0cHM6XC9cL2dyMTAub3JnXC93cC1jb250ZW50XC91cGxvYWRzXC8yMDIyXC8wMlwvY2hhbWJyZS1kaG90ZXMtTGVzLVJhbWllcnMuanBnIn0%3D\">\n\t\t\t\t\t\t\t<img loading=\"lazy\" decoding=\"async\" width=\"640\" height=\"480\" src=\"https:\/\/gr10.org\/wp-content\/uploads\/2022\/02\/chambre-dhotes-Les-Ramiers.jpg\" class=\"attachment-large size-large wp-image-2031\" alt=\"chambre d&#039;h\u00f4tes Les Ramiers\" srcset=\"https:\/\/gr10.org\/wp-content\/uploads\/2022\/02\/chambre-dhotes-Les-Ramiers.jpg 640w, https:\/\/gr10.org\/wp-content\/uploads\/2022\/02\/chambre-dhotes-Les-Ramiers-300x225.jpg 300w\" sizes=\"(max-width: 640px) 100vw, 640px\" \/>\t\t\t\t\t\t\t\t<\/a>\n\t\t\t\t\t\t\t\t\t\t\t<figcaption class=\"widget-image-caption wp-caption-text\">chambre d'h\u00f4tes Les Ramiers\n<\/figcaption>\n\t\t\t\t\t\t\t\t\t\t<\/figure>\n\t\t\t\t\t\t\t\t\t<\/div>\n\t\t\t\t<\/div>\n\t\t\t\t\t<\/div>\n\t\t<\/div>\n\t\t\t\t<div class=\"elementor-column elementor-col-50 elementor-inner-column elementor-element elementor-element-ee61c9b\" data-id=\"ee61c9b\" data-element_type=\"column\" data-e-type=\"column\">\n\t\t\t<div class=\"elementor-widget-wrap elementor-element-populated\">\n\t\t\t\t\t\t<div class=\"elementor-element elementor-element-82285ae elementor-widget elementor-widget-heading\" data-id=\"82285ae\" data-element_type=\"widget\" data-e-type=\"widget\" data-widget_type=\"heading.default\">\n\t\t\t\t<div class=\"elementor-widget-container\">\n\t\t\t\t\t<h3 class=\"elementor-heading-title elementor-size-default\">Anne et Fred du g\u00eete d'\u00e9tape les Ramiers dans les Pyr\u00e9n\u00e9es Orientales pr\u00e8s de Font Romeu<\/h3>\t\t\t\t<\/div>\n\t\t\t\t<\/div>\n\t\t\t\t<div class=\"elementor-element elementor-element-371380b elementor-widget elementor-widget-text-editor\" data-id=\"371380b\" data-element_type=\"widget\" data-e-type=\"widget\" data-widget_type=\"text-editor.default\">\n\t\t\t\t<div class=\"elementor-widget-container\">\n\t\t\t\t\t\t\t\t\t<p>\u00ab\u00a0La moiti\u00e9 des Randonneurs r\u00e9servent chez nous \u00e0 l&rsquo;avance. Mais au plus tard il vaut mieux appeler le matin. Au risque de ne plus avoir de place et\/ou de repas pr\u00e9par\u00e9.\u00a0\u00bb<\/p>\t\t\t\t\t\t\t\t<\/div>\n\t\t\t\t<\/div>\n\t\t\t\t\t<\/div>\n\t\t<\/div>\n\t\t\t\t\t<\/div>\n\t\t<\/section>\n\t\t\t\t<section class=\"elementor-section elementor-inner-section elementor-element elementor-element-8ae15e8 elementor-section-full_width elementor-section-content-middle elementor-section-height-default elementor-section-height-default\" data-id=\"8ae15e8\" data-element_type=\"section\" data-e-type=\"section\">\n\t\t\t\t\t\t<div class=\"elementor-container elementor-column-gap-default\">\n\t\t\t\t\t<div class=\"elementor-column elementor-col-50 elementor-inner-column elementor-element elementor-element-61098bb elementor-hidden-mobile\" data-id=\"61098bb\" data-element_type=\"column\" data-e-type=\"column\">\n\t\t\t<div class=\"elementor-widget-wrap\">\n\t\t\t\t\t\t\t<\/div>\n\t\t<\/div>\n\t\t\t\t<div class=\"elementor-column elementor-col-50 elementor-inner-column elementor-element elementor-element-694defa\" data-id=\"694defa\" data-element_type=\"column\" data-e-type=\"column\">\n\t\t\t<div class=\"elementor-widget-wrap elementor-element-populated\">\n\t\t\t\t\t\t<div class=\"elementor-element elementor-element-30c1eb0 elementor-widget elementor-widget-heading\" data-id=\"30c1eb0\" data-element_type=\"widget\" data-e-type=\"widget\" data-widget_type=\"heading.default\">\n\t\t\t\t<div class=\"elementor-widget-container\">\n\t\t\t\t\t<h3 class=\"elementor-heading-title elementor-size-default\">En conclusion et pour tenter de faire simple\n<\/h3>\t\t\t\t<\/div>\n\t\t\t\t<\/div>\n\t\t\t\t<div class=\"elementor-element elementor-element-b2236bd elementor-widget elementor-widget-text-editor\" data-id=\"b2236bd\" data-element_type=\"widget\" data-e-type=\"widget\" data-widget_type=\"text-editor.default\">\n\t\t\t\t<div class=\"elementor-widget-container\">\n\t\t\t\t\t\t\t\t\t<ol><li>La r\u00e9servation n&rsquo;est pas obligatoire mais fortement conseill\u00e9e.<\/li><li>Plus le groupe de GRdiste est important plus il est conseill\u00e9 de r\u00e9server sa nuit et\/ou son repas \u00e0 l&rsquo;avance (1 GRdiste \u00e7a va, 4 GRdistes c&rsquo;est \u00ab\u00a0triste\u00a0\u00bb).<\/li><li>Attention, les jours de week-end sont toujours plus charg\u00e9s que les jours de semaine, &#8211; la p\u00e9riode allant du 15 juillet au 15 ao\u00fbt est une p\u00e9riode \u00ab\u00a0charg\u00e9e\u00a0\u00bb donc, moins de place disponibles pour les GRdistes arrivant \u00e0 l&rsquo;improviste.<\/li><li>Pour avoir une chance de manger le soir, pr\u00e9venir en d\u00e9but de matin\u00e9e au plus tard.<\/li><li>Les h\u00e9bergeurs savent composer avec les caprices de la m\u00e9t\u00e9o seulement si le GRdiste pense \u00e0 le pr\u00e9venir \u00e0 temps.<\/li><li>Si le temps est mauvais, un h\u00e9bergeur fera le maximum pour vous accueillir sous son toit.<\/li><li>Compte tenu de la tr\u00e8s forte affluence de randonneurs dans les refuges d&rsquo;altitude, la r\u00e9servation y est quasi-obligatoire.<\/li><li>Les campings vous trouveront toujours un coin d&rsquo;herbe pour planter votre tente, la r\u00e9servation y est donc facultative,<\/li><\/ol>\t\t\t\t\t\t\t\t<\/div>\n\t\t\t\t<\/div>\n\t\t\t\t\t<\/div>\n\t\t<\/div>\n\t\t\t\t\t<\/div>\n\t\t<\/section>\n\t\t\t\t<section class=\"elementor-section elementor-inner-section elementor-element elementor-element-c1de06b elementor-section-full_width elementor-section-content-middle elementor-section-height-default elementor-section-height-default\" data-id=\"c1de06b\" data-element_type=\"section\" data-e-type=\"section\">\n\t\t\t\t\t\t<div class=\"elementor-container elementor-column-gap-default\">\n\t\t\t\t\t<div class=\"elementor-column elementor-col-50 elementor-inner-column elementor-element elementor-element-102a19f elementor-hidden-mobile\" data-id=\"102a19f\" data-element_type=\"column\" data-e-type=\"column\">\n\t\t\t<div class=\"elementor-widget-wrap\">\n\t\t\t\t\t\t\t<\/div>\n\t\t<\/div>\n\t\t\t\t<div class=\"elementor-column elementor-col-50 elementor-inner-column elementor-element elementor-element-2202d1e\" data-id=\"2202d1e\" data-element_type=\"column\" data-e-type=\"column\">\n\t\t\t<div class=\"elementor-widget-wrap elementor-element-populated\">\n\t\t\t\t\t\t<div class=\"elementor-element elementor-element-fc3eb39 elementor-widget elementor-widget-heading\" data-id=\"fc3eb39\" data-element_type=\"widget\" data-e-type=\"widget\" data-widget_type=\"heading.default\">\n\t\t\t\t<div class=\"elementor-widget-container\">\n\t\t\t\t\t<h3 class=\"elementor-heading-title elementor-size-default\">Ce qu'il ne faut surtout pas faire<\/h3>\t\t\t\t<\/div>\n\t\t\t\t<\/div>\n\t\t\t\t<div class=\"elementor-element elementor-element-7299c95 elementor-widget elementor-widget-text-editor\" data-id=\"7299c95\" data-element_type=\"widget\" data-e-type=\"widget\" data-widget_type=\"text-editor.default\">\n\t\t\t\t<div class=\"elementor-widget-container\">\n\t\t\t\t\t\t\t\t\t<p>R\u00e9server sa nuit et ne pas pr\u00e9venir l&rsquo;h\u00e9bergeur d&rsquo;un impr\u00e9vu !! Outre le caract\u00e8re impoli de la d\u00e9marche, ceci vous expose \u00e0 un risque de d\u00e9clenchement de recherche par les secours en montagne avec toutes les cons\u00e9quences que cela pourrait entra\u00eener.<\/p>\t\t\t\t\t\t\t\t<\/div>\n\t\t\t\t<\/div>\n\t\t\t\t\t<\/div>\n\t\t<\/div>\n\t\t\t\t\t<\/div>\n\t\t<\/section>\n\t\t\t\t<section class=\"elementor-section elementor-inner-section elementor-element elementor-element-76dadb5 elementor-section-boxed elementor-section-height-default elementor-section-height-default\" data-id=\"76dadb5\" data-element_type=\"section\" data-e-type=\"section\">\n\t\t\t\t\t\t<div class=\"elementor-container elementor-column-gap-default\">\n\t\t\t\t\t<div class=\"elementor-column elementor-col-100 elementor-inner-column elementor-element elementor-element-f6f8acf\" data-id=\"f6f8acf\" data-element_type=\"column\" data-e-type=\"column\">\n\t\t\t<div class=\"elementor-widget-wrap elementor-element-populated\">\n\t\t\t\t\t\t<div class=\"elementor-element elementor-element-8c59b81 elementor-position-inline-start elementor-widget__width-inherit elementor-view-default elementor-mobile-position-block-start elementor-widget elementor-widget-icon-box\" data-id=\"8c59b81\" data-element_type=\"widget\" data-e-type=\"widget\" data-widget_type=\"icon-box.default\">\n\t\t\t\t<div class=\"elementor-widget-container\">\n\t\t\t\t\t\t\t<div class=\"elementor-icon-box-wrapper\">\n\n\t\t\t\t\t\t<div class=\"elementor-icon-box-icon\">\n\t\t\t\t<span  class=\"elementor-icon\">\n\t\t\t\t<i aria-hidden=\"true\" class=\"fas fa-info-circle\"><\/i>\t\t\t\t<\/span>\n\t\t\t<\/div>\n\t\t\t\n\t\t\t\t\t\t<div class=\"elementor-icon-box-content\">\n\n\t\t\t\t\n\t\t\t\t\t\t\t\t\t<p class=\"elementor-icon-box-description\">\n\t\t\t\t\t\tPoint info\t\t\t\t\t<\/p>\n\t\t\t\t\n\t\t\t<\/div>\n\t\t\t\n\t\t<\/div>\n\t\t\t\t\t\t<\/div>\n\t\t\t\t<\/div>\n\t\t\t\t<div class=\"elementor-element elementor-element-fda9cf0 elementor-widget elementor-widget-text-editor\" data-id=\"fda9cf0\" data-element_type=\"widget\" data-e-type=\"widget\" data-widget_type=\"text-editor.default\">\n\t\t\t\t<div class=\"elementor-widget-container\">\n\t\t\t\t\t\t\t\t\tPour toutes questions relatives aux dossiers de pr\u00e9paration, n&rsquo;h\u00e9sitez-pas \u00e0 contacter :\n<br>\nEric CHAIGNEAU\n<br>\nanimateur b\u00e9n\u00e9vole des Amis GRdistes.\n<br>\n<a href=\"mailto:assogr10@gmail.com\" target=\"_blank\" rel=\"noopener\">assogr10@gmail.com<\/a>\n<br>\ntel 06 83 61 48 49\t\t\t\t\t\t\t\t<\/div>\n\t\t\t\t<\/div>\n\t\t\t\t\t<\/div>\n\t\t<\/div>\n\t\t\t\t\t<\/div>\n\t\t<\/section>\n\t\t\t\t\t<\/div>\n\t\t<\/div>\n\t\t\t\t\t<\/div>\n\t\t<\/section>\n\t\t\t\t<\/div>\n\t\t","protected":false},"excerpt":{"rendered":"<p>R\u00e9server ou ne pas r\u00e9server son h\u00e9bergement sur le GR10 ? L\u00e0 est la question. Vous \u00eates nombreux et nombreuses \u00e0 vous poser la question. R\u00e9server ou ne pas r\u00e9server son h\u00e9bergement sur le GR10 ? Afin de vous faire une id\u00e9e \u00ab\u00a0pr\u00e9cise\u00a0\u00bb sur le sujet, nous vous proposons un floril\u00e8ge de r\u00e9ponses diverses et&#8230;<\/p>\n","protected":false},"author":3,"featured_media":3084,"parent":0,"menu_order":0,"comment_status":"closed","ping_status":"closed","template":"elementor_theme","meta":{"_acf_changed":false,"_kad_post_transparent":"","_kad_post_title":"hide","_kad_post_layout":"right","_kad_post_sidebar_id":"","_kad_post_content_style":"unboxed","_kad_post_vertical_padding":"hide","_kad_post_feature":"hide","_kad_post_feature_position":"","_kad_post_header":false,"_kad_post_footer":false,"footnotes":""},"categories":[18,24],"tags":[],"class_list":["post-3083","page","type-page","status-publish","has-post-thumbnail","hentry","category-dossier-de-preparation","category-hebergements-bivouacs"],"acf":[],"yoast_head":"<!-- This site is optimized with the Yoast SEO plugin v27.4 - https:\/\/yoast.com\/product\/yoast-seo-wordpress\/ -->\n<title>R\u00e9server ou ne pas r\u00e9server son h\u00e9bergement sur le GR10 ?<\/title>\n<meta name=\"description\" content=\"R\u00e9server ou ne pas r\u00e9server son h\u00e9bergement sur le GR10 ? Les h\u00e9bergeurs nous donnent leurs points de vue et leurs avis.\" \/>\n<meta name=\"robots\" content=\"index, follow, max-snippet:-1, max-image-preview:large, max-video-preview:-1\" \/>\n<link rel=\"canonical\" href=\"https:\/\/gr10.org\/index.php\/reserver-ou-ne-pas-reserver-son-hebergement-sur-le-gr10\/\" \/>\n<meta property=\"og:locale\" content=\"fr_FR\" \/>\n<meta property=\"og:type\" content=\"article\" \/>\n<meta property=\"og:title\" content=\"R\u00e9server ou ne pas r\u00e9server son h\u00e9bergement sur le GR10 ?\" \/>\n<meta property=\"og:description\" content=\"R\u00e9server ou ne pas r\u00e9server son h\u00e9bergement sur le GR10 ? Les h\u00e9bergeurs nous donnent leurs points de vue et leurs avis.\" \/>\n<meta property=\"og:url\" content=\"https:\/\/gr10.org\/index.php\/reserver-ou-ne-pas-reserver-son-hebergement-sur-le-gr10\/\" \/>\n<meta property=\"og:site_name\" content=\"GR10 - La grande travers\u00e9e des Pyr\u00e9n\u00e9es\" \/>\n<meta property=\"article:modified_time\" content=\"2023-10-19T20:37:41+00:00\" \/>\n<meta property=\"og:image\" content=\"https:\/\/gr10.org\/wp-content\/uploads\/2022\/03\/111338974.jpg\" \/>\n\t<meta property=\"og:image:width\" content=\"800\" \/>\n\t<meta property=\"og:image:height\" content=\"600\" \/>\n\t<meta property=\"og:image:type\" content=\"image\/jpeg\" \/>\n<meta name=\"twitter:card\" content=\"summary_large_image\" \/>\n<meta name=\"twitter:label1\" content=\"Dur\u00e9e de lecture estim\u00e9e\" \/>\n\t<meta name=\"twitter:data1\" content=\"8 minutes\" \/>\n<script type=\"application\/ld+json\" class=\"yoast-schema-graph\">{\"@context\":\"https:\\\/\\\/schema.org\",\"@graph\":[{\"@type\":\"WebPage\",\"@id\":\"https:\\\/\\\/gr10.org\\\/index.php\\\/reserver-ou-ne-pas-reserver-son-hebergement-sur-le-gr10\\\/\",\"url\":\"https:\\\/\\\/gr10.org\\\/index.php\\\/reserver-ou-ne-pas-reserver-son-hebergement-sur-le-gr10\\\/\",\"name\":\"R\u00e9server ou ne pas r\u00e9server son h\u00e9bergement sur le GR10 ?\",\"isPartOf\":{\"@id\":\"https:\\\/\\\/gr10.org\\\/#website\"},\"primaryImageOfPage\":{\"@id\":\"https:\\\/\\\/gr10.org\\\/index.php\\\/reserver-ou-ne-pas-reserver-son-hebergement-sur-le-gr10\\\/#primaryimage\"},\"image\":{\"@id\":\"https:\\\/\\\/gr10.org\\\/index.php\\\/reserver-ou-ne-pas-reserver-son-hebergement-sur-le-gr10\\\/#primaryimage\"},\"thumbnailUrl\":\"https:\\\/\\\/gr10.org\\\/wp-content\\\/uploads\\\/2022\\\/03\\\/111338974.jpg\",\"datePublished\":\"2022-02-28T10:54:01+00:00\",\"dateModified\":\"2023-10-19T20:37:41+00:00\",\"description\":\"R\u00e9server ou ne pas r\u00e9server son h\u00e9bergement sur le GR10 ? Les h\u00e9bergeurs nous donnent leurs points de vue et leurs avis.\",\"breadcrumb\":{\"@id\":\"https:\\\/\\\/gr10.org\\\/index.php\\\/reserver-ou-ne-pas-reserver-son-hebergement-sur-le-gr10\\\/#breadcrumb\"},\"inLanguage\":\"fr-FR\",\"potentialAction\":[{\"@type\":\"ReadAction\",\"target\":[\"https:\\\/\\\/gr10.org\\\/index.php\\\/reserver-ou-ne-pas-reserver-son-hebergement-sur-le-gr10\\\/\"]}]},{\"@type\":\"ImageObject\",\"inLanguage\":\"fr-FR\",\"@id\":\"https:\\\/\\\/gr10.org\\\/index.php\\\/reserver-ou-ne-pas-reserver-son-hebergement-sur-le-gr10\\\/#primaryimage\",\"url\":\"https:\\\/\\\/gr10.org\\\/wp-content\\\/uploads\\\/2022\\\/03\\\/111338974.jpg\",\"contentUrl\":\"https:\\\/\\\/gr10.org\\\/wp-content\\\/uploads\\\/2022\\\/03\\\/111338974.jpg\",\"width\":800,\"height\":600,\"caption\":\"R\u00e9server ou ne pas r\u00e9server son h\u00e9bergement sur le GR10\"},{\"@type\":\"BreadcrumbList\",\"@id\":\"https:\\\/\\\/gr10.org\\\/index.php\\\/reserver-ou-ne-pas-reserver-son-hebergement-sur-le-gr10\\\/#breadcrumb\",\"itemListElement\":[{\"@type\":\"ListItem\",\"position\":1,\"name\":\"Accueil\",\"item\":\"https:\\\/\\\/gr10.org\\\/\"},{\"@type\":\"ListItem\",\"position\":2,\"name\":\"R\u00e9server ou ne pas r\u00e9server son h\u00e9bergement sur le GR10 ?\"}]},{\"@type\":\"WebSite\",\"@id\":\"https:\\\/\\\/gr10.org\\\/#website\",\"url\":\"https:\\\/\\\/gr10.org\\\/\",\"name\":\"GR10 - La grande travers\u00e9e des Pyr\u00e9n\u00e9es\",\"description\":\"La grande aventure de la travers\u00e9e des Pyr\u00e9n\u00e9es via le gr10, vous en avez r\u00eav\u00e9? Alors, faite-la! Ce site vous aidera \u00e0 r\u00e9aliser votre aventure.\",\"potentialAction\":[{\"@type\":\"SearchAction\",\"target\":{\"@type\":\"EntryPoint\",\"urlTemplate\":\"https:\\\/\\\/gr10.org\\\/?s={search_term_string}\"},\"query-input\":{\"@type\":\"PropertyValueSpecification\",\"valueRequired\":true,\"valueName\":\"search_term_string\"}}],\"inLanguage\":\"fr-FR\"}]}<\/script>\n<!-- \/ Yoast SEO plugin. -->","yoast_head_json":{"title":"R\u00e9server ou ne pas r\u00e9server son h\u00e9bergement sur le GR10 ?","description":"R\u00e9server ou ne pas r\u00e9server son h\u00e9bergement sur le GR10 ? Les h\u00e9bergeurs nous donnent leurs points de vue et leurs avis.","robots":{"index":"index","follow":"follow","max-snippet":"max-snippet:-1","max-image-preview":"max-image-preview:large","max-video-preview":"max-video-preview:-1"},"canonical":"https:\/\/gr10.org\/index.php\/reserver-ou-ne-pas-reserver-son-hebergement-sur-le-gr10\/","og_locale":"fr_FR","og_type":"article","og_title":"R\u00e9server ou ne pas r\u00e9server son h\u00e9bergement sur le GR10 ?","og_description":"R\u00e9server ou ne pas r\u00e9server son h\u00e9bergement sur le GR10 ? Les h\u00e9bergeurs nous donnent leurs points de vue et leurs avis.","og_url":"https:\/\/gr10.org\/index.php\/reserver-ou-ne-pas-reserver-son-hebergement-sur-le-gr10\/","og_site_name":"GR10 - La grande travers\u00e9e des Pyr\u00e9n\u00e9es","article_modified_time":"2023-10-19T20:37:41+00:00","og_image":[{"width":800,"height":600,"url":"https:\/\/gr10.org\/wp-content\/uploads\/2022\/03\/111338974.jpg","type":"image\/jpeg"}],"twitter_card":"summary_large_image","twitter_misc":{"Dur\u00e9e de lecture estim\u00e9e":"8 minutes"},"schema":{"@context":"https:\/\/schema.org","@graph":[{"@type":"WebPage","@id":"https:\/\/gr10.org\/index.php\/reserver-ou-ne-pas-reserver-son-hebergement-sur-le-gr10\/","url":"https:\/\/gr10.org\/index.php\/reserver-ou-ne-pas-reserver-son-hebergement-sur-le-gr10\/","name":"R\u00e9server ou ne pas r\u00e9server son h\u00e9bergement sur le GR10 ?","isPartOf":{"@id":"https:\/\/gr10.org\/#website"},"primaryImageOfPage":{"@id":"https:\/\/gr10.org\/index.php\/reserver-ou-ne-pas-reserver-son-hebergement-sur-le-gr10\/#primaryimage"},"image":{"@id":"https:\/\/gr10.org\/index.php\/reserver-ou-ne-pas-reserver-son-hebergement-sur-le-gr10\/#primaryimage"},"thumbnailUrl":"https:\/\/gr10.org\/wp-content\/uploads\/2022\/03\/111338974.jpg","datePublished":"2022-02-28T10:54:01+00:00","dateModified":"2023-10-19T20:37:41+00:00","description":"R\u00e9server ou ne pas r\u00e9server son h\u00e9bergement sur le GR10 ? Les h\u00e9bergeurs nous donnent leurs points de vue et leurs avis.","breadcrumb":{"@id":"https:\/\/gr10.org\/index.php\/reserver-ou-ne-pas-reserver-son-hebergement-sur-le-gr10\/#breadcrumb"},"inLanguage":"fr-FR","potentialAction":[{"@type":"ReadAction","target":["https:\/\/gr10.org\/index.php\/reserver-ou-ne-pas-reserver-son-hebergement-sur-le-gr10\/"]}]},{"@type":"ImageObject","inLanguage":"fr-FR","@id":"https:\/\/gr10.org\/index.php\/reserver-ou-ne-pas-reserver-son-hebergement-sur-le-gr10\/#primaryimage","url":"https:\/\/gr10.org\/wp-content\/uploads\/2022\/03\/111338974.jpg","contentUrl":"https:\/\/gr10.org\/wp-content\/uploads\/2022\/03\/111338974.jpg","width":800,"height":600,"caption":"R\u00e9server ou ne pas r\u00e9server son h\u00e9bergement sur le GR10"},{"@type":"BreadcrumbList","@id":"https:\/\/gr10.org\/index.php\/reserver-ou-ne-pas-reserver-son-hebergement-sur-le-gr10\/#breadcrumb","itemListElement":[{"@type":"ListItem","position":1,"name":"Accueil","item":"https:\/\/gr10.org\/"},{"@type":"ListItem","position":2,"name":"R\u00e9server ou ne pas r\u00e9server son h\u00e9bergement sur le GR10 ?"}]},{"@type":"WebSite","@id":"https:\/\/gr10.org\/#website","url":"https:\/\/gr10.org\/","name":"GR10 - La grande travers\u00e9e des Pyr\u00e9n\u00e9es","description":"La grande aventure de la travers\u00e9e des Pyr\u00e9n\u00e9es via le gr10, vous en avez r\u00eav\u00e9? Alors, faite-la! Ce site vous aidera \u00e0 r\u00e9aliser votre aventure.","potentialAction":[{"@type":"SearchAction","target":{"@type":"EntryPoint","urlTemplate":"https:\/\/gr10.org\/?s={search_term_string}"},"query-input":{"@type":"PropertyValueSpecification","valueRequired":true,"valueName":"search_term_string"}}],"inLanguage":"fr-FR"}]}},"_links":{"self":[{"href":"https:\/\/gr10.org\/index.php\/wp-json\/wp\/v2\/pages\/3083","targetHints":{"allow":["GET"]}}],"collection":[{"href":"https:\/\/gr10.org\/index.php\/wp-json\/wp\/v2\/pages"}],"about":[{"href":"https:\/\/gr10.org\/index.php\/wp-json\/wp\/v2\/types\/page"}],"author":[{"embeddable":true,"href":"https:\/\/gr10.org\/index.php\/wp-json\/wp\/v2\/users\/3"}],"replies":[{"embeddable":true,"href":"https:\/\/gr10.org\/index.php\/wp-json\/wp\/v2\/comments?post=3083"}],"version-history":[{"count":33,"href":"https:\/\/gr10.org\/index.php\/wp-json\/wp\/v2\/pages\/3083\/revisions"}],"predecessor-version":[{"id":7043,"href":"https:\/\/gr10.org\/index.php\/wp-json\/wp\/v2\/pages\/3083\/revisions\/7043"}],"wp:featuredmedia":[{"embeddable":true,"href":"https:\/\/gr10.org\/index.php\/wp-json\/wp\/v2\/media\/3084"}],"wp:attachment":[{"href":"https:\/\/gr10.org\/index.php\/wp-json\/wp\/v2\/media?parent=3083"}],"wp:term":[{"taxonomy":"category","embeddable":true,"href":"https:\/\/gr10.org\/index.php\/wp-json\/wp\/v2\/categories?post=3083"},{"taxonomy":"post_tag","embeddable":true,"href":"https:\/\/gr10.org\/index.php\/wp-json\/wp\/v2\/tags?post=3083"}],"curies":[{"name":"wp","href":"https:\/\/api.w.org\/{rel}","templated":true}]}}