{"id":4756,"date":"2022-03-13T10:32:13","date_gmt":"2022-03-13T09:32:13","guid":{"rendered":"https:\/\/gr10.org\/?page_id=4756"},"modified":"2022-03-23T23:12:32","modified_gmt":"2022-03-23T22:12:32","slug":"recit-gr10-fabien-merchat-une-traversee-en-18-jours","status":"publish","type":"page","link":"https:\/\/gr10.org\/index.php\/recit-gr10-fabien-merchat-une-traversee-en-18-jours\/","title":{"rendered":"Fabien Merchat, une travers\u00e9e en 18 jours"},"content":{"rendered":"\t\t<div data-elementor-type=\"wp-page\" data-elementor-id=\"4756\" class=\"elementor elementor-4756\" data-elementor-post-type=\"page\">\n\t\t\t\t\t\t<section class=\"elementor-section elementor-top-section elementor-element elementor-element-356a894 elementor-section-boxed elementor-section-height-default elementor-section-height-default\" data-id=\"356a894\" data-element_type=\"section\" data-e-type=\"section\" data-settings=\"{&quot;background_background&quot;:&quot;classic&quot;}\">\n\t\t\t\t\t\t<div class=\"elementor-container elementor-column-gap-default\">\n\t\t\t\t\t<div class=\"elementor-column elementor-col-100 elementor-top-column elementor-element elementor-element-8abfc88\" data-id=\"8abfc88\" data-element_type=\"column\" data-e-type=\"column\" data-settings=\"{&quot;background_background&quot;:&quot;classic&quot;}\">\n\t\t\t<div class=\"elementor-widget-wrap elementor-element-populated\">\n\t\t\t\t\t\t<section class=\"elementor-section elementor-inner-section elementor-element elementor-element-3463491 elementor-section-full_width elementor-section-content-middle elementor-section-height-default elementor-section-height-default\" data-id=\"3463491\" data-element_type=\"section\" data-e-type=\"section\">\n\t\t\t\t\t\t<div class=\"elementor-container elementor-column-gap-default\">\n\t\t\t\t\t<div class=\"elementor-column elementor-col-50 elementor-inner-column elementor-element elementor-element-120db35\" data-id=\"120db35\" data-element_type=\"column\" data-e-type=\"column\">\n\t\t\t<div class=\"elementor-widget-wrap elementor-element-populated\">\n\t\t\t\t\t\t<div class=\"elementor-element elementor-element-52127ae elementor-widget elementor-widget-image\" data-id=\"52127ae\" data-element_type=\"widget\" data-e-type=\"widget\" data-widget_type=\"image.default\">\n\t\t\t\t<div class=\"elementor-widget-container\">\n\t\t\t\t\t\t\t\t\t\t\t\t\t\t\t<img fetchpriority=\"high\" decoding=\"async\" width=\"450\" height=\"800\" src=\"https:\/\/gr10.org\/wp-content\/uploads\/2022\/03\/Fabien-Merchat.jpg\" class=\"attachment-large size-large wp-image-3998\" alt=\"R\u00e9cit GR10 Fabien Merchat\" srcset=\"https:\/\/gr10.org\/wp-content\/uploads\/2022\/03\/Fabien-Merchat.jpg 450w, https:\/\/gr10.org\/wp-content\/uploads\/2022\/03\/Fabien-Merchat-169x300.jpg 169w\" sizes=\"(max-width: 450px) 100vw, 450px\" \/>\t\t\t\t\t\t\t\t\t\t\t\t\t\t\t<\/div>\n\t\t\t\t<\/div>\n\t\t\t\t\t<\/div>\n\t\t<\/div>\n\t\t\t\t<div class=\"elementor-column elementor-col-50 elementor-inner-column elementor-element elementor-element-61afb24\" data-id=\"61afb24\" data-element_type=\"column\" data-e-type=\"column\">\n\t\t\t<div class=\"elementor-widget-wrap elementor-element-populated\">\n\t\t\t\t\t\t<div class=\"elementor-element elementor-element-3c1a341 elementor-widget elementor-widget-heading\" data-id=\"3c1a341\" data-element_type=\"widget\" data-e-type=\"widget\" data-widget_type=\"heading.default\">\n\t\t\t\t<div class=\"elementor-widget-container\">\n\t\t\t\t\t<h1 class=\"elementor-heading-title elementor-size-default\">Fabien Merchat, une travers\u00e9e en 18 jours<\/h1>\t\t\t\t<\/div>\n\t\t\t\t<\/div>\n\t\t\t\t<div class=\"elementor-element elementor-element-2a8632e elementor-widget elementor-widget-text-editor\" data-id=\"2a8632e\" data-element_type=\"widget\" data-e-type=\"widget\" data-widget_type=\"text-editor.default\">\n\t\t\t\t<div class=\"elementor-widget-container\">\n\t\t\t\t\t\t\t\t\t<p>R\u00e9cit GR10. \u00ab\u00a0Fabien Merchat vient de traverser les Pyr\u00e9n\u00e9es par le gr10 entre Hendaye et Banyuls en 18 jours seulement, pour 900kms et 50.000m de d\u00e9nivel\u00e9 + ou -. Il a r\u00e9alis\u00e9 une tr\u00e8s belle performance et nous te f\u00e9licitons et le remercions pour les nombreux partages de photos et autres commentaires sur internet dans les <a href=\"https:\/\/www.facebook.com\/gr10.fr\" target=\"_blank\" rel=\"noopener\">r\u00e9seaux sociaux<\/a>.\u00a0\u00bb<\/p>\t\t\t\t\t\t\t\t<\/div>\n\t\t\t\t<\/div>\n\t\t\t\t\t<\/div>\n\t\t<\/div>\n\t\t\t\t\t<\/div>\n\t\t<\/section>\n\t\t\t\t<section class=\"elementor-section elementor-inner-section elementor-element elementor-element-d9af599 elementor-section-full_width elementor-section-content-middle elementor-section-height-default elementor-section-height-default\" data-id=\"d9af599\" data-element_type=\"section\" data-e-type=\"section\">\n\t\t\t\t\t\t<div class=\"elementor-container elementor-column-gap-default\">\n\t\t\t\t\t<div class=\"elementor-column elementor-col-50 elementor-inner-column elementor-element elementor-element-79e3431 elementor-hidden-mobile\" data-id=\"79e3431\" data-element_type=\"column\" data-e-type=\"column\">\n\t\t\t<div class=\"elementor-widget-wrap\">\n\t\t\t\t\t\t\t<\/div>\n\t\t<\/div>\n\t\t\t\t<div class=\"elementor-column elementor-col-50 elementor-inner-column elementor-element elementor-element-4b7dcbd\" data-id=\"4b7dcbd\" data-element_type=\"column\" data-e-type=\"column\">\n\t\t\t<div class=\"elementor-widget-wrap elementor-element-populated\">\n\t\t\t\t\t\t<div class=\"elementor-element elementor-element-dd969fd elementor-widget elementor-widget-text-editor\" data-id=\"dd969fd\" data-element_type=\"widget\" data-e-type=\"widget\" data-widget_type=\"text-editor.default\">\n\t\t\t\t<div class=\"elementor-widget-container\">\n\t\t\t\t\t\t\t\t\t<p><strong>Eric CHAIGNEAU : Bonjour Fabien, quel \u00e2ge as-tu et o\u00f9 habites-tu?<\/strong><\/p>\t\t\t\t\t\t\t\t<\/div>\n\t\t\t\t<\/div>\n\t\t\t\t<div class=\"elementor-element elementor-element-0fbb513 elementor-widget elementor-widget-text-editor\" data-id=\"0fbb513\" data-element_type=\"widget\" data-e-type=\"widget\" data-widget_type=\"text-editor.default\">\n\t\t\t\t<div class=\"elementor-widget-container\">\n\t\t\t\t\t\t\t\t\t<p>Fabien MERCHAT : \u00ab\u00a0J&rsquo;ai eu 40 ans pendant ma travers\u00e9e en juillet 2015. Je vis en Ard\u00e8che &#8230;\u00a0\u00bb<\/p>\t\t\t\t\t\t\t\t<\/div>\n\t\t\t\t<\/div>\n\t\t\t\t\t<\/div>\n\t\t<\/div>\n\t\t\t\t\t<\/div>\n\t\t<\/section>\n\t\t\t\t<section class=\"elementor-section elementor-inner-section elementor-element elementor-element-1050b38 elementor-section-full_width elementor-section-content-middle elementor-section-height-default elementor-section-height-default\" data-id=\"1050b38\" data-element_type=\"section\" data-e-type=\"section\">\n\t\t\t\t\t\t<div class=\"elementor-container elementor-column-gap-default\">\n\t\t\t\t\t<div class=\"elementor-column elementor-col-50 elementor-inner-column elementor-element elementor-element-71d830d elementor-hidden-mobile\" data-id=\"71d830d\" data-element_type=\"column\" data-e-type=\"column\">\n\t\t\t<div class=\"elementor-widget-wrap\">\n\t\t\t\t\t\t\t<\/div>\n\t\t<\/div>\n\t\t\t\t<div class=\"elementor-column elementor-col-50 elementor-inner-column elementor-element elementor-element-49081c5\" data-id=\"49081c5\" data-element_type=\"column\" data-e-type=\"column\">\n\t\t\t<div class=\"elementor-widget-wrap elementor-element-populated\">\n\t\t\t\t\t\t<div class=\"elementor-element elementor-element-44fb3cf elementor-widget elementor-widget-text-editor\" data-id=\"44fb3cf\" data-element_type=\"widget\" data-e-type=\"widget\" data-widget_type=\"text-editor.default\">\n\t\t\t\t<div class=\"elementor-widget-container\">\n\t\t\t\t\t\t\t\t\t<p><strong>Comment ce projet est-il n\u00e9 dans ton esprit? Pourquoi le gr10?<\/strong><\/p>\t\t\t\t\t\t\t\t<\/div>\n\t\t\t\t<\/div>\n\t\t\t\t<div class=\"elementor-element elementor-element-32b2f27 elementor-widget elementor-widget-text-editor\" data-id=\"32b2f27\" data-element_type=\"widget\" data-e-type=\"widget\" data-widget_type=\"text-editor.default\">\n\t\t\t\t<div class=\"elementor-widget-container\">\n\t\t\t\t\t\t\t\t\t<p>\u00ab\u00a0J&rsquo;aime les Pyr\u00e9n\u00e9es, pour leur c\u00f4t\u00e9 sauvage, authentique &#8230; j&rsquo;avais d\u00e9j\u00e0 effectu\u00e9 la travers\u00e9e en v\u00e9lo sur la route (en 2012). Faisant du Trail, j&rsquo;ai eu ensuite envie de faire la travers\u00e9e \u00e0 pied. Au d\u00e9but de ma pr\u00e9paration, j&rsquo;avais imagin\u00e9 un parcours qui \u00e9tait un mix entre le gr10 et la HRP, puis finalement j&rsquo;ai suivi le trac\u00e9 \u00ab\u00a0officiel\u00a0\u00bb du gr10. Je crois d&rsquo;ailleurs que j&rsquo;aurais gal\u00e9r\u00e9 davantage si j&rsquo;\u00e9tais parti sur le parcours trac\u00e9 \u00e0 l&rsquo;origine.\u00a0\u00bb<\/p>\t\t\t\t\t\t\t\t<\/div>\n\t\t\t\t<\/div>\n\t\t\t\t\t<\/div>\n\t\t<\/div>\n\t\t\t\t\t<\/div>\n\t\t<\/section>\n\t\t\t\t<section class=\"elementor-section elementor-inner-section elementor-element elementor-element-4e92987 elementor-section-full_width elementor-section-content-middle elementor-section-height-default elementor-section-height-default\" data-id=\"4e92987\" data-element_type=\"section\" data-e-type=\"section\">\n\t\t\t\t\t\t<div class=\"elementor-container elementor-column-gap-default\">\n\t\t\t\t\t<div class=\"elementor-column elementor-col-50 elementor-inner-column elementor-element elementor-element-9a3abdc elementor-hidden-mobile\" data-id=\"9a3abdc\" data-element_type=\"column\" data-e-type=\"column\">\n\t\t\t<div class=\"elementor-widget-wrap\">\n\t\t\t\t\t\t\t<\/div>\n\t\t<\/div>\n\t\t\t\t<div class=\"elementor-column elementor-col-50 elementor-inner-column elementor-element elementor-element-056bafa\" data-id=\"056bafa\" data-element_type=\"column\" data-e-type=\"column\">\n\t\t\t<div class=\"elementor-widget-wrap elementor-element-populated\">\n\t\t\t\t\t\t<div class=\"elementor-element elementor-element-9898900 elementor-widget elementor-widget-text-editor\" data-id=\"9898900\" data-element_type=\"widget\" data-e-type=\"widget\" data-widget_type=\"text-editor.default\">\n\t\t\t\t<div class=\"elementor-widget-container\">\n\t\t\t\t\t\t\t\t\t<p><strong>Quel est ton niveau sportif? Quelles types de courses pratiques-tu g\u00e9n\u00e9ralement? Quels sont tes r\u00e9sultats sportifs en comp\u00e9tition?<\/strong><\/p>\t\t\t\t\t\t\t\t<\/div>\n\t\t\t\t<\/div>\n\t\t\t\t<div class=\"elementor-element elementor-element-872bd23 elementor-widget elementor-widget-text-editor\" data-id=\"872bd23\" data-element_type=\"widget\" data-e-type=\"widget\" data-widget_type=\"text-editor.default\">\n\t\t\t\t<div class=\"elementor-widget-container\">\n\t\t\t\t\t\t\t\t\t<p>\u00ab\u00a0J&rsquo;ai un bon niveau sur les trails courts (20-30km) avec des victoires sur le trail court du Ventoux, au Phoebus trail de Gruissan, au trail de Mirmande chez mes voisins de la Drome. En g\u00e9n\u00e9ral, je m&rsquo;aligne plut\u00f4t sur ce genre de trail (20-30km) mais je suis tr\u00e8s attir\u00e9 par les longues distances m\u00eame si j&rsquo;y suis beaucoup moins performants. Le long, c&rsquo;est pour moi une \u00e9preuve personnelle, un combat contre soi-m\u00eame, pas contre les autres coureurs.\u00a0\u00bb<\/p>\t\t\t\t\t\t\t\t<\/div>\n\t\t\t\t<\/div>\n\t\t\t\t\t<\/div>\n\t\t<\/div>\n\t\t\t\t\t<\/div>\n\t\t<\/section>\n\t\t\t\t<section class=\"elementor-section elementor-inner-section elementor-element elementor-element-d3e1299 elementor-section-full_width elementor-section-content-middle elementor-section-height-default elementor-section-height-default\" data-id=\"d3e1299\" data-element_type=\"section\" data-e-type=\"section\">\n\t\t\t\t\t\t<div class=\"elementor-container elementor-column-gap-default\">\n\t\t\t\t\t<div class=\"elementor-column elementor-col-50 elementor-inner-column elementor-element elementor-element-2dcd8cf elementor-hidden-mobile\" data-id=\"2dcd8cf\" data-element_type=\"column\" data-e-type=\"column\">\n\t\t\t<div class=\"elementor-widget-wrap\">\n\t\t\t\t\t\t\t<\/div>\n\t\t<\/div>\n\t\t\t\t<div class=\"elementor-column elementor-col-50 elementor-inner-column elementor-element elementor-element-56638f5\" data-id=\"56638f5\" data-element_type=\"column\" data-e-type=\"column\">\n\t\t\t<div class=\"elementor-widget-wrap elementor-element-populated\">\n\t\t\t\t\t\t<div class=\"elementor-element elementor-element-a884dfa elementor-widget elementor-widget-text-editor\" data-id=\"a884dfa\" data-element_type=\"widget\" data-e-type=\"widget\" data-widget_type=\"text-editor.default\">\n\t\t\t\t<div class=\"elementor-widget-container\">\n\t\t\t\t\t\t\t\t\t<p><strong>Quelle est la plus longue course \u00e0 laquelle tu as particip\u00e9e avant de partir sur le gr10?<\/strong><\/p>\t\t\t\t\t\t\t\t<\/div>\n\t\t\t\t<\/div>\n\t\t\t\t<div class=\"elementor-element elementor-element-4c39eb6 elementor-widget elementor-widget-text-editor\" data-id=\"4c39eb6\" data-element_type=\"widget\" data-e-type=\"widget\" data-widget_type=\"text-editor.default\">\n\t\t\t\t<div class=\"elementor-widget-container\">\n\t\t\t\t\t\t\t\t\t<p>\u00ab\u00a0Les 80km du Mont Blanc que j&rsquo;ai fait 2 fois (en 2015 et en 2013), une superbe \u00e9preuve qui a lieu fin juin \u00e0 Chamonix.\u00a0\u00bb<\/p>\t\t\t\t\t\t\t\t<\/div>\n\t\t\t\t<\/div>\n\t\t\t\t\t<\/div>\n\t\t<\/div>\n\t\t\t\t\t<\/div>\n\t\t<\/section>\n\t\t\t\t<section class=\"elementor-section elementor-inner-section elementor-element elementor-element-4c27440 elementor-section-full_width elementor-section-content-middle elementor-section-height-default elementor-section-height-default\" data-id=\"4c27440\" data-element_type=\"section\" data-e-type=\"section\">\n\t\t\t\t\t\t<div class=\"elementor-container elementor-column-gap-default\">\n\t\t\t\t\t<div class=\"elementor-column elementor-col-50 elementor-inner-column elementor-element elementor-element-fa36de2 elementor-hidden-mobile\" data-id=\"fa36de2\" data-element_type=\"column\" data-e-type=\"column\">\n\t\t\t<div class=\"elementor-widget-wrap\">\n\t\t\t\t\t\t\t<\/div>\n\t\t<\/div>\n\t\t\t\t<div class=\"elementor-column elementor-col-50 elementor-inner-column elementor-element elementor-element-74c3118\" data-id=\"74c3118\" data-element_type=\"column\" data-e-type=\"column\">\n\t\t\t<div class=\"elementor-widget-wrap elementor-element-populated\">\n\t\t\t\t\t\t<div class=\"elementor-element elementor-element-7ddb29e elementor-widget elementor-widget-text-editor\" data-id=\"7ddb29e\" data-element_type=\"widget\" data-e-type=\"widget\" data-widget_type=\"text-editor.default\">\n\t\t\t\t<div class=\"elementor-widget-container\">\n\t\t\t\t\t\t\t\t\t<p><strong>T&rsquo;\u00e9tais-tu donn\u00e9 un temps d\u00e9termin\u00e9 avant de partir?<\/strong><\/p>\t\t\t\t\t\t\t\t<\/div>\n\t\t\t\t<\/div>\n\t\t\t\t<div class=\"elementor-element elementor-element-219bd45 elementor-widget elementor-widget-text-editor\" data-id=\"219bd45\" data-element_type=\"widget\" data-e-type=\"widget\" data-widget_type=\"text-editor.default\">\n\t\t\t\t<div class=\"elementor-widget-container\">\n\t\t\t\t\t\t\t\t\t<p>\u00ab\u00a0J&rsquo;\u00e9tais parti sur une base de 20 jours mais sans aucune pression de \u00ab r\u00e9sultat \u00bb.\u00a0\u00bb<\/p>\t\t\t\t\t\t\t\t<\/div>\n\t\t\t\t<\/div>\n\t\t\t\t\t<\/div>\n\t\t<\/div>\n\t\t\t\t\t<\/div>\n\t\t<\/section>\n\t\t\t\t<section class=\"elementor-section elementor-inner-section elementor-element elementor-element-f986074 elementor-section-full_width elementor-section-content-middle elementor-section-height-default elementor-section-height-default\" data-id=\"f986074\" data-element_type=\"section\" data-e-type=\"section\">\n\t\t\t\t\t\t<div class=\"elementor-container elementor-column-gap-default\">\n\t\t\t\t\t<div class=\"elementor-column elementor-col-50 elementor-inner-column elementor-element elementor-element-4595093 elementor-hidden-mobile\" data-id=\"4595093\" data-element_type=\"column\" data-e-type=\"column\">\n\t\t\t<div class=\"elementor-widget-wrap\">\n\t\t\t\t\t\t\t<\/div>\n\t\t<\/div>\n\t\t\t\t<div class=\"elementor-column elementor-col-50 elementor-inner-column elementor-element elementor-element-7342499\" data-id=\"7342499\" data-element_type=\"column\" data-e-type=\"column\">\n\t\t\t<div class=\"elementor-widget-wrap elementor-element-populated\">\n\t\t\t\t\t\t<div class=\"elementor-element elementor-element-ec7589b elementor-widget elementor-widget-text-editor\" data-id=\"ec7589b\" data-element_type=\"widget\" data-e-type=\"widget\" data-widget_type=\"text-editor.default\">\n\t\t\t\t<div class=\"elementor-widget-container\">\n\t\t\t\t\t\t\t\t\t<p><strong>As-tu suivi une pr\u00e9paration physique particuli\u00e8re en vue de cette \u00e9preuve?<\/strong><\/p>\t\t\t\t\t\t\t\t<\/div>\n\t\t\t\t<\/div>\n\t\t\t\t<div class=\"elementor-element elementor-element-6ee757e elementor-widget elementor-widget-text-editor\" data-id=\"6ee757e\" data-element_type=\"widget\" data-e-type=\"widget\" data-widget_type=\"text-editor.default\">\n\t\t\t\t<div class=\"elementor-widget-container\">\n\t\t\t\t\t\t\t\t\t<p>\u00ab\u00a0Non aucune, seulement mon entrainement de course \u00e0 pied (5-6 s\u00e9ances par semaine+v\u00e9lo)&#8230;. il me semblait que \u00e7a pouvait suffire.\u00a0\u00bb<\/p>\t\t\t\t\t\t\t\t<\/div>\n\t\t\t\t<\/div>\n\t\t\t\t\t<\/div>\n\t\t<\/div>\n\t\t\t\t\t<\/div>\n\t\t<\/section>\n\t\t\t\t<section class=\"elementor-section elementor-inner-section elementor-element elementor-element-fb627ef elementor-section-full_width elementor-section-content-middle elementor-section-height-default elementor-section-height-default\" data-id=\"fb627ef\" data-element_type=\"section\" data-e-type=\"section\">\n\t\t\t\t\t\t<div class=\"elementor-container elementor-column-gap-default\">\n\t\t\t\t\t<div class=\"elementor-column elementor-col-50 elementor-inner-column elementor-element elementor-element-c63b2ea elementor-hidden-mobile\" data-id=\"c63b2ea\" data-element_type=\"column\" data-e-type=\"column\">\n\t\t\t<div class=\"elementor-widget-wrap\">\n\t\t\t\t\t\t\t<\/div>\n\t\t<\/div>\n\t\t\t\t<div class=\"elementor-column elementor-col-50 elementor-inner-column elementor-element elementor-element-db3935c\" data-id=\"db3935c\" data-element_type=\"column\" data-e-type=\"column\">\n\t\t\t<div class=\"elementor-widget-wrap elementor-element-populated\">\n\t\t\t\t\t\t<div class=\"elementor-element elementor-element-07fb723 elementor-widget elementor-widget-text-editor\" data-id=\"07fb723\" data-element_type=\"widget\" data-e-type=\"widget\" data-widget_type=\"text-editor.default\">\n\t\t\t\t<div class=\"elementor-widget-container\">\n\t\t\t\t\t\t\t\t\t<p><b>A ce jour et apr\u00e8s avoir travers\u00e9 les Pyr\u00e9n\u00e9es en grande itin\u00e9rance et ayant une bonne exp\u00e9rience en trail, te sens-tu plus coureur-nature (traileur) ou rando-raideur-itin\u00e9rant (through-hiker)?<\/b><\/p>\t\t\t\t\t\t\t\t<\/div>\n\t\t\t\t<\/div>\n\t\t\t\t<div class=\"elementor-element elementor-element-7e0b3d4 elementor-widget elementor-widget-text-editor\" data-id=\"7e0b3d4\" data-element_type=\"widget\" data-e-type=\"widget\" data-widget_type=\"text-editor.default\">\n\t\t\t\t<div class=\"elementor-widget-container\">\n\t\t\t\t\t\t\t\t\t<p>\u00ab\u00a0J&rsquo;aime la comp\u00e9tition, donc je dirais que je me sens plus coureur nature. La rando-raid, c\u2019est plus un loisir pour moi, j\u2019ai voulu vivre cette exp\u00e9rience seul pour me retrouver face \u00e0 moi-m\u00eame. Le fait de faire la travers\u00e9e en mode acc\u00e9l\u00e9r\u00e9 permet de voir chaque jour une multitude de choses diff\u00e9rentes, c\u2019est plus concentr\u00e9. Par contre, il est \u00e9vident que l\u2019on profite moins de certains instants. Je pense que je ne referais plus cela seul et en mode \u00ab rapide \u00bb.\u00a0\u00bb<\/p>\t\t\t\t\t\t\t\t<\/div>\n\t\t\t\t<\/div>\n\t\t\t\t\t<\/div>\n\t\t<\/div>\n\t\t\t\t\t<\/div>\n\t\t<\/section>\n\t\t\t\t<section class=\"elementor-section elementor-inner-section elementor-element elementor-element-07d8c2f elementor-section-full_width elementor-section-content-middle elementor-section-height-default elementor-section-height-default\" data-id=\"07d8c2f\" data-element_type=\"section\" data-e-type=\"section\">\n\t\t\t\t\t\t<div class=\"elementor-container elementor-column-gap-default\">\n\t\t\t\t\t<div class=\"elementor-column elementor-col-50 elementor-inner-column elementor-element elementor-element-1f86aac elementor-hidden-mobile\" data-id=\"1f86aac\" data-element_type=\"column\" data-e-type=\"column\">\n\t\t\t<div class=\"elementor-widget-wrap\">\n\t\t\t\t\t\t\t<\/div>\n\t\t<\/div>\n\t\t\t\t<div class=\"elementor-column elementor-col-50 elementor-inner-column elementor-element elementor-element-c6f86fb\" data-id=\"c6f86fb\" data-element_type=\"column\" data-e-type=\"column\">\n\t\t\t<div class=\"elementor-widget-wrap elementor-element-populated\">\n\t\t\t\t\t\t<div class=\"elementor-element elementor-element-20a579f elementor-widget elementor-widget-text-editor\" data-id=\"20a579f\" data-element_type=\"widget\" data-e-type=\"widget\" data-widget_type=\"text-editor.default\">\n\t\t\t\t<div class=\"elementor-widget-container\">\n\t\t\t\t\t\t\t\t\t<p><strong>Penses-tu avoir \u00ab\u00a0perdu\u00a0\u00bb du temps lors de cette travers\u00e9e? et penses-tu qu&rsquo;il t&rsquo;aurait \u00e9t\u00e9 possible de pouvoir faire mieux que 18 jours?<\/strong><\/p>\t\t\t\t\t\t\t\t<\/div>\n\t\t\t\t<\/div>\n\t\t\t\t<div class=\"elementor-element elementor-element-15b24be elementor-widget elementor-widget-text-editor\" data-id=\"15b24be\" data-element_type=\"widget\" data-e-type=\"widget\" data-widget_type=\"text-editor.default\">\n\t\t\t\t<div class=\"elementor-widget-container\">\n\t\t\t\t\t\t\t\t\t<p>\u00ab\u00a0Oui j&rsquo;ai \u00ab perdu \u00bb du temps: en m&rsquo;\u00e9garant parfois, en prenant plus de 1000 photos aussi, en m\u2019arr\u00eatant assez \u00ab\u00a0t\u00f4t\u00a0\u00bb le soir (vers 18h-19h en g\u00e9n\u00e9ral). Je me suis arr\u00eat\u00e9 une fois \u00e0 20h30 et une autre \u00e0 21h30 sinon, c&rsquo;\u00e9tait 18h-19h. Donc, j&rsquo;aurais pu mettre moins de 18 jours, 17 facilement en marchant un peu plus juste sur les 3 derniers jours. Pour terminer, 15 jours \u00e9tait, je pense pour moi, r\u00e9alisable cette ann\u00e9e.\u00a0\u00bb<\/p>\t\t\t\t\t\t\t\t<\/div>\n\t\t\t\t<\/div>\n\t\t\t\t\t<\/div>\n\t\t<\/div>\n\t\t\t\t\t<\/div>\n\t\t<\/section>\n\t\t\t\t<section class=\"elementor-section elementor-inner-section elementor-element elementor-element-d584f9c elementor-section-full_width elementor-section-content-middle elementor-section-height-default elementor-section-height-default\" data-id=\"d584f9c\" data-element_type=\"section\" data-e-type=\"section\">\n\t\t\t\t\t\t<div class=\"elementor-container elementor-column-gap-default\">\n\t\t\t\t\t<div class=\"elementor-column elementor-col-50 elementor-inner-column elementor-element elementor-element-ac60b0d elementor-hidden-mobile\" data-id=\"ac60b0d\" data-element_type=\"column\" data-e-type=\"column\">\n\t\t\t<div class=\"elementor-widget-wrap\">\n\t\t\t\t\t\t\t<\/div>\n\t\t<\/div>\n\t\t\t\t<div class=\"elementor-column elementor-col-50 elementor-inner-column elementor-element elementor-element-44fae07\" data-id=\"44fae07\" data-element_type=\"column\" data-e-type=\"column\">\n\t\t\t<div class=\"elementor-widget-wrap elementor-element-populated\">\n\t\t\t\t\t\t<div class=\"elementor-element elementor-element-f2a6b03 elementor-widget elementor-widget-text-editor\" data-id=\"f2a6b03\" data-element_type=\"widget\" data-e-type=\"widget\" data-widget_type=\"text-editor.default\">\n\t\t\t\t<div class=\"elementor-widget-container\">\n\t\t\t\t\t\t\t\t\t<p><strong>La m\u00e9t\u00e9o a-t-elle \u00e9t\u00e9 d\u00e9cisive quant au respect de ce temps?<\/strong><\/p>\t\t\t\t\t\t\t\t<\/div>\n\t\t\t\t<\/div>\n\t\t\t\t<div class=\"elementor-element elementor-element-3e47cb1 elementor-widget elementor-widget-text-editor\" data-id=\"3e47cb1\" data-element_type=\"widget\" data-e-type=\"widget\" data-widget_type=\"text-editor.default\">\n\t\t\t\t<div class=\"elementor-widget-container\">\n\t\t\t\t\t\t\t\t\t<p>\u00ab\u00a0Absolument d\u00e9cisive et d\u00e9terminante. j&rsquo;ai eu beaucoup de chance cette ann\u00e9e avec une m\u00e9t\u00e9o quasi parfaite.\u00a0\u00bb<\/p>\t\t\t\t\t\t\t\t<\/div>\n\t\t\t\t<\/div>\n\t\t\t\t\t<\/div>\n\t\t<\/div>\n\t\t\t\t\t<\/div>\n\t\t<\/section>\n\t\t\t\t<section class=\"elementor-section elementor-inner-section elementor-element elementor-element-f979a66 elementor-section-full_width elementor-section-content-middle elementor-section-height-default elementor-section-height-default\" data-id=\"f979a66\" data-element_type=\"section\" data-e-type=\"section\">\n\t\t\t\t\t\t<div class=\"elementor-container elementor-column-gap-default\">\n\t\t\t\t\t<div class=\"elementor-column elementor-col-50 elementor-inner-column elementor-element elementor-element-390337f elementor-hidden-mobile\" data-id=\"390337f\" data-element_type=\"column\" data-e-type=\"column\">\n\t\t\t<div class=\"elementor-widget-wrap\">\n\t\t\t\t\t\t\t<\/div>\n\t\t<\/div>\n\t\t\t\t<div class=\"elementor-column elementor-col-50 elementor-inner-column elementor-element elementor-element-e8c53c5\" data-id=\"e8c53c5\" data-element_type=\"column\" data-e-type=\"column\">\n\t\t\t<div class=\"elementor-widget-wrap elementor-element-populated\">\n\t\t\t\t\t\t<div class=\"elementor-element elementor-element-47e42d2 elementor-widget elementor-widget-text-editor\" data-id=\"47e42d2\" data-element_type=\"widget\" data-e-type=\"widget\" data-widget_type=\"text-editor.default\">\n\t\t\t\t<div class=\"elementor-widget-container\">\n\t\t\t\t\t\t\t\t\t<p><strong>Si la m\u00e9t\u00e9o avait \u00e9t\u00e9 d\u00e9favorable ton r\u00e9sultat aurait-il \u00e9t\u00e9 le m\u00eame?<\/strong><\/p>\t\t\t\t\t\t\t\t<\/div>\n\t\t\t\t<\/div>\n\t\t\t\t<div class=\"elementor-element elementor-element-595d7fe elementor-widget elementor-widget-text-editor\" data-id=\"595d7fe\" data-element_type=\"widget\" data-e-type=\"widget\" data-widget_type=\"text-editor.default\">\n\t\t\t\t<div class=\"elementor-widget-container\">\n\t\t\t\t\t\t\t\t\t<p>\u00ab\u00a0Non c&rsquo;est impossible, je pense m\u00eame que je ne serais pas arriv\u00e9 jusqu&rsquo;\u00e0 Banyuls avec une m\u00e9t\u00e9o \u00ab\u00a0pourrie\u00a0\u00bb &#8230; mais \u00e7a, je ne le saurai jamais.\u00a0\u00bb<\/p>\t\t\t\t\t\t\t\t<\/div>\n\t\t\t\t<\/div>\n\t\t\t\t\t<\/div>\n\t\t<\/div>\n\t\t\t\t\t<\/div>\n\t\t<\/section>\n\t\t\t\t<section class=\"elementor-section elementor-inner-section elementor-element elementor-element-c996a7a elementor-section-full_width elementor-section-content-middle elementor-section-height-default elementor-section-height-default\" data-id=\"c996a7a\" data-element_type=\"section\" data-e-type=\"section\">\n\t\t\t\t\t\t<div class=\"elementor-container elementor-column-gap-default\">\n\t\t\t\t\t<div class=\"elementor-column elementor-col-50 elementor-inner-column elementor-element elementor-element-dbae029 elementor-hidden-mobile\" data-id=\"dbae029\" data-element_type=\"column\" data-e-type=\"column\">\n\t\t\t<div class=\"elementor-widget-wrap\">\n\t\t\t\t\t\t\t<\/div>\n\t\t<\/div>\n\t\t\t\t<div class=\"elementor-column elementor-col-50 elementor-inner-column elementor-element elementor-element-2486406\" data-id=\"2486406\" data-element_type=\"column\" data-e-type=\"column\">\n\t\t\t<div class=\"elementor-widget-wrap elementor-element-populated\">\n\t\t\t\t\t\t<div class=\"elementor-element elementor-element-e5ca123 elementor-widget elementor-widget-text-editor\" data-id=\"e5ca123\" data-element_type=\"widget\" data-e-type=\"widget\" data-widget_type=\"text-editor.default\">\n\t\t\t\t<div class=\"elementor-widget-container\">\n\t\t\t\t\t\t\t\t\t<p><strong>Pour toi, et dans le cadre de la pure performance sportive quel pourrait \u00eatre le temps id\u00e9al pour progresser le plus rapidement possible?<\/strong><\/p>\t\t\t\t\t\t\t\t<\/div>\n\t\t\t\t<\/div>\n\t\t\t\t<div class=\"elementor-element elementor-element-edb9c25 elementor-widget elementor-widget-text-editor\" data-id=\"edb9c25\" data-element_type=\"widget\" data-e-type=\"widget\" data-widget_type=\"text-editor.default\">\n\t\t\t\t<div class=\"elementor-widget-container\">\n\t\t\t\t\t\t\t\t\t<p>\u00ab\u00a0Il faut qu&rsquo;il fasse beau (pour bien voir les marques) et pas trop chaud. La pluie et le brouillard sont nos pires ennemis sur le gr10.\u00a0\u00bb<\/p>\t\t\t\t\t\t\t\t<\/div>\n\t\t\t\t<\/div>\n\t\t\t\t\t<\/div>\n\t\t<\/div>\n\t\t\t\t\t<\/div>\n\t\t<\/section>\n\t\t\t\t<section class=\"elementor-section elementor-inner-section elementor-element elementor-element-297da84 elementor-section-full_width elementor-section-content-middle elementor-section-height-default elementor-section-height-default\" data-id=\"297da84\" data-element_type=\"section\" data-e-type=\"section\">\n\t\t\t\t\t\t<div class=\"elementor-container elementor-column-gap-default\">\n\t\t\t\t\t<div class=\"elementor-column elementor-col-50 elementor-inner-column elementor-element elementor-element-55fded2 elementor-hidden-mobile\" data-id=\"55fded2\" data-element_type=\"column\" data-e-type=\"column\">\n\t\t\t<div class=\"elementor-widget-wrap\">\n\t\t\t\t\t\t\t<\/div>\n\t\t<\/div>\n\t\t\t\t<div class=\"elementor-column elementor-col-50 elementor-inner-column elementor-element elementor-element-2f3f92a\" data-id=\"2f3f92a\" data-element_type=\"column\" data-e-type=\"column\">\n\t\t\t<div class=\"elementor-widget-wrap elementor-element-populated\">\n\t\t\t\t\t\t<div class=\"elementor-element elementor-element-bad3478 elementor-widget elementor-widget-text-editor\" data-id=\"bad3478\" data-element_type=\"widget\" data-e-type=\"widget\" data-widget_type=\"text-editor.default\">\n\t\t\t\t<div class=\"elementor-widget-container\">\n\t\t\t\t\t\t\t\t\t<p><strong>Que penses-tu du balisage du gr10? Est-il facile \u00e0 suivre? Avais-tu une carte? Des points de rep\u00e8re? As-tu eu une assistance ext\u00e9rieure et si oui de quelle nature?<\/strong><\/p>\t\t\t\t\t\t\t\t<\/div>\n\t\t\t\t<\/div>\n\t\t\t\t<div class=\"elementor-element elementor-element-982a641 elementor-widget elementor-widget-text-editor\" data-id=\"982a641\" data-element_type=\"widget\" data-e-type=\"widget\" data-widget_type=\"text-editor.default\">\n\t\t\t\t<div class=\"elementor-widget-container\">\n\t\t\t\t\t\t\t\t\t<p>\u00ab\u00a0Le balisage est dans l&rsquo;ensemble tr\u00e8s bien fait et donc facile \u00e0 suivre. Parfois tout de m\u00eame, je me suis un peu \u00e9gar\u00e9, soit par inattention de ma part, soit du \u00e0 un balisage \u00ab\u00a0un peu juste\u00a0\u00bb \u00e0 certains endroits. J\u2019avais pr\u00e9par\u00e9 18 feuilles A4 imprim\u00e9es recto verso avec des cartes ign 1\/25000 copier\/coller sur Openrunneur, cela m\u2019a bien aid\u00e9 par moment. Enfin, aucune assistance ext\u00e9rieure, ce n\u2019\u00e9tait pas dans l\u2019esprit de ma travers\u00e9e.\u00a0\u00bb<\/p>\t\t\t\t\t\t\t\t<\/div>\n\t\t\t\t<\/div>\n\t\t\t\t\t<\/div>\n\t\t<\/div>\n\t\t\t\t\t<\/div>\n\t\t<\/section>\n\t\t\t\t<section class=\"elementor-section elementor-inner-section elementor-element elementor-element-61aab08 elementor-section-full_width elementor-section-content-middle elementor-section-height-default elementor-section-height-default\" data-id=\"61aab08\" data-element_type=\"section\" data-e-type=\"section\">\n\t\t\t\t\t\t<div class=\"elementor-container elementor-column-gap-default\">\n\t\t\t\t\t<div class=\"elementor-column elementor-col-50 elementor-inner-column elementor-element elementor-element-a03756b elementor-hidden-mobile\" data-id=\"a03756b\" data-element_type=\"column\" data-e-type=\"column\">\n\t\t\t<div class=\"elementor-widget-wrap\">\n\t\t\t\t\t\t\t<\/div>\n\t\t<\/div>\n\t\t\t\t<div class=\"elementor-column elementor-col-50 elementor-inner-column elementor-element elementor-element-fb10a47\" data-id=\"fb10a47\" data-element_type=\"column\" data-e-type=\"column\">\n\t\t\t<div class=\"elementor-widget-wrap elementor-element-populated\">\n\t\t\t\t\t\t<div class=\"elementor-element elementor-element-ea2e0d6 elementor-widget elementor-widget-text-editor\" data-id=\"ea2e0d6\" data-element_type=\"widget\" data-e-type=\"widget\" data-widget_type=\"text-editor.default\">\n\t\t\t\t<div class=\"elementor-widget-container\">\n\t\t\t\t\t\t\t\t\t<p><strong>Au niveau de ton plan de course, comment as-tu g\u00e9r\u00e9 tes \u00e9tapes? Au feeling ou selon un plan bien d\u00e9termin\u00e9?<\/strong><\/p>\t\t\t\t\t\t\t\t<\/div>\n\t\t\t\t<\/div>\n\t\t\t\t<div class=\"elementor-element elementor-element-13897c0 elementor-widget elementor-widget-text-editor\" data-id=\"13897c0\" data-element_type=\"widget\" data-e-type=\"widget\" data-widget_type=\"text-editor.default\">\n\t\t\t\t<div class=\"elementor-widget-container\">\n\t\t\t\t\t\t\t\t\t<p>\u00ab\u00a0Je partais le matin vers 6h30, sans jamais savoir o\u00f9 j&rsquo;allais m\u2019arr\u00eater le soir. Parfois, je m\u2019arr\u00eatais le soir alors que j&rsquo;\u00e9tais encore bien en jambes, mais je m\u2019arr\u00eatais parce que j&rsquo;avais trouv\u00e9 un endroit sympa.\u00a0\u00bb<\/p>\t\t\t\t\t\t\t\t<\/div>\n\t\t\t\t<\/div>\n\t\t\t\t\t<\/div>\n\t\t<\/div>\n\t\t\t\t\t<\/div>\n\t\t<\/section>\n\t\t\t\t<section class=\"elementor-section elementor-inner-section elementor-element elementor-element-3d96c18 elementor-section-full_width elementor-section-content-middle elementor-section-height-default elementor-section-height-default\" data-id=\"3d96c18\" data-element_type=\"section\" data-e-type=\"section\">\n\t\t\t\t\t\t<div class=\"elementor-container elementor-column-gap-default\">\n\t\t\t\t\t<div class=\"elementor-column elementor-col-50 elementor-inner-column elementor-element elementor-element-003e405 elementor-hidden-mobile\" data-id=\"003e405\" data-element_type=\"column\" data-e-type=\"column\">\n\t\t\t<div class=\"elementor-widget-wrap\">\n\t\t\t\t\t\t\t<\/div>\n\t\t<\/div>\n\t\t\t\t<div class=\"elementor-column elementor-col-50 elementor-inner-column elementor-element elementor-element-c09531f\" data-id=\"c09531f\" data-element_type=\"column\" data-e-type=\"column\">\n\t\t\t<div class=\"elementor-widget-wrap elementor-element-populated\">\n\t\t\t\t\t\t<div class=\"elementor-element elementor-element-5990833 elementor-widget elementor-widget-text-editor\" data-id=\"5990833\" data-element_type=\"widget\" data-e-type=\"widget\" data-widget_type=\"text-editor.default\">\n\t\t\t\t<div class=\"elementor-widget-container\">\n\t\t\t\t\t\t\t\t\t<p><strong>Comment as-tu fait ton choix pour les h\u00e9bergements? Ceux-ci ont-ils bien r\u00e9pondu \u00e0 tes besoins sp\u00e9cifiques de coureur? Et si non, qu&rsquo;aurais-tu eu besoin de plus? Quel \u00e9tait le poids de ton sac? Avais-tu une tente?<\/strong><\/p>\t\t\t\t\t\t\t\t<\/div>\n\t\t\t\t<\/div>\n\t\t\t\t<div class=\"elementor-element elementor-element-137b451 elementor-widget elementor-widget-text-editor\" data-id=\"137b451\" data-element_type=\"widget\" data-e-type=\"widget\" data-widget_type=\"text-editor.default\">\n\t\t\t\t<div class=\"elementor-widget-container\">\n\t\t\t\t\t\t\t\t\t<p>\u00ab\u00a0Au d\u00e9part mon sac pesait 8kg mais avec 1,5L d&rsquo;eau seulement. Je suis tr\u00e8s tr\u00e8s vite pass\u00e9 \u00e0 2,5L d&rsquo;eau donc 9kg avec surement des pics \u00e0 10-11kg certains jours en sortant d&rsquo;une \u00e9picerie. A la base, j&rsquo;\u00e9tais parti pour passer toutes les nuits sous la tente, mais j&rsquo;\u00e9tais finalement bien content de pouvoir parfois dormir sur un matelas \u00e0 l&rsquo;abri. Dans les h\u00e9bergements, mes besoins \u00e9taient tr\u00e8s simples: prendre une douche chaude et pouvoir dormir sur un matelas.\u00a0\u00bb<\/p>\t\t\t\t\t\t\t\t<\/div>\n\t\t\t\t<\/div>\n\t\t\t\t\t<\/div>\n\t\t<\/div>\n\t\t\t\t\t<\/div>\n\t\t<\/section>\n\t\t\t\t<section class=\"elementor-section elementor-inner-section elementor-element elementor-element-9817b7a elementor-section-full_width elementor-section-content-middle elementor-section-height-default elementor-section-height-default\" data-id=\"9817b7a\" data-element_type=\"section\" data-e-type=\"section\">\n\t\t\t\t\t\t<div class=\"elementor-container elementor-column-gap-default\">\n\t\t\t\t\t<div class=\"elementor-column elementor-col-50 elementor-inner-column elementor-element elementor-element-97f1663 elementor-hidden-mobile\" data-id=\"97f1663\" data-element_type=\"column\" data-e-type=\"column\">\n\t\t\t<div class=\"elementor-widget-wrap\">\n\t\t\t\t\t\t\t<\/div>\n\t\t<\/div>\n\t\t\t\t<div class=\"elementor-column elementor-col-50 elementor-inner-column elementor-element elementor-element-f6cf6df\" data-id=\"f6cf6df\" data-element_type=\"column\" data-e-type=\"column\">\n\t\t\t<div class=\"elementor-widget-wrap elementor-element-populated\">\n\t\t\t\t\t\t<div class=\"elementor-element elementor-element-621ca60 elementor-widget elementor-widget-text-editor\" data-id=\"621ca60\" data-element_type=\"widget\" data-e-type=\"widget\" data-widget_type=\"text-editor.default\">\n\t\t\t\t<div class=\"elementor-widget-container\">\n\t\t\t\t\t\t\t\t\t<p><strong>N&rsquo;as-tu pas eu de probl\u00e8me de ravitaillement en eau et en nourriture?<\/strong><\/p>\t\t\t\t\t\t\t\t<\/div>\n\t\t\t\t<\/div>\n\t\t\t\t<div class=\"elementor-element elementor-element-f7e992c elementor-widget elementor-widget-text-editor\" data-id=\"f7e992c\" data-element_type=\"widget\" data-e-type=\"widget\" data-widget_type=\"text-editor.default\">\n\t\t\t\t<div class=\"elementor-widget-container\">\n\t\t\t\t\t\t\t\t\t<p>\u00ab\u00a0Non, car je faisais pas mal de distance chaque jour donc je passais r\u00e9guli\u00e8rement devant un refuge, un gite d&rsquo;\u00e9tape ou une \u00e9picerie. J&rsquo;avais aussi sur moi des pastilles purificatrices que j&rsquo;ai utilis\u00e9.\u00a0\u00bb<\/p>\t\t\t\t\t\t\t\t<\/div>\n\t\t\t\t<\/div>\n\t\t\t\t\t<\/div>\n\t\t<\/div>\n\t\t\t\t\t<\/div>\n\t\t<\/section>\n\t\t\t\t<section class=\"elementor-section elementor-inner-section elementor-element elementor-element-42f443a elementor-section-full_width elementor-section-content-middle elementor-section-height-default elementor-section-height-default\" data-id=\"42f443a\" data-element_type=\"section\" data-e-type=\"section\">\n\t\t\t\t\t\t<div class=\"elementor-container elementor-column-gap-default\">\n\t\t\t\t\t<div class=\"elementor-column elementor-col-50 elementor-inner-column elementor-element elementor-element-c005d0e elementor-hidden-mobile\" data-id=\"c005d0e\" data-element_type=\"column\" data-e-type=\"column\">\n\t\t\t<div class=\"elementor-widget-wrap\">\n\t\t\t\t\t\t\t<\/div>\n\t\t<\/div>\n\t\t\t\t<div class=\"elementor-column elementor-col-50 elementor-inner-column elementor-element elementor-element-4bcc4d9\" data-id=\"4bcc4d9\" data-element_type=\"column\" data-e-type=\"column\">\n\t\t\t<div class=\"elementor-widget-wrap elementor-element-populated\">\n\t\t\t\t\t\t<div class=\"elementor-element elementor-element-9e10762 elementor-widget elementor-widget-text-editor\" data-id=\"9e10762\" data-element_type=\"widget\" data-e-type=\"widget\" data-widget_type=\"text-editor.default\">\n\t\t\t\t<div class=\"elementor-widget-container\">\n\t\t\t\t\t\t\t\t\t<p><strong>Avais-tu anticip\u00e9 ce point?<\/strong><\/p>\t\t\t\t\t\t\t\t<\/div>\n\t\t\t\t<\/div>\n\t\t\t\t<div class=\"elementor-element elementor-element-9e6ef29 elementor-widget elementor-widget-text-editor\" data-id=\"9e6ef29\" data-element_type=\"widget\" data-e-type=\"widget\" data-widget_type=\"text-editor.default\">\n\t\t\t\t<div class=\"elementor-widget-container\">\n\t\t\t\t\t\t\t\t\t<p>\u00ab\u00a0J&rsquo;avais bien \u00e9tudi\u00e9 les cartes avant de partir et il me semblait qu&rsquo;il n&rsquo;y aurait pas de gros probl\u00e8mes. J&rsquo;avais dans mon sac , au maximum, 2 jours de nourriture.\u00a0\u00bb<\/p>\t\t\t\t\t\t\t\t<\/div>\n\t\t\t\t<\/div>\n\t\t\t\t\t<\/div>\n\t\t<\/div>\n\t\t\t\t\t<\/div>\n\t\t<\/section>\n\t\t\t\t<section class=\"elementor-section elementor-inner-section elementor-element elementor-element-5b82beb elementor-section-full_width elementor-section-content-middle elementor-section-height-default elementor-section-height-default\" data-id=\"5b82beb\" data-element_type=\"section\" data-e-type=\"section\">\n\t\t\t\t\t\t<div class=\"elementor-container elementor-column-gap-default\">\n\t\t\t\t\t<div class=\"elementor-column elementor-col-50 elementor-inner-column elementor-element elementor-element-b98250f elementor-hidden-mobile\" data-id=\"b98250f\" data-element_type=\"column\" data-e-type=\"column\">\n\t\t\t<div class=\"elementor-widget-wrap\">\n\t\t\t\t\t\t\t<\/div>\n\t\t<\/div>\n\t\t\t\t<div class=\"elementor-column elementor-col-50 elementor-inner-column elementor-element elementor-element-69ddc91\" data-id=\"69ddc91\" data-element_type=\"column\" data-e-type=\"column\">\n\t\t\t<div class=\"elementor-widget-wrap elementor-element-populated\">\n\t\t\t\t\t\t<div class=\"elementor-element elementor-element-d66ad60 elementor-widget elementor-widget-text-editor\" data-id=\"d66ad60\" data-element_type=\"widget\" data-e-type=\"widget\" data-widget_type=\"text-editor.default\">\n\t\t\t\t<div class=\"elementor-widget-container\">\n\t\t\t\t\t\t\t\t\t<p><strong>As-tu souffert de la canicule?<\/strong><\/p>\t\t\t\t\t\t\t\t<\/div>\n\t\t\t\t<\/div>\n\t\t\t\t<div class=\"elementor-element elementor-element-9b1574b elementor-widget elementor-widget-text-editor\" data-id=\"9b1574b\" data-element_type=\"widget\" data-e-type=\"widget\" data-widget_type=\"text-editor.default\">\n\t\t\t\t<div class=\"elementor-widget-container\">\n\t\t\t\t\t\t\t\t\t<p>\u00ab\u00a0Pas vraiment, j&rsquo;ai eu parfois assez chaud et beaucoup transpir\u00e9, mais je m&rsquo;hydratais beaucoup et r\u00e9guli\u00e8rement. Les taons m&rsquo;ont par contre pas mal emb\u00eat\u00e9 en mont\u00e9e.\u00a0\u00bb<\/p>\t\t\t\t\t\t\t\t<\/div>\n\t\t\t\t<\/div>\n\t\t\t\t\t<\/div>\n\t\t<\/div>\n\t\t\t\t\t<\/div>\n\t\t<\/section>\n\t\t\t\t<section class=\"elementor-section elementor-inner-section elementor-element elementor-element-328a28e elementor-section-full_width elementor-section-content-middle elementor-section-height-default elementor-section-height-default\" data-id=\"328a28e\" data-element_type=\"section\" data-e-type=\"section\">\n\t\t\t\t\t\t<div class=\"elementor-container elementor-column-gap-default\">\n\t\t\t\t\t<div class=\"elementor-column elementor-col-50 elementor-inner-column elementor-element elementor-element-7771b3b elementor-hidden-mobile\" data-id=\"7771b3b\" data-element_type=\"column\" data-e-type=\"column\">\n\t\t\t<div class=\"elementor-widget-wrap\">\n\t\t\t\t\t\t\t<\/div>\n\t\t<\/div>\n\t\t\t\t<div class=\"elementor-column elementor-col-50 elementor-inner-column elementor-element elementor-element-71551e6\" data-id=\"71551e6\" data-element_type=\"column\" data-e-type=\"column\">\n\t\t\t<div class=\"elementor-widget-wrap elementor-element-populated\">\n\t\t\t\t\t\t<div class=\"elementor-element elementor-element-a541674 elementor-widget elementor-widget-text-editor\" data-id=\"a541674\" data-element_type=\"widget\" data-e-type=\"widget\" data-widget_type=\"text-editor.default\">\n\t\t\t\t<div class=\"elementor-widget-container\">\n\t\t\t\t\t\t\t\t\t<p><strong>L&rsquo;ann\u00e9e prochaine (2016) de nombreux comp\u00e9titeurs vont se lancer dans le m\u00eame esprit que toi sur la Transpyr\u00e9n\u00e9a qui empruntera le m\u00eame itin\u00e9raire que toi de Banyuls \u00e0 Hendaye, quels conseils pourrais-tu leur donner en mati\u00e8re de pr\u00e9paration, de progression et de rythme?<\/strong><\/p>\t\t\t\t\t\t\t\t<\/div>\n\t\t\t\t<\/div>\n\t\t\t\t<div class=\"elementor-element elementor-element-9d2ed29 elementor-widget elementor-widget-text-editor\" data-id=\"9d2ed29\" data-element_type=\"widget\" data-e-type=\"widget\" data-widget_type=\"text-editor.default\">\n\t\t\t\t<div class=\"elementor-widget-container\">\n\t\t\t\t\t\t\t\t\t<p>\u00ab\u00a0Ce qui est s\u00fbr , c&rsquo;est qu&rsquo;il faut une pr\u00e9paration physique avec pas mal de volume. Perso, j&rsquo;ai trouv\u00e9 que les jours 2 et 3 sont les plus durs, apr\u00e8s le corps s&rsquo;habitue \u00e0 l\u2019effort. Donc \u00e0 mon avis, il faut partir sur un rythme cool, quitte \u00e0 acc\u00e9l\u00e9rer par la suite. Ils auront 400 h (un peu moins de 17 jours) apparemment pour effectuer la travers\u00e9e .. .., r\u00e9alisable si la m\u00e9t\u00e9o est correcte &#8230;, si la m\u00e9t\u00e9o est pourrie, on les comptera sur les doigts d&rsquo;une mains ceux qui finiront en moins de 400 heures.\u00a0\u00bb<\/p>\t\t\t\t\t\t\t\t<\/div>\n\t\t\t\t<\/div>\n\t\t\t\t\t<\/div>\n\t\t<\/div>\n\t\t\t\t\t<\/div>\n\t\t<\/section>\n\t\t\t\t<section class=\"elementor-section elementor-inner-section elementor-element elementor-element-76090a9 elementor-section-full_width elementor-section-content-middle elementor-section-height-default elementor-section-height-default\" data-id=\"76090a9\" data-element_type=\"section\" data-e-type=\"section\">\n\t\t\t\t\t\t<div class=\"elementor-container elementor-column-gap-default\">\n\t\t\t\t\t<div class=\"elementor-column elementor-col-50 elementor-inner-column elementor-element elementor-element-fc3ece2 elementor-hidden-mobile\" data-id=\"fc3ece2\" data-element_type=\"column\" data-e-type=\"column\">\n\t\t\t<div class=\"elementor-widget-wrap\">\n\t\t\t\t\t\t\t<\/div>\n\t\t<\/div>\n\t\t\t\t<div class=\"elementor-column elementor-col-50 elementor-inner-column elementor-element elementor-element-1ecabd2\" data-id=\"1ecabd2\" data-element_type=\"column\" data-e-type=\"column\">\n\t\t\t<div class=\"elementor-widget-wrap elementor-element-populated\">\n\t\t\t\t\t\t<div class=\"elementor-element elementor-element-cab9945 elementor-widget elementor-widget-text-editor\" data-id=\"cab9945\" data-element_type=\"widget\" data-e-type=\"widget\" data-widget_type=\"text-editor.default\">\n\t\t\t\t<div class=\"elementor-widget-container\">\n\t\t\t\t\t\t\t\t\t<p><strong>Comment as-tu trouv\u00e9 cette \u00ab\u00a0\u00e9preuve\u00a0\u00bb sportive?<\/strong><\/p>\t\t\t\t\t\t\t\t<\/div>\n\t\t\t\t<\/div>\n\t\t\t\t<div class=\"elementor-element elementor-element-2f09c7f elementor-widget elementor-widget-text-editor\" data-id=\"2f09c7f\" data-element_type=\"widget\" data-e-type=\"widget\" data-widget_type=\"text-editor.default\">\n\t\t\t\t<div class=\"elementor-widget-container\">\n\t\t\t\t\t\t\t\t\t<p>\u00ab\u00a0Je ne pensais pas que cela serait si dur. Mais les paysages sont si beaux. Comme lors de mon passage en v\u00e9lo en 2012, j\u2019ai beaucoup aim\u00e9 le pays basque \u2026 j\u2019ai d\u00e9j\u00e0 envie d\u2019y retourner, en famille.\u00a0\u00bb<\/p>\t\t\t\t\t\t\t\t<\/div>\n\t\t\t\t<\/div>\n\t\t\t\t\t<\/div>\n\t\t<\/div>\n\t\t\t\t\t<\/div>\n\t\t<\/section>\n\t\t\t\t<section class=\"elementor-section elementor-inner-section elementor-element elementor-element-c0a1164 elementor-section-full_width elementor-section-content-middle elementor-section-height-default elementor-section-height-default\" data-id=\"c0a1164\" data-element_type=\"section\" data-e-type=\"section\">\n\t\t\t\t\t\t<div class=\"elementor-container elementor-column-gap-default\">\n\t\t\t\t\t<div class=\"elementor-column elementor-col-50 elementor-inner-column elementor-element elementor-element-6f5fe10 elementor-hidden-mobile\" data-id=\"6f5fe10\" data-element_type=\"column\" data-e-type=\"column\">\n\t\t\t<div class=\"elementor-widget-wrap\">\n\t\t\t\t\t\t\t<\/div>\n\t\t<\/div>\n\t\t\t\t<div class=\"elementor-column elementor-col-50 elementor-inner-column elementor-element elementor-element-3242073\" data-id=\"3242073\" data-element_type=\"column\" data-e-type=\"column\">\n\t\t\t<div class=\"elementor-widget-wrap elementor-element-populated\">\n\t\t\t\t\t\t<div class=\"elementor-element elementor-element-080006a elementor-widget elementor-widget-text-editor\" data-id=\"080006a\" data-element_type=\"widget\" data-e-type=\"widget\" data-widget_type=\"text-editor.default\">\n\t\t\t\t<div class=\"elementor-widget-container\">\n\t\t\t\t\t\t\t\t\t<p><strong>Quel est ton meilleur et ton pire souvenir ?<\/strong><\/p>\t\t\t\t\t\t\t\t<\/div>\n\t\t\t\t<\/div>\n\t\t\t\t<div class=\"elementor-element elementor-element-8323d97 elementor-widget elementor-widget-text-editor\" data-id=\"8323d97\" data-element_type=\"widget\" data-e-type=\"widget\" data-widget_type=\"text-editor.default\">\n\t\t\t\t<div class=\"elementor-widget-container\">\n\t\t\t\t\t\t\t\t\t<p>\u00ab\u00a0Le pire, c&rsquo;est facile : c&rsquo;est le jour 3, brouillard et pluie le matin en partant d&rsquo;Esterencuby, mauvais choix de v\u00eatements, j&rsquo;arrive frigorifi\u00e9 aux Chalets d&rsquo;Iraty o\u00f9 je trouve heureusement une salle hors sac toute neuve, je m&rsquo;y r\u00e9chauffe une bonne heure et je repars finalement. Dans cette fin de matin\u00e9e, j&rsquo;ai pens\u00e9 rentrer \u00e0 la maison &#8230; mais bon j&rsquo;ai continu\u00e9. Le meilleur souvenir, il y en a eu plusieurs, ce sont les gens qui m&rsquo;ont chaleureusement accueillis chez eux&#8230;. \u00c0 Borce, au gite d&rsquo;Esbintz, au gite de Rouze, au centre montagne \u00e0 Germ et biensur \u00e0 l&rsquo;\u00e9cogite au Moulin de la Palette o\u00f9 j&rsquo;ai \u00e9t\u00e9 re\u00e7u formidablement bien. Je pense que les randonneurs ne demandent pas grand chose, ils ont juste besoin d&rsquo;un petit sourire et d&rsquo;un accueil agr\u00e9able \u00ab\u00a0<\/p>\t\t\t\t\t\t\t\t<\/div>\n\t\t\t\t<\/div>\n\t\t\t\t\t<\/div>\n\t\t<\/div>\n\t\t\t\t\t<\/div>\n\t\t<\/section>\n\t\t\t\t<section class=\"elementor-section elementor-inner-section elementor-element elementor-element-fe6030e elementor-section-full_width elementor-section-content-middle elementor-section-height-default elementor-section-height-default\" data-id=\"fe6030e\" data-element_type=\"section\" data-e-type=\"section\">\n\t\t\t\t\t\t<div class=\"elementor-container elementor-column-gap-default\">\n\t\t\t\t\t<div class=\"elementor-column elementor-col-50 elementor-inner-column elementor-element elementor-element-97e0ffd elementor-hidden-mobile\" data-id=\"97e0ffd\" data-element_type=\"column\" data-e-type=\"column\">\n\t\t\t<div class=\"elementor-widget-wrap\">\n\t\t\t\t\t\t\t<\/div>\n\t\t<\/div>\n\t\t\t\t<div class=\"elementor-column elementor-col-50 elementor-inner-column elementor-element elementor-element-1969d0e\" data-id=\"1969d0e\" data-element_type=\"column\" data-e-type=\"column\">\n\t\t\t<div class=\"elementor-widget-wrap elementor-element-populated\">\n\t\t\t\t\t\t<div class=\"elementor-element elementor-element-80938c1 elementor-widget elementor-widget-text-editor\" data-id=\"80938c1\" data-element_type=\"widget\" data-e-type=\"widget\" data-widget_type=\"text-editor.default\">\n\t\t\t\t<div class=\"elementor-widget-container\">\n\t\t\t\t\t\t\t\t\t<p><strong>Quels sont tes futurs projets de course?<\/strong><\/p>\t\t\t\t\t\t\t\t<\/div>\n\t\t\t\t<\/div>\n\t\t\t\t<div class=\"elementor-element elementor-element-f9dde6c elementor-widget elementor-widget-text-editor\" data-id=\"f9dde6c\" data-element_type=\"widget\" data-e-type=\"widget\" data-widget_type=\"text-editor.default\">\n\t\t\t\t<div class=\"elementor-widget-container\">\n\t\t\t\t\t\t\t\t\t<p>\u00ab\u00a0En th\u00e9orie, je dois participer \u00e0 l&rsquo;ultra 160km du Grand Raid des Pyr\u00e9n\u00e9es &#8230; mais mon corps a encore de nombreuses traces de ce gr10, des douleurs aux genoux notamment &#8230; donc on verra &#8230;\u00a0\u00bb<\/p>\t\t\t\t\t\t\t\t<\/div>\n\t\t\t\t<\/div>\n\t\t\t\t\t<\/div>\n\t\t<\/div>\n\t\t\t\t\t<\/div>\n\t\t<\/section>\n\t\t\t\t<section class=\"elementor-section elementor-inner-section elementor-element elementor-element-d673e95 elementor-section-full_width elementor-section-content-middle elementor-section-height-default elementor-section-height-default\" data-id=\"d673e95\" data-element_type=\"section\" data-e-type=\"section\">\n\t\t\t\t\t\t<div class=\"elementor-container elementor-column-gap-default\">\n\t\t\t\t\t<div class=\"elementor-column elementor-col-50 elementor-inner-column elementor-element elementor-element-ed7db38 elementor-hidden-mobile\" data-id=\"ed7db38\" data-element_type=\"column\" data-e-type=\"column\">\n\t\t\t<div class=\"elementor-widget-wrap\">\n\t\t\t\t\t\t\t<\/div>\n\t\t<\/div>\n\t\t\t\t<div class=\"elementor-column elementor-col-50 elementor-inner-column elementor-element elementor-element-35b5bc1\" data-id=\"35b5bc1\" data-element_type=\"column\" data-e-type=\"column\">\n\t\t\t<div class=\"elementor-widget-wrap elementor-element-populated\">\n\t\t\t\t\t\t<div class=\"elementor-element elementor-element-91b5f89 elementor-widget elementor-widget-text-editor\" data-id=\"91b5f89\" data-element_type=\"widget\" data-e-type=\"widget\" data-widget_type=\"text-editor.default\">\n\t\t\t\t<div class=\"elementor-widget-container\">\n\t\t\t\t\t\t\t\t\t<p><strong>D&rsquo;autres impressions, sentiments?<\/strong><\/p>\t\t\t\t\t\t\t\t<\/div>\n\t\t\t\t<\/div>\n\t\t\t\t<div class=\"elementor-element elementor-element-0957a35 elementor-widget elementor-widget-text-editor\" data-id=\"0957a35\" data-element_type=\"widget\" data-e-type=\"widget\" data-widget_type=\"text-editor.default\">\n\t\t\t\t<div class=\"elementor-widget-container\">\n\t\t\t\t\t\t\t\t\t<p>\u00ab\u00a0J&rsquo;ai \u00e9t\u00e9 tr\u00e8s \u00e9mu un jour en faisant la rencontre de 3 baliseurs du gr10 &#8230;. je voudrais juste les remercier car sans eux ma belle aventure n&rsquo;aurait pas \u00e9t\u00e9 possible. Je me rappelle que ce jour l\u00e0, je me suis dis :\u00a0\u00bbun jour, quand je serai grand, j&rsquo;aimerais devenir baliseur du gr10&Prime;.\u00a0\u00bb<\/p>\t\t\t\t\t\t\t\t<\/div>\n\t\t\t\t<\/div>\n\t\t\t\t\t<\/div>\n\t\t<\/div>\n\t\t\t\t\t<\/div>\n\t\t<\/section>\n\t\t\t\t<section class=\"elementor-section elementor-inner-section elementor-element elementor-element-db7c6c6 elementor-section-full_width elementor-section-content-middle elementor-section-height-default elementor-section-height-default\" data-id=\"db7c6c6\" data-element_type=\"section\" data-e-type=\"section\">\n\t\t\t\t\t\t<div class=\"elementor-container elementor-column-gap-default\">\n\t\t\t\t\t<div class=\"elementor-column elementor-col-50 elementor-inner-column elementor-element elementor-element-c7b3394 elementor-hidden-mobile\" data-id=\"c7b3394\" data-element_type=\"column\" data-e-type=\"column\">\n\t\t\t<div class=\"elementor-widget-wrap\">\n\t\t\t\t\t\t\t<\/div>\n\t\t<\/div>\n\t\t\t\t<div class=\"elementor-column elementor-col-50 elementor-inner-column elementor-element elementor-element-426336b\" data-id=\"426336b\" data-element_type=\"column\" data-e-type=\"column\">\n\t\t\t<div class=\"elementor-widget-wrap elementor-element-populated\">\n\t\t\t\t\t\t<div class=\"elementor-element elementor-element-f24b84e elementor-widget elementor-widget-text-editor\" data-id=\"f24b84e\" data-element_type=\"widget\" data-e-type=\"widget\" data-widget_type=\"text-editor.default\">\n\t\t\t\t<div class=\"elementor-widget-container\">\n\t\t\t\t\t\t\t\t\t<p><span class=\"styledescriptifetape gras\">L&rsquo;Association des Amis GRdistes te remercie d&rsquo;avoir partag\u00e9 ainsi ton r\u00e9cit GR10. Eric CHAIGNEAU (pour www.gr10.fr \/ Association des Amis GRdistes &#8211; Ao\u00fbt 2015)<\/span><\/p>\t\t\t\t\t\t\t\t<\/div>\n\t\t\t\t<\/div>\n\t\t\t\t\t<\/div>\n\t\t<\/div>\n\t\t\t\t\t<\/div>\n\t\t<\/section>\n\t\t\t\t<section class=\"elementor-section elementor-inner-section elementor-element elementor-element-2552f7e elementor-section-full_width elementor-section-content-middle elementor-section-height-default elementor-section-height-default\" data-id=\"2552f7e\" data-element_type=\"section\" data-e-type=\"section\">\n\t\t\t\t\t\t<div class=\"elementor-container elementor-column-gap-default\">\n\t\t\t\t\t<div class=\"elementor-column elementor-col-50 elementor-inner-column elementor-element elementor-element-745e444 elementor-hidden-mobile\" data-id=\"745e444\" data-element_type=\"column\" data-e-type=\"column\">\n\t\t\t<div class=\"elementor-widget-wrap\">\n\t\t\t\t\t\t\t<\/div>\n\t\t<\/div>\n\t\t\t\t<div class=\"elementor-column elementor-col-50 elementor-inner-column elementor-element elementor-element-8b94e9b\" data-id=\"8b94e9b\" data-element_type=\"column\" data-e-type=\"column\">\n\t\t\t<div class=\"elementor-widget-wrap elementor-element-populated\">\n\t\t\t\t\t\t<div class=\"elementor-element elementor-element-f4f5fd6 elementor-align-center elementor-widget__width-auto elementor-widget elementor-widget-button\" data-id=\"f4f5fd6\" data-element_type=\"widget\" data-e-type=\"widget\" data-widget_type=\"button.default\">\n\t\t\t\t<div class=\"elementor-widget-container\">\n\t\t\t\t\t\t\t\t\t<div class=\"elementor-button-wrapper\">\n\t\t\t\t\t<a class=\"elementor-button elementor-button-link elementor-size-xs\" href=\"https:\/\/gr10.org\/index.php\/recits-et-liens-grdistes\/\">\n\t\t\t\t\t\t<span class=\"elementor-button-content-wrapper\">\n\t\t\t\t\t\t\t\t\t<span class=\"elementor-button-text\">Retour au portail des r\u00e9cits GRdistes<\/span>\n\t\t\t\t\t<\/span>\n\t\t\t\t\t<\/a>\n\t\t\t\t<\/div>\n\t\t\t\t\t\t\t\t<\/div>\n\t\t\t\t<\/div>\n\t\t\t\t\t<\/div>\n\t\t<\/div>\n\t\t\t\t\t<\/div>\n\t\t<\/section>\n\t\t\t\t<section class=\"elementor-section elementor-inner-section elementor-element elementor-element-804aa06 elementor-section-boxed elementor-section-height-default elementor-section-height-default\" data-id=\"804aa06\" data-element_type=\"section\" data-e-type=\"section\">\n\t\t\t\t\t\t<div class=\"elementor-container elementor-column-gap-default\">\n\t\t\t\t\t<div class=\"elementor-column elementor-col-100 elementor-inner-column elementor-element elementor-element-b0afe18\" data-id=\"b0afe18\" data-element_type=\"column\" data-e-type=\"column\">\n\t\t\t<div class=\"elementor-widget-wrap elementor-element-populated\">\n\t\t\t\t\t\t<div class=\"elementor-element elementor-element-8ec9fd7 elementor-position-inline-start elementor-widget__width-inherit elementor-view-default elementor-mobile-position-block-start elementor-widget elementor-widget-icon-box\" data-id=\"8ec9fd7\" data-element_type=\"widget\" data-e-type=\"widget\" data-widget_type=\"icon-box.default\">\n\t\t\t\t<div class=\"elementor-widget-container\">\n\t\t\t\t\t\t\t<div class=\"elementor-icon-box-wrapper\">\n\n\t\t\t\t\t\t<div class=\"elementor-icon-box-icon\">\n\t\t\t\t<span  class=\"elementor-icon\">\n\t\t\t\t<i aria-hidden=\"true\" class=\"fas fa-info-circle\"><\/i>\t\t\t\t<\/span>\n\t\t\t<\/div>\n\t\t\t\n\t\t\t\t\t\t<div class=\"elementor-icon-box-content\">\n\n\t\t\t\t\n\t\t\t\t\t\t\t\t\t<p class=\"elementor-icon-box-description\">\n\t\t\t\t\t\tPoint info\t\t\t\t\t<\/p>\n\t\t\t\t\n\t\t\t<\/div>\n\t\t\t\n\t\t<\/div>\n\t\t\t\t\t\t<\/div>\n\t\t\t\t<\/div>\n\t\t\t\t<div class=\"elementor-element elementor-element-5d259ec elementor-widget elementor-widget-text-editor\" data-id=\"5d259ec\" data-element_type=\"widget\" data-e-type=\"widget\" data-widget_type=\"text-editor.default\">\n\t\t\t\t<div class=\"elementor-widget-container\">\n\t\t\t\t\t\t\t\t\tPour toutes questions relatives aux dossiers de pr\u00e9paration, n&rsquo;h\u00e9sitez-pas \u00e0 contacter :\n<br>\nEric CHAIGNEAU\n<br>\nanimateur b\u00e9n\u00e9vole des Amis GRdistes.\n<br>\n<a href=\"mailto:assogr10@gmail.com\" target=\"_blank\" rel=\"noopener\">assogr10@gmail.com<\/a>\n<br>\ntel 06 83 61 48 49\t\t\t\t\t\t\t\t<\/div>\n\t\t\t\t<\/div>\n\t\t\t\t\t<\/div>\n\t\t<\/div>\n\t\t\t\t\t<\/div>\n\t\t<\/section>\n\t\t\t\t\t<\/div>\n\t\t<\/div>\n\t\t\t\t\t<\/div>\n\t\t<\/section>\n\t\t\t\t<\/div>\n\t\t","protected":false},"excerpt":{"rendered":"<p>Fabien Merchat, une travers\u00e9e en 18 jours R\u00e9cit GR10. \u00ab\u00a0Fabien Merchat vient de traverser les Pyr\u00e9n\u00e9es par le gr10 entre Hendaye et Banyuls en 18 jours seulement, pour 900kms et 50.000m de d\u00e9nivel\u00e9 + ou -. Il a r\u00e9alis\u00e9 une tr\u00e8s belle performance et nous te f\u00e9licitons et le remercions pour les nombreux partages de&#8230;<\/p>\n","protected":false},"author":3,"featured_media":3998,"parent":0,"menu_order":0,"comment_status":"closed","ping_status":"closed","template":"elementor_theme","meta":{"_acf_changed":false,"_kad_post_transparent":"","_kad_post_title":"hide","_kad_post_layout":"right","_kad_post_sidebar_id":"","_kad_post_content_style":"unboxed","_kad_post_vertical_padding":"hide","_kad_post_feature":"hide","_kad_post_feature_position":"","_kad_post_header":false,"_kad_post_footer":false,"footnotes":""},"categories":[33],"tags":[],"class_list":["post-4756","page","type-page","status-publish","has-post-thumbnail","hentry","category-recit-gr10"],"acf":[],"yoast_head":"<!-- This site is optimized with the Yoast SEO plugin v27.4 - https:\/\/yoast.com\/product\/yoast-seo-wordpress\/ -->\n<title>R\u00e9cit GR10 - Fabien Merchat, une travers\u00e9e en 18 jours<\/title>\n<meta name=\"description\" content=\"Fabien Merchat a travers\u00e9 les Pyr\u00e9n\u00e9es par le gr10 en 18 jours seulement. Retrouvez l&#039;interview de son r\u00e9cit GR10.\" \/>\n<meta name=\"robots\" content=\"index, follow, max-snippet:-1, max-image-preview:large, max-video-preview:-1\" \/>\n<link rel=\"canonical\" href=\"https:\/\/gr10.org\/index.php\/recit-gr10-fabien-merchat-une-traversee-en-18-jours\/\" \/>\n<meta property=\"og:locale\" content=\"fr_FR\" \/>\n<meta property=\"og:type\" content=\"article\" \/>\n<meta property=\"og:title\" content=\"R\u00e9cit GR10 - Fabien Merchat, une travers\u00e9e en 18 jours\" \/>\n<meta property=\"og:description\" content=\"Fabien Merchat a travers\u00e9 les Pyr\u00e9n\u00e9es par le gr10 en 18 jours seulement. Retrouvez l&#039;interview de son r\u00e9cit GR10.\" \/>\n<meta property=\"og:url\" content=\"https:\/\/gr10.org\/index.php\/recit-gr10-fabien-merchat-une-traversee-en-18-jours\/\" \/>\n<meta property=\"og:site_name\" content=\"GR10 - La grande travers\u00e9e des Pyr\u00e9n\u00e9es\" \/>\n<meta property=\"article:modified_time\" content=\"2022-03-23T22:12:32+00:00\" \/>\n<meta property=\"og:image\" content=\"https:\/\/gr10.org\/wp-content\/uploads\/2022\/03\/Fabien-Merchat.jpg\" \/>\n\t<meta property=\"og:image:width\" content=\"450\" \/>\n\t<meta property=\"og:image:height\" content=\"800\" \/>\n\t<meta property=\"og:image:type\" content=\"image\/jpeg\" \/>\n<meta name=\"twitter:card\" content=\"summary_large_image\" \/>\n<meta name=\"twitter:label1\" content=\"Dur\u00e9e de lecture estim\u00e9e\" \/>\n\t<meta name=\"twitter:data1\" content=\"9 minutes\" \/>\n<script type=\"application\/ld+json\" class=\"yoast-schema-graph\">{\"@context\":\"https:\\\/\\\/schema.org\",\"@graph\":[{\"@type\":\"WebPage\",\"@id\":\"https:\\\/\\\/gr10.org\\\/index.php\\\/recit-gr10-fabien-merchat-une-traversee-en-18-jours\\\/\",\"url\":\"https:\\\/\\\/gr10.org\\\/index.php\\\/recit-gr10-fabien-merchat-une-traversee-en-18-jours\\\/\",\"name\":\"R\u00e9cit GR10 - Fabien Merchat, une travers\u00e9e en 18 jours\",\"isPartOf\":{\"@id\":\"https:\\\/\\\/gr10.org\\\/#website\"},\"primaryImageOfPage\":{\"@id\":\"https:\\\/\\\/gr10.org\\\/index.php\\\/recit-gr10-fabien-merchat-une-traversee-en-18-jours\\\/#primaryimage\"},\"image\":{\"@id\":\"https:\\\/\\\/gr10.org\\\/index.php\\\/recit-gr10-fabien-merchat-une-traversee-en-18-jours\\\/#primaryimage\"},\"thumbnailUrl\":\"https:\\\/\\\/gr10.org\\\/wp-content\\\/uploads\\\/2022\\\/03\\\/Fabien-Merchat.jpg\",\"datePublished\":\"2022-03-13T09:32:13+00:00\",\"dateModified\":\"2022-03-23T22:12:32+00:00\",\"description\":\"Fabien Merchat a travers\u00e9 les Pyr\u00e9n\u00e9es par le gr10 en 18 jours seulement. Retrouvez l'interview de son r\u00e9cit GR10.\",\"breadcrumb\":{\"@id\":\"https:\\\/\\\/gr10.org\\\/index.php\\\/recit-gr10-fabien-merchat-une-traversee-en-18-jours\\\/#breadcrumb\"},\"inLanguage\":\"fr-FR\",\"potentialAction\":[{\"@type\":\"ReadAction\",\"target\":[\"https:\\\/\\\/gr10.org\\\/index.php\\\/recit-gr10-fabien-merchat-une-traversee-en-18-jours\\\/\"]}]},{\"@type\":\"ImageObject\",\"inLanguage\":\"fr-FR\",\"@id\":\"https:\\\/\\\/gr10.org\\\/index.php\\\/recit-gr10-fabien-merchat-une-traversee-en-18-jours\\\/#primaryimage\",\"url\":\"https:\\\/\\\/gr10.org\\\/wp-content\\\/uploads\\\/2022\\\/03\\\/Fabien-Merchat.jpg\",\"contentUrl\":\"https:\\\/\\\/gr10.org\\\/wp-content\\\/uploads\\\/2022\\\/03\\\/Fabien-Merchat.jpg\",\"width\":450,\"height\":800,\"caption\":\"GRdiste Fabien Merchat\"},{\"@type\":\"BreadcrumbList\",\"@id\":\"https:\\\/\\\/gr10.org\\\/index.php\\\/recit-gr10-fabien-merchat-une-traversee-en-18-jours\\\/#breadcrumb\",\"itemListElement\":[{\"@type\":\"ListItem\",\"position\":1,\"name\":\"Accueil\",\"item\":\"https:\\\/\\\/gr10.org\\\/\"},{\"@type\":\"ListItem\",\"position\":2,\"name\":\"Fabien Merchat, une travers\u00e9e en 18 jours\"}]},{\"@type\":\"WebSite\",\"@id\":\"https:\\\/\\\/gr10.org\\\/#website\",\"url\":\"https:\\\/\\\/gr10.org\\\/\",\"name\":\"GR10 - La grande travers\u00e9e des Pyr\u00e9n\u00e9es\",\"description\":\"La grande aventure de la travers\u00e9e des Pyr\u00e9n\u00e9es via le gr10, vous en avez r\u00eav\u00e9? Alors, faite-la! Ce site vous aidera \u00e0 r\u00e9aliser votre aventure.\",\"potentialAction\":[{\"@type\":\"SearchAction\",\"target\":{\"@type\":\"EntryPoint\",\"urlTemplate\":\"https:\\\/\\\/gr10.org\\\/?s={search_term_string}\"},\"query-input\":{\"@type\":\"PropertyValueSpecification\",\"valueRequired\":true,\"valueName\":\"search_term_string\"}}],\"inLanguage\":\"fr-FR\"}]}<\/script>\n<!-- \/ Yoast SEO plugin. -->","yoast_head_json":{"title":"R\u00e9cit GR10 - Fabien Merchat, une travers\u00e9e en 18 jours","description":"Fabien Merchat a travers\u00e9 les Pyr\u00e9n\u00e9es par le gr10 en 18 jours seulement. Retrouvez l'interview de son r\u00e9cit GR10.","robots":{"index":"index","follow":"follow","max-snippet":"max-snippet:-1","max-image-preview":"max-image-preview:large","max-video-preview":"max-video-preview:-1"},"canonical":"https:\/\/gr10.org\/index.php\/recit-gr10-fabien-merchat-une-traversee-en-18-jours\/","og_locale":"fr_FR","og_type":"article","og_title":"R\u00e9cit GR10 - Fabien Merchat, une travers\u00e9e en 18 jours","og_description":"Fabien Merchat a travers\u00e9 les Pyr\u00e9n\u00e9es par le gr10 en 18 jours seulement. Retrouvez l'interview de son r\u00e9cit GR10.","og_url":"https:\/\/gr10.org\/index.php\/recit-gr10-fabien-merchat-une-traversee-en-18-jours\/","og_site_name":"GR10 - La grande travers\u00e9e des Pyr\u00e9n\u00e9es","article_modified_time":"2022-03-23T22:12:32+00:00","og_image":[{"width":450,"height":800,"url":"https:\/\/gr10.org\/wp-content\/uploads\/2022\/03\/Fabien-Merchat.jpg","type":"image\/jpeg"}],"twitter_card":"summary_large_image","twitter_misc":{"Dur\u00e9e de lecture estim\u00e9e":"9 minutes"},"schema":{"@context":"https:\/\/schema.org","@graph":[{"@type":"WebPage","@id":"https:\/\/gr10.org\/index.php\/recit-gr10-fabien-merchat-une-traversee-en-18-jours\/","url":"https:\/\/gr10.org\/index.php\/recit-gr10-fabien-merchat-une-traversee-en-18-jours\/","name":"R\u00e9cit GR10 - Fabien Merchat, une travers\u00e9e en 18 jours","isPartOf":{"@id":"https:\/\/gr10.org\/#website"},"primaryImageOfPage":{"@id":"https:\/\/gr10.org\/index.php\/recit-gr10-fabien-merchat-une-traversee-en-18-jours\/#primaryimage"},"image":{"@id":"https:\/\/gr10.org\/index.php\/recit-gr10-fabien-merchat-une-traversee-en-18-jours\/#primaryimage"},"thumbnailUrl":"https:\/\/gr10.org\/wp-content\/uploads\/2022\/03\/Fabien-Merchat.jpg","datePublished":"2022-03-13T09:32:13+00:00","dateModified":"2022-03-23T22:12:32+00:00","description":"Fabien Merchat a travers\u00e9 les Pyr\u00e9n\u00e9es par le gr10 en 18 jours seulement. Retrouvez l'interview de son r\u00e9cit GR10.","breadcrumb":{"@id":"https:\/\/gr10.org\/index.php\/recit-gr10-fabien-merchat-une-traversee-en-18-jours\/#breadcrumb"},"inLanguage":"fr-FR","potentialAction":[{"@type":"ReadAction","target":["https:\/\/gr10.org\/index.php\/recit-gr10-fabien-merchat-une-traversee-en-18-jours\/"]}]},{"@type":"ImageObject","inLanguage":"fr-FR","@id":"https:\/\/gr10.org\/index.php\/recit-gr10-fabien-merchat-une-traversee-en-18-jours\/#primaryimage","url":"https:\/\/gr10.org\/wp-content\/uploads\/2022\/03\/Fabien-Merchat.jpg","contentUrl":"https:\/\/gr10.org\/wp-content\/uploads\/2022\/03\/Fabien-Merchat.jpg","width":450,"height":800,"caption":"GRdiste Fabien Merchat"},{"@type":"BreadcrumbList","@id":"https:\/\/gr10.org\/index.php\/recit-gr10-fabien-merchat-une-traversee-en-18-jours\/#breadcrumb","itemListElement":[{"@type":"ListItem","position":1,"name":"Accueil","item":"https:\/\/gr10.org\/"},{"@type":"ListItem","position":2,"name":"Fabien Merchat, une travers\u00e9e en 18 jours"}]},{"@type":"WebSite","@id":"https:\/\/gr10.org\/#website","url":"https:\/\/gr10.org\/","name":"GR10 - La grande travers\u00e9e des Pyr\u00e9n\u00e9es","description":"La grande aventure de la travers\u00e9e des Pyr\u00e9n\u00e9es via le gr10, vous en avez r\u00eav\u00e9? Alors, faite-la! Ce site vous aidera \u00e0 r\u00e9aliser votre aventure.","potentialAction":[{"@type":"SearchAction","target":{"@type":"EntryPoint","urlTemplate":"https:\/\/gr10.org\/?s={search_term_string}"},"query-input":{"@type":"PropertyValueSpecification","valueRequired":true,"valueName":"search_term_string"}}],"inLanguage":"fr-FR"}]}},"_links":{"self":[{"href":"https:\/\/gr10.org\/index.php\/wp-json\/wp\/v2\/pages\/4756","targetHints":{"allow":["GET"]}}],"collection":[{"href":"https:\/\/gr10.org\/index.php\/wp-json\/wp\/v2\/pages"}],"about":[{"href":"https:\/\/gr10.org\/index.php\/wp-json\/wp\/v2\/types\/page"}],"author":[{"embeddable":true,"href":"https:\/\/gr10.org\/index.php\/wp-json\/wp\/v2\/users\/3"}],"replies":[{"embeddable":true,"href":"https:\/\/gr10.org\/index.php\/wp-json\/wp\/v2\/comments?post=4756"}],"version-history":[{"count":32,"href":"https:\/\/gr10.org\/index.php\/wp-json\/wp\/v2\/pages\/4756\/revisions"}],"predecessor-version":[{"id":6339,"href":"https:\/\/gr10.org\/index.php\/wp-json\/wp\/v2\/pages\/4756\/revisions\/6339"}],"wp:featuredmedia":[{"embeddable":true,"href":"https:\/\/gr10.org\/index.php\/wp-json\/wp\/v2\/media\/3998"}],"wp:attachment":[{"href":"https:\/\/gr10.org\/index.php\/wp-json\/wp\/v2\/media?parent=4756"}],"wp:term":[{"taxonomy":"category","embeddable":true,"href":"https:\/\/gr10.org\/index.php\/wp-json\/wp\/v2\/categories?post=4756"},{"taxonomy":"post_tag","embeddable":true,"href":"https:\/\/gr10.org\/index.php\/wp-json\/wp\/v2\/tags?post=4756"}],"curies":[{"name":"wp","href":"https:\/\/api.w.org\/{rel}","templated":true}]}}