{"id":4803,"date":"2022-03-13T12:44:18","date_gmt":"2022-03-13T11:44:18","guid":{"rendered":"https:\/\/gr10.org\/?page_id=4803"},"modified":"2022-05-01T16:06:32","modified_gmt":"2022-05-01T14:06:32","slug":"recit-gr10-jean-pierre-une-traversee-en-29-jours","status":"publish","type":"page","link":"https:\/\/gr10.org\/index.php\/recit-gr10-jean-pierre-une-traversee-en-29-jours\/","title":{"rendered":"Jean-Pierre, une travers\u00e9e en 29 jours"},"content":{"rendered":"\t\t<div data-elementor-type=\"wp-page\" data-elementor-id=\"4803\" class=\"elementor elementor-4803\" data-elementor-post-type=\"page\">\n\t\t\t\t\t\t<section class=\"elementor-section elementor-top-section elementor-element elementor-element-932f6aa elementor-section-boxed elementor-section-height-default elementor-section-height-default\" data-id=\"932f6aa\" data-element_type=\"section\" data-e-type=\"section\" data-settings=\"{&quot;background_background&quot;:&quot;classic&quot;}\">\n\t\t\t\t\t\t<div class=\"elementor-container elementor-column-gap-default\">\n\t\t\t\t\t<div class=\"elementor-column elementor-col-100 elementor-top-column elementor-element elementor-element-ef0452d\" data-id=\"ef0452d\" data-element_type=\"column\" data-e-type=\"column\" data-settings=\"{&quot;background_background&quot;:&quot;classic&quot;}\">\n\t\t\t<div class=\"elementor-widget-wrap elementor-element-populated\">\n\t\t\t\t\t\t<section class=\"elementor-section elementor-inner-section elementor-element elementor-element-e4c7e73 elementor-section-full_width elementor-section-content-middle elementor-section-height-default elementor-section-height-default\" data-id=\"e4c7e73\" data-element_type=\"section\" data-e-type=\"section\">\n\t\t\t\t\t\t<div class=\"elementor-container elementor-column-gap-default\">\n\t\t\t\t\t<div class=\"elementor-column elementor-col-50 elementor-inner-column elementor-element elementor-element-876bb71\" data-id=\"876bb71\" data-element_type=\"column\" data-e-type=\"column\">\n\t\t\t<div class=\"elementor-widget-wrap elementor-element-populated\">\n\t\t\t\t\t\t<div class=\"elementor-element elementor-element-36dc06a elementor-widget elementor-widget-image\" data-id=\"36dc06a\" data-element_type=\"widget\" data-e-type=\"widget\" data-widget_type=\"image.default\">\n\t\t\t\t<div class=\"elementor-widget-container\">\n\t\t\t\t\t\t\t\t\t\t\t\t\t\t\t<img fetchpriority=\"high\" decoding=\"async\" width=\"576\" height=\"1024\" src=\"https:\/\/gr10.org\/wp-content\/uploads\/2022\/03\/Jean-Pierre-576x1024.jpg\" class=\"attachment-large size-large wp-image-4001\" alt=\"R\u00e9cit GR10 GRdiste Jean-Pierre\" srcset=\"https:\/\/gr10.org\/wp-content\/uploads\/2022\/03\/Jean-Pierre-576x1024.jpg 576w, https:\/\/gr10.org\/wp-content\/uploads\/2022\/03\/Jean-Pierre-169x300.jpg 169w, https:\/\/gr10.org\/wp-content\/uploads\/2022\/03\/Jean-Pierre-768x1365.jpg 768w, https:\/\/gr10.org\/wp-content\/uploads\/2022\/03\/Jean-Pierre-864x1536.jpg 864w, https:\/\/gr10.org\/wp-content\/uploads\/2022\/03\/Jean-Pierre.jpg 1152w\" sizes=\"(max-width: 576px) 100vw, 576px\" \/>\t\t\t\t\t\t\t\t\t\t\t\t\t\t\t<\/div>\n\t\t\t\t<\/div>\n\t\t\t\t\t<\/div>\n\t\t<\/div>\n\t\t\t\t<div class=\"elementor-column elementor-col-50 elementor-inner-column elementor-element elementor-element-f824d09\" data-id=\"f824d09\" data-element_type=\"column\" data-e-type=\"column\">\n\t\t\t<div class=\"elementor-widget-wrap elementor-element-populated\">\n\t\t\t\t\t\t<div class=\"elementor-element elementor-element-494ceb0 elementor-widget elementor-widget-heading\" data-id=\"494ceb0\" data-element_type=\"widget\" data-e-type=\"widget\" data-widget_type=\"heading.default\">\n\t\t\t\t<div class=\"elementor-widget-container\">\n\t\t\t\t\t<h2 class=\"elementor-heading-title elementor-size-default\">Jean-Pierre, une travers\u00e9e en 29 jours\n<\/h2>\t\t\t\t<\/div>\n\t\t\t\t<\/div>\n\t\t\t\t<div class=\"elementor-element elementor-element-b610b5c elementor-widget elementor-widget-text-editor\" data-id=\"b610b5c\" data-element_type=\"widget\" data-e-type=\"widget\" data-widget_type=\"text-editor.default\">\n\t\t\t\t<div class=\"elementor-widget-container\">\n\t\t\t\t\t\t\t\t\t<p>R\u00e9cit GR10. Depuis plus de 3 ans, je pensais faire la travers\u00e9e des <a href=\"https:\/\/fr.wikipedia.org\/wiki\/Pyr%C3%A9n%C3%A9es\" target=\"_blank\" rel=\"noopener\">Pyr\u00e9n\u00e9es<\/a> via le GR10. Ce n\u2019est qu\u2019en septembre 2016 que j\u2019ai pris la d\u00e9cision de partir l\u2019\u00e9t\u00e9 2017.<br \/><br \/><\/p>\t\t\t\t\t\t\t\t<\/div>\n\t\t\t\t<\/div>\n\t\t\t\t<div class=\"elementor-element elementor-element-1534940 elementor-widget elementor-widget-text-editor\" data-id=\"1534940\" data-element_type=\"widget\" data-e-type=\"widget\" data-widget_type=\"text-editor.default\">\n\t\t\t\t<div class=\"elementor-widget-container\">\n\t\t\t\t\t\t\t\t\t<p>Pourquoi me lancer dans un tel projet ?<br \/>J\u2019ai toujours fait du sport, basket puis course \u00e0 pieds, mais depuis 3 ans, je ne fais plus de comp\u00e9tition. Je cours 2 fois par semaine, je vais au travail \u00e0 v\u00e9lo, environ120 kms par semaine, et je joue 1 fois par semaine au basket. J\u2019avais envie de d\u00e9passer mes limites, savoir si j\u2019\u00e9tais encore capable de relever un tel d\u00e9fi. Je connais un peu les Pyr\u00e9n\u00e9es, je voulais les d\u00e9couvrir plus largement et en prendre plein les yeux en d\u00e9couvrant des paysages magnifiques Il y a presque 3 ans, j\u2019ai eu un probl\u00e8me de sant\u00e9. J\u2019ai tr\u00e8s vite r\u00e9cup\u00e9r\u00e9 mais j\u2019ai ressenti une g\u00eane pendant tr\u00e8s longtemps. Je souhaitais savoir si je pouvais me consid\u00e9rer comme gu\u00e9ri.<\/p>\t\t\t\t\t\t\t\t<\/div>\n\t\t\t\t<\/div>\n\t\t\t\t<div class=\"elementor-element elementor-element-5a7e4b1 elementor-widget elementor-widget-text-editor\" data-id=\"5a7e4b1\" data-element_type=\"widget\" data-e-type=\"widget\" data-widget_type=\"text-editor.default\">\n\t\t\t\t<div class=\"elementor-widget-container\">\n\t\t\t\t\t\t\t\t\t<p>\u00a0A partir du moment o\u00f9 j\u2019ai d\u00e9cid\u00e9 de me lancer dans ce projet, j\u2019ai senti l\u2019envie monter au fil du temps et au fur et \u00e0 mesure que j\u2019investissais dans le mat\u00e9riel, les b\u00e2tons de rando en d\u00e9cembre, le duvet en f\u00e9vrier, les chaussures et le matelas \u00e0 P\u00e2ques, le sac \u00e0 dos en juillet. Apr\u00e8s l\u2019envie montante, l\u2019excitation du d\u00e9part, c\u2019est de l\u2019appr\u00e9hension que j\u2019ai ressentie. Le stress de savoir si je ne m\u2019\u00e9tais pas lanc\u00e9 dans quelque chose de fou. Etais-je capable de mener ce r\u00eave au bout ?\u2026<\/p>\t\t\t\t\t\t\t\t<\/div>\n\t\t\t\t<\/div>\n\t\t\t\t\t<\/div>\n\t\t<\/div>\n\t\t\t\t\t<\/div>\n\t\t<\/section>\n\t\t\t\t<section class=\"elementor-section elementor-inner-section elementor-element elementor-element-62af8cf elementor-section-full_width elementor-section-content-middle elementor-section-height-default elementor-section-height-default\" data-id=\"62af8cf\" data-element_type=\"section\" data-e-type=\"section\">\n\t\t\t\t\t\t<div class=\"elementor-container elementor-column-gap-default\">\n\t\t\t\t\t<div class=\"elementor-column elementor-col-50 elementor-inner-column elementor-element elementor-element-6dfc0b8 elementor-hidden-mobile\" data-id=\"6dfc0b8\" data-element_type=\"column\" data-e-type=\"column\">\n\t\t\t<div class=\"elementor-widget-wrap\">\n\t\t\t\t\t\t\t<\/div>\n\t\t<\/div>\n\t\t\t\t<div class=\"elementor-column elementor-col-50 elementor-inner-column elementor-element elementor-element-2e66e84\" data-id=\"2e66e84\" data-element_type=\"column\" data-e-type=\"column\">\n\t\t\t<div class=\"elementor-widget-wrap elementor-element-populated\">\n\t\t\t\t\t\t<div class=\"elementor-element elementor-element-12c9d4a elementor-widget elementor-widget-heading\" data-id=\"12c9d4a\" data-element_type=\"widget\" data-e-type=\"widget\" data-widget_type=\"heading.default\">\n\t\t\t\t<div class=\"elementor-widget-container\">\n\t\t\t\t\t<h3 class=\"elementor-heading-title elementor-size-default\">Une si belle aventure\n<\/h3>\t\t\t\t<\/div>\n\t\t\t\t<\/div>\n\t\t\t\t<div class=\"elementor-element elementor-element-475f0af elementor-widget elementor-widget-text-editor\" data-id=\"475f0af\" data-element_type=\"widget\" data-e-type=\"widget\" data-widget_type=\"text-editor.default\">\n\t\t\t\t<div class=\"elementor-widget-container\">\n\t\t\t\t\t\t\t\t\t<p>J\u2019\u00e9tais incapable de savoir combien de kilom\u00e8tres je pouvais parcourir par jour. J\u2019ai pr\u00e9vu 6 semaines pour la travers\u00e9e, soit 42 jours. J&rsquo;imaginais bien marcher un peu plus vite que la moyenne. Je suis parti le 11 ao\u00fbt \u00e0 7h05 de l\u2019ancien Casino d\u2019Hendaye direction Banyuls.<br \/>Je passe Biriatou et sa tr\u00e8s belle \u00e9glise, le col d\u2019Ibardin, le col des 3 fontaines et j\u2019arrive \u00e0 15h30 au camping \u00e0 la sortie de Sare. Environ 32 kms en 8h de marche. Il n\u2019a pas fait tr\u00e8s chaud, mais le soleil est pr\u00e9sent \u00e0 l\u2019arriv\u00e9e. Je suis arriv\u00e9 au camping \u00e0 15h30, un peu t\u00f4t mais 32 kms tout de m\u00eame. Pour une premi\u00e8re journ\u00e9e, je pr\u00e9f\u00e8re m\u2019arr\u00eater l\u00e0. Les premiers jours vont me permettre d&rsquo;estimer la dur\u00e9e et la longueur des \u00e9tapes que je pourrai faire par la suite. Le 2\u00e8me jour, je m\u2019arr\u00eate au d\u00e9but des cr\u00eates d\u2019Iparla o\u00f9 je bivouaque. Le paysage est magnifique, quelle soir\u00e9e. Encore environ 33 km aujourd\u2019hui. Ce site restera un de mes plus beaux bivouacs. J\u2019arrive \u00e0 St Jean-Pied de Port en 3 jours, quasiment au kilom\u00e8tre 100. Ce n\u2019est pas mal, j\u2019avance bien, pas de douleur. J\u2019arrive en pleine f\u00eate basque et je ne dors pas de la nuit. C\u2019est la f\u00eate au village et \u00e7a chante toute la nuit. Je dors au camping municipal presque au centre-ville. Pour le moment, je ne sens pas trop de difficult\u00e9. Apr\u00e8s 3 jours je sens que je peux assez facilement faire 30km par jour mais attention, le d\u00e9nivel\u00e9 n\u2019est pas encore tr\u00e8s fort et la m\u00e9t\u00e9o a \u00e9t\u00e9 favorable. C\u2019est encore le cas le 4\u00e8me jour o\u00f9 je vais jusqu\u2019au col de Bagargiak. La m\u00e9t\u00e9o le 5\u00e8me jour est beaucoup moins bonne et en raison de l\u2019orage, je d\u00e9cide de m\u2019arr\u00eater apr\u00e8s 16km de marche \u00e0 Logibar. Je n\u2019ai pas envie de marcher sous la pluie. Les jours se suivent, les paysages sont magnifiques. J\u2019alterne les soir\u00e9es en refuge, g\u00eete, camping et bivouac. J\u2019appr\u00e9cie particuli\u00e8rement les bivouacs pr\u00e8s d\u2019un lac, d\u2019un torrent.<br \/><br \/>J\u2019arrive \u00e0 Bagn\u00e8res de Luchon (mi-parcours) le 15\u00e8me jour. Les contacts entre randonneurs sont vraiment agr\u00e9ables. Je passe de tr\u00e8s bonnes soir\u00e9es avec des personnes que j\u2019ai l\u2019impression de conna\u00eetre depuis des ann\u00e9es. Je fais tr\u00e8s souvent des \u00e9tapes d\u2019environ 30 kms, jusqu\u2019\u00e0 42 \u00e0 2 jours de l\u2019arriv\u00e9e et 46 km le dernier jour. Certains jours, j\u2019avais l\u2019impression de pouvoir marcher, marcher sans jamais m\u2019arr\u00eater. Le matin, je partais entre 7h et 7h45 en g\u00e9n\u00e9ral et je m\u2019arr\u00eatais le soir autour de 17h30, parfois un peu plus t\u00f4t en fonction du temps, 12h30, 15h30 mais jamais apr\u00e8s 19h. J\u2019avais aussi le besoin de manger. J\u2019ai toujours fait attention de bien manger. Un tr\u00e8s bon petit dej, flocons d\u2019avoine, pain, chocolat, pain d\u2019\u00e9pice. Le midi, pain, jambon sec, chocolat. Le soir semoule de couscous ou restau ou refuge ou gite.<br \/><br \/>Mentalement et physiquement, je me sentais pr\u00eat pour cette travers\u00e9e. Je n&rsquo;ai jamais dout\u00e9. Je n&rsquo;ai pas eu de gros bobo, juste une \u00e9norme ampoule sous un talon. J&rsquo;ai march\u00e9 un jour sous la pluie et mes chaussures ont pris l&rsquo;eau, elles ont mis 3 jours \u00e0 s\u00e9cher. C&rsquo;est pour cette raison que j&rsquo;ai attrap\u00e9 cette ampoule. Elle m&rsquo;a oblig\u00e9e \u00e0 modifier l\u00e9g\u00e8rement ma foul\u00e9e ce qui a g\u00e9n\u00e9r\u00e9 une douleur au quadriceps de la jambe droite. J&rsquo;\u00e9tais tr\u00e8s g\u00ean\u00e9, durant 2 jours, en particulier en descente. La douleur est partie comme elle \u00e9tait arriv\u00e9e. J&rsquo;ai tout de m\u00eame parcouru 33 et 31 km durant ces 2 jours. C&rsquo;\u00e9tait \u00e0 quelques jours de l&rsquo;arriv\u00e9e. Le dernier jour, suite \u00e0 une tr\u00e8s mauvaise nuit, je suis parti \u00e0 5h. J&rsquo;\u00e9tais \u00e0 Las Illas, sur le terrain mis \u00e0 disposition par la commune. Durant la nuit des chiens n&rsquo;ont pas arr\u00eat\u00e9 d&rsquo;aboyer. A 2h j&rsquo;\u00e9tais r\u00e9veill\u00e9, \u00e0 4h je me suis lev\u00e9 pour faire un petit tour. Le ciel \u00e9tait compl\u00e8tement d\u00e9gag\u00e9, il y avait une magnifique pleine lune. Je d\u00e9cide de partir. Je prends un tr\u00e8s bon petit dej, je plie en silence mes affaires et \u00e0 5h GO. Il me reste 46 kms \u00e0 parcourir, j&rsquo;esp\u00e9rais y \u00eatre le soir m\u00eame. La premi\u00e8re partie de l&rsquo;\u00e9tape est tr\u00e8s roulante, les km d\u00e9filent. Je m&rsquo;arr\u00eate au col du Perthus prendre un th\u00e9 et 2 viennoiseries et je poursuis ma route. Je me sens vraiment bien. A 11h45 je suis au pic de Neulos. Je fais une bonne pause d\u00e9jeuner, environ 1h. J&rsquo;en profite pour \u00e9changer avec un groupe de randonneurs qui se pose des questions sur le GR10. Je repars un peu avant 13h direction Banyuls que je rejoins un peu avant 18h.<br \/><br \/>Je me faisais une f\u00eate d&rsquo;arriver \u00e0 Banyuls, je pensais sauter partout \u00eatre content, mais ce n&rsquo;\u00e9tait pas cela. Il ne faisait pas chaud, je ne me suis pas baign\u00e9, et il fallait que je trouve un endroit pour dormir. Je d\u00e9cide de rester en plein centre-ville, \u00e0 l&rsquo;h\u00f4tel.<\/p>\t\t\t\t\t\t\t\t<\/div>\n\t\t\t\t<\/div>\n\t\t\t\t\t<\/div>\n\t\t<\/div>\n\t\t\t\t\t<\/div>\n\t\t<\/section>\n\t\t\t\t<section class=\"elementor-section elementor-inner-section elementor-element elementor-element-54d32a1 elementor-section-full_width elementor-section-content-middle elementor-section-height-default elementor-section-height-default\" data-id=\"54d32a1\" data-element_type=\"section\" data-e-type=\"section\">\n\t\t\t\t\t\t<div class=\"elementor-container elementor-column-gap-default\">\n\t\t\t\t\t<div class=\"elementor-column elementor-col-50 elementor-inner-column elementor-element elementor-element-82a3979 elementor-hidden-mobile\" data-id=\"82a3979\" data-element_type=\"column\" data-e-type=\"column\">\n\t\t\t<div class=\"elementor-widget-wrap\">\n\t\t\t\t\t\t\t<\/div>\n\t\t<\/div>\n\t\t\t\t<div class=\"elementor-column elementor-col-50 elementor-inner-column elementor-element elementor-element-f6ba164\" data-id=\"f6ba164\" data-element_type=\"column\" data-e-type=\"column\">\n\t\t\t<div class=\"elementor-widget-wrap elementor-element-populated\">\n\t\t\t\t\t\t<div class=\"elementor-element elementor-element-0e1eaef elementor-widget elementor-widget-heading\" data-id=\"0e1eaef\" data-element_type=\"widget\" data-e-type=\"widget\" data-widget_type=\"heading.default\">\n\t\t\t\t<div class=\"elementor-widget-container\">\n\t\t\t\t\t<h3 class=\"elementor-heading-title elementor-size-default\">Bilan physique de la travers\u00e9e\n<\/h3>\t\t\t\t<\/div>\n\t\t\t\t<\/div>\n\t\t\t\t<div class=\"elementor-element elementor-element-0e903de elementor-widget elementor-widget-text-editor\" data-id=\"0e903de\" data-element_type=\"widget\" data-e-type=\"widget\" data-widget_type=\"text-editor.default\">\n\t\t\t\t<div class=\"elementor-widget-container\">\n\t\t\t\t\t\t\t\t\t<p>J&rsquo;ai r\u00e9alis\u00e9 la travers\u00e9e des Pyr\u00e9n\u00e9es via le GR10 en 29 jours, entre le 11 ao\u00fbt et le 8 septembre 2017. Je n&rsquo;avais pas d&rsquo;exp\u00e9rience de randonn\u00e9es itin\u00e9rantes en montagne. Je n&rsquo;ai pas suivi de pr\u00e9paration particuli\u00e8re pour faire cette travers\u00e9e Avant de partir, je ne savais pas combien de km ou combien de temps, je pouvais marcher par jours. Je n&rsquo;ai pas trouv\u00e9 la travers\u00e9e vraiment difficile. Etape la plus longue, la derni\u00e8re, 46 kms Etape la plus dure, 34 kms, 3000 D+ Etape la plus courte 16 kms<\/p>\t\t\t\t\t\t\t\t<\/div>\n\t\t\t\t<\/div>\n\t\t\t\t\t<\/div>\n\t\t<\/div>\n\t\t\t\t\t<\/div>\n\t\t<\/section>\n\t\t\t\t<section class=\"elementor-section elementor-inner-section elementor-element elementor-element-bdd222b elementor-section-full_width elementor-section-content-middle elementor-section-height-default elementor-section-height-default\" data-id=\"bdd222b\" data-element_type=\"section\" data-e-type=\"section\">\n\t\t\t\t\t\t<div class=\"elementor-container elementor-column-gap-default\">\n\t\t\t\t\t<div class=\"elementor-column elementor-col-50 elementor-inner-column elementor-element elementor-element-3b86c4d elementor-hidden-mobile\" data-id=\"3b86c4d\" data-element_type=\"column\" data-e-type=\"column\">\n\t\t\t<div class=\"elementor-widget-wrap\">\n\t\t\t\t\t\t\t<\/div>\n\t\t<\/div>\n\t\t\t\t<div class=\"elementor-column elementor-col-50 elementor-inner-column elementor-element elementor-element-fad10ef\" data-id=\"fad10ef\" data-element_type=\"column\" data-e-type=\"column\">\n\t\t\t<div class=\"elementor-widget-wrap elementor-element-populated\">\n\t\t\t\t\t\t<div class=\"elementor-element elementor-element-0bb66f9 elementor-widget elementor-widget-heading\" data-id=\"0bb66f9\" data-element_type=\"widget\" data-e-type=\"widget\" data-widget_type=\"heading.default\">\n\t\t\t\t<div class=\"elementor-widget-container\">\n\t\t\t\t\t<h3 class=\"elementor-heading-title elementor-size-default\">Un an apr\u00e8s...\n<\/h3>\t\t\t\t<\/div>\n\t\t\t\t<\/div>\n\t\t\t\t<div class=\"elementor-element elementor-element-1d114dd elementor-widget elementor-widget-text-editor\" data-id=\"1d114dd\" data-element_type=\"widget\" data-e-type=\"widget\" data-widget_type=\"text-editor.default\">\n\t\t\t\t<div class=\"elementor-widget-container\">\n\t\t\t\t\t\t\t\t\t<p>Voil\u00e0 1 an que j\u2019ai termin\u00e9 cette travers\u00e9e, j\u2019y pense encore tous les jours. Cette travers\u00e9e restera pour toujours un temps fort de ma vie : C\u2019est un super d\u00e9fi \u00e0 relev\u00e9 Les paysages sont magnifiques Les rencontres, en particulier lors de bivouacs sont de beaux temps forts. Merci \u00e0 Lucien, Vincent, Marion, Lucie pour ces moments partag\u00e9s.<br \/><br \/>N&rsquo;h\u00e9sitez-pas \u00e0 poser vos questions \u00e0 Jean-Pierre :\u00a0<a href=\"mailto:jp.hilary@orange.fr\" target=\"_blank\" rel=\"noopener\">jp.hilary@orange.fr<\/a><\/p>\t\t\t\t\t\t\t\t<\/div>\n\t\t\t\t<\/div>\n\t\t\t\t\t<\/div>\n\t\t<\/div>\n\t\t\t\t\t<\/div>\n\t\t<\/section>\n\t\t\t\t<section class=\"elementor-section elementor-inner-section elementor-element elementor-element-95a7bf6 elementor-section-full_width elementor-section-content-middle elementor-section-height-default elementor-section-height-default\" data-id=\"95a7bf6\" data-element_type=\"section\" data-e-type=\"section\">\n\t\t\t\t\t\t<div class=\"elementor-container elementor-column-gap-default\">\n\t\t\t\t\t<div class=\"elementor-column elementor-col-50 elementor-inner-column elementor-element elementor-element-498b739 elementor-hidden-mobile\" data-id=\"498b739\" data-element_type=\"column\" data-e-type=\"column\">\n\t\t\t<div class=\"elementor-widget-wrap\">\n\t\t\t\t\t\t\t<\/div>\n\t\t<\/div>\n\t\t\t\t<div class=\"elementor-column elementor-col-50 elementor-inner-column elementor-element elementor-element-330753d\" data-id=\"330753d\" data-element_type=\"column\" data-e-type=\"column\">\n\t\t\t<div class=\"elementor-widget-wrap elementor-element-populated\">\n\t\t\t\t\t\t<div class=\"elementor-element elementor-element-deb5494 elementor-align-center elementor-widget__width-auto elementor-widget elementor-widget-button\" data-id=\"deb5494\" data-element_type=\"widget\" data-e-type=\"widget\" data-widget_type=\"button.default\">\n\t\t\t\t<div class=\"elementor-widget-container\">\n\t\t\t\t\t\t\t\t\t<div class=\"elementor-button-wrapper\">\n\t\t\t\t\t<a class=\"elementor-button elementor-button-link elementor-size-xs\" href=\"https:\/\/gr10.org\/index.php\/recits-et-liens-grdistes\/\">\n\t\t\t\t\t\t<span class=\"elementor-button-content-wrapper\">\n\t\t\t\t\t\t\t\t\t<span class=\"elementor-button-text\">Retour au portail des r\u00e9cits GRdistes<\/span>\n\t\t\t\t\t<\/span>\n\t\t\t\t\t<\/a>\n\t\t\t\t<\/div>\n\t\t\t\t\t\t\t\t<\/div>\n\t\t\t\t<\/div>\n\t\t\t\t\t<\/div>\n\t\t<\/div>\n\t\t\t\t\t<\/div>\n\t\t<\/section>\n\t\t\t\t<section class=\"elementor-section elementor-inner-section elementor-element elementor-element-d91edc0 elementor-section-boxed elementor-section-height-default elementor-section-height-default\" data-id=\"d91edc0\" data-element_type=\"section\" data-e-type=\"section\">\n\t\t\t\t\t\t<div class=\"elementor-container elementor-column-gap-default\">\n\t\t\t\t\t<div class=\"elementor-column elementor-col-100 elementor-inner-column elementor-element elementor-element-0d61777\" data-id=\"0d61777\" data-element_type=\"column\" data-e-type=\"column\">\n\t\t\t<div class=\"elementor-widget-wrap elementor-element-populated\">\n\t\t\t\t\t\t<div class=\"elementor-element elementor-element-f371924 elementor-position-inline-start elementor-widget__width-inherit elementor-view-default elementor-mobile-position-block-start elementor-widget elementor-widget-icon-box\" data-id=\"f371924\" data-element_type=\"widget\" data-e-type=\"widget\" data-widget_type=\"icon-box.default\">\n\t\t\t\t<div class=\"elementor-widget-container\">\n\t\t\t\t\t\t\t<div class=\"elementor-icon-box-wrapper\">\n\n\t\t\t\t\t\t<div class=\"elementor-icon-box-icon\">\n\t\t\t\t<span  class=\"elementor-icon\">\n\t\t\t\t<i aria-hidden=\"true\" class=\"fas fa-info-circle\"><\/i>\t\t\t\t<\/span>\n\t\t\t<\/div>\n\t\t\t\n\t\t\t\t\t\t<div class=\"elementor-icon-box-content\">\n\n\t\t\t\t\n\t\t\t\t\t\t\t\t\t<p class=\"elementor-icon-box-description\">\n\t\t\t\t\t\tPoint info\t\t\t\t\t<\/p>\n\t\t\t\t\n\t\t\t<\/div>\n\t\t\t\n\t\t<\/div>\n\t\t\t\t\t\t<\/div>\n\t\t\t\t<\/div>\n\t\t\t\t<div class=\"elementor-element elementor-element-f3c04e1 elementor-widget elementor-widget-text-editor\" data-id=\"f3c04e1\" data-element_type=\"widget\" data-e-type=\"widget\" data-widget_type=\"text-editor.default\">\n\t\t\t\t<div class=\"elementor-widget-container\">\n\t\t\t\t\t\t\t\t\tPour toutes questions relatives aux dossiers de pr\u00e9paration, n&rsquo;h\u00e9sitez-pas \u00e0 contacter :\n<br>\nEric CHAIGNEAU\n<br>\nanimateur b\u00e9n\u00e9vole des Amis GRdistes.\n<br>\n<a href=\"mailto:assogr10@gmail.com\" target=\"_blank\" rel=\"noopener\">assogr10@gmail.com<\/a>\n<br>\ntel 06 83 61 48 49\t\t\t\t\t\t\t\t<\/div>\n\t\t\t\t<\/div>\n\t\t\t\t\t<\/div>\n\t\t<\/div>\n\t\t\t\t\t<\/div>\n\t\t<\/section>\n\t\t\t\t\t<\/div>\n\t\t<\/div>\n\t\t\t\t\t<\/div>\n\t\t<\/section>\n\t\t\t\t<\/div>\n\t\t","protected":false},"excerpt":{"rendered":"<p>Jean-Pierre, une travers\u00e9e en 29 jours R\u00e9cit GR10. Depuis plus de 3 ans, je pensais faire la travers\u00e9e des Pyr\u00e9n\u00e9es via le GR10. Ce n\u2019est qu\u2019en septembre 2016 que j\u2019ai pris la d\u00e9cision de partir l\u2019\u00e9t\u00e9 2017. Pourquoi me lancer dans un tel projet ? J\u2019ai toujours fait du sport, basket puis course \u00e0 pieds,&#8230;<\/p>\n","protected":false},"author":3,"featured_media":4001,"parent":0,"menu_order":0,"comment_status":"closed","ping_status":"closed","template":"elementor_theme","meta":{"_acf_changed":false,"_kad_post_transparent":"","_kad_post_title":"hide","_kad_post_layout":"right","_kad_post_sidebar_id":"","_kad_post_content_style":"unboxed","_kad_post_vertical_padding":"hide","_kad_post_feature":"hide","_kad_post_feature_position":"","_kad_post_header":false,"_kad_post_footer":false,"footnotes":""},"categories":[33],"tags":[],"class_list":["post-4803","page","type-page","status-publish","has-post-thumbnail","hentry","category-recit-gr10"],"acf":[],"yoast_head":"<!-- This site is optimized with the Yoast SEO plugin v27.4 - https:\/\/yoast.com\/product\/yoast-seo-wordpress\/ -->\n<title>R\u00e9cit GR10 - Jean-Pierre, une travers\u00e9e en 29 jours<\/title>\n<meta name=\"description\" content=\"Jean-Pierre a travers\u00e9 les Pyr\u00e9n\u00e9es par le gr10 en 29 jours seulement. Retrouvez le compte rendu de son r\u00e9cit GR10.\" \/>\n<meta name=\"robots\" content=\"index, follow, max-snippet:-1, max-image-preview:large, max-video-preview:-1\" \/>\n<link rel=\"canonical\" href=\"https:\/\/gr10.org\/index.php\/recit-gr10-jean-pierre-une-traversee-en-29-jours\/\" \/>\n<meta property=\"og:locale\" content=\"fr_FR\" \/>\n<meta property=\"og:type\" content=\"article\" \/>\n<meta property=\"og:title\" content=\"R\u00e9cit GR10 - Jean-Pierre, une travers\u00e9e en 29 jours\" \/>\n<meta property=\"og:description\" content=\"Jean-Pierre a travers\u00e9 les Pyr\u00e9n\u00e9es par le gr10 en 29 jours seulement. Retrouvez le compte rendu de son r\u00e9cit GR10.\" \/>\n<meta property=\"og:url\" content=\"https:\/\/gr10.org\/index.php\/recit-gr10-jean-pierre-une-traversee-en-29-jours\/\" \/>\n<meta property=\"og:site_name\" content=\"GR10 - La grande travers\u00e9e des Pyr\u00e9n\u00e9es\" \/>\n<meta property=\"article:modified_time\" content=\"2022-05-01T14:06:32+00:00\" \/>\n<meta property=\"og:image\" content=\"https:\/\/gr10.org\/wp-content\/uploads\/2022\/03\/Jean-Pierre.jpg\" \/>\n\t<meta property=\"og:image:width\" content=\"1152\" \/>\n\t<meta property=\"og:image:height\" content=\"2048\" \/>\n\t<meta property=\"og:image:type\" content=\"image\/jpeg\" \/>\n<meta name=\"twitter:card\" content=\"summary_large_image\" \/>\n<meta name=\"twitter:label1\" content=\"Dur\u00e9e de lecture estim\u00e9e\" \/>\n\t<meta name=\"twitter:data1\" content=\"7 minutes\" \/>\n<script type=\"application\/ld+json\" class=\"yoast-schema-graph\">{\"@context\":\"https:\\\/\\\/schema.org\",\"@graph\":[{\"@type\":\"WebPage\",\"@id\":\"https:\\\/\\\/gr10.org\\\/index.php\\\/recit-gr10-jean-pierre-une-traversee-en-29-jours\\\/\",\"url\":\"https:\\\/\\\/gr10.org\\\/index.php\\\/recit-gr10-jean-pierre-une-traversee-en-29-jours\\\/\",\"name\":\"R\u00e9cit GR10 - Jean-Pierre, une travers\u00e9e en 29 jours\",\"isPartOf\":{\"@id\":\"https:\\\/\\\/gr10.org\\\/#website\"},\"primaryImageOfPage\":{\"@id\":\"https:\\\/\\\/gr10.org\\\/index.php\\\/recit-gr10-jean-pierre-une-traversee-en-29-jours\\\/#primaryimage\"},\"image\":{\"@id\":\"https:\\\/\\\/gr10.org\\\/index.php\\\/recit-gr10-jean-pierre-une-traversee-en-29-jours\\\/#primaryimage\"},\"thumbnailUrl\":\"https:\\\/\\\/gr10.org\\\/wp-content\\\/uploads\\\/2022\\\/03\\\/Jean-Pierre.jpg\",\"datePublished\":\"2022-03-13T11:44:18+00:00\",\"dateModified\":\"2022-05-01T14:06:32+00:00\",\"description\":\"Jean-Pierre a travers\u00e9 les Pyr\u00e9n\u00e9es par le gr10 en 29 jours seulement. Retrouvez le compte rendu de son r\u00e9cit GR10.\",\"breadcrumb\":{\"@id\":\"https:\\\/\\\/gr10.org\\\/index.php\\\/recit-gr10-jean-pierre-une-traversee-en-29-jours\\\/#breadcrumb\"},\"inLanguage\":\"fr-FR\",\"potentialAction\":[{\"@type\":\"ReadAction\",\"target\":[\"https:\\\/\\\/gr10.org\\\/index.php\\\/recit-gr10-jean-pierre-une-traversee-en-29-jours\\\/\"]}]},{\"@type\":\"ImageObject\",\"inLanguage\":\"fr-FR\",\"@id\":\"https:\\\/\\\/gr10.org\\\/index.php\\\/recit-gr10-jean-pierre-une-traversee-en-29-jours\\\/#primaryimage\",\"url\":\"https:\\\/\\\/gr10.org\\\/wp-content\\\/uploads\\\/2022\\\/03\\\/Jean-Pierre.jpg\",\"contentUrl\":\"https:\\\/\\\/gr10.org\\\/wp-content\\\/uploads\\\/2022\\\/03\\\/Jean-Pierre.jpg\",\"width\":1152,\"height\":2048,\"caption\":\"GRdiste Jean-Pierre\"},{\"@type\":\"BreadcrumbList\",\"@id\":\"https:\\\/\\\/gr10.org\\\/index.php\\\/recit-gr10-jean-pierre-une-traversee-en-29-jours\\\/#breadcrumb\",\"itemListElement\":[{\"@type\":\"ListItem\",\"position\":1,\"name\":\"Accueil\",\"item\":\"https:\\\/\\\/gr10.org\\\/\"},{\"@type\":\"ListItem\",\"position\":2,\"name\":\"Jean-Pierre, une travers\u00e9e en 29 jours\"}]},{\"@type\":\"WebSite\",\"@id\":\"https:\\\/\\\/gr10.org\\\/#website\",\"url\":\"https:\\\/\\\/gr10.org\\\/\",\"name\":\"GR10 - La grande travers\u00e9e des Pyr\u00e9n\u00e9es\",\"description\":\"La grande aventure de la travers\u00e9e des Pyr\u00e9n\u00e9es via le gr10, vous en avez r\u00eav\u00e9? Alors, faite-la! Ce site vous aidera \u00e0 r\u00e9aliser votre aventure.\",\"potentialAction\":[{\"@type\":\"SearchAction\",\"target\":{\"@type\":\"EntryPoint\",\"urlTemplate\":\"https:\\\/\\\/gr10.org\\\/?s={search_term_string}\"},\"query-input\":{\"@type\":\"PropertyValueSpecification\",\"valueRequired\":true,\"valueName\":\"search_term_string\"}}],\"inLanguage\":\"fr-FR\"}]}<\/script>\n<!-- \/ Yoast SEO plugin. -->","yoast_head_json":{"title":"R\u00e9cit GR10 - Jean-Pierre, une travers\u00e9e en 29 jours","description":"Jean-Pierre a travers\u00e9 les Pyr\u00e9n\u00e9es par le gr10 en 29 jours seulement. Retrouvez le compte rendu de son r\u00e9cit GR10.","robots":{"index":"index","follow":"follow","max-snippet":"max-snippet:-1","max-image-preview":"max-image-preview:large","max-video-preview":"max-video-preview:-1"},"canonical":"https:\/\/gr10.org\/index.php\/recit-gr10-jean-pierre-une-traversee-en-29-jours\/","og_locale":"fr_FR","og_type":"article","og_title":"R\u00e9cit GR10 - Jean-Pierre, une travers\u00e9e en 29 jours","og_description":"Jean-Pierre a travers\u00e9 les Pyr\u00e9n\u00e9es par le gr10 en 29 jours seulement. Retrouvez le compte rendu de son r\u00e9cit GR10.","og_url":"https:\/\/gr10.org\/index.php\/recit-gr10-jean-pierre-une-traversee-en-29-jours\/","og_site_name":"GR10 - La grande travers\u00e9e des Pyr\u00e9n\u00e9es","article_modified_time":"2022-05-01T14:06:32+00:00","og_image":[{"width":1152,"height":2048,"url":"https:\/\/gr10.org\/wp-content\/uploads\/2022\/03\/Jean-Pierre.jpg","type":"image\/jpeg"}],"twitter_card":"summary_large_image","twitter_misc":{"Dur\u00e9e de lecture estim\u00e9e":"7 minutes"},"schema":{"@context":"https:\/\/schema.org","@graph":[{"@type":"WebPage","@id":"https:\/\/gr10.org\/index.php\/recit-gr10-jean-pierre-une-traversee-en-29-jours\/","url":"https:\/\/gr10.org\/index.php\/recit-gr10-jean-pierre-une-traversee-en-29-jours\/","name":"R\u00e9cit GR10 - Jean-Pierre, une travers\u00e9e en 29 jours","isPartOf":{"@id":"https:\/\/gr10.org\/#website"},"primaryImageOfPage":{"@id":"https:\/\/gr10.org\/index.php\/recit-gr10-jean-pierre-une-traversee-en-29-jours\/#primaryimage"},"image":{"@id":"https:\/\/gr10.org\/index.php\/recit-gr10-jean-pierre-une-traversee-en-29-jours\/#primaryimage"},"thumbnailUrl":"https:\/\/gr10.org\/wp-content\/uploads\/2022\/03\/Jean-Pierre.jpg","datePublished":"2022-03-13T11:44:18+00:00","dateModified":"2022-05-01T14:06:32+00:00","description":"Jean-Pierre a travers\u00e9 les Pyr\u00e9n\u00e9es par le gr10 en 29 jours seulement. Retrouvez le compte rendu de son r\u00e9cit GR10.","breadcrumb":{"@id":"https:\/\/gr10.org\/index.php\/recit-gr10-jean-pierre-une-traversee-en-29-jours\/#breadcrumb"},"inLanguage":"fr-FR","potentialAction":[{"@type":"ReadAction","target":["https:\/\/gr10.org\/index.php\/recit-gr10-jean-pierre-une-traversee-en-29-jours\/"]}]},{"@type":"ImageObject","inLanguage":"fr-FR","@id":"https:\/\/gr10.org\/index.php\/recit-gr10-jean-pierre-une-traversee-en-29-jours\/#primaryimage","url":"https:\/\/gr10.org\/wp-content\/uploads\/2022\/03\/Jean-Pierre.jpg","contentUrl":"https:\/\/gr10.org\/wp-content\/uploads\/2022\/03\/Jean-Pierre.jpg","width":1152,"height":2048,"caption":"GRdiste Jean-Pierre"},{"@type":"BreadcrumbList","@id":"https:\/\/gr10.org\/index.php\/recit-gr10-jean-pierre-une-traversee-en-29-jours\/#breadcrumb","itemListElement":[{"@type":"ListItem","position":1,"name":"Accueil","item":"https:\/\/gr10.org\/"},{"@type":"ListItem","position":2,"name":"Jean-Pierre, une travers\u00e9e en 29 jours"}]},{"@type":"WebSite","@id":"https:\/\/gr10.org\/#website","url":"https:\/\/gr10.org\/","name":"GR10 - La grande travers\u00e9e des Pyr\u00e9n\u00e9es","description":"La grande aventure de la travers\u00e9e des Pyr\u00e9n\u00e9es via le gr10, vous en avez r\u00eav\u00e9? Alors, faite-la! Ce site vous aidera \u00e0 r\u00e9aliser votre aventure.","potentialAction":[{"@type":"SearchAction","target":{"@type":"EntryPoint","urlTemplate":"https:\/\/gr10.org\/?s={search_term_string}"},"query-input":{"@type":"PropertyValueSpecification","valueRequired":true,"valueName":"search_term_string"}}],"inLanguage":"fr-FR"}]}},"_links":{"self":[{"href":"https:\/\/gr10.org\/index.php\/wp-json\/wp\/v2\/pages\/4803","targetHints":{"allow":["GET"]}}],"collection":[{"href":"https:\/\/gr10.org\/index.php\/wp-json\/wp\/v2\/pages"}],"about":[{"href":"https:\/\/gr10.org\/index.php\/wp-json\/wp\/v2\/types\/page"}],"author":[{"embeddable":true,"href":"https:\/\/gr10.org\/index.php\/wp-json\/wp\/v2\/users\/3"}],"replies":[{"embeddable":true,"href":"https:\/\/gr10.org\/index.php\/wp-json\/wp\/v2\/comments?post=4803"}],"version-history":[{"count":28,"href":"https:\/\/gr10.org\/index.php\/wp-json\/wp\/v2\/pages\/4803\/revisions"}],"predecessor-version":[{"id":7877,"href":"https:\/\/gr10.org\/index.php\/wp-json\/wp\/v2\/pages\/4803\/revisions\/7877"}],"wp:featuredmedia":[{"embeddable":true,"href":"https:\/\/gr10.org\/index.php\/wp-json\/wp\/v2\/media\/4001"}],"wp:attachment":[{"href":"https:\/\/gr10.org\/index.php\/wp-json\/wp\/v2\/media?parent=4803"}],"wp:term":[{"taxonomy":"category","embeddable":true,"href":"https:\/\/gr10.org\/index.php\/wp-json\/wp\/v2\/categories?post=4803"},{"taxonomy":"post_tag","embeddable":true,"href":"https:\/\/gr10.org\/index.php\/wp-json\/wp\/v2\/tags?post=4803"}],"curies":[{"name":"wp","href":"https:\/\/api.w.org\/{rel}","templated":true}]}}