{"id":8526,"date":"2022-06-02T18:50:05","date_gmt":"2022-06-02T16:50:05","guid":{"rendered":"https:\/\/gr10.org\/?page_id=8526"},"modified":"2023-07-11T17:37:57","modified_gmt":"2023-07-11T15:37:57","slug":"actualites-et-informations-du-gr10","status":"publish","type":"page","link":"https:\/\/gr10.org\/index.php\/actualites-et-informations-du-gr10\/","title":{"rendered":"Actualit\u00e9s et informations du GR\u00ae10"},"content":{"rendered":"\t\t<div data-elementor-type=\"wp-page\" data-elementor-id=\"8526\" class=\"elementor elementor-8526\" data-elementor-post-type=\"page\">\n\t\t\t\t\t\t<section class=\"elementor-section elementor-top-section elementor-element elementor-element-689c342 elementor-section-boxed elementor-section-height-default elementor-section-height-default\" data-id=\"689c342\" data-element_type=\"section\" data-e-type=\"section\" data-settings=\"{&quot;background_background&quot;:&quot;classic&quot;}\">\n\t\t\t\t\t\t<div class=\"elementor-container elementor-column-gap-default\">\n\t\t\t\t\t<div class=\"elementor-column elementor-col-50 elementor-top-column elementor-element elementor-element-8eb71ba\" data-id=\"8eb71ba\" data-element_type=\"column\" data-e-type=\"column\">\n\t\t\t<div class=\"elementor-widget-wrap elementor-element-populated\">\n\t\t\t\t\t\t<section class=\"elementor-section elementor-inner-section elementor-element elementor-element-0328efc elementor-section-full_width elementor-hidden-tablet elementor-hidden-mobile elementor-section-height-default elementor-section-height-default\" data-id=\"0328efc\" data-element_type=\"section\" data-e-type=\"section\" data-settings=\"{&quot;sticky&quot;:&quot;top&quot;,&quot;sticky_on&quot;:[&quot;desktop&quot;],&quot;sticky_offset&quot;:20,&quot;sticky_parent&quot;:&quot;yes&quot;,&quot;sticky_effects_offset&quot;:0,&quot;sticky_anchor_link_offset&quot;:0}\">\n\t\t\t\t\t\t<div class=\"elementor-container elementor-column-gap-default\">\n\t\t\t\t\t<div class=\"elementor-column elementor-col-100 elementor-inner-column elementor-element elementor-element-32f5937\" data-id=\"32f5937\" data-element_type=\"column\" data-e-type=\"column\" data-settings=\"{&quot;background_background&quot;:&quot;classic&quot;}\">\n\t\t\t<div class=\"elementor-widget-wrap elementor-element-populated\">\n\t\t\t\t\t\t<div class=\"elementor-element elementor-element-9a680c0 elementor-widget elementor-widget-heading\" data-id=\"9a680c0\" data-element_type=\"widget\" data-e-type=\"widget\" data-widget_type=\"heading.default\">\n\t\t\t\t<div class=\"elementor-widget-container\">\n\t\t\t\t\t<h2 class=\"elementor-heading-title elementor-size-default\">Actualit\u00e9s et informations du GR\u00ae10<\/h2>\t\t\t\t<\/div>\n\t\t\t\t<\/div>\n\t\t\t\t<div class=\"elementor-element elementor-element-1fdfab3 elementor-hidden-mobile elementor-widget elementor-widget-text-editor\" data-id=\"1fdfab3\" data-element_type=\"widget\" data-e-type=\"widget\" data-widget_type=\"text-editor.default\">\n\t\t\t\t<div class=\"elementor-widget-container\">\n\t\t\t\t\t\t\t\t\t<p>Le site du GR10 vous propose de suivre r\u00e9guli\u00e8rement l&rsquo;actualit\u00e9 du parcours de Hendaye \u00e0 Banyuls. Si vous avez des informations importantes \u00e0 partager avec nous, n&rsquo;h\u00e9sitez pas \u00e0 nous contacter par mail (<a href=\"mailto:assogr10@gmail.com\" target=\"_new\">assogr10@gmail.com<\/a>), par t\u00e9l\u00e9phone au 06 83 61 48 49 ou en laissant un commentaire sur l&rsquo;un de nos articles.<\/p><p>Nous vous remercions par avance pour vos retours et restons \u00e0 votre disposition pour toute question ou suggestion.<\/p>\t\t\t\t\t\t\t\t<\/div>\n\t\t\t\t<\/div>\n\t\t\t\t\t<\/div>\n\t\t<\/div>\n\t\t\t\t\t<\/div>\n\t\t<\/section>\n\t\t\t\t\t<\/div>\n\t\t<\/div>\n\t\t\t\t<div class=\"elementor-column elementor-col-50 elementor-top-column elementor-element elementor-element-60eb3a8\" data-id=\"60eb3a8\" data-element_type=\"column\" data-e-type=\"column\" data-settings=\"{&quot;background_background&quot;:&quot;classic&quot;}\">\n\t\t\t<div class=\"elementor-widget-wrap elementor-element-populated\">\n\t\t\t\t\t\t<section class=\"elementor-section elementor-inner-section elementor-element elementor-element-b0bd282 elementor-section-full_width elementor-section-content-middle elementor-section-height-default elementor-section-height-default\" data-id=\"b0bd282\" data-element_type=\"section\" data-e-type=\"section\">\n\t\t\t\t\t\t<div class=\"elementor-container elementor-column-gap-default\">\n\t\t\t\t\t<div class=\"elementor-column elementor-col-100 elementor-inner-column elementor-element elementor-element-2dced65\" data-id=\"2dced65\" data-element_type=\"column\" data-e-type=\"column\">\n\t\t\t<div class=\"elementor-widget-wrap elementor-element-populated\">\n\t\t\t\t\t\t<div class=\"elementor-element elementor-element-bb9042d elementor-widget elementor-widget-heading\" data-id=\"bb9042d\" data-element_type=\"widget\" data-e-type=\"widget\" data-widget_type=\"heading.default\">\n\t\t\t\t<div class=\"elementor-widget-container\">\n\t\t\t\t\t<h2 class=\"elementor-heading-title elementor-size-default\">Actualit\u00e9s et informations du GR\u00ae10<\/h2>\t\t\t\t<\/div>\n\t\t\t\t<\/div>\n\t\t\t\t<div class=\"elementor-element elementor-element-27c1b2c elementor-widget elementor-widget-text-editor\" data-id=\"27c1b2c\" data-element_type=\"widget\" data-e-type=\"widget\" data-widget_type=\"text-editor.default\">\n\t\t\t\t<div class=\"elementor-widget-container\">\n\t\t\t\t\t\t\t\t\t<p>Suivez jour par jour l&rsquo;actualit\u00e9 du GR10 sur l&rsquo;ensemble du parcours de Hendaye \u00e0 Banyuls.\u00a0<br \/><br \/>Si vous avez une information importante \u00e0 nous communiquer, n&rsquo;h\u00e9sitez-pas \u00e0 nous contacter par mail (<a href=\"mailto:assogr10@gmail.com\">assogr10@gmail.com<\/a>) ou par t\u00e9l\u00e9phone au 06 83 61 48 49.<br \/><br \/>Par avance, un grand merci pour vos futurs retours.<\/p>\t\t\t\t\t\t\t\t<\/div>\n\t\t\t\t<\/div>\n\t\t\t\t\t<\/div>\n\t\t<\/div>\n\t\t\t\t\t<\/div>\n\t\t<\/section>\n\t\t\t\t<div class=\"elementor-element elementor-element-9ec636b elementor-widget elementor-widget-eael-adv-tabs\" data-id=\"9ec636b\" data-element_type=\"widget\" data-e-type=\"widget\" data-widget_type=\"eael-adv-tabs.default\">\n\t\t\t\t<div class=\"elementor-widget-container\">\n\t\t\t\t\t        <div data-scroll-on-click=\"no\" data-scroll-speed=\"300\" id=\"eael-advance-tabs-9ec636b\" class=\"eael-advance-tabs eael-tabs-horizontal eael-tab-auto-active \" data-tabid=\"9ec636b\">\n            <div class=\"eael-tabs-nav \">\n                <ul class=\"eael-tab-inline-icon\" role=\"tablist\">\n                                            <li id=\"occidentales\" class=\"active-default eael-tab-item-trigger eael-tab-nav-item\" aria-selected=\"true\" data-tab=\"1\" role=\"tab\" tabindex=\"0\" aria-controls=\"occidentales-tab\" aria-expanded=\"false\">\n                            \n                                                                                                                            \n                                                            <span class=\"eael-tab-title title-after-icon\" >Occidentales<\/span>                            \n                                                    <\/li>\n                                            <li id=\"centrales\" class=\"active-default eael-tab-item-trigger eael-tab-nav-item\" aria-selected=\"false\" data-tab=\"2\" role=\"tab\" tabindex=\"-1\" aria-controls=\"centrales-tab\" aria-expanded=\"false\">\n                            \n                                                                                                                            \n                                                            <span class=\"eael-tab-title title-after-icon\" >Centrales<\/span>                            \n                                                    <\/li>\n                                            <li id=\"arigeoises\" class=\"active-default eael-tab-item-trigger eael-tab-nav-item\" aria-selected=\"false\" data-tab=\"3\" role=\"tab\" tabindex=\"-1\" aria-controls=\"arigeoises-tab\" aria-expanded=\"false\">\n                            \n                                                                                                                            \n                                                            <span class=\"eael-tab-title title-after-icon\" >Ari\u00e8geoises<\/span>                            \n                                                    <\/li>\n                                            <li id=\"orientales\" class=\"active-default eael-tab-item-trigger eael-tab-nav-item\" aria-selected=\"false\" data-tab=\"4\" role=\"tab\" tabindex=\"-1\" aria-controls=\"orientales-tab\" aria-expanded=\"false\">\n                            \n                                                                                                                            \n                                                            <span class=\"eael-tab-title title-after-icon\" >Orientales<\/span>                            \n                                                    <\/li>\n                    \n                                  <\/ul>\n            <\/div>\n            \n            <div class=\"eael-tabs-content\">\n\t\t        \n                    <div id=\"occidentales-tab\" class=\"clearfix eael-tab-content-item active-default\" data-title-link=\"occidentales-tab\">\n\t\t\t\t        <style>.elementor-widget-posts .elementor-post__title, .elementor-widget-posts .elementor-post__title a{color:var( --e-global-color-secondary );font-family:var( --e-global-typography-primary-font-family ), Sans-serif;font-weight:var( --e-global-typography-primary-font-weight );}.elementor-widget-posts .elementor-post__meta-data{font-family:var( --e-global-typography-secondary-font-family ), Sans-serif;font-size:var( --e-global-typography-secondary-font-size );font-weight:var( --e-global-typography-secondary-font-weight );}.elementor-widget-posts .elementor-post__excerpt p{font-family:var( --e-global-typography-text-font-family ), Sans-serif;font-weight:var( --e-global-typography-text-font-weight );}.elementor-widget-posts .elementor-post__read-more{color:var( --e-global-color-accent );}.elementor-widget-posts a.elementor-post__read-more{font-family:var( --e-global-typography-accent-font-family ), Sans-serif;font-weight:var( --e-global-typography-accent-font-weight );}.elementor-widget-posts .elementor-post__card .elementor-post__badge{background-color:var( --e-global-color-accent );font-family:var( --e-global-typography-accent-font-family ), Sans-serif;font-weight:var( --e-global-typography-accent-font-weight );}.elementor-widget-posts .elementor-pagination{font-family:var( --e-global-typography-secondary-font-family ), Sans-serif;font-size:var( --e-global-typography-secondary-font-size );font-weight:var( --e-global-typography-secondary-font-weight );}.elementor-widget-posts .elementor-button{font-family:var( --e-global-typography-accent-font-family ), Sans-serif;font-weight:var( --e-global-typography-accent-font-weight );background-color:var( --e-global-color-accent );}.elementor-widget-posts .e-load-more-message{font-family:var( --e-global-typography-secondary-font-family ), Sans-serif;font-size:var( --e-global-typography-secondary-font-size );font-weight:var( --e-global-typography-secondary-font-weight );}.elementor-10972 .elementor-element.elementor-element-c8f0f34 .elementor-posts-container .elementor-post__thumbnail{padding-bottom:calc( 0.17 * 100% );}.elementor-10972 .elementor-element.elementor-element-c8f0f34:after{content:\"0.17\";}.elementor-10972 .elementor-element.elementor-element-c8f0f34 .elementor-post__meta-data span + span:before{content:\"\u2022\";}.elementor-10972 .elementor-element.elementor-element-c8f0f34{--grid-column-gap:25px;--grid-row-gap:20px;--load-more\u2014spacing:0px;}.elementor-10972 .elementor-element.elementor-element-c8f0f34 .elementor-post__card{background-color:#242F34;border-width:0px;border-radius:6px;padding-top:0px;padding-bottom:0px;}.elementor-10972 .elementor-element.elementor-element-c8f0f34 .elementor-post__text{padding:0 21px;margin-top:0px;margin-bottom:0px;}.elementor-10972 .elementor-element.elementor-element-c8f0f34 .elementor-post__meta-data{padding:10px 21px;color:#FFEC27;font-family:\"Poppins\", Sans-serif;font-weight:200;line-height:1.3em;}.elementor-10972 .elementor-element.elementor-element-c8f0f34 .elementor-post__avatar{padding-right:21px;padding-left:21px;}.elementor-10972 .elementor-element.elementor-element-c8f0f34 .elementor-post__badge{left:0;}.elementor-10972 .elementor-element.elementor-element-c8f0f34 .elementor-post__card .elementor-post__badge{background-color:#2D3748AB;font-size:9px;margin:11px;font-family:var( --e-global-typography-e97df68-font-family ), Sans-serif;font-weight:var( --e-global-typography-e97df68-font-weight );line-height:var( --e-global-typography-e97df68-line-height );letter-spacing:var( --e-global-typography-e97df68-letter-spacing );word-spacing:var( --e-global-typography-e97df68-word-spacing );}.elementor-10972 .elementor-element.elementor-element-c8f0f34 .elementor-post__title, .elementor-10972 .elementor-element.elementor-element-c8f0f34 .elementor-post__title a{color:#FFFFFF;font-family:\"Roboto\", Sans-serif;font-size:20px;font-weight:400;line-height:1.3em;}.elementor-10972 .elementor-element.elementor-element-c8f0f34 .elementor-post__title{margin-bottom:10px;}.elementor-10972 .elementor-element.elementor-element-c8f0f34 .elementor-post__excerpt p{color:#FFFFFF87;font-family:var( --e-global-typography-ef9164a-font-family ), Sans-serif;font-size:var( --e-global-typography-ef9164a-font-size );font-weight:var( --e-global-typography-ef9164a-font-weight );line-height:var( --e-global-typography-ef9164a-line-height );letter-spacing:var( --e-global-typography-ef9164a-letter-spacing );word-spacing:var( --e-global-typography-ef9164a-word-spacing );}.elementor-10972 .elementor-element.elementor-element-c8f0f34 .elementor-post__excerpt{margin-bottom:0px;}.elementor-10972 .elementor-element.elementor-element-c8f0f34 .elementor-post__read-more{color:#FFFFFF;margin-bottom:0px;}.elementor-10972 .elementor-element.elementor-element-c8f0f34 a.elementor-post__read-more{font-family:\"Poppins\", Sans-serif;font-size:14px;font-weight:400;text-transform:lowercase;line-height:1.3em;}.elementor-10972 .elementor-element.elementor-element-c8f0f34 > .elementor-widget-container{background-color:#FFFFFF66;}@media(max-width:1024px){.elementor-widget-posts .elementor-post__meta-data{font-size:var( --e-global-typography-secondary-font-size );}.elementor-widget-posts .elementor-pagination{font-size:var( --e-global-typography-secondary-font-size );}.elementor-widget-posts .e-load-more-message{font-size:var( --e-global-typography-secondary-font-size );}.elementor-10972 .elementor-element.elementor-element-c8f0f34 .elementor-posts-container .elementor-post__thumbnail{padding-bottom:calc( 0.15 * 100% );}.elementor-10972 .elementor-element.elementor-element-c8f0f34:after{content:\"0.15\";}.elementor-10972 .elementor-element.elementor-element-c8f0f34 .elementor-post__card .elementor-post__badge{line-height:var( --e-global-typography-e97df68-line-height );letter-spacing:var( --e-global-typography-e97df68-letter-spacing );word-spacing:var( --e-global-typography-e97df68-word-spacing );}.elementor-10972 .elementor-element.elementor-element-c8f0f34 .elementor-post__title{margin-bottom:22px;}.elementor-10972 .elementor-element.elementor-element-c8f0f34 .elementor-post__excerpt p{font-size:var( --e-global-typography-ef9164a-font-size );line-height:var( --e-global-typography-ef9164a-line-height );letter-spacing:var( --e-global-typography-ef9164a-letter-spacing );word-spacing:var( --e-global-typography-ef9164a-word-spacing );}.elementor-10972 .elementor-element.elementor-element-c8f0f34 > .elementor-widget-container{--e-transform-translateX:0px;}}@media(max-width:767px){.elementor-widget-posts .elementor-post__meta-data{font-size:var( --e-global-typography-secondary-font-size );}.elementor-widget-posts .elementor-pagination{font-size:var( --e-global-typography-secondary-font-size );}.elementor-widget-posts .e-load-more-message{font-size:var( --e-global-typography-secondary-font-size );}.elementor-10972 .elementor-element.elementor-element-c8f0f34 .elementor-posts-container .elementor-post__thumbnail{padding-bottom:calc( 0.39 * 100% );}.elementor-10972 .elementor-element.elementor-element-c8f0f34:after{content:\"0.39\";}.elementor-10972 .elementor-element.elementor-element-c8f0f34{--grid-column-gap:10px;--grid-row-gap:11px;}.elementor-10972 .elementor-element.elementor-element-c8f0f34.elementor-posts--thumbnail-left .elementor-post__thumbnail__link{margin-right:0px;}.elementor-10972 .elementor-element.elementor-element-c8f0f34.elementor-posts--thumbnail-right .elementor-post__thumbnail__link{margin-left:0px;}.elementor-10972 .elementor-element.elementor-element-c8f0f34.elementor-posts--thumbnail-top .elementor-post__thumbnail__link{margin-bottom:0px;}.elementor-10972 .elementor-element.elementor-element-c8f0f34 .elementor-post__card .elementor-post__badge{line-height:var( --e-global-typography-e97df68-line-height );letter-spacing:var( --e-global-typography-e97df68-letter-spacing );word-spacing:var( --e-global-typography-e97df68-word-spacing );}.elementor-10972 .elementor-element.elementor-element-c8f0f34 .elementor-post__title, .elementor-10972 .elementor-element.elementor-element-c8f0f34 .elementor-post__title a{line-height:1.2em;}.elementor-10972 .elementor-element.elementor-element-c8f0f34 .elementor-post__title{margin-bottom:19px;}.elementor-10972 .elementor-element.elementor-element-c8f0f34 .elementor-post__meta-data{font-size:15px;line-height:1.2em;}.elementor-10972 .elementor-element.elementor-element-c8f0f34 .elementor-post__excerpt p{font-size:var( --e-global-typography-ef9164a-font-size );line-height:var( --e-global-typography-ef9164a-line-height );letter-spacing:var( --e-global-typography-ef9164a-letter-spacing );word-spacing:var( --e-global-typography-ef9164a-word-spacing );}.elementor-10972 .elementor-element.elementor-element-c8f0f34 .elementor-post__excerpt{margin-bottom:0px;}.elementor-10972 .elementor-element.elementor-element-c8f0f34 .elementor-post__text{margin-bottom:7px;}.elementor-10972 .elementor-element.elementor-element-c8f0f34 > .elementor-widget-container{margin:0px 0px 0px 0px;}}\/* Start custom CSS for posts, class: .elementor-element-c8f0f34 *\/{-- @media (min-width:1024px){\r\n.elementor-posts--thumbnail-top .elementor-posts--skin-cards:not(.elementor-posts-masonry) .elementor-post__card, .elementor-posts .elementor-posts--skin-cards:not(.elementor-posts-masonry) .elementor-post__card {\r\n    display: -webkit-box;\r\n    display: -ms-flexbox;\r\n    display: flex;\r\n    -webkit-box-orient: vertical;\r\n    -webkit-box-direction: normal;\r\n    -ms-flex-direction: column;\r\n    -webkit-box-pack: start;\r\n    -ms-flex-pack: start;\r\n    justify-content: flex-start;\r\n    flex-direction: row!important;\r\n}}\r\n\r\n@media (min-width:1130px){\r\n.elementor-posts-container .elementor-post__thumbnail__link {\r\n    position: relative;\r\n    display: block;\r\n    width: 25%!important;\r\n}}\r\n@media (max-width:1129px) and (min-width:1024px){\r\n.elementor-posts-container .elementor-post__thumbnail__link {\r\n    position: relative;\r\n    display: block;\r\n    width: 35%!important;\r\n}}\r\n@media (min-width:1024px){\r\n.elementor-posts--thumbnail-top .elementor-post__thumbnail__link {\r\n    margin-bottom: 0px!important;\r\n}}\r\n --}\r\n.elementor-10972 .elementor-element.elementor-element-c8f0f34{\r\n    margin:auto;\r\n    width: 630px;\r\n}\r\n.elementor-post__meta-data {\r\n    border-width: 0px!important;\r\n}\r\n\r\n.elementor-post__meta-data {\r\n    text-align: end;\r\n}\r\n\r\n.elementor-posts--thumbnail-top .elementor-posts--skin-cards:not(.elementor-posts-masonry) .elementor-post__meta-data, .elementor-posts .elementor-posts--skin-cards:not(.elementor-posts-masonry) .elementor-post__meta-data {\r\n    padding-bottom: 10px;\r\n}\r\n\r\n.elementor-posts .elementor-post__badge {\r\n    position: absolute;\r\n    top: 0;\r\n    background: #fcb735!important;\r\n    color: #000!important;\r\n    font-size: 11px!important;\r\n    padding: 0.6em 1.2em;\r\n    line-height: 1;\r\n    font-weight: 500!important;\r\n    margin: 20px;\r\n    border-radius: 999px;\r\n}\/* End custom CSS *\/\n\/* Start Custom Fonts CSS *\/@font-face {\n\tfont-family: 'Poppins';\n\tfont-style: normal;\n\tfont-weight: 100;\n\tfont-display: auto;\n\tsrc: url('https:\/\/gr10.org\/wp-content\/uploads\/2022\/01\/Poppins-Thin.ttf') format('truetype');\n}\n@font-face {\n\tfont-family: 'Poppins';\n\tfont-style: normal;\n\tfont-weight: 200;\n\tfont-display: auto;\n\tsrc: url('https:\/\/gr10.org\/wp-content\/uploads\/2022\/01\/Poppins-ExtraLight.ttf') format('truetype');\n}\n@font-face {\n\tfont-family: 'Poppins';\n\tfont-style: normal;\n\tfont-weight: 300;\n\tfont-display: auto;\n\tsrc: url('https:\/\/gr10.org\/wp-content\/uploads\/2022\/01\/Poppins-Light.ttf') format('truetype');\n}\n@font-face {\n\tfont-family: 'Poppins';\n\tfont-style: normal;\n\tfont-weight: 400;\n\tfont-display: auto;\n\tsrc: url('https:\/\/gr10.org\/wp-content\/uploads\/2022\/01\/Poppins-Regular.ttf') format('truetype');\n}\n@font-face {\n\tfont-family: 'Poppins';\n\tfont-style: normal;\n\tfont-weight: 500;\n\tfont-display: auto;\n\tsrc: url('https:\/\/gr10.org\/wp-content\/uploads\/2022\/01\/Poppins-Medium.ttf') format('truetype');\n}\n@font-face {\n\tfont-family: 'Poppins';\n\tfont-style: normal;\n\tfont-weight: 600;\n\tfont-display: auto;\n\tsrc: url('https:\/\/gr10.org\/wp-content\/uploads\/2022\/01\/Poppins-SemiBold.ttf') format('truetype');\n}\n@font-face {\n\tfont-family: 'Poppins';\n\tfont-style: normal;\n\tfont-weight: 700;\n\tfont-display: auto;\n\tsrc: url('https:\/\/gr10.org\/wp-content\/uploads\/2022\/01\/Poppins-Bold.ttf') format('truetype');\n}\n@font-face {\n\tfont-family: 'Poppins';\n\tfont-style: normal;\n\tfont-weight: 800;\n\tfont-display: auto;\n\tsrc: url('https:\/\/gr10.org\/wp-content\/uploads\/2022\/01\/Poppins-ExtraBold.ttf') format('truetype');\n}\n@font-face {\n\tfont-family: 'Poppins';\n\tfont-style: normal;\n\tfont-weight: 900;\n\tfont-display: auto;\n\tsrc: url('https:\/\/gr10.org\/wp-content\/uploads\/2022\/01\/Poppins-Black.ttf') format('truetype');\n}\n\/* End Custom Fonts CSS *\/<\/style>\t\t<div data-elementor-type=\"widget\" data-elementor-id=\"10972\" class=\"elementor elementor-10972\" data-elementor-post-type=\"elementor_library\">\n\t\t\t\t\t\t<div class=\"elementor-element elementor-element-c8f0f34 elementor-posts--align-left elementor-grid-1 elementor-grid-tablet-1 e-transform elementor-grid-mobile-1 elementor-posts--thumbnail-top elementor-posts__hover-gradient elementor-widget elementor-widget-posts\" data-id=\"c8f0f34\" data-element_type=\"widget\" data-e-type=\"widget\" data-settings=\"{&quot;cards_row_gap&quot;:{&quot;unit&quot;:&quot;px&quot;,&quot;size&quot;:20,&quot;sizes&quot;:[]},&quot;pagination_type&quot;:&quot;load_more_infinite_scroll&quot;,&quot;load_more_spinner&quot;:{&quot;value&quot;:&quot;fas fa-cog&quot;,&quot;library&quot;:&quot;fa-solid&quot;},&quot;cards_row_gap_mobile&quot;:{&quot;unit&quot;:&quot;px&quot;,&quot;size&quot;:11,&quot;sizes&quot;:[]},&quot;cards_columns&quot;:&quot;1&quot;,&quot;motion_fx_motion_fx_mouse&quot;:&quot;yes&quot;,&quot;cards_columns_tablet&quot;:&quot;1&quot;,&quot;_transform_translateX_effect_tablet&quot;:{&quot;unit&quot;:&quot;px&quot;,&quot;size&quot;:0,&quot;sizes&quot;:[]},&quot;cards_columns_mobile&quot;:&quot;1&quot;,&quot;cards_row_gap_tablet&quot;:{&quot;unit&quot;:&quot;px&quot;,&quot;size&quot;:&quot;&quot;,&quot;sizes&quot;:[]},&quot;_transform_translateX_effect&quot;:{&quot;unit&quot;:&quot;px&quot;,&quot;size&quot;:&quot;&quot;,&quot;sizes&quot;:[]},&quot;_transform_translateX_effect_mobile&quot;:{&quot;unit&quot;:&quot;px&quot;,&quot;size&quot;:&quot;&quot;,&quot;sizes&quot;:[]},&quot;_transform_translateY_effect&quot;:{&quot;unit&quot;:&quot;px&quot;,&quot;size&quot;:&quot;&quot;,&quot;sizes&quot;:[]},&quot;_transform_translateY_effect_tablet&quot;:{&quot;unit&quot;:&quot;px&quot;,&quot;size&quot;:&quot;&quot;,&quot;sizes&quot;:[]},&quot;_transform_translateY_effect_mobile&quot;:{&quot;unit&quot;:&quot;px&quot;,&quot;size&quot;:&quot;&quot;,&quot;sizes&quot;:[]}}\" data-widget_type=\"posts.cards\">\n\t\t\t\t<div class=\"elementor-widget-container\">\n\t\t\t\t\t\t\t<div class=\"elementor-posts-container elementor-posts elementor-posts--skin-cards elementor-grid\" role=\"list\">\n\t\t\t\t<article class=\"elementor-post elementor-grid-item post-13706 post type-post status-publish format-standard has-post-thumbnail hentry category-actu-info-gr10 tag-pyrenees-centrales tag-pyrenees-occidentales\" role=\"listitem\">\n\t\t\t<div class=\"elementor-post__card\">\n\t\t\t\t<a class=\"elementor-post__thumbnail__link\" href=\"https:\/\/gr10.org\/index.php\/2024\/09\/07\/alerte-inondation-gr10-impraticable-au-niveau-detsaut\/\" tabindex=\"-1\" ><div class=\"elementor-post__thumbnail\"><img fetchpriority=\"high\" decoding=\"async\" width=\"715\" height=\"597\" src=\"https:\/\/gr10.org\/wp-content\/uploads\/2024\/09\/inondation-Etsaut.jpg\" class=\"attachment-large size-large wp-image-13710\" alt=\"\" srcset=\"https:\/\/gr10.org\/wp-content\/uploads\/2024\/09\/inondation-Etsaut.jpg 715w, https:\/\/gr10.org\/wp-content\/uploads\/2024\/09\/inondation-Etsaut-300x250.jpg 300w\" sizes=\"(max-width: 715px) 100vw, 715px\" \/><\/div><\/a>\n\t\t\t\t<div class=\"elementor-post__badge\">Pyr\u00e9n\u00e9es Centrales<\/div>\n\t\t\t\t<div class=\"elementor-post__text\">\n\t\t\t\t<h3 class=\"elementor-post__title\">\n\t\t\t<a href=\"https:\/\/gr10.org\/index.php\/2024\/09\/07\/alerte-inondation-gr10-impraticable-au-niveau-detsaut\/\" >\n\t\t\t\tAlerte inondation &#8211; GR10 impraticable au niveau d&rsquo;Etsaut\t\t\t<\/a>\n\t\t<\/h3>\n\t\t\t\t<div class=\"elementor-post__excerpt\">\n\t\t\t<p>Chers GRdistes, En raison d&rsquo;une tr\u00e8s forte crue du gave de Pau, nous vous informons que le GR10 est impraticable<\/p>\n\t\t<\/div>\n\t\t\n\t\t<a class=\"elementor-post__read-more\" href=\"https:\/\/gr10.org\/index.php\/2024\/09\/07\/alerte-inondation-gr10-impraticable-au-niveau-detsaut\/\" aria-label=\"En savoir plus sur Alerte inondation &#8211; GR10 impraticable au niveau d&rsquo;Etsaut\" tabindex=\"-1\" >\n\t\t\tLire la suite \u00bb\t\t<\/a>\n\n\t\t\t\t<\/div>\n\t\t\t\t<div class=\"elementor-post__meta-data\">\n\t\t\t\t\t<span class=\"elementor-post-date\">\n\t\t\t7 septembre 2024\t\t<\/span>\n\t\t\t\t<\/div>\n\t\t\t\t\t<\/div>\n\t\t<\/article>\n\t\t\t\t<article class=\"elementor-post elementor-grid-item post-13596 post type-post status-publish format-standard has-post-thumbnail hentry category-actu-info-gr10 tag-pyrenees-occidentales\" role=\"listitem\">\n\t\t\t<div class=\"elementor-post__card\">\n\t\t\t\t<a class=\"elementor-post__thumbnail__link\" href=\"https:\/\/gr10.org\/index.php\/2024\/07\/13\/chambres-dhotes-a-vendre-sur-le-gr10\/\" tabindex=\"-1\" ><div class=\"elementor-post__thumbnail\"><img decoding=\"async\" width=\"1024\" height=\"498\" src=\"https:\/\/gr10.org\/wp-content\/uploads\/2024\/07\/estibere-20-01-1024x498.jpg\" class=\"attachment-large size-large wp-image-13606\" alt=\"\" srcset=\"https:\/\/gr10.org\/wp-content\/uploads\/2024\/07\/estibere-20-01-1024x498.jpg 1024w, https:\/\/gr10.org\/wp-content\/uploads\/2024\/07\/estibere-20-01-300x146.jpg 300w, https:\/\/gr10.org\/wp-content\/uploads\/2024\/07\/estibere-20-01-768x373.jpg 768w, https:\/\/gr10.org\/wp-content\/uploads\/2024\/07\/estibere-20-01-1536x747.jpg 1536w, https:\/\/gr10.org\/wp-content\/uploads\/2024\/07\/estibere-20-01.jpg 1600w\" sizes=\"(max-width: 1024px) 100vw, 1024px\" \/><\/div><\/a>\n\t\t\t\t<div class=\"elementor-post__badge\">Pyr\u00e9n\u00e9es Occidentales<\/div>\n\t\t\t\t<div class=\"elementor-post__text\">\n\t\t\t\t<h3 class=\"elementor-post__title\">\n\t\t\t<a href=\"https:\/\/gr10.org\/index.php\/2024\/07\/13\/chambres-dhotes-a-vendre-sur-le-gr10\/\" >\n\t\t\t\tChambres d&rsquo;H\u00f4tes (g\u00eete d&rsquo;\u00e9tape) \u00e0 vendre sur le GR10\t\t\t<\/a>\n\t\t<\/h3>\n\t\t\t\t<div class=\"elementor-post__excerpt\">\n\t\t\t<p>A Vendre CHAMBRES d&rsquo;h\u00f4tes et Tables d&rsquo;h\u00f4tes situ\u00e9es sur une \u00e9tape du GR10, 5 chambres dont une familiale, capacit\u00e9 de<\/p>\n\t\t<\/div>\n\t\t\n\t\t<a class=\"elementor-post__read-more\" href=\"https:\/\/gr10.org\/index.php\/2024\/07\/13\/chambres-dhotes-a-vendre-sur-le-gr10\/\" aria-label=\"En savoir plus sur Chambres d&rsquo;H\u00f4tes (g\u00eete d&rsquo;\u00e9tape) \u00e0 vendre sur le GR10\" tabindex=\"-1\" >\n\t\t\tLire la suite \u00bb\t\t<\/a>\n\n\t\t\t\t<\/div>\n\t\t\t\t<div class=\"elementor-post__meta-data\">\n\t\t\t\t\t<span class=\"elementor-post-date\">\n\t\t\t13 juillet 2024\t\t<\/span>\n\t\t\t\t<\/div>\n\t\t\t\t\t<\/div>\n\t\t<\/article>\n\t\t\t\t<article class=\"elementor-post elementor-grid-item post-13478 post type-post status-publish format-standard has-post-thumbnail hentry category-actu-info-gr10 tag-pyrenees-ariegeoises tag-pyrenees-centrales tag-pyrenees-occidentales tag-pyrenees-orientales\" role=\"listitem\">\n\t\t\t<div class=\"elementor-post__card\">\n\t\t\t\t<a class=\"elementor-post__thumbnail__link\" href=\"https:\/\/gr10.org\/index.php\/2024\/05\/23\/grdistes-on-the-way-ameliorer-la-communication-et-la-securite-sur-le-gr10\/\" tabindex=\"-1\" ><div class=\"elementor-post__thumbnail\"><img decoding=\"async\" width=\"421\" height=\"318\" src=\"https:\/\/gr10.org\/wp-content\/uploads\/2024\/05\/logo-whatsapp-1.jpg\" class=\"attachment-large size-large wp-image-13339\" alt=\"Rejoindre le groupe WhatsApp randonneurs GR10\" srcset=\"https:\/\/gr10.org\/wp-content\/uploads\/2024\/05\/logo-whatsapp-1.jpg 421w, https:\/\/gr10.org\/wp-content\/uploads\/2024\/05\/logo-whatsapp-1-300x227.jpg 300w\" sizes=\"(max-width: 421px) 100vw, 421px\" \/><\/div><\/a>\n\t\t\t\t<div class=\"elementor-post__badge\">Pyr\u00e9n\u00e9es Ari\u00e9geoises<\/div>\n\t\t\t\t<div class=\"elementor-post__text\">\n\t\t\t\t<h3 class=\"elementor-post__title\">\n\t\t\t<a href=\"https:\/\/gr10.org\/index.php\/2024\/05\/23\/grdistes-on-the-way-ameliorer-la-communication-et-la-securite-sur-le-gr10\/\" >\n\t\t\t\t\u00ab GRdistes On The Way \u00bb : Am\u00e9liorer la Communication et la S\u00e9curit\u00e9 sur le GR10\t\t\t<\/a>\n\t\t<\/h3>\n\t\t\t\t<div class=\"elementor-post__excerpt\">\n\t\t\t<p>L&rsquo;association des Amis GRdistes propose \u00ab GRdistes On The Way \u00bb, un groupe WhatsApp d\u00e9di\u00e9 aux randonneurs du GR10. Accessible<\/p>\n\t\t<\/div>\n\t\t\n\t\t<a class=\"elementor-post__read-more\" href=\"https:\/\/gr10.org\/index.php\/2024\/05\/23\/grdistes-on-the-way-ameliorer-la-communication-et-la-securite-sur-le-gr10\/\" aria-label=\"En savoir plus sur \u00ab GRdistes On The Way \u00bb : Am\u00e9liorer la Communication et la S\u00e9curit\u00e9 sur le GR10\" tabindex=\"-1\" >\n\t\t\tLire la suite \u00bb\t\t<\/a>\n\n\t\t\t\t<\/div>\n\t\t\t\t<div class=\"elementor-post__meta-data\">\n\t\t\t\t\t<span class=\"elementor-post-date\">\n\t\t\t23 mai 2024\t\t<\/span>\n\t\t\t\t<\/div>\n\t\t\t\t\t<\/div>\n\t\t<\/article>\n\t\t\t\t<article class=\"elementor-post elementor-grid-item post-10998 post type-post status-publish format-standard has-post-thumbnail hentry category-actu-info-gr10 tag-pyrenees-occidentales\" role=\"listitem\">\n\t\t\t<div class=\"elementor-post__card\">\n\t\t\t\t<a class=\"elementor-post__thumbnail__link\" href=\"https:\/\/gr10.org\/index.php\/2023\/08\/13\/avis-de-modification-du-trace-gr10-luchon\/\" tabindex=\"-1\" ><div class=\"elementor-post__thumbnail\"><img loading=\"lazy\" decoding=\"async\" width=\"655\" height=\"927\" src=\"https:\/\/gr10.org\/wp-content\/uploads\/2023\/08\/Deviation-GR10-Luchon-aout-2023.jpg\" class=\"attachment-large size-large wp-image-10999\" alt=\"D\u00e9viation GR10 Luchon ao\u00fbt 2023\" srcset=\"https:\/\/gr10.org\/wp-content\/uploads\/2023\/08\/Deviation-GR10-Luchon-aout-2023.jpg 655w, https:\/\/gr10.org\/wp-content\/uploads\/2023\/08\/Deviation-GR10-Luchon-aout-2023-212x300.jpg 212w\" sizes=\"(max-width: 655px) 100vw, 655px\" \/><\/div><\/a>\n\t\t\t\t<div class=\"elementor-post__badge\">Pyr\u00e9n\u00e9es Occidentales<\/div>\n\t\t\t\t<div class=\"elementor-post__text\">\n\t\t\t\t<h3 class=\"elementor-post__title\">\n\t\t\t<a href=\"https:\/\/gr10.org\/index.php\/2023\/08\/13\/avis-de-modification-du-trace-gr10-luchon\/\" >\n\t\t\t\tAvis de modification du trac\u00e9 GR10 entre Superbagn\u00e8res et Luchon\t\t\t<\/a>\n\t\t<\/h3>\n\t\t\t\t<div class=\"elementor-post__excerpt\">\n\t\t\t<p>Le comit\u00e9 FFRandonn\u00e9e 31 a instaur\u00e9 une d\u00e9viation temporaire du sentier GR10 entre Luchon et Superbagn\u00e8res en raison de travaux EDF. <\/p>\n\t\t<\/div>\n\t\t\n\t\t<a class=\"elementor-post__read-more\" href=\"https:\/\/gr10.org\/index.php\/2023\/08\/13\/avis-de-modification-du-trace-gr10-luchon\/\" aria-label=\"En savoir plus sur Avis de modification du trac\u00e9 GR10 entre Superbagn\u00e8res et Luchon\" tabindex=\"-1\" >\n\t\t\tLire la suite \u00bb\t\t<\/a>\n\n\t\t\t\t<\/div>\n\t\t\t\t<div class=\"elementor-post__meta-data\">\n\t\t\t\t\t<span class=\"elementor-post-date\">\n\t\t\t13 ao\u00fbt 2023\t\t<\/span>\n\t\t\t\t<\/div>\n\t\t\t\t\t<\/div>\n\t\t<\/article>\n\t\t\t\t<article class=\"elementor-post elementor-grid-item post-10984 post type-post status-publish format-standard has-post-thumbnail hentry category-actu-info-gr10 tag-pyrenees-ariegeoises tag-pyrenees-centrales tag-pyrenees-occidentales tag-pyrenees-orientales\" role=\"listitem\">\n\t\t\t<div class=\"elementor-post__card\">\n\t\t\t\t<a class=\"elementor-post__thumbnail__link\" href=\"https:\/\/gr10.org\/index.php\/2023\/07\/18\/alerte-presence-ponctuelle-de-punaises-de-lit-au-gite-detape-maison-elichalt-de-st-engrace-sur-le-gr10-dans-le-pays-basque-panique-0-prevention-1\/\" tabindex=\"-1\" ><div class=\"elementor-post__thumbnail\"><img loading=\"lazy\" decoding=\"async\" width=\"800\" height=\"795\" src=\"https:\/\/gr10.org\/wp-content\/uploads\/2022\/03\/La-punaise-de-lit.jpg\" class=\"attachment-large size-large wp-image-3570\" alt=\"La punaise de lit\" srcset=\"https:\/\/gr10.org\/wp-content\/uploads\/2022\/03\/La-punaise-de-lit.jpg 800w, https:\/\/gr10.org\/wp-content\/uploads\/2022\/03\/La-punaise-de-lit-300x298.jpg 300w, https:\/\/gr10.org\/wp-content\/uploads\/2022\/03\/La-punaise-de-lit-150x150.jpg 150w, https:\/\/gr10.org\/wp-content\/uploads\/2022\/03\/La-punaise-de-lit-768x763.jpg 768w\" sizes=\"(max-width: 800px) 100vw, 800px\" \/><\/div><\/a>\n\t\t\t\t<div class=\"elementor-post__badge\">Pyr\u00e9n\u00e9es Ari\u00e9geoises<\/div>\n\t\t\t\t<div class=\"elementor-post__text\">\n\t\t\t\t<h3 class=\"elementor-post__title\">\n\t\t\t<a href=\"https:\/\/gr10.org\/index.php\/2023\/07\/18\/alerte-presence-ponctuelle-de-punaises-de-lit-au-gite-detape-maison-elichalt-de-st-engrace-sur-le-gr10-dans-le-pays-basque-panique-0-prevention-1\/\" >\n\t\t\t\tALERTE : Pr\u00e9sence ponctuelle de punaises de lit au g\u00eete d&rsquo;\u00e9tape Maison Elichalt de St Engr\u00e2ce sur le GR10 dans le Pays-Basque. Panique : 0 \/ Pr\u00e9vention : 1\t\t\t<\/a>\n\t\t<\/h3>\n\t\t\t\t<div class=\"elementor-post__excerpt\">\n\t\t\t<p>Nous vous informons de fa\u00e7on transparente et responsable qu\u2019une situation ponctuelle de pr\u00e9sence de punaises de lits a \u00e9t\u00e9 rapport\u00e9e au g\u00eete d&rsquo;\u00e9tape Maison Elichalt de St Engr\u00e2ce. Cet h\u00e9bergeur nous assure que des mesures appropri\u00e9es sont mises en place pour y rem\u00e9dier.<\/p>\n\t\t<\/div>\n\t\t\n\t\t<a class=\"elementor-post__read-more\" href=\"https:\/\/gr10.org\/index.php\/2023\/07\/18\/alerte-presence-ponctuelle-de-punaises-de-lit-au-gite-detape-maison-elichalt-de-st-engrace-sur-le-gr10-dans-le-pays-basque-panique-0-prevention-1\/\" aria-label=\"En savoir plus sur ALERTE : Pr\u00e9sence ponctuelle de punaises de lit au g\u00eete d&rsquo;\u00e9tape Maison Elichalt de St Engr\u00e2ce sur le GR10 dans le Pays-Basque. Panique : 0 \/ Pr\u00e9vention : 1\" tabindex=\"-1\" >\n\t\t\tLire la suite \u00bb\t\t<\/a>\n\n\t\t\t\t<\/div>\n\t\t\t\t<div class=\"elementor-post__meta-data\">\n\t\t\t\t\t<span class=\"elementor-post-date\">\n\t\t\t18 juillet 2023\t\t<\/span>\n\t\t\t\t<\/div>\n\t\t\t\t\t<\/div>\n\t\t<\/article>\n\t\t\t\t<article class=\"elementor-post elementor-grid-item post-10867 post type-post status-publish format-standard has-post-thumbnail hentry category-actu-info-gr10 tag-pyrenees-occidentales\" role=\"listitem\">\n\t\t\t<div class=\"elementor-post__card\">\n\t\t\t\t<a class=\"elementor-post__thumbnail__link\" href=\"https:\/\/gr10.org\/index.php\/2023\/06\/07\/fermeture-temporaire-de-la-corniche-des-alhas-du-20-au-23-06-23\/\" tabindex=\"-1\" ><div class=\"elementor-post__thumbnail\"><img loading=\"lazy\" decoding=\"async\" width=\"1024\" height=\"771\" src=\"https:\/\/gr10.org\/wp-content\/uploads\/2023\/06\/20230620-deviation-corniche-des-Alhas-1024x771.jpg\" class=\"attachment-large size-large wp-image-10872\" alt=\"\" srcset=\"https:\/\/gr10.org\/wp-content\/uploads\/2023\/06\/20230620-deviation-corniche-des-Alhas-1024x771.jpg 1024w, https:\/\/gr10.org\/wp-content\/uploads\/2023\/06\/20230620-deviation-corniche-des-Alhas-300x226.jpg 300w, https:\/\/gr10.org\/wp-content\/uploads\/2023\/06\/20230620-deviation-corniche-des-Alhas-768x578.jpg 768w, https:\/\/gr10.org\/wp-content\/uploads\/2023\/06\/20230620-deviation-corniche-des-Alhas.jpg 1080w\" sizes=\"(max-width: 1024px) 100vw, 1024px\" \/><\/div><\/a>\n\t\t\t\t<div class=\"elementor-post__badge\">Pyr\u00e9n\u00e9es Occidentales<\/div>\n\t\t\t\t<div class=\"elementor-post__text\">\n\t\t\t\t<h3 class=\"elementor-post__title\">\n\t\t\t<a href=\"https:\/\/gr10.org\/index.php\/2023\/06\/07\/fermeture-temporaire-de-la-corniche-des-alhas-du-20-au-23-06-23\/\" >\n\t\t\t\tFermeture temporaire de la Corniche des Alhas du 19 au 23\/06\/23\t\t\t<\/a>\n\t\t<\/h3>\n\t\t\t\t<div class=\"elementor-post__excerpt\">\n\t\t\t<p>D\u00e9viation corniche des Alhas <\/p>\n\t\t<\/div>\n\t\t\n\t\t<a class=\"elementor-post__read-more\" href=\"https:\/\/gr10.org\/index.php\/2023\/06\/07\/fermeture-temporaire-de-la-corniche-des-alhas-du-20-au-23-06-23\/\" aria-label=\"En savoir plus sur Fermeture temporaire de la Corniche des Alhas du 19 au 23\/06\/23\" tabindex=\"-1\" >\n\t\t\tLire la suite \u00bb\t\t<\/a>\n\n\t\t\t\t<\/div>\n\t\t\t\t<div class=\"elementor-post__meta-data\">\n\t\t\t\t\t<span class=\"elementor-post-date\">\n\t\t\t7 juin 2023\t\t<\/span>\n\t\t\t\t<\/div>\n\t\t\t\t\t<\/div>\n\t\t<\/article>\n\t\t\t\t<article class=\"elementor-post elementor-grid-item post-10795 post type-post status-publish format-standard has-post-thumbnail hentry category-actu-info-gr10 tag-pyrenees-occidentales\" role=\"listitem\">\n\t\t\t<div class=\"elementor-post__card\">\n\t\t\t\t<a class=\"elementor-post__thumbnail__link\" href=\"https:\/\/gr10.org\/index.php\/2023\/05\/18\/reouverture-du-gite-detape-maison-de-la-montagne-a-lescun\/\" tabindex=\"-1\" ><div class=\"elementor-post__thumbnail\"><img loading=\"lazy\" decoding=\"async\" width=\"996\" height=\"749\" src=\"https:\/\/gr10.org\/wp-content\/uploads\/2023\/04\/maison-de-la-montagne-Lescun.jpg\" class=\"attachment-large size-large wp-image-10560\" alt=\"g\u00eete maison de la montagne Lescun\" srcset=\"https:\/\/gr10.org\/wp-content\/uploads\/2023\/04\/maison-de-la-montagne-Lescun.jpg 996w, https:\/\/gr10.org\/wp-content\/uploads\/2023\/04\/maison-de-la-montagne-Lescun-300x226.jpg 300w, https:\/\/gr10.org\/wp-content\/uploads\/2023\/04\/maison-de-la-montagne-Lescun-768x578.jpg 768w\" sizes=\"(max-width: 996px) 100vw, 996px\" \/><\/div><\/a>\n\t\t\t\t<div class=\"elementor-post__badge\">Pyr\u00e9n\u00e9es Occidentales<\/div>\n\t\t\t\t<div class=\"elementor-post__text\">\n\t\t\t\t<h3 class=\"elementor-post__title\">\n\t\t\t<a href=\"https:\/\/gr10.org\/index.php\/2023\/05\/18\/reouverture-du-gite-detape-maison-de-la-montagne-a-lescun\/\" >\n\t\t\t\tR\u00e9ouverture du g\u00eete d&rsquo;\u00e9tape Maison de la montagne \u00e0 Lescun\t\t\t<\/a>\n\t\t<\/h3>\n\t\t\t\t<div class=\"elementor-post__excerpt\">\n\t\t\t<p>\u00c0 Lescun, un nouveau g\u00eete d&rsquo;\u00e9tape a r\u00e9cemment ouvert ses portes, m\u00e9ritant notre attention. Le g\u00eete propose 19 places r\u00e9parties dans six chambres.<\/p>\n\t\t<\/div>\n\t\t\n\t\t<a class=\"elementor-post__read-more\" href=\"https:\/\/gr10.org\/index.php\/2023\/05\/18\/reouverture-du-gite-detape-maison-de-la-montagne-a-lescun\/\" aria-label=\"En savoir plus sur R\u00e9ouverture du g\u00eete d&rsquo;\u00e9tape Maison de la montagne \u00e0 Lescun\" tabindex=\"-1\" >\n\t\t\tLire la suite \u00bb\t\t<\/a>\n\n\t\t\t\t<\/div>\n\t\t\t\t<div class=\"elementor-post__meta-data\">\n\t\t\t\t\t<span class=\"elementor-post-date\">\n\t\t\t18 mai 2023\t\t<\/span>\n\t\t\t\t<\/div>\n\t\t\t\t\t<\/div>\n\t\t<\/article>\n\t\t\t\t<article class=\"elementor-post elementor-grid-item post-10788 post type-post status-publish format-standard has-post-thumbnail hentry category-actu-info-gr10 tag-pyrenees-occidentales\" role=\"listitem\">\n\t\t\t<div class=\"elementor-post__card\">\n\t\t\t\t<a class=\"elementor-post__thumbnail__link\" href=\"https:\/\/gr10.org\/index.php\/2023\/05\/18\/avis-douverture-dun-accueil-bivouac-grdiste-a-ainhoa\/\" tabindex=\"-1\" ><div class=\"elementor-post__thumbnail\"><img loading=\"lazy\" decoding=\"async\" width=\"1024\" height=\"768\" src=\"https:\/\/gr10.org\/wp-content\/uploads\/2023\/05\/IMG-20230511-WA0003-1-1024x768.jpg\" class=\"attachment-large size-large wp-image-10665\" alt=\"Bivouac GRdistes de la ferme Arditeia sur le GR10\" srcset=\"https:\/\/gr10.org\/wp-content\/uploads\/2023\/05\/IMG-20230511-WA0003-1-1024x768.jpg 1024w, https:\/\/gr10.org\/wp-content\/uploads\/2023\/05\/IMG-20230511-WA0003-1-300x225.jpg 300w, https:\/\/gr10.org\/wp-content\/uploads\/2023\/05\/IMG-20230511-WA0003-1-768x576.jpg 768w, https:\/\/gr10.org\/wp-content\/uploads\/2023\/05\/IMG-20230511-WA0003-1-1536x1152.jpg 1536w, https:\/\/gr10.org\/wp-content\/uploads\/2023\/05\/IMG-20230511-WA0003-1.jpg 1600w\" sizes=\"(max-width: 1024px) 100vw, 1024px\" \/><\/div><\/a>\n\t\t\t\t<div class=\"elementor-post__badge\">Pyr\u00e9n\u00e9es Occidentales<\/div>\n\t\t\t\t<div class=\"elementor-post__text\">\n\t\t\t\t<h3 class=\"elementor-post__title\">\n\t\t\t<a href=\"https:\/\/gr10.org\/index.php\/2023\/05\/18\/avis-douverture-dun-accueil-bivouac-grdiste-a-ainhoa\/\" >\n\t\t\t\tAvis d&rsquo;ouverture d&rsquo;un accueil bivouac GRdiste \u00e0 Ainhoa\t\t\t<\/a>\n\t\t<\/h3>\n\t\t\t\t<div class=\"elementor-post__excerpt\">\n\t\t\t<p>Au c\u0153ur du village d\u2019Ainhoa, une nouvelle aire de bivouac sp\u00e9cialement r\u00e9serv\u00e9e aux GRdistes a vu le jour, comblant ainsi un besoin longtemps ressenti dans cette r\u00e9gion. Les randonneurs parcourant le GR10 et \u00e9quip\u00e9s de tentes peuvent d\u00e9sormais profiter d\u2019un confort optimal gr\u00e2ce \u00e0 cette initiative bienvenue.<\/p>\n\t\t<\/div>\n\t\t\n\t\t<a class=\"elementor-post__read-more\" href=\"https:\/\/gr10.org\/index.php\/2023\/05\/18\/avis-douverture-dun-accueil-bivouac-grdiste-a-ainhoa\/\" aria-label=\"En savoir plus sur Avis d&rsquo;ouverture d&rsquo;un accueil bivouac GRdiste \u00e0 Ainhoa\" tabindex=\"-1\" >\n\t\t\tLire la suite \u00bb\t\t<\/a>\n\n\t\t\t\t<\/div>\n\t\t\t\t<div class=\"elementor-post__meta-data\">\n\t\t\t\t\t<span class=\"elementor-post-date\">\n\t\t\t18 mai 2023\t\t<\/span>\n\t\t\t\t<\/div>\n\t\t\t\t\t<\/div>\n\t\t<\/article>\n\t\t\t\t<article class=\"elementor-post elementor-grid-item post-9818 post type-post status-publish format-standard has-post-thumbnail hentry category-actu-info-gr10 tag-pyrenees-occidentales\" role=\"listitem\">\n\t\t\t<div class=\"elementor-post__card\">\n\t\t\t\t<a class=\"elementor-post__thumbnail__link\" href=\"https:\/\/gr10.org\/index.php\/2022\/09\/11\/entre-biriatou-et-ibardin-deviation-du-gr10-pour-travaux\/\" tabindex=\"-1\" ><div class=\"elementor-post__thumbnail\"><img loading=\"lazy\" decoding=\"async\" width=\"1024\" height=\"551\" src=\"https:\/\/gr10.org\/wp-content\/uploads\/2022\/09\/Capture-deviation-GR10-Xoldoko-proposition-1-1024x551.jpg\" class=\"attachment-large size-large wp-image-9824\" alt=\"D\u00e9viation GR10 Xoldoko\" srcset=\"https:\/\/gr10.org\/wp-content\/uploads\/2022\/09\/Capture-deviation-GR10-Xoldoko-proposition-1-1024x551.jpg 1024w, https:\/\/gr10.org\/wp-content\/uploads\/2022\/09\/Capture-deviation-GR10-Xoldoko-proposition-1-300x161.jpg 300w, https:\/\/gr10.org\/wp-content\/uploads\/2022\/09\/Capture-deviation-GR10-Xoldoko-proposition-1-768x413.jpg 768w, https:\/\/gr10.org\/wp-content\/uploads\/2022\/09\/Capture-deviation-GR10-Xoldoko-proposition-1.jpg 1152w\" sizes=\"(max-width: 1024px) 100vw, 1024px\" \/><\/div><\/a>\n\t\t\t\t<div class=\"elementor-post__badge\">Pyr\u00e9n\u00e9es Occidentales<\/div>\n\t\t\t\t<div class=\"elementor-post__text\">\n\t\t\t\t<h3 class=\"elementor-post__title\">\n\t\t\t<a href=\"https:\/\/gr10.org\/index.php\/2022\/09\/11\/entre-biriatou-et-ibardin-deviation-du-gr10-pour-travaux\/\" >\n\t\t\t\tEntre Biriatou et Ibardin : d\u00e9viation du GR10 pour travaux\t\t\t<\/a>\n\t\t<\/h3>\n\t\t\t\t<div class=\"elementor-post__excerpt\">\n\t\t\t<p>Suite \u00e0 un changement de pyl\u00f4nes Haute Tension au niveau du Rocher des Perdrix, le GR10 sera provisoirement d\u00e9vi\u00e9 pour<\/p>\n\t\t<\/div>\n\t\t\n\t\t<a class=\"elementor-post__read-more\" href=\"https:\/\/gr10.org\/index.php\/2022\/09\/11\/entre-biriatou-et-ibardin-deviation-du-gr10-pour-travaux\/\" aria-label=\"En savoir plus sur Entre Biriatou et Ibardin : d\u00e9viation du GR10 pour travaux\" tabindex=\"-1\" >\n\t\t\tLire la suite \u00bb\t\t<\/a>\n\n\t\t\t\t<\/div>\n\t\t\t\t<div class=\"elementor-post__meta-data\">\n\t\t\t\t\t<span class=\"elementor-post-date\">\n\t\t\t11 septembre 2022\t\t<\/span>\n\t\t\t\t<\/div>\n\t\t\t\t\t<\/div>\n\t\t<\/article>\n\t\t\t\t<article class=\"elementor-post elementor-grid-item post-9709 post type-post status-publish format-standard has-post-thumbnail hentry category-actu-info-gr10 tag-pyrenees-occidentales\" role=\"listitem\">\n\t\t\t<div class=\"elementor-post__card\">\n\t\t\t\t<a class=\"elementor-post__thumbnail__link\" href=\"https:\/\/gr10.org\/index.php\/2022\/08\/21\/bidarray-fermeture-de-lepicerie-jusquau-mardi-6-septembre-2022\/\" tabindex=\"-1\" ><div class=\"elementor-post__thumbnail\"><img loading=\"lazy\" decoding=\"async\" width=\"1024\" height=\"1010\" src=\"https:\/\/gr10.org\/wp-content\/uploads\/2022\/08\/300351491_10228446264768132_3650630386658172143_n-1024x1010.jpg\" class=\"attachment-large size-large wp-image-9710\" alt=\"\" srcset=\"https:\/\/gr10.org\/wp-content\/uploads\/2022\/08\/300351491_10228446264768132_3650630386658172143_n-1024x1010.jpg 1024w, https:\/\/gr10.org\/wp-content\/uploads\/2022\/08\/300351491_10228446264768132_3650630386658172143_n-300x296.jpg 300w, https:\/\/gr10.org\/wp-content\/uploads\/2022\/08\/300351491_10228446264768132_3650630386658172143_n-768x757.jpg 768w, https:\/\/gr10.org\/wp-content\/uploads\/2022\/08\/300351491_10228446264768132_3650630386658172143_n.jpg 1153w\" sizes=\"(max-width: 1024px) 100vw, 1024px\" \/><\/div><\/a>\n\t\t\t\t<div class=\"elementor-post__badge\">Pyr\u00e9n\u00e9es Occidentales<\/div>\n\t\t\t\t<div class=\"elementor-post__text\">\n\t\t\t\t<h3 class=\"elementor-post__title\">\n\t\t\t<a href=\"https:\/\/gr10.org\/index.php\/2022\/08\/21\/bidarray-fermeture-de-lepicerie-jusquau-mardi-6-septembre-2022\/\" >\n\t\t\t\tBidarray : fermeture de l&rsquo;\u00e9picerie jusqu&rsquo;au mardi 6 septembre 2022\t\t\t<\/a>\n\t\t<\/h3>\n\t\t\t\t<div class=\"elementor-post__excerpt\">\n\t\t\t<p>Attention ! fermeture pour cong\u00e9s de l&rsquo;\u00e9picerie du village de Bidarray jusqu&rsquo;au 6 septembre 2022. Ravitaillement possible \u00e0 St Etienne<\/p>\n\t\t<\/div>\n\t\t\n\t\t<a class=\"elementor-post__read-more\" href=\"https:\/\/gr10.org\/index.php\/2022\/08\/21\/bidarray-fermeture-de-lepicerie-jusquau-mardi-6-septembre-2022\/\" aria-label=\"En savoir plus sur Bidarray : fermeture de l&rsquo;\u00e9picerie jusqu&rsquo;au mardi 6 septembre 2022\" tabindex=\"-1\" >\n\t\t\tLire la suite \u00bb\t\t<\/a>\n\n\t\t\t\t<\/div>\n\t\t\t\t<div class=\"elementor-post__meta-data\">\n\t\t\t\t\t<span class=\"elementor-post-date\">\n\t\t\t21 ao\u00fbt 2022\t\t<\/span>\n\t\t\t\t<\/div>\n\t\t\t\t\t<\/div>\n\t\t<\/article>\n\t\t\t\t<article class=\"elementor-post elementor-grid-item post-9658 post type-post status-publish format-standard has-post-thumbnail hentry category-actu-info-gr10 tag-pyrenees-occidentales\" role=\"listitem\">\n\t\t\t<div class=\"elementor-post__card\">\n\t\t\t\t<a class=\"elementor-post__thumbnail__link\" href=\"https:\/\/gr10.org\/index.php\/2022\/08\/10\/massif-de-la-rhune-restriction-et-interdiction-de-passage-sur-le-gr10\/\" tabindex=\"-1\" ><div class=\"elementor-post__thumbnail\"><img loading=\"lazy\" decoding=\"async\" width=\"395\" height=\"395\" src=\"https:\/\/gr10.org\/wp-content\/uploads\/2022\/08\/Arrete-prefectoral-1-1.jpg\" class=\"attachment-large size-large wp-image-9660\" alt=\"Arr\u00eat\u00e9 pr\u00e9fectoral\" srcset=\"https:\/\/gr10.org\/wp-content\/uploads\/2022\/08\/Arrete-prefectoral-1-1.jpg 395w, https:\/\/gr10.org\/wp-content\/uploads\/2022\/08\/Arrete-prefectoral-1-1-300x300.jpg 300w, https:\/\/gr10.org\/wp-content\/uploads\/2022\/08\/Arrete-prefectoral-1-1-150x150.jpg 150w\" sizes=\"(max-width: 395px) 100vw, 395px\" \/><\/div><\/a>\n\t\t\t\t<div class=\"elementor-post__badge\">Pyr\u00e9n\u00e9es Occidentales<\/div>\n\t\t\t\t<div class=\"elementor-post__text\">\n\t\t\t\t<h3 class=\"elementor-post__title\">\n\t\t\t<a href=\"https:\/\/gr10.org\/index.php\/2022\/08\/10\/massif-de-la-rhune-restriction-et-interdiction-de-passage-sur-le-gr10\/\" >\n\t\t\t\tMassif de la Rhune : Restriction et interdiction de passage sur le GR10 de Biriatou \u00e0 Sare\t\t\t<\/a>\n\t\t<\/h3>\n\t\t\t\t<div class=\"elementor-post__excerpt\">\n\t\t\t<p>Pays Basque. Fermeture exceptionnelle du massif de la Rhune La Rhune sera ferm\u00e9e \u00e0 partir du mercredi 10 ao\u00fbt 2022<\/p>\n\t\t<\/div>\n\t\t\n\t\t<a class=\"elementor-post__read-more\" href=\"https:\/\/gr10.org\/index.php\/2022\/08\/10\/massif-de-la-rhune-restriction-et-interdiction-de-passage-sur-le-gr10\/\" aria-label=\"En savoir plus sur Massif de la Rhune : Restriction et interdiction de passage sur le GR10 de Biriatou \u00e0 Sare\" tabindex=\"-1\" >\n\t\t\tLire la suite \u00bb\t\t<\/a>\n\n\t\t\t\t<\/div>\n\t\t\t\t<div class=\"elementor-post__meta-data\">\n\t\t\t\t\t<span class=\"elementor-post-date\">\n\t\t\t10 ao\u00fbt 2022\t\t<\/span>\n\t\t\t\t<\/div>\n\t\t\t\t\t<\/div>\n\t\t<\/article>\n\t\t\t\t<article class=\"elementor-post elementor-grid-item post-9624 post type-post status-publish format-standard has-post-thumbnail hentry category-actu-info-gr10 tag-pyrenees-occidentales\" role=\"listitem\">\n\t\t\t<div class=\"elementor-post__card\">\n\t\t\t\t<a class=\"elementor-post__thumbnail__link\" href=\"https:\/\/gr10.org\/index.php\/2022\/07\/31\/secteurs-st-jean-pied-de-port-esterencuby-avis-de-recherche\/\" tabindex=\"-1\" ><div class=\"elementor-post__thumbnail\"><img loading=\"lazy\" decoding=\"async\" width=\"641\" height=\"597\" src=\"https:\/\/gr10.org\/wp-content\/uploads\/2022\/07\/296118501_10228838496456262_4173631181600567639_n.jpg\" class=\"attachment-large size-large wp-image-9625\" alt=\"Avis de recherche : St\u00e9phane Deroy\" srcset=\"https:\/\/gr10.org\/wp-content\/uploads\/2022\/07\/296118501_10228838496456262_4173631181600567639_n.jpg 641w, https:\/\/gr10.org\/wp-content\/uploads\/2022\/07\/296118501_10228838496456262_4173631181600567639_n-300x279.jpg 300w\" sizes=\"(max-width: 641px) 100vw, 641px\" \/><\/div><\/a>\n\t\t\t\t<div class=\"elementor-post__badge\">Pyr\u00e9n\u00e9es Occidentales<\/div>\n\t\t\t\t<div class=\"elementor-post__text\">\n\t\t\t\t<h3 class=\"elementor-post__title\">\n\t\t\t<a href=\"https:\/\/gr10.org\/index.php\/2022\/07\/31\/secteurs-st-jean-pied-de-port-esterencuby-avis-de-recherche\/\" >\n\t\t\t\tsecteurs St Jean-Pied-de-Port &#8211; Est\u00e9ren\u00e7uby : Avis de recherche\t\t\t<\/a>\n\t\t<\/h3>\n\t\t\t\t<div class=\"elementor-post__excerpt\">\n\t\t\t<p>Avis de recherche sur le\u00a0#GR10 : St\u00e9phane Deroy, grand mince, une cinquantaine d&rsquo;ann\u00e9e, d\u00e9garni sur le dessus du cr\u00e2ne, en<\/p>\n\t\t<\/div>\n\t\t\n\t\t<a class=\"elementor-post__read-more\" href=\"https:\/\/gr10.org\/index.php\/2022\/07\/31\/secteurs-st-jean-pied-de-port-esterencuby-avis-de-recherche\/\" aria-label=\"En savoir plus sur secteurs St Jean-Pied-de-Port &#8211; Est\u00e9ren\u00e7uby : Avis de recherche\" tabindex=\"-1\" >\n\t\t\tLire la suite \u00bb\t\t<\/a>\n\n\t\t\t\t<\/div>\n\t\t\t\t<div class=\"elementor-post__meta-data\">\n\t\t\t\t\t<span class=\"elementor-post-date\">\n\t\t\t31 juillet 2022\t\t<\/span>\n\t\t\t\t<\/div>\n\t\t\t\t\t<\/div>\n\t\t<\/article>\n\t\t\t\t<article class=\"elementor-post elementor-grid-item post-9590 post type-post status-publish format-standard has-post-thumbnail hentry category-actu-info-gr10 tag-pyrenees-occidentales\" role=\"listitem\">\n\t\t\t<div class=\"elementor-post__card\">\n\t\t\t\t<a class=\"elementor-post__thumbnail__link\" href=\"https:\/\/gr10.org\/index.php\/2022\/07\/19\/borce-etsaut-reouverture-du-gite-detape-le-communal\/\" tabindex=\"-1\" ><div class=\"elementor-post__thumbnail\"><img loading=\"lazy\" decoding=\"async\" width=\"1024\" height=\"768\" src=\"https:\/\/gr10.org\/wp-content\/uploads\/2022\/07\/epicerie-de-Borce-1024x768.jpg\" class=\"attachment-large size-large wp-image-9596\" alt=\"\u00e9picerie de Borce\" srcset=\"https:\/\/gr10.org\/wp-content\/uploads\/2022\/07\/epicerie-de-Borce-1024x768.jpg 1024w, https:\/\/gr10.org\/wp-content\/uploads\/2022\/07\/epicerie-de-Borce-300x225.jpg 300w, https:\/\/gr10.org\/wp-content\/uploads\/2022\/07\/epicerie-de-Borce-768x576.jpg 768w, https:\/\/gr10.org\/wp-content\/uploads\/2022\/07\/epicerie-de-Borce.jpg 1440w\" sizes=\"(max-width: 1024px) 100vw, 1024px\" \/><\/div><\/a>\n\t\t\t\t<div class=\"elementor-post__badge\">Pyr\u00e9n\u00e9es Occidentales<\/div>\n\t\t\t\t<div class=\"elementor-post__text\">\n\t\t\t\t<h3 class=\"elementor-post__title\">\n\t\t\t<a href=\"https:\/\/gr10.org\/index.php\/2022\/07\/19\/borce-etsaut-reouverture-du-gite-detape-le-communal\/\" >\n\t\t\t\tBorce Etsaut : r\u00e9ouverture du g\u00eete d&rsquo;\u00e9tape le Communal\t\t\t<\/a>\n\t\t<\/h3>\n\t\t\t\t<div class=\"elementor-post__excerpt\">\n\t\t\t<p>Une excellente nouvelle pour les GRdistes! Le g\u00eete d&rsquo;\u00e9tape le Communal a retrouv\u00e9 un repreneur pour cette saison 2022. Le<\/p>\n\t\t<\/div>\n\t\t\n\t\t<a class=\"elementor-post__read-more\" href=\"https:\/\/gr10.org\/index.php\/2022\/07\/19\/borce-etsaut-reouverture-du-gite-detape-le-communal\/\" aria-label=\"En savoir plus sur Borce Etsaut : r\u00e9ouverture du g\u00eete d&rsquo;\u00e9tape le Communal\" tabindex=\"-1\" >\n\t\t\tLire la suite \u00bb\t\t<\/a>\n\n\t\t\t\t<\/div>\n\t\t\t\t<div class=\"elementor-post__meta-data\">\n\t\t\t\t\t<span class=\"elementor-post-date\">\n\t\t\t19 juillet 2022\t\t<\/span>\n\t\t\t\t<\/div>\n\t\t\t\t\t<\/div>\n\t\t<\/article>\n\t\t\t\t<article class=\"elementor-post elementor-grid-item post-9307 post type-post status-publish format-standard has-post-thumbnail hentry category-actu-info-gr10 tag-pyrenees-occidentales\" role=\"listitem\">\n\t\t\t<div class=\"elementor-post__card\">\n\t\t\t\t<a class=\"elementor-post__thumbnail__link\" href=\"https:\/\/gr10.org\/index.php\/2022\/06\/20\/bidarray-fin-de-la-deviation-provisoire-du-gr10\/\" tabindex=\"-1\" ><div class=\"elementor-post__thumbnail\"><img loading=\"lazy\" decoding=\"async\" width=\"1024\" height=\"730\" src=\"https:\/\/gr10.org\/wp-content\/uploads\/2022\/06\/GR10-BIDARRAY-1024x730.jpg\" class=\"attachment-large size-large wp-image-9308\" alt=\"GR10 Bidarray \u00e0 partir du 20 juin 2022\" srcset=\"https:\/\/gr10.org\/wp-content\/uploads\/2022\/06\/GR10-BIDARRAY-1024x730.jpg 1024w, https:\/\/gr10.org\/wp-content\/uploads\/2022\/06\/GR10-BIDARRAY-300x214.jpg 300w, https:\/\/gr10.org\/wp-content\/uploads\/2022\/06\/GR10-BIDARRAY-768x547.jpg 768w, https:\/\/gr10.org\/wp-content\/uploads\/2022\/06\/GR10-BIDARRAY.jpg 1097w\" sizes=\"(max-width: 1024px) 100vw, 1024px\" \/><\/div><\/a>\n\t\t\t\t<div class=\"elementor-post__badge\">Pyr\u00e9n\u00e9es Occidentales<\/div>\n\t\t\t\t<div class=\"elementor-post__text\">\n\t\t\t\t<h3 class=\"elementor-post__title\">\n\t\t\t<a href=\"https:\/\/gr10.org\/index.php\/2022\/06\/20\/bidarray-fin-de-la-deviation-provisoire-du-gr10\/\" >\n\t\t\t\tBidarray : Fin de la d\u00e9viation provisoire du GR10\t\t\t<\/a>\n\t\t<\/h3>\n\t\t\t\t<div class=\"elementor-post__excerpt\">\n\t\t\t<p>Tr\u00e8s bonne nouvelle pour le GR10 \u00e0 Bidarray. Celui-ci reprend son trac\u00e9 historique (avec une tr\u00e8s tr\u00e8s l\u00e9g\u00e8re modification). Un<\/p>\n\t\t<\/div>\n\t\t\n\t\t<a class=\"elementor-post__read-more\" href=\"https:\/\/gr10.org\/index.php\/2022\/06\/20\/bidarray-fin-de-la-deviation-provisoire-du-gr10\/\" aria-label=\"En savoir plus sur Bidarray : Fin de la d\u00e9viation provisoire du GR10\" tabindex=\"-1\" >\n\t\t\tLire la suite \u00bb\t\t<\/a>\n\n\t\t\t\t<\/div>\n\t\t\t\t<div class=\"elementor-post__meta-data\">\n\t\t\t\t\t<span class=\"elementor-post-date\">\n\t\t\t20 juin 2022\t\t<\/span>\n\t\t\t\t<\/div>\n\t\t\t\t\t<\/div>\n\t\t<\/article>\n\t\t\t\t<article class=\"elementor-post elementor-grid-item post-9164 post type-post status-publish format-standard has-post-thumbnail hentry category-actu-info-gr10 tag-pyrenees-occidentales\" role=\"listitem\">\n\t\t\t<div class=\"elementor-post__card\">\n\t\t\t\t<a class=\"elementor-post__thumbnail__link\" href=\"https:\/\/gr10.org\/index.php\/2022\/06\/15\/sare-une-balise-discrete-a-ne-pas-manquer\/\" tabindex=\"-1\" ><div class=\"elementor-post__thumbnail\"><img loading=\"lazy\" decoding=\"async\" width=\"800\" height=\"600\" src=\"https:\/\/gr10.org\/wp-content\/uploads\/2022\/06\/IMG_20471.jpg\" class=\"attachment-large size-large wp-image-9169\" alt=\"balise \u00e0 l&#039;entr\u00e9e de Sare\" srcset=\"https:\/\/gr10.org\/wp-content\/uploads\/2022\/06\/IMG_20471.jpg 800w, https:\/\/gr10.org\/wp-content\/uploads\/2022\/06\/IMG_20471-300x225.jpg 300w, https:\/\/gr10.org\/wp-content\/uploads\/2022\/06\/IMG_20471-768x576.jpg 768w\" sizes=\"(max-width: 800px) 100vw, 800px\" \/><\/div><\/a>\n\t\t\t\t<div class=\"elementor-post__badge\">Pyr\u00e9n\u00e9es Occidentales<\/div>\n\t\t\t\t<div class=\"elementor-post__text\">\n\t\t\t\t<h3 class=\"elementor-post__title\">\n\t\t\t<a href=\"https:\/\/gr10.org\/index.php\/2022\/06\/15\/sare-une-balise-discrete-a-ne-pas-manquer\/\" >\n\t\t\t\tSare : Une balise discr\u00e8te \u00e0 ne pas manquer\t\t\t<\/a>\n\t\t<\/h3>\n\t\t\t\t<div class=\"elementor-post__excerpt\">\n\t\t\t<p>En venant de l&rsquo;atlantique et juste \u00e0 l&rsquo;entr\u00e9e du village de Sare, il y a une balise assez discr\u00e8te positionn\u00e9e<\/p>\n\t\t<\/div>\n\t\t\n\t\t<a class=\"elementor-post__read-more\" href=\"https:\/\/gr10.org\/index.php\/2022\/06\/15\/sare-une-balise-discrete-a-ne-pas-manquer\/\" aria-label=\"En savoir plus sur Sare : Une balise discr\u00e8te \u00e0 ne pas manquer\" tabindex=\"-1\" >\n\t\t\tLire la suite \u00bb\t\t<\/a>\n\n\t\t\t\t<\/div>\n\t\t\t\t<div class=\"elementor-post__meta-data\">\n\t\t\t\t\t<span class=\"elementor-post-date\">\n\t\t\t15 juin 2022\t\t<\/span>\n\t\t\t\t<\/div>\n\t\t\t\t\t<\/div>\n\t\t<\/article>\n\t\t\t\t<article class=\"elementor-post elementor-grid-item post-8979 post type-post status-publish format-standard has-post-thumbnail hentry category-actu-info-gr10 tag-pyrenees-occidentales\" role=\"listitem\">\n\t\t\t<div class=\"elementor-post__card\">\n\t\t\t\t<a class=\"elementor-post__thumbnail__link\" href=\"https:\/\/gr10.org\/index.php\/2022\/06\/11\/ainhoa-une-solution-dhebergement-a-partir-du-16-aout-2022\/\" tabindex=\"-1\" ><div class=\"elementor-post__thumbnail\"><img loading=\"lazy\" decoding=\"async\" width=\"1024\" height=\"768\" src=\"https:\/\/gr10.org\/wp-content\/uploads\/2022\/06\/Bi-Ametz-1024x768.jpg\" class=\"attachment-large size-large wp-image-8720\" alt=\"Chambre d&#039;h\u00f4tes Bi ametz\" srcset=\"https:\/\/gr10.org\/wp-content\/uploads\/2022\/06\/Bi-Ametz-1024x768.jpg 1024w, https:\/\/gr10.org\/wp-content\/uploads\/2022\/06\/Bi-Ametz-300x225.jpg 300w, https:\/\/gr10.org\/wp-content\/uploads\/2022\/06\/Bi-Ametz-768x576.jpg 768w, https:\/\/gr10.org\/wp-content\/uploads\/2022\/06\/Bi-Ametz.jpg 1440w\" sizes=\"(max-width: 1024px) 100vw, 1024px\" \/><\/div><\/a>\n\t\t\t\t<div class=\"elementor-post__badge\">Pyr\u00e9n\u00e9es Occidentales<\/div>\n\t\t\t\t<div class=\"elementor-post__text\">\n\t\t\t\t<h3 class=\"elementor-post__title\">\n\t\t\t<a href=\"https:\/\/gr10.org\/index.php\/2022\/06\/11\/ainhoa-une-solution-dhebergement-a-partir-du-16-aout-2022\/\" >\n\t\t\t\tAinhoa : une solution d&rsquo;h\u00e9bergement trouv\u00e9e.\t\t\t<\/a>\n\t\t<\/h3>\n\t\t\t\t<div class=\"elementor-post__excerpt\">\n\t\t\t<p>Jean-Louis Joannel vous accueillera dans sa chambre d&rsquo;h\u00f4tes situ\u00e9e \u00e0 7 km du GR10. Il vous proposera de venir vous<\/p>\n\t\t<\/div>\n\t\t\n\t\t<a class=\"elementor-post__read-more\" href=\"https:\/\/gr10.org\/index.php\/2022\/06\/11\/ainhoa-une-solution-dhebergement-a-partir-du-16-aout-2022\/\" aria-label=\"En savoir plus sur Ainhoa : une solution d&rsquo;h\u00e9bergement trouv\u00e9e.\" tabindex=\"-1\" >\n\t\t\tLire la suite \u00bb\t\t<\/a>\n\n\t\t\t\t<\/div>\n\t\t\t\t<div class=\"elementor-post__meta-data\">\n\t\t\t\t\t<span class=\"elementor-post-date\">\n\t\t\t11 juin 2022\t\t<\/span>\n\t\t\t\t<\/div>\n\t\t\t\t\t<\/div>\n\t\t<\/article>\n\t\t\t\t<article class=\"elementor-post elementor-grid-item post-9033 post type-post status-publish format-standard has-post-thumbnail hentry category-actu-info-gr10 tag-pyrenees-occidentales\" role=\"listitem\">\n\t\t\t<div class=\"elementor-post__card\">\n\t\t\t\t<a class=\"elementor-post__thumbnail__link\" href=\"https:\/\/gr10.org\/index.php\/2022\/06\/05\/col-des-veaux-chambre-dhotes-ferme-desteben-fermee\/\" tabindex=\"-1\" ><div class=\"elementor-post__thumbnail\"><img loading=\"lazy\" decoding=\"async\" width=\"300\" height=\"201\" src=\"https:\/\/gr10.org\/wp-content\/uploads\/2022\/02\/chambre-dhotes-Ferme-dEsteben.jpg\" class=\"attachment-large size-large wp-image-1093\" alt=\"chambre d&#039;h\u00f4tes Ferme d&#039;Esteben\" \/><\/div><\/a>\n\t\t\t\t<div class=\"elementor-post__badge\">Pyr\u00e9n\u00e9es Occidentales<\/div>\n\t\t\t\t<div class=\"elementor-post__text\">\n\t\t\t\t<h3 class=\"elementor-post__title\">\n\t\t\t<a href=\"https:\/\/gr10.org\/index.php\/2022\/06\/05\/col-des-veaux-chambre-dhotes-ferme-desteben-fermee\/\" >\n\t\t\t\tCol des Veaux : chambre d&rsquo;h\u00f4tes Ferme d&rsquo;Esteben ferm\u00e9e\t\t\t<\/a>\n\t\t<\/h3>\n\t\t\t\t<div class=\"elementor-post__excerpt\">\n\t\t\t<p>chambre d&rsquo;h\u00f4tes Ferme d&rsquo;Esteben pour cause de sant\u00e9. Nous ne connaissons pas la date de r\u00e9ouverture. Souhaitons bon r\u00e9tablissement \u00e0<\/p>\n\t\t<\/div>\n\t\t\n\t\t<a class=\"elementor-post__read-more\" href=\"https:\/\/gr10.org\/index.php\/2022\/06\/05\/col-des-veaux-chambre-dhotes-ferme-desteben-fermee\/\" aria-label=\"En savoir plus sur Col des Veaux : chambre d&rsquo;h\u00f4tes Ferme d&rsquo;Esteben ferm\u00e9e\" tabindex=\"-1\" >\n\t\t\tLire la suite \u00bb\t\t<\/a>\n\n\t\t\t\t<\/div>\n\t\t\t\t<div class=\"elementor-post__meta-data\">\n\t\t\t\t\t<span class=\"elementor-post-date\">\n\t\t\t5 juin 2022\t\t<\/span>\n\t\t\t\t<\/div>\n\t\t\t\t\t<\/div>\n\t\t<\/article>\n\t\t\t\t<article class=\"elementor-post elementor-grid-item post-8974 post type-post status-publish format-standard has-post-thumbnail hentry category-actu-info-gr10 tag-pyrenees-occidentales\" role=\"listitem\">\n\t\t\t<div class=\"elementor-post__card\">\n\t\t\t\t<a class=\"elementor-post__thumbnail__link\" href=\"https:\/\/gr10.org\/index.php\/2022\/05\/01\/ainhoa-gite-detape-harazpy-ferme-en-2022\/\" tabindex=\"-1\" ><div class=\"elementor-post__thumbnail\"><img loading=\"lazy\" decoding=\"async\" width=\"580\" height=\"402\" src=\"https:\/\/gr10.org\/wp-content\/uploads\/2022\/02\/gite-detape-Harazpy.jpg\" class=\"attachment-large size-large wp-image-1085\" alt=\"g\u00eete d&#039;\u00e9tape Harazpy\" srcset=\"https:\/\/gr10.org\/wp-content\/uploads\/2022\/02\/gite-detape-Harazpy.jpg 580w, https:\/\/gr10.org\/wp-content\/uploads\/2022\/02\/gite-detape-Harazpy-300x208.jpg 300w\" sizes=\"(max-width: 580px) 100vw, 580px\" \/><\/div><\/a>\n\t\t\t\t<div class=\"elementor-post__badge\">Pyr\u00e9n\u00e9es Occidentales<\/div>\n\t\t\t\t<div class=\"elementor-post__text\">\n\t\t\t\t<h3 class=\"elementor-post__title\">\n\t\t\t<a href=\"https:\/\/gr10.org\/index.php\/2022\/05\/01\/ainhoa-gite-detape-harazpy-ferme-en-2022\/\" >\n\t\t\t\tAinhoa : le g\u00eete d&rsquo;\u00e9tape Harazpy sera ferm\u00e9 en 2022\t\t\t<\/a>\n\t\t<\/h3>\n\t\t\t\t<div class=\"elementor-post__excerpt\">\n\t\t\t<p>Etablissement ferm\u00e9 en cette saison 2022 sans plus de pr\u00e9cision. Merci de contacter l\u2019office de tourisme d\u2019Ainhoa pour trouver des<\/p>\n\t\t<\/div>\n\t\t\n\t\t<a class=\"elementor-post__read-more\" href=\"https:\/\/gr10.org\/index.php\/2022\/05\/01\/ainhoa-gite-detape-harazpy-ferme-en-2022\/\" aria-label=\"En savoir plus sur Ainhoa : le g\u00eete d&rsquo;\u00e9tape Harazpy sera ferm\u00e9 en 2022\" tabindex=\"-1\" >\n\t\t\tLire la suite \u00bb\t\t<\/a>\n\n\t\t\t\t<\/div>\n\t\t\t\t<div class=\"elementor-post__meta-data\">\n\t\t\t\t\t<span class=\"elementor-post-date\">\n\t\t\t1 mai 2022\t\t<\/span>\n\t\t\t\t<\/div>\n\t\t\t\t\t<\/div>\n\t\t<\/article>\n\t\t\t\t<\/div>\n\t\t\t\t\t<span class=\"e-load-more-spinner\">\n\t\t\t\t<i aria-hidden=\"true\" class=\"fas fa-cog\"><\/i>\t\t\t<\/span>\n\t\t\n\t\t\t\t\t\t<\/div>\n\t\t\t\t<\/div>\n\t\t\t\t<\/div>\n\t\t                    <\/div>\n\t\t        \n                    <div id=\"centrales-tab\" class=\"clearfix eael-tab-content-item active-default\" data-title-link=\"centrales-tab\">\n\t\t\t\t        <style>.elementor-widget-posts .elementor-post__title, .elementor-widget-posts .elementor-post__title a{color:var( --e-global-color-secondary );font-family:var( --e-global-typography-primary-font-family ), Sans-serif;font-weight:var( --e-global-typography-primary-font-weight );}.elementor-widget-posts .elementor-post__meta-data{font-family:var( --e-global-typography-secondary-font-family ), Sans-serif;font-size:var( --e-global-typography-secondary-font-size );font-weight:var( --e-global-typography-secondary-font-weight );}.elementor-widget-posts .elementor-post__excerpt p{font-family:var( --e-global-typography-text-font-family ), Sans-serif;font-weight:var( --e-global-typography-text-font-weight );}.elementor-widget-posts .elementor-post__read-more{color:var( --e-global-color-accent );}.elementor-widget-posts a.elementor-post__read-more{font-family:var( --e-global-typography-accent-font-family ), Sans-serif;font-weight:var( --e-global-typography-accent-font-weight );}.elementor-widget-posts .elementor-post__card .elementor-post__badge{background-color:var( --e-global-color-accent );font-family:var( --e-global-typography-accent-font-family ), Sans-serif;font-weight:var( --e-global-typography-accent-font-weight );}.elementor-widget-posts .elementor-pagination{font-family:var( --e-global-typography-secondary-font-family ), Sans-serif;font-size:var( --e-global-typography-secondary-font-size );font-weight:var( --e-global-typography-secondary-font-weight );}.elementor-widget-posts .elementor-button{font-family:var( --e-global-typography-accent-font-family ), Sans-serif;font-weight:var( --e-global-typography-accent-font-weight );background-color:var( --e-global-color-accent );}.elementor-widget-posts .e-load-more-message{font-family:var( --e-global-typography-secondary-font-family ), Sans-serif;font-size:var( --e-global-typography-secondary-font-size );font-weight:var( --e-global-typography-secondary-font-weight );}.elementor-10975 .elementor-element.elementor-element-72aaee8e .elementor-posts-container .elementor-post__thumbnail{padding-bottom:calc( 0.17 * 100% );}.elementor-10975 .elementor-element.elementor-element-72aaee8e:after{content:\"0.17\";}.elementor-10975 .elementor-element.elementor-element-72aaee8e .elementor-post__meta-data span + span:before{content:\"\u2022\";}.elementor-10975 .elementor-element.elementor-element-72aaee8e{--grid-column-gap:25px;--grid-row-gap:20px;--load-more\u2014spacing:0px;}.elementor-10975 .elementor-element.elementor-element-72aaee8e .elementor-post__card{background-color:#242F34;border-width:0px;border-radius:6px;padding-top:0px;padding-bottom:0px;}.elementor-10975 .elementor-element.elementor-element-72aaee8e .elementor-post__text{padding:0 21px;margin-top:0px;margin-bottom:0px;}.elementor-10975 .elementor-element.elementor-element-72aaee8e .elementor-post__meta-data{padding:10px 21px;color:#FFEC27;font-family:\"Poppins\", Sans-serif;font-weight:200;line-height:1.3em;}.elementor-10975 .elementor-element.elementor-element-72aaee8e .elementor-post__avatar{padding-right:21px;padding-left:21px;}.elementor-10975 .elementor-element.elementor-element-72aaee8e .elementor-post__badge{left:0;}.elementor-10975 .elementor-element.elementor-element-72aaee8e .elementor-post__card .elementor-post__badge{background-color:#2D3748AB;font-size:9px;margin:11px;font-family:var( --e-global-typography-e97df68-font-family ), Sans-serif;font-weight:var( --e-global-typography-e97df68-font-weight );line-height:var( --e-global-typography-e97df68-line-height );letter-spacing:var( --e-global-typography-e97df68-letter-spacing );word-spacing:var( --e-global-typography-e97df68-word-spacing );}.elementor-10975 .elementor-element.elementor-element-72aaee8e .elementor-post__title, .elementor-10975 .elementor-element.elementor-element-72aaee8e .elementor-post__title a{color:#FFFFFF;font-family:\"Roboto\", Sans-serif;font-size:20px;font-weight:400;line-height:1.3em;}.elementor-10975 .elementor-element.elementor-element-72aaee8e .elementor-post__title{margin-bottom:10px;}.elementor-10975 .elementor-element.elementor-element-72aaee8e .elementor-post__excerpt p{color:#FFFFFF87;font-family:var( --e-global-typography-ef9164a-font-family ), Sans-serif;font-size:var( --e-global-typography-ef9164a-font-size );font-weight:var( --e-global-typography-ef9164a-font-weight );line-height:var( --e-global-typography-ef9164a-line-height );letter-spacing:var( --e-global-typography-ef9164a-letter-spacing );word-spacing:var( --e-global-typography-ef9164a-word-spacing );}.elementor-10975 .elementor-element.elementor-element-72aaee8e .elementor-post__excerpt{margin-bottom:0px;}.elementor-10975 .elementor-element.elementor-element-72aaee8e .elementor-post__read-more{color:#FFFFFF;margin-bottom:0px;}.elementor-10975 .elementor-element.elementor-element-72aaee8e a.elementor-post__read-more{font-family:\"Poppins\", Sans-serif;font-size:14px;font-weight:400;text-transform:lowercase;line-height:1.3em;}.elementor-10975 .elementor-element.elementor-element-72aaee8e > .elementor-widget-container{background-color:#FFFFFF66;}@media(max-width:1024px){.elementor-widget-posts .elementor-post__meta-data{font-size:var( --e-global-typography-secondary-font-size );}.elementor-widget-posts .elementor-pagination{font-size:var( --e-global-typography-secondary-font-size );}.elementor-widget-posts .e-load-more-message{font-size:var( --e-global-typography-secondary-font-size );}.elementor-10975 .elementor-element.elementor-element-72aaee8e .elementor-posts-container .elementor-post__thumbnail{padding-bottom:calc( 0.15 * 100% );}.elementor-10975 .elementor-element.elementor-element-72aaee8e:after{content:\"0.15\";}.elementor-10975 .elementor-element.elementor-element-72aaee8e .elementor-post__card .elementor-post__badge{line-height:var( --e-global-typography-e97df68-line-height );letter-spacing:var( --e-global-typography-e97df68-letter-spacing );word-spacing:var( --e-global-typography-e97df68-word-spacing );}.elementor-10975 .elementor-element.elementor-element-72aaee8e .elementor-post__title{margin-bottom:22px;}.elementor-10975 .elementor-element.elementor-element-72aaee8e .elementor-post__excerpt p{font-size:var( --e-global-typography-ef9164a-font-size );line-height:var( --e-global-typography-ef9164a-line-height );letter-spacing:var( --e-global-typography-ef9164a-letter-spacing );word-spacing:var( --e-global-typography-ef9164a-word-spacing );}.elementor-10975 .elementor-element.elementor-element-72aaee8e > .elementor-widget-container{--e-transform-translateX:0px;}}@media(max-width:767px){.elementor-widget-posts .elementor-post__meta-data{font-size:var( --e-global-typography-secondary-font-size );}.elementor-widget-posts .elementor-pagination{font-size:var( --e-global-typography-secondary-font-size );}.elementor-widget-posts .e-load-more-message{font-size:var( --e-global-typography-secondary-font-size );}.elementor-10975 .elementor-element.elementor-element-72aaee8e .elementor-posts-container .elementor-post__thumbnail{padding-bottom:calc( 0.39 * 100% );}.elementor-10975 .elementor-element.elementor-element-72aaee8e:after{content:\"0.39\";}.elementor-10975 .elementor-element.elementor-element-72aaee8e{--grid-column-gap:10px;--grid-row-gap:11px;}.elementor-10975 .elementor-element.elementor-element-72aaee8e.elementor-posts--thumbnail-left .elementor-post__thumbnail__link{margin-right:0px;}.elementor-10975 .elementor-element.elementor-element-72aaee8e.elementor-posts--thumbnail-right .elementor-post__thumbnail__link{margin-left:0px;}.elementor-10975 .elementor-element.elementor-element-72aaee8e.elementor-posts--thumbnail-top .elementor-post__thumbnail__link{margin-bottom:0px;}.elementor-10975 .elementor-element.elementor-element-72aaee8e .elementor-post__card .elementor-post__badge{line-height:var( --e-global-typography-e97df68-line-height );letter-spacing:var( --e-global-typography-e97df68-letter-spacing );word-spacing:var( --e-global-typography-e97df68-word-spacing );}.elementor-10975 .elementor-element.elementor-element-72aaee8e .elementor-post__title, .elementor-10975 .elementor-element.elementor-element-72aaee8e .elementor-post__title a{line-height:1.2em;}.elementor-10975 .elementor-element.elementor-element-72aaee8e .elementor-post__title{margin-bottom:19px;}.elementor-10975 .elementor-element.elementor-element-72aaee8e .elementor-post__meta-data{font-size:15px;line-height:1.2em;}.elementor-10975 .elementor-element.elementor-element-72aaee8e .elementor-post__excerpt p{font-size:var( --e-global-typography-ef9164a-font-size );line-height:var( --e-global-typography-ef9164a-line-height );letter-spacing:var( --e-global-typography-ef9164a-letter-spacing );word-spacing:var( --e-global-typography-ef9164a-word-spacing );}.elementor-10975 .elementor-element.elementor-element-72aaee8e .elementor-post__excerpt{margin-bottom:0px;}.elementor-10975 .elementor-element.elementor-element-72aaee8e .elementor-post__text{margin-bottom:7px;}.elementor-10975 .elementor-element.elementor-element-72aaee8e > .elementor-widget-container{margin:0px 0px 0px 0px;}}\/* Start custom CSS for posts, class: .elementor-element-72aaee8e *\/{-- @media (min-width:1024px){\r\n.elementor-posts--thumbnail-top .elementor-posts--skin-cards:not(.elementor-posts-masonry) .elementor-post__card, .elementor-posts .elementor-posts--skin-cards:not(.elementor-posts-masonry) .elementor-post__card {\r\n    display: -webkit-box;\r\n    display: -ms-flexbox;\r\n    display: flex;\r\n    -webkit-box-orient: vertical;\r\n    -webkit-box-direction: normal;\r\n    -ms-flex-direction: column;\r\n    -webkit-box-pack: start;\r\n    -ms-flex-pack: start;\r\n    justify-content: flex-start;\r\n    flex-direction: row!important;\r\n}}\r\n\r\n@media (min-width:1130px){\r\n.elementor-posts-container .elementor-post__thumbnail__link {\r\n    position: relative;\r\n    display: block;\r\n    width: 25%!important;\r\n}}\r\n@media (max-width:1129px) and (min-width:1024px){\r\n.elementor-posts-container .elementor-post__thumbnail__link {\r\n    position: relative;\r\n    display: block;\r\n    width: 35%!important;\r\n}}\r\n@media (min-width:1024px){\r\n.elementor-posts--thumbnail-top .elementor-post__thumbnail__link {\r\n    margin-bottom: 0px!important;\r\n}}\r\n --}\r\n.elementor-10975 .elementor-element.elementor-element-72aaee8e{\r\n    margin:auto;\r\n    width: 630px;\r\n}\r\n.elementor-post__meta-data {\r\n    border-width: 0px!important;\r\n}\r\n\r\n.elementor-post__meta-data {\r\n    text-align: end;\r\n}\r\n\r\n.elementor-posts--thumbnail-top .elementor-posts--skin-cards:not(.elementor-posts-masonry) .elementor-post__meta-data, .elementor-posts .elementor-posts--skin-cards:not(.elementor-posts-masonry) .elementor-post__meta-data {\r\n    padding-bottom: 10px;\r\n}\r\n\r\n.elementor-posts .elementor-post__badge {\r\n    position: absolute;\r\n    top: 0;\r\n    background: #fcb735!important;\r\n    color: #000!important;\r\n    font-size: 11px!important;\r\n    padding: 0.6em 1.2em;\r\n    line-height: 1;\r\n    font-weight: 500!important;\r\n    margin: 20px;\r\n    border-radius: 999px;\r\n}\/* End custom CSS *\/<\/style>\t\t<div data-elementor-type=\"widget\" data-elementor-id=\"10975\" class=\"elementor elementor-10975\" data-elementor-post-type=\"elementor_library\">\n\t\t\t\t\t\t<div class=\"elementor-element elementor-element-72aaee8e elementor-posts--align-left elementor-grid-1 elementor-grid-tablet-1 e-transform elementor-grid-mobile-1 elementor-posts--thumbnail-top elementor-posts__hover-gradient elementor-widget elementor-widget-posts\" data-id=\"72aaee8e\" data-element_type=\"widget\" data-e-type=\"widget\" data-settings=\"{&quot;cards_row_gap&quot;:{&quot;unit&quot;:&quot;px&quot;,&quot;size&quot;:20,&quot;sizes&quot;:[]},&quot;pagination_type&quot;:&quot;load_more_infinite_scroll&quot;,&quot;load_more_spinner&quot;:{&quot;value&quot;:&quot;fas fa-cog&quot;,&quot;library&quot;:&quot;fa-solid&quot;},&quot;cards_row_gap_mobile&quot;:{&quot;unit&quot;:&quot;px&quot;,&quot;size&quot;:11,&quot;sizes&quot;:[]},&quot;cards_columns&quot;:&quot;1&quot;,&quot;motion_fx_motion_fx_mouse&quot;:&quot;yes&quot;,&quot;cards_columns_tablet&quot;:&quot;1&quot;,&quot;_transform_translateX_effect_tablet&quot;:{&quot;unit&quot;:&quot;px&quot;,&quot;size&quot;:0,&quot;sizes&quot;:[]},&quot;cards_columns_mobile&quot;:&quot;1&quot;,&quot;cards_row_gap_tablet&quot;:{&quot;unit&quot;:&quot;px&quot;,&quot;size&quot;:&quot;&quot;,&quot;sizes&quot;:[]},&quot;_transform_translateX_effect&quot;:{&quot;unit&quot;:&quot;px&quot;,&quot;size&quot;:&quot;&quot;,&quot;sizes&quot;:[]},&quot;_transform_translateX_effect_mobile&quot;:{&quot;unit&quot;:&quot;px&quot;,&quot;size&quot;:&quot;&quot;,&quot;sizes&quot;:[]},&quot;_transform_translateY_effect&quot;:{&quot;unit&quot;:&quot;px&quot;,&quot;size&quot;:&quot;&quot;,&quot;sizes&quot;:[]},&quot;_transform_translateY_effect_tablet&quot;:{&quot;unit&quot;:&quot;px&quot;,&quot;size&quot;:&quot;&quot;,&quot;sizes&quot;:[]},&quot;_transform_translateY_effect_mobile&quot;:{&quot;unit&quot;:&quot;px&quot;,&quot;size&quot;:&quot;&quot;,&quot;sizes&quot;:[]}}\" data-widget_type=\"posts.cards\">\n\t\t\t\t<div class=\"elementor-widget-container\">\n\t\t\t\t\t\t\t<div class=\"elementor-posts-container elementor-posts elementor-posts--skin-cards elementor-grid\" role=\"list\">\n\t\t\t\t<article class=\"elementor-post elementor-grid-item post-14487 post type-post status-publish format-standard has-post-thumbnail hentry category-actu-info-gr10 tag-pyrenees-ariegeoises tag-pyrenees-centrales\" role=\"listitem\">\n\t\t\t<div class=\"elementor-post__card\">\n\t\t\t\t<a class=\"elementor-post__thumbnail__link\" href=\"https:\/\/gr10.org\/index.php\/2025\/06\/13\/avis-chantier-participatif-cabane-uls-melles\/\" tabindex=\"-1\" ><div class=\"elementor-post__thumbnail\"><img loading=\"lazy\" decoding=\"async\" width=\"1024\" height=\"576\" src=\"https:\/\/gr10.org\/wp-content\/uploads\/2025\/06\/travaux-ULS-Affiche-1024x576.jpg\" class=\"attachment-large size-large wp-image-14488\" alt=\"R\u00e9novation de la cabane d&#039;Uls sur le GR10\" srcset=\"https:\/\/gr10.org\/wp-content\/uploads\/2025\/06\/travaux-ULS-Affiche-1024x576.jpg 1024w, https:\/\/gr10.org\/wp-content\/uploads\/2025\/06\/travaux-ULS-Affiche-300x169.jpg 300w, https:\/\/gr10.org\/wp-content\/uploads\/2025\/06\/travaux-ULS-Affiche-768x432.jpg 768w, https:\/\/gr10.org\/wp-content\/uploads\/2025\/06\/travaux-ULS-Affiche.jpg 1280w\" sizes=\"(max-width: 1024px) 100vw, 1024px\" \/><\/div><\/a>\n\t\t\t\t<div class=\"elementor-post__badge\">Pyr\u00e9n\u00e9es Ari\u00e9geoises<\/div>\n\t\t\t\t<div class=\"elementor-post__text\">\n\t\t\t\t<h3 class=\"elementor-post__title\">\n\t\t\t<a href=\"https:\/\/gr10.org\/index.php\/2025\/06\/13\/avis-chantier-participatif-cabane-uls-melles\/\" >\n\t\t\t\tAvis chantier participatif cabane ULS sur le GR10 \u00e0 Melles (31)\t\t\t<\/a>\n\t\t<\/h3>\n\t\t\t\t<div class=\"elementor-post__excerpt\">\n\t\t\t<p>La petite mairie de Melles situ\u00e9es en Haute-Garonne \u00e0 le plaisir de vous inviter \u00e0 participer \u00e0 un chantier participatif<\/p>\n\t\t<\/div>\n\t\t\n\t\t<a class=\"elementor-post__read-more\" href=\"https:\/\/gr10.org\/index.php\/2025\/06\/13\/avis-chantier-participatif-cabane-uls-melles\/\" aria-label=\"En savoir plus sur Avis chantier participatif cabane ULS sur le GR10 \u00e0 Melles (31)\" tabindex=\"-1\" >\n\t\t\tLire la suite \u00bb\t\t<\/a>\n\n\t\t\t\t<\/div>\n\t\t\t\t<div class=\"elementor-post__meta-data\">\n\t\t\t\t\t<span class=\"elementor-post-date\">\n\t\t\t13 juin 2025\t\t<\/span>\n\t\t\t\t<\/div>\n\t\t\t\t\t<\/div>\n\t\t<\/article>\n\t\t\t\t<article class=\"elementor-post elementor-grid-item post-14083 post type-post status-publish format-standard has-post-thumbnail hentry category-actu-info-gr10 tag-pyrenees-centrales\" role=\"listitem\">\n\t\t\t<div class=\"elementor-post__card\">\n\t\t\t\t<a class=\"elementor-post__thumbnail__link\" href=\"https:\/\/gr10.org\/index.php\/2025\/01\/11\/fermeture-du-refuge-des-oulettes-de-gaube-en-2025-pour-travaux-majeurs\/\" tabindex=\"-1\" ><div class=\"elementor-post__thumbnail\"><img loading=\"lazy\" decoding=\"async\" width=\"477\" height=\"214\" src=\"https:\/\/gr10.org\/wp-content\/uploads\/2022\/02\/refuge-detape-des-Oulettes-de-Gaube.jpg\" class=\"attachment-large size-large wp-image-1474\" alt=\"refuge d&#039;\u00e9tape des Oulettes de Gaube\" srcset=\"https:\/\/gr10.org\/wp-content\/uploads\/2022\/02\/refuge-detape-des-Oulettes-de-Gaube.jpg 477w, https:\/\/gr10.org\/wp-content\/uploads\/2022\/02\/refuge-detape-des-Oulettes-de-Gaube-300x135.jpg 300w\" sizes=\"(max-width: 477px) 100vw, 477px\" \/><\/div><\/a>\n\t\t\t\t<div class=\"elementor-post__badge\">Pyr\u00e9n\u00e9es Centrales<\/div>\n\t\t\t\t<div class=\"elementor-post__text\">\n\t\t\t\t<h3 class=\"elementor-post__title\">\n\t\t\t<a href=\"https:\/\/gr10.org\/index.php\/2025\/01\/11\/fermeture-du-refuge-des-oulettes-de-gaube-en-2025-pour-travaux-majeurs\/\" >\n\t\t\t\tFermeture du refuge des Oulettes de Gaube en 2025 pour travaux majeurs\t\t\t<\/a>\n\t\t<\/h3>\n\t\t\t\t<div class=\"elementor-post__excerpt\">\n\t\t\t<p>Randonneurs du GR10, prenez note ! Cet \u00e9t\u00e9 2025, le refuge embl\u00e9matique des Oulettes de Gaube sera ferm\u00e9 pour d&rsquo;importants<\/p>\n\t\t<\/div>\n\t\t\n\t\t<a class=\"elementor-post__read-more\" href=\"https:\/\/gr10.org\/index.php\/2025\/01\/11\/fermeture-du-refuge-des-oulettes-de-gaube-en-2025-pour-travaux-majeurs\/\" aria-label=\"En savoir plus sur Fermeture du refuge des Oulettes de Gaube en 2025 pour travaux majeurs\" tabindex=\"-1\" >\n\t\t\tLire la suite \u00bb\t\t<\/a>\n\n\t\t\t\t<\/div>\n\t\t\t\t<div class=\"elementor-post__meta-data\">\n\t\t\t\t\t<span class=\"elementor-post-date\">\n\t\t\t11 janvier 2025\t\t<\/span>\n\t\t\t\t<\/div>\n\t\t\t\t\t<\/div>\n\t\t<\/article>\n\t\t\t\t<article class=\"elementor-post elementor-grid-item post-13706 post type-post status-publish format-standard has-post-thumbnail hentry category-actu-info-gr10 tag-pyrenees-centrales tag-pyrenees-occidentales\" role=\"listitem\">\n\t\t\t<div class=\"elementor-post__card\">\n\t\t\t\t<a class=\"elementor-post__thumbnail__link\" href=\"https:\/\/gr10.org\/index.php\/2024\/09\/07\/alerte-inondation-gr10-impraticable-au-niveau-detsaut\/\" tabindex=\"-1\" ><div class=\"elementor-post__thumbnail\"><img fetchpriority=\"high\" decoding=\"async\" width=\"715\" height=\"597\" src=\"https:\/\/gr10.org\/wp-content\/uploads\/2024\/09\/inondation-Etsaut.jpg\" class=\"attachment-large size-large wp-image-13710\" alt=\"\" srcset=\"https:\/\/gr10.org\/wp-content\/uploads\/2024\/09\/inondation-Etsaut.jpg 715w, https:\/\/gr10.org\/wp-content\/uploads\/2024\/09\/inondation-Etsaut-300x250.jpg 300w\" sizes=\"(max-width: 715px) 100vw, 715px\" \/><\/div><\/a>\n\t\t\t\t<div class=\"elementor-post__badge\">Pyr\u00e9n\u00e9es Centrales<\/div>\n\t\t\t\t<div class=\"elementor-post__text\">\n\t\t\t\t<h3 class=\"elementor-post__title\">\n\t\t\t<a href=\"https:\/\/gr10.org\/index.php\/2024\/09\/07\/alerte-inondation-gr10-impraticable-au-niveau-detsaut\/\" >\n\t\t\t\tAlerte inondation &#8211; GR10 impraticable au niveau d&rsquo;Etsaut\t\t\t<\/a>\n\t\t<\/h3>\n\t\t\t\t<div class=\"elementor-post__excerpt\">\n\t\t\t<p>Chers GRdistes, En raison d&rsquo;une tr\u00e8s forte crue du gave de Pau, nous vous informons que le GR10 est impraticable<\/p>\n\t\t<\/div>\n\t\t\n\t\t<a class=\"elementor-post__read-more\" href=\"https:\/\/gr10.org\/index.php\/2024\/09\/07\/alerte-inondation-gr10-impraticable-au-niveau-detsaut\/\" aria-label=\"En savoir plus sur Alerte inondation &#8211; GR10 impraticable au niveau d&rsquo;Etsaut\" tabindex=\"-1\" >\n\t\t\tLire la suite \u00bb\t\t<\/a>\n\n\t\t\t\t<\/div>\n\t\t\t\t<div class=\"elementor-post__meta-data\">\n\t\t\t\t\t<span class=\"elementor-post-date\">\n\t\t\t7 septembre 2024\t\t<\/span>\n\t\t\t\t<\/div>\n\t\t\t\t\t<\/div>\n\t\t<\/article>\n\t\t\t\t<article class=\"elementor-post elementor-grid-item post-13504 post type-post status-publish format-standard has-post-thumbnail hentry category-actu-info-gr10 tag-pyrenees-centrales\" role=\"listitem\">\n\t\t\t<div class=\"elementor-post__card\">\n\t\t\t\t<a class=\"elementor-post__thumbnail__link\" href=\"https:\/\/gr10.org\/index.php\/2024\/05\/30\/deviation-provisoire-du-gr10-a-bagneres-de-luchon\/\" tabindex=\"-1\" ><div class=\"elementor-post__thumbnail\"><img loading=\"lazy\" decoding=\"async\" width=\"1024\" height=\"905\" src=\"https:\/\/gr10.org\/wp-content\/uploads\/2024\/05\/deviation-GR10-Bagneres-de-Luchon-1024x905.jpg\" class=\"attachment-large size-large wp-image-13505\" alt=\"\" srcset=\"https:\/\/gr10.org\/wp-content\/uploads\/2024\/05\/deviation-GR10-Bagneres-de-Luchon-1024x905.jpg 1024w, https:\/\/gr10.org\/wp-content\/uploads\/2024\/05\/deviation-GR10-Bagneres-de-Luchon-300x265.jpg 300w, https:\/\/gr10.org\/wp-content\/uploads\/2024\/05\/deviation-GR10-Bagneres-de-Luchon-768x678.jpg 768w, https:\/\/gr10.org\/wp-content\/uploads\/2024\/05\/deviation-GR10-Bagneres-de-Luchon.jpg 1029w\" sizes=\"(max-width: 1024px) 100vw, 1024px\" \/><\/div><\/a>\n\t\t\t\t<div class=\"elementor-post__badge\">Pyr\u00e9n\u00e9es Centrales<\/div>\n\t\t\t\t<div class=\"elementor-post__text\">\n\t\t\t\t<h3 class=\"elementor-post__title\">\n\t\t\t<a href=\"https:\/\/gr10.org\/index.php\/2024\/05\/30\/deviation-provisoire-du-gr10-a-bagneres-de-luchon\/\" >\n\t\t\t\tD\u00e9viation Provisoire du GR10 \u00e0 Bagn\u00e8res-de-Luchon\t\t\t<\/a>\n\t\t<\/h3>\n\t\t\t\t<div class=\"elementor-post__excerpt\">\n\t\t\t<p>e comit\u00e9 d\u00e9partemental de randonn\u00e9e p\u00e9destre de la Haute-Garonne (FFRandonn\u00e9e) a r\u00e9cemment annonc\u00e9 une d\u00e9viation temporaire du GR10 au niveau de Bagn\u00e8res-de-Luchon. Cette mesure a \u00e9t\u00e9 prise en raison de travaux importants men\u00e9s par EDF sur les installations hydro\u00e9lectriques locales.<\/p>\n\t\t<\/div>\n\t\t\n\t\t<a class=\"elementor-post__read-more\" href=\"https:\/\/gr10.org\/index.php\/2024\/05\/30\/deviation-provisoire-du-gr10-a-bagneres-de-luchon\/\" aria-label=\"En savoir plus sur D\u00e9viation Provisoire du GR10 \u00e0 Bagn\u00e8res-de-Luchon\" tabindex=\"-1\" >\n\t\t\tLire la suite \u00bb\t\t<\/a>\n\n\t\t\t\t<\/div>\n\t\t\t\t<div class=\"elementor-post__meta-data\">\n\t\t\t\t\t<span class=\"elementor-post-date\">\n\t\t\t30 mai 2024\t\t<\/span>\n\t\t\t\t<\/div>\n\t\t\t\t\t<\/div>\n\t\t<\/article>\n\t\t\t\t<article class=\"elementor-post elementor-grid-item post-13478 post type-post status-publish format-standard has-post-thumbnail hentry category-actu-info-gr10 tag-pyrenees-ariegeoises tag-pyrenees-centrales tag-pyrenees-occidentales tag-pyrenees-orientales\" role=\"listitem\">\n\t\t\t<div class=\"elementor-post__card\">\n\t\t\t\t<a class=\"elementor-post__thumbnail__link\" href=\"https:\/\/gr10.org\/index.php\/2024\/05\/23\/grdistes-on-the-way-ameliorer-la-communication-et-la-securite-sur-le-gr10\/\" tabindex=\"-1\" ><div class=\"elementor-post__thumbnail\"><img decoding=\"async\" width=\"421\" height=\"318\" src=\"https:\/\/gr10.org\/wp-content\/uploads\/2024\/05\/logo-whatsapp-1.jpg\" class=\"attachment-large size-large wp-image-13339\" alt=\"Rejoindre le groupe WhatsApp randonneurs GR10\" srcset=\"https:\/\/gr10.org\/wp-content\/uploads\/2024\/05\/logo-whatsapp-1.jpg 421w, https:\/\/gr10.org\/wp-content\/uploads\/2024\/05\/logo-whatsapp-1-300x227.jpg 300w\" sizes=\"(max-width: 421px) 100vw, 421px\" \/><\/div><\/a>\n\t\t\t\t<div class=\"elementor-post__badge\">Pyr\u00e9n\u00e9es Ari\u00e9geoises<\/div>\n\t\t\t\t<div class=\"elementor-post__text\">\n\t\t\t\t<h3 class=\"elementor-post__title\">\n\t\t\t<a href=\"https:\/\/gr10.org\/index.php\/2024\/05\/23\/grdistes-on-the-way-ameliorer-la-communication-et-la-securite-sur-le-gr10\/\" >\n\t\t\t\t\u00ab GRdistes On The Way \u00bb : Am\u00e9liorer la Communication et la S\u00e9curit\u00e9 sur le GR10\t\t\t<\/a>\n\t\t<\/h3>\n\t\t\t\t<div class=\"elementor-post__excerpt\">\n\t\t\t<p>L&rsquo;association des Amis GRdistes propose \u00ab GRdistes On The Way \u00bb, un groupe WhatsApp d\u00e9di\u00e9 aux randonneurs du GR10. Accessible<\/p>\n\t\t<\/div>\n\t\t\n\t\t<a class=\"elementor-post__read-more\" href=\"https:\/\/gr10.org\/index.php\/2024\/05\/23\/grdistes-on-the-way-ameliorer-la-communication-et-la-securite-sur-le-gr10\/\" aria-label=\"En savoir plus sur \u00ab GRdistes On The Way \u00bb : Am\u00e9liorer la Communication et la S\u00e9curit\u00e9 sur le GR10\" tabindex=\"-1\" >\n\t\t\tLire la suite \u00bb\t\t<\/a>\n\n\t\t\t\t<\/div>\n\t\t\t\t<div class=\"elementor-post__meta-data\">\n\t\t\t\t\t<span class=\"elementor-post-date\">\n\t\t\t23 mai 2024\t\t<\/span>\n\t\t\t\t<\/div>\n\t\t\t\t\t<\/div>\n\t\t<\/article>\n\t\t\t\t<article class=\"elementor-post elementor-grid-item post-13322 post type-post status-publish format-standard has-post-thumbnail hentry category-actu-info-gr10 tag-pyrenees-centrales\" role=\"listitem\">\n\t\t\t<div class=\"elementor-post__card\">\n\t\t\t\t<a class=\"elementor-post__thumbnail__link\" href=\"https:\/\/gr10.org\/index.php\/2024\/05\/07\/article-type-actu-info-gr10-mai\/\" tabindex=\"-1\" ><div class=\"elementor-post__thumbnail\"><img loading=\"lazy\" decoding=\"async\" width=\"280\" height=\"560\" src=\"https:\/\/gr10.org\/wp-content\/uploads\/2024\/05\/438083536_3406334676325897_3798060110460783365_n.jpg\" class=\"attachment-large size-large wp-image-13323\" alt=\"\" srcset=\"https:\/\/gr10.org\/wp-content\/uploads\/2024\/05\/438083536_3406334676325897_3798060110460783365_n.jpg 280w, https:\/\/gr10.org\/wp-content\/uploads\/2024\/05\/438083536_3406334676325897_3798060110460783365_n-150x300.jpg 150w\" sizes=\"(max-width: 280px) 100vw, 280px\" \/><\/div><\/a>\n\t\t\t\t<div class=\"elementor-post__badge\">Pyr\u00e9n\u00e9es Centrales<\/div>\n\t\t\t\t<div class=\"elementor-post__text\">\n\t\t\t\t<h3 class=\"elementor-post__title\">\n\t\t\t<a href=\"https:\/\/gr10.org\/index.php\/2024\/05\/07\/article-type-actu-info-gr10-mai\/\" >\n\t\t\t\tInterdiction de Bivouaquer au Lac Barrage de Bious Artigue\t\t\t<\/a>\n\t\t<\/h3>\n\t\t\t\t<div class=\"elementor-post__excerpt\">\n\t\t\t<p>Nous vous informons qu&rsquo;une modification de l&rsquo;arr\u00eat\u00e9 municipal de Laruns renouvelle l&rsquo;interdiction de bivouaquer dans le secteur du lac Barrage de Bious Artigue. Cette d\u00e9cision fait suite \u00e0 des verbalisations l&rsquo;ann\u00e9e pass\u00e9e et vise \u00e0 prot\u00e9ger le cadre naturel exceptionnel de ce lieu.<\/p>\n\t\t<\/div>\n\t\t\n\t\t<a class=\"elementor-post__read-more\" href=\"https:\/\/gr10.org\/index.php\/2024\/05\/07\/article-type-actu-info-gr10-mai\/\" aria-label=\"En savoir plus sur Interdiction de Bivouaquer au Lac Barrage de Bious Artigue\" tabindex=\"-1\" >\n\t\t\tLire la suite \u00bb\t\t<\/a>\n\n\t\t\t\t<\/div>\n\t\t\t\t<div class=\"elementor-post__meta-data\">\n\t\t\t\t\t<span class=\"elementor-post-date\">\n\t\t\t7 mai 2024\t\t<\/span>\n\t\t\t\t<\/div>\n\t\t\t\t\t<\/div>\n\t\t<\/article>\n\t\t\t\t<article class=\"elementor-post elementor-grid-item post-10984 post type-post status-publish format-standard has-post-thumbnail hentry category-actu-info-gr10 tag-pyrenees-ariegeoises tag-pyrenees-centrales tag-pyrenees-occidentales tag-pyrenees-orientales\" role=\"listitem\">\n\t\t\t<div class=\"elementor-post__card\">\n\t\t\t\t<a class=\"elementor-post__thumbnail__link\" href=\"https:\/\/gr10.org\/index.php\/2023\/07\/18\/alerte-presence-ponctuelle-de-punaises-de-lit-au-gite-detape-maison-elichalt-de-st-engrace-sur-le-gr10-dans-le-pays-basque-panique-0-prevention-1\/\" tabindex=\"-1\" ><div class=\"elementor-post__thumbnail\"><img loading=\"lazy\" decoding=\"async\" width=\"800\" height=\"795\" src=\"https:\/\/gr10.org\/wp-content\/uploads\/2022\/03\/La-punaise-de-lit.jpg\" class=\"attachment-large size-large wp-image-3570\" alt=\"La punaise de lit\" srcset=\"https:\/\/gr10.org\/wp-content\/uploads\/2022\/03\/La-punaise-de-lit.jpg 800w, https:\/\/gr10.org\/wp-content\/uploads\/2022\/03\/La-punaise-de-lit-300x298.jpg 300w, https:\/\/gr10.org\/wp-content\/uploads\/2022\/03\/La-punaise-de-lit-150x150.jpg 150w, https:\/\/gr10.org\/wp-content\/uploads\/2022\/03\/La-punaise-de-lit-768x763.jpg 768w\" sizes=\"(max-width: 800px) 100vw, 800px\" \/><\/div><\/a>\n\t\t\t\t<div class=\"elementor-post__badge\">Pyr\u00e9n\u00e9es Ari\u00e9geoises<\/div>\n\t\t\t\t<div class=\"elementor-post__text\">\n\t\t\t\t<h3 class=\"elementor-post__title\">\n\t\t\t<a href=\"https:\/\/gr10.org\/index.php\/2023\/07\/18\/alerte-presence-ponctuelle-de-punaises-de-lit-au-gite-detape-maison-elichalt-de-st-engrace-sur-le-gr10-dans-le-pays-basque-panique-0-prevention-1\/\" >\n\t\t\t\tALERTE : Pr\u00e9sence ponctuelle de punaises de lit au g\u00eete d&rsquo;\u00e9tape Maison Elichalt de St Engr\u00e2ce sur le GR10 dans le Pays-Basque. Panique : 0 \/ Pr\u00e9vention : 1\t\t\t<\/a>\n\t\t<\/h3>\n\t\t\t\t<div class=\"elementor-post__excerpt\">\n\t\t\t<p>Nous vous informons de fa\u00e7on transparente et responsable qu\u2019une situation ponctuelle de pr\u00e9sence de punaises de lits a \u00e9t\u00e9 rapport\u00e9e au g\u00eete d&rsquo;\u00e9tape Maison Elichalt de St Engr\u00e2ce. Cet h\u00e9bergeur nous assure que des mesures appropri\u00e9es sont mises en place pour y rem\u00e9dier.<\/p>\n\t\t<\/div>\n\t\t\n\t\t<a class=\"elementor-post__read-more\" href=\"https:\/\/gr10.org\/index.php\/2023\/07\/18\/alerte-presence-ponctuelle-de-punaises-de-lit-au-gite-detape-maison-elichalt-de-st-engrace-sur-le-gr10-dans-le-pays-basque-panique-0-prevention-1\/\" aria-label=\"En savoir plus sur ALERTE : Pr\u00e9sence ponctuelle de punaises de lit au g\u00eete d&rsquo;\u00e9tape Maison Elichalt de St Engr\u00e2ce sur le GR10 dans le Pays-Basque. Panique : 0 \/ Pr\u00e9vention : 1\" tabindex=\"-1\" >\n\t\t\tLire la suite \u00bb\t\t<\/a>\n\n\t\t\t\t<\/div>\n\t\t\t\t<div class=\"elementor-post__meta-data\">\n\t\t\t\t\t<span class=\"elementor-post-date\">\n\t\t\t18 juillet 2023\t\t<\/span>\n\t\t\t\t<\/div>\n\t\t\t\t\t<\/div>\n\t\t<\/article>\n\t\t\t\t<article class=\"elementor-post elementor-grid-item post-9526 post type-post status-publish format-standard has-post-thumbnail hentry category-actu-info-gr10 tag-pyrenees-centrales\" role=\"listitem\">\n\t\t\t<div class=\"elementor-post__card\">\n\t\t\t\t<a class=\"elementor-post__thumbnail__link\" href=\"https:\/\/gr10.org\/index.php\/2022\/07\/11\/entre-gavarnie-et-baysselance-la-cabane-de-sausse-dessus-est-fermee\/\" tabindex=\"-1\" ><div class=\"elementor-post__thumbnail\"><img loading=\"lazy\" decoding=\"async\" width=\"600\" height=\"398\" src=\"https:\/\/gr10.org\/wp-content\/uploads\/2022\/07\/cabane-de-sausse-dessus.jpg\" class=\"attachment-large size-large wp-image-9528\" alt=\"Cabane de Sausse Dessus\" srcset=\"https:\/\/gr10.org\/wp-content\/uploads\/2022\/07\/cabane-de-sausse-dessus.jpg 600w, https:\/\/gr10.org\/wp-content\/uploads\/2022\/07\/cabane-de-sausse-dessus-300x199.jpg 300w\" sizes=\"(max-width: 600px) 100vw, 600px\" \/><\/div><\/a>\n\t\t\t\t<div class=\"elementor-post__badge\">Pyr\u00e9n\u00e9es Centrales<\/div>\n\t\t\t\t<div class=\"elementor-post__text\">\n\t\t\t\t<h3 class=\"elementor-post__title\">\n\t\t\t<a href=\"https:\/\/gr10.org\/index.php\/2022\/07\/11\/entre-gavarnie-et-baysselance-la-cabane-de-sausse-dessus-est-fermee\/\" >\n\t\t\t\tEntre Gavarnie et Baysselance : La cabane de Sausse dessus est ferm\u00e9e\t\t\t<\/a>\n\t\t<\/h3>\n\t\t\t\t<div class=\"elementor-post__excerpt\">\n\t\t\t<p>En ce d\u00e9but de saison 2022 et contrairement \u00e0 ce qui est marqu\u00e9 dans le topo-guide, la cabane de Sausse<\/p>\n\t\t<\/div>\n\t\t\n\t\t<a class=\"elementor-post__read-more\" href=\"https:\/\/gr10.org\/index.php\/2022\/07\/11\/entre-gavarnie-et-baysselance-la-cabane-de-sausse-dessus-est-fermee\/\" aria-label=\"En savoir plus sur Entre Gavarnie et Baysselance : La cabane de Sausse dessus est ferm\u00e9e\" tabindex=\"-1\" >\n\t\t\tLire la suite \u00bb\t\t<\/a>\n\n\t\t\t\t<\/div>\n\t\t\t\t<div class=\"elementor-post__meta-data\">\n\t\t\t\t\t<span class=\"elementor-post-date\">\n\t\t\t11 juillet 2022\t\t<\/span>\n\t\t\t\t<\/div>\n\t\t\t\t\t<\/div>\n\t\t<\/article>\n\t\t\t\t<article class=\"elementor-post elementor-grid-item post-8999 post type-post status-publish format-standard has-post-thumbnail hentry category-actu-info-gr10 tag-pyrenees-centrales\" role=\"listitem\">\n\t\t\t<div class=\"elementor-post__card\">\n\t\t\t\t<a class=\"elementor-post__thumbnail__link\" href=\"https:\/\/gr10.org\/index.php\/2022\/06\/01\/gabas-chambre-dhotes-estibere-fermee-pour-15j\/\" tabindex=\"-1\" ><div class=\"elementor-post__thumbnail\"><img loading=\"lazy\" decoding=\"async\" width=\"800\" height=\"450\" src=\"https:\/\/gr10.org\/wp-content\/uploads\/2022\/02\/Chambre-dhote-de-lEstibere.jpg\" class=\"attachment-large size-large wp-image-1422\" alt=\"Chambre d&#039;h\u00f4te de l&#039;Estib\u00e8re\" srcset=\"https:\/\/gr10.org\/wp-content\/uploads\/2022\/02\/Chambre-dhote-de-lEstibere.jpg 800w, https:\/\/gr10.org\/wp-content\/uploads\/2022\/02\/Chambre-dhote-de-lEstibere-300x169.jpg 300w, https:\/\/gr10.org\/wp-content\/uploads\/2022\/02\/Chambre-dhote-de-lEstibere-768x432.jpg 768w\" sizes=\"(max-width: 800px) 100vw, 800px\" \/><\/div><\/a>\n\t\t\t\t<div class=\"elementor-post__badge\">Pyr\u00e9n\u00e9es Centrales<\/div>\n\t\t\t\t<div class=\"elementor-post__text\">\n\t\t\t\t<h3 class=\"elementor-post__title\">\n\t\t\t<a href=\"https:\/\/gr10.org\/index.php\/2022\/06\/01\/gabas-chambre-dhotes-estibere-fermee-pour-15j\/\" >\n\t\t\t\tGabas : chambre d&rsquo;h\u00f4tes Estib\u00e8re ferm\u00e9e pour 15j\t\t\t<\/a>\n\t\t<\/h3>\n\t\t\t\t<div class=\"elementor-post__excerpt\">\n\t\t\t<p>La chambre d&rsquo;h\u00f4tes l&rsquo;Estib\u00e8re sera ferm\u00e9 pour 15j, il faut basculer sur la maison des gardes et voir la cl\u00e9<\/p>\n\t\t<\/div>\n\t\t\n\t\t<a class=\"elementor-post__read-more\" href=\"https:\/\/gr10.org\/index.php\/2022\/06\/01\/gabas-chambre-dhotes-estibere-fermee-pour-15j\/\" aria-label=\"En savoir plus sur Gabas : chambre d&rsquo;h\u00f4tes Estib\u00e8re ferm\u00e9e pour 15j\" tabindex=\"-1\" >\n\t\t\tLire la suite \u00bb\t\t<\/a>\n\n\t\t\t\t<\/div>\n\t\t\t\t<div class=\"elementor-post__meta-data\">\n\t\t\t\t\t<span class=\"elementor-post-date\">\n\t\t\t1 juin 2022\t\t<\/span>\n\t\t\t\t<\/div>\n\t\t\t\t\t<\/div>\n\t\t<\/article>\n\t\t\t\t<article class=\"elementor-post elementor-grid-item post-9005 post type-post status-publish format-standard has-post-thumbnail hentry category-actu-info-gr10 tag-pyrenees-centrales\" role=\"listitem\">\n\t\t\t<div class=\"elementor-post__card\">\n\t\t\t\t<a class=\"elementor-post__thumbnail__link\" href=\"https:\/\/gr10.org\/index.php\/2022\/04\/01\/estaing-le-gite-detape-les-viellettes-sera-ferme-en-2022\/\" tabindex=\"-1\" ><div class=\"elementor-post__thumbnail\"><img loading=\"lazy\" decoding=\"async\" width=\"784\" height=\"516\" src=\"https:\/\/gr10.org\/wp-content\/uploads\/2022\/02\/gite-detape-les-Viellettes-2.jpg\" class=\"attachment-large size-large wp-image-1447\" alt=\"g\u00eete d&#039;\u00e9tape les Viellettes\" srcset=\"https:\/\/gr10.org\/wp-content\/uploads\/2022\/02\/gite-detape-les-Viellettes-2.jpg 784w, https:\/\/gr10.org\/wp-content\/uploads\/2022\/02\/gite-detape-les-Viellettes-2-300x197.jpg 300w, https:\/\/gr10.org\/wp-content\/uploads\/2022\/02\/gite-detape-les-Viellettes-2-768x505.jpg 768w\" sizes=\"(max-width: 784px) 100vw, 784px\" \/><\/div><\/a>\n\t\t\t\t<div class=\"elementor-post__badge\">Pyr\u00e9n\u00e9es Centrales<\/div>\n\t\t\t\t<div class=\"elementor-post__text\">\n\t\t\t\t<h3 class=\"elementor-post__title\">\n\t\t\t<a href=\"https:\/\/gr10.org\/index.php\/2022\/04\/01\/estaing-le-gite-detape-les-viellettes-sera-ferme-en-2022\/\" >\n\t\t\t\tEstaing : le g\u00eete d&rsquo;\u00e9tape les Viellettes sera ferm\u00e9 en 2022\t\t\t<\/a>\n\t\t<\/h3>\n\t\t\t\t<div class=\"elementor-post__excerpt\">\n\t\t\t<p>Le g\u00eete sera exceptionnellement ferm\u00e9 pour l\u2019ann\u00e9e 2022 suite \u00e0 retard dans la mise aux normes.&nbsp; M\u00e9lanie la g\u00e9rante de<\/p>\n\t\t<\/div>\n\t\t\n\t\t<a class=\"elementor-post__read-more\" href=\"https:\/\/gr10.org\/index.php\/2022\/04\/01\/estaing-le-gite-detape-les-viellettes-sera-ferme-en-2022\/\" aria-label=\"En savoir plus sur Estaing : le g\u00eete d&rsquo;\u00e9tape les Viellettes sera ferm\u00e9 en 2022\" tabindex=\"-1\" >\n\t\t\tLire la suite \u00bb\t\t<\/a>\n\n\t\t\t\t<\/div>\n\t\t\t\t<div class=\"elementor-post__meta-data\">\n\t\t\t\t\t<span class=\"elementor-post-date\">\n\t\t\t1 avril 2022\t\t<\/span>\n\t\t\t\t<\/div>\n\t\t\t\t\t<\/div>\n\t\t<\/article>\n\t\t\t\t<\/div>\n\t\t\t\t\t<span class=\"e-load-more-spinner\">\n\t\t\t\t<i aria-hidden=\"true\" class=\"fas fa-cog\"><\/i>\t\t\t<\/span>\n\t\t\n\t\t\t\t\t\t<\/div>\n\t\t\t\t<\/div>\n\t\t\t\t<\/div>\n\t\t                    <\/div>\n\t\t        \n                    <div id=\"arigeoises-tab\" class=\"clearfix eael-tab-content-item active-default\" data-title-link=\"arigeoises-tab\">\n\t\t\t\t        <style>.elementor-widget-posts .elementor-post__title, .elementor-widget-posts .elementor-post__title a{color:var( --e-global-color-secondary );font-family:var( --e-global-typography-primary-font-family ), Sans-serif;font-weight:var( --e-global-typography-primary-font-weight );}.elementor-widget-posts .elementor-post__meta-data{font-family:var( --e-global-typography-secondary-font-family ), Sans-serif;font-size:var( --e-global-typography-secondary-font-size );font-weight:var( --e-global-typography-secondary-font-weight );}.elementor-widget-posts .elementor-post__excerpt p{font-family:var( --e-global-typography-text-font-family ), Sans-serif;font-weight:var( --e-global-typography-text-font-weight );}.elementor-widget-posts .elementor-post__read-more{color:var( --e-global-color-accent );}.elementor-widget-posts a.elementor-post__read-more{font-family:var( --e-global-typography-accent-font-family ), Sans-serif;font-weight:var( --e-global-typography-accent-font-weight );}.elementor-widget-posts .elementor-post__card .elementor-post__badge{background-color:var( --e-global-color-accent );font-family:var( --e-global-typography-accent-font-family ), Sans-serif;font-weight:var( --e-global-typography-accent-font-weight );}.elementor-widget-posts .elementor-pagination{font-family:var( --e-global-typography-secondary-font-family ), Sans-serif;font-size:var( --e-global-typography-secondary-font-size );font-weight:var( --e-global-typography-secondary-font-weight );}.elementor-widget-posts .elementor-button{font-family:var( --e-global-typography-accent-font-family ), Sans-serif;font-weight:var( --e-global-typography-accent-font-weight );background-color:var( --e-global-color-accent );}.elementor-widget-posts .e-load-more-message{font-family:var( --e-global-typography-secondary-font-family ), Sans-serif;font-size:var( --e-global-typography-secondary-font-size );font-weight:var( --e-global-typography-secondary-font-weight );}.elementor-10978 .elementor-element.elementor-element-3f98958 .elementor-posts-container .elementor-post__thumbnail{padding-bottom:calc( 0.17 * 100% );}.elementor-10978 .elementor-element.elementor-element-3f98958:after{content:\"0.17\";}.elementor-10978 .elementor-element.elementor-element-3f98958 .elementor-post__meta-data span + span:before{content:\"\u2022\";}.elementor-10978 .elementor-element.elementor-element-3f98958{--grid-column-gap:25px;--grid-row-gap:20px;--load-more\u2014spacing:0px;}.elementor-10978 .elementor-element.elementor-element-3f98958 .elementor-post__card{background-color:#242F34;border-width:0px;border-radius:6px;padding-top:0px;padding-bottom:0px;}.elementor-10978 .elementor-element.elementor-element-3f98958 .elementor-post__text{padding:0 21px;margin-top:0px;margin-bottom:0px;}.elementor-10978 .elementor-element.elementor-element-3f98958 .elementor-post__meta-data{padding:10px 21px;color:#FFEC27;font-family:\"Poppins\", Sans-serif;font-weight:200;line-height:1.3em;}.elementor-10978 .elementor-element.elementor-element-3f98958 .elementor-post__avatar{padding-right:21px;padding-left:21px;}.elementor-10978 .elementor-element.elementor-element-3f98958 .elementor-post__badge{left:0;}.elementor-10978 .elementor-element.elementor-element-3f98958 .elementor-post__card .elementor-post__badge{background-color:#2D3748AB;font-size:9px;margin:11px;font-family:var( --e-global-typography-e97df68-font-family ), Sans-serif;font-weight:var( --e-global-typography-e97df68-font-weight );line-height:var( --e-global-typography-e97df68-line-height );letter-spacing:var( --e-global-typography-e97df68-letter-spacing );word-spacing:var( --e-global-typography-e97df68-word-spacing );}.elementor-10978 .elementor-element.elementor-element-3f98958 .elementor-post__title, .elementor-10978 .elementor-element.elementor-element-3f98958 .elementor-post__title a{color:#FFFFFF;font-family:\"Roboto\", Sans-serif;font-size:20px;font-weight:400;line-height:1.3em;}.elementor-10978 .elementor-element.elementor-element-3f98958 .elementor-post__title{margin-bottom:10px;}.elementor-10978 .elementor-element.elementor-element-3f98958 .elementor-post__excerpt p{color:#FFFFFF87;font-family:var( --e-global-typography-ef9164a-font-family ), Sans-serif;font-size:var( --e-global-typography-ef9164a-font-size );font-weight:var( --e-global-typography-ef9164a-font-weight );line-height:var( --e-global-typography-ef9164a-line-height );letter-spacing:var( --e-global-typography-ef9164a-letter-spacing );word-spacing:var( --e-global-typography-ef9164a-word-spacing );}.elementor-10978 .elementor-element.elementor-element-3f98958 .elementor-post__excerpt{margin-bottom:0px;}.elementor-10978 .elementor-element.elementor-element-3f98958 .elementor-post__read-more{color:#FFFFFF;margin-bottom:0px;}.elementor-10978 .elementor-element.elementor-element-3f98958 a.elementor-post__read-more{font-family:\"Poppins\", Sans-serif;font-size:14px;font-weight:400;text-transform:lowercase;line-height:1.3em;}.elementor-10978 .elementor-element.elementor-element-3f98958 > .elementor-widget-container{background-color:#FFFFFF66;}@media(max-width:1024px){.elementor-widget-posts .elementor-post__meta-data{font-size:var( --e-global-typography-secondary-font-size );}.elementor-widget-posts .elementor-pagination{font-size:var( --e-global-typography-secondary-font-size );}.elementor-widget-posts .e-load-more-message{font-size:var( --e-global-typography-secondary-font-size );}.elementor-10978 .elementor-element.elementor-element-3f98958 .elementor-posts-container .elementor-post__thumbnail{padding-bottom:calc( 0.15 * 100% );}.elementor-10978 .elementor-element.elementor-element-3f98958:after{content:\"0.15\";}.elementor-10978 .elementor-element.elementor-element-3f98958 .elementor-post__card .elementor-post__badge{line-height:var( --e-global-typography-e97df68-line-height );letter-spacing:var( --e-global-typography-e97df68-letter-spacing );word-spacing:var( --e-global-typography-e97df68-word-spacing );}.elementor-10978 .elementor-element.elementor-element-3f98958 .elementor-post__title{margin-bottom:22px;}.elementor-10978 .elementor-element.elementor-element-3f98958 .elementor-post__excerpt p{font-size:var( --e-global-typography-ef9164a-font-size );line-height:var( --e-global-typography-ef9164a-line-height );letter-spacing:var( --e-global-typography-ef9164a-letter-spacing );word-spacing:var( --e-global-typography-ef9164a-word-spacing );}.elementor-10978 .elementor-element.elementor-element-3f98958 > .elementor-widget-container{--e-transform-translateX:0px;}}@media(max-width:767px){.elementor-widget-posts .elementor-post__meta-data{font-size:var( --e-global-typography-secondary-font-size );}.elementor-widget-posts .elementor-pagination{font-size:var( --e-global-typography-secondary-font-size );}.elementor-widget-posts .e-load-more-message{font-size:var( --e-global-typography-secondary-font-size );}.elementor-10978 .elementor-element.elementor-element-3f98958 .elementor-posts-container .elementor-post__thumbnail{padding-bottom:calc( 0.39 * 100% );}.elementor-10978 .elementor-element.elementor-element-3f98958:after{content:\"0.39\";}.elementor-10978 .elementor-element.elementor-element-3f98958{--grid-column-gap:10px;--grid-row-gap:11px;}.elementor-10978 .elementor-element.elementor-element-3f98958.elementor-posts--thumbnail-left .elementor-post__thumbnail__link{margin-right:0px;}.elementor-10978 .elementor-element.elementor-element-3f98958.elementor-posts--thumbnail-right .elementor-post__thumbnail__link{margin-left:0px;}.elementor-10978 .elementor-element.elementor-element-3f98958.elementor-posts--thumbnail-top .elementor-post__thumbnail__link{margin-bottom:0px;}.elementor-10978 .elementor-element.elementor-element-3f98958 .elementor-post__card .elementor-post__badge{line-height:var( --e-global-typography-e97df68-line-height );letter-spacing:var( --e-global-typography-e97df68-letter-spacing );word-spacing:var( --e-global-typography-e97df68-word-spacing );}.elementor-10978 .elementor-element.elementor-element-3f98958 .elementor-post__title, .elementor-10978 .elementor-element.elementor-element-3f98958 .elementor-post__title a{line-height:1.2em;}.elementor-10978 .elementor-element.elementor-element-3f98958 .elementor-post__title{margin-bottom:19px;}.elementor-10978 .elementor-element.elementor-element-3f98958 .elementor-post__meta-data{font-size:15px;line-height:1.2em;}.elementor-10978 .elementor-element.elementor-element-3f98958 .elementor-post__excerpt p{font-size:var( --e-global-typography-ef9164a-font-size );line-height:var( --e-global-typography-ef9164a-line-height );letter-spacing:var( --e-global-typography-ef9164a-letter-spacing );word-spacing:var( --e-global-typography-ef9164a-word-spacing );}.elementor-10978 .elementor-element.elementor-element-3f98958 .elementor-post__excerpt{margin-bottom:0px;}.elementor-10978 .elementor-element.elementor-element-3f98958 .elementor-post__text{margin-bottom:7px;}.elementor-10978 .elementor-element.elementor-element-3f98958 > .elementor-widget-container{margin:0px 0px 0px 0px;}}\/* Start custom CSS for posts, class: .elementor-element-3f98958 *\/{-- @media (min-width:1024px){\r\n.elementor-posts--thumbnail-top .elementor-posts--skin-cards:not(.elementor-posts-masonry) .elementor-post__card, .elementor-posts .elementor-posts--skin-cards:not(.elementor-posts-masonry) .elementor-post__card {\r\n    display: -webkit-box;\r\n    display: -ms-flexbox;\r\n    display: flex;\r\n    -webkit-box-orient: vertical;\r\n    -webkit-box-direction: normal;\r\n    -ms-flex-direction: column;\r\n    -webkit-box-pack: start;\r\n    -ms-flex-pack: start;\r\n    justify-content: flex-start;\r\n    flex-direction: row!important;\r\n}}\r\n\r\n@media (min-width:1130px){\r\n.elementor-posts-container .elementor-post__thumbnail__link {\r\n    position: relative;\r\n    display: block;\r\n    width: 25%!important;\r\n}}\r\n@media (max-width:1129px) and (min-width:1024px){\r\n.elementor-posts-container .elementor-post__thumbnail__link {\r\n    position: relative;\r\n    display: block;\r\n    width: 35%!important;\r\n}}\r\n@media (min-width:1024px){\r\n.elementor-posts--thumbnail-top .elementor-post__thumbnail__link {\r\n    margin-bottom: 0px!important;\r\n}}\r\n --}\r\n.elementor-10978 .elementor-element.elementor-element-3f98958{\r\n    margin:auto;\r\n    width: 630px;\r\n}\r\n.elementor-post__meta-data {\r\n    border-width: 0px!important;\r\n}\r\n\r\n.elementor-post__meta-data {\r\n    text-align: end;\r\n}\r\n\r\n.elementor-posts--thumbnail-top .elementor-posts--skin-cards:not(.elementor-posts-masonry) .elementor-post__meta-data, .elementor-posts .elementor-posts--skin-cards:not(.elementor-posts-masonry) .elementor-post__meta-data {\r\n    padding-bottom: 10px;\r\n}\r\n\r\n.elementor-posts .elementor-post__badge {\r\n    position: absolute;\r\n    top: 0;\r\n    background: #fcb735!important;\r\n    color: #000!important;\r\n    font-size: 11px!important;\r\n    padding: 0.6em 1.2em;\r\n    line-height: 1;\r\n    font-weight: 500!important;\r\n    margin: 20px;\r\n    border-radius: 999px;\r\n}\/* End custom CSS *\/<\/style>\t\t<div data-elementor-type=\"widget\" data-elementor-id=\"10978\" class=\"elementor elementor-10978\" data-elementor-post-type=\"elementor_library\">\n\t\t\t\t\t\t<div class=\"elementor-element elementor-element-3f98958 elementor-posts--align-left elementor-grid-1 elementor-grid-tablet-1 e-transform elementor-grid-mobile-1 elementor-posts--thumbnail-top elementor-posts__hover-gradient elementor-widget elementor-widget-posts\" data-id=\"3f98958\" data-element_type=\"widget\" data-e-type=\"widget\" data-settings=\"{&quot;cards_row_gap&quot;:{&quot;unit&quot;:&quot;px&quot;,&quot;size&quot;:20,&quot;sizes&quot;:[]},&quot;pagination_type&quot;:&quot;load_more_infinite_scroll&quot;,&quot;load_more_spinner&quot;:{&quot;value&quot;:&quot;fas fa-cog&quot;,&quot;library&quot;:&quot;fa-solid&quot;},&quot;cards_row_gap_mobile&quot;:{&quot;unit&quot;:&quot;px&quot;,&quot;size&quot;:11,&quot;sizes&quot;:[]},&quot;cards_columns&quot;:&quot;1&quot;,&quot;motion_fx_motion_fx_mouse&quot;:&quot;yes&quot;,&quot;cards_columns_tablet&quot;:&quot;1&quot;,&quot;_transform_translateX_effect_tablet&quot;:{&quot;unit&quot;:&quot;px&quot;,&quot;size&quot;:0,&quot;sizes&quot;:[]},&quot;cards_columns_mobile&quot;:&quot;1&quot;,&quot;cards_row_gap_tablet&quot;:{&quot;unit&quot;:&quot;px&quot;,&quot;size&quot;:&quot;&quot;,&quot;sizes&quot;:[]},&quot;_transform_translateX_effect&quot;:{&quot;unit&quot;:&quot;px&quot;,&quot;size&quot;:&quot;&quot;,&quot;sizes&quot;:[]},&quot;_transform_translateX_effect_mobile&quot;:{&quot;unit&quot;:&quot;px&quot;,&quot;size&quot;:&quot;&quot;,&quot;sizes&quot;:[]},&quot;_transform_translateY_effect&quot;:{&quot;unit&quot;:&quot;px&quot;,&quot;size&quot;:&quot;&quot;,&quot;sizes&quot;:[]},&quot;_transform_translateY_effect_tablet&quot;:{&quot;unit&quot;:&quot;px&quot;,&quot;size&quot;:&quot;&quot;,&quot;sizes&quot;:[]},&quot;_transform_translateY_effect_mobile&quot;:{&quot;unit&quot;:&quot;px&quot;,&quot;size&quot;:&quot;&quot;,&quot;sizes&quot;:[]}}\" data-widget_type=\"posts.cards\">\n\t\t\t\t<div class=\"elementor-widget-container\">\n\t\t\t\t\t\t\t<div class=\"elementor-posts-container elementor-posts elementor-posts--skin-cards elementor-grid\" role=\"list\">\n\t\t\t\t<article class=\"elementor-post elementor-grid-item post-14487 post type-post status-publish format-standard has-post-thumbnail hentry category-actu-info-gr10 tag-pyrenees-ariegeoises tag-pyrenees-centrales\" role=\"listitem\">\n\t\t\t<div class=\"elementor-post__card\">\n\t\t\t\t<a class=\"elementor-post__thumbnail__link\" href=\"https:\/\/gr10.org\/index.php\/2025\/06\/13\/avis-chantier-participatif-cabane-uls-melles\/\" tabindex=\"-1\" ><div class=\"elementor-post__thumbnail\"><img loading=\"lazy\" decoding=\"async\" width=\"1024\" height=\"576\" src=\"https:\/\/gr10.org\/wp-content\/uploads\/2025\/06\/travaux-ULS-Affiche-1024x576.jpg\" class=\"attachment-large size-large wp-image-14488\" alt=\"R\u00e9novation de la cabane d&#039;Uls sur le GR10\" srcset=\"https:\/\/gr10.org\/wp-content\/uploads\/2025\/06\/travaux-ULS-Affiche-1024x576.jpg 1024w, https:\/\/gr10.org\/wp-content\/uploads\/2025\/06\/travaux-ULS-Affiche-300x169.jpg 300w, https:\/\/gr10.org\/wp-content\/uploads\/2025\/06\/travaux-ULS-Affiche-768x432.jpg 768w, https:\/\/gr10.org\/wp-content\/uploads\/2025\/06\/travaux-ULS-Affiche.jpg 1280w\" sizes=\"(max-width: 1024px) 100vw, 1024px\" \/><\/div><\/a>\n\t\t\t\t<div class=\"elementor-post__badge\">Pyr\u00e9n\u00e9es Ari\u00e9geoises<\/div>\n\t\t\t\t<div class=\"elementor-post__text\">\n\t\t\t\t<h3 class=\"elementor-post__title\">\n\t\t\t<a href=\"https:\/\/gr10.org\/index.php\/2025\/06\/13\/avis-chantier-participatif-cabane-uls-melles\/\" >\n\t\t\t\tAvis chantier participatif cabane ULS sur le GR10 \u00e0 Melles (31)\t\t\t<\/a>\n\t\t<\/h3>\n\t\t\t\t<div class=\"elementor-post__excerpt\">\n\t\t\t<p>La petite mairie de Melles situ\u00e9es en Haute-Garonne \u00e0 le plaisir de vous inviter \u00e0 participer \u00e0 un chantier participatif<\/p>\n\t\t<\/div>\n\t\t\n\t\t<a class=\"elementor-post__read-more\" href=\"https:\/\/gr10.org\/index.php\/2025\/06\/13\/avis-chantier-participatif-cabane-uls-melles\/\" aria-label=\"En savoir plus sur Avis chantier participatif cabane ULS sur le GR10 \u00e0 Melles (31)\" tabindex=\"-1\" >\n\t\t\tLire la suite \u00bb\t\t<\/a>\n\n\t\t\t\t<\/div>\n\t\t\t\t<div class=\"elementor-post__meta-data\">\n\t\t\t\t\t<span class=\"elementor-post-date\">\n\t\t\t13 juin 2025\t\t<\/span>\n\t\t\t\t<\/div>\n\t\t\t\t\t<\/div>\n\t\t<\/article>\n\t\t\t\t<article class=\"elementor-post elementor-grid-item post-14346 post type-post status-publish format-standard has-post-thumbnail hentry category-actu-info-gr10 tag-pyrenees-ariegeoises\" role=\"listitem\">\n\t\t\t<div class=\"elementor-post__card\">\n\t\t\t\t<a class=\"elementor-post__thumbnail__link\" href=\"https:\/\/gr10.org\/index.php\/2025\/05\/16\/avis-de-mise-a-disposition-dun-batiment-communal-a-bonac-irazein\/\" tabindex=\"-1\" ><div class=\"elementor-post__thumbnail\"><img loading=\"lazy\" decoding=\"async\" width=\"300\" height=\"201\" src=\"https:\/\/gr10.org\/wp-content\/uploads\/2025\/05\/Bonac-3.jpg\" class=\"attachment-large size-large wp-image-14347\" alt=\"\" \/><\/div><\/a>\n\t\t\t\t<div class=\"elementor-post__badge\">Pyr\u00e9n\u00e9es Ari\u00e9geoises<\/div>\n\t\t\t\t<div class=\"elementor-post__text\">\n\t\t\t\t<h3 class=\"elementor-post__title\">\n\t\t\t<a href=\"https:\/\/gr10.org\/index.php\/2025\/05\/16\/avis-de-mise-a-disposition-dun-batiment-communal-a-bonac-irazein\/\" >\n\t\t\t\tAvis de mise \u00e0 disposition d\u2019un b\u00e2timent communal \u00e0 Bonac-Irazein\t\t\t<\/a>\n\t\t<\/h3>\n\t\t\t\t<div class=\"elementor-post__excerpt\">\n\t\t\t<p>La commune de Bonac-Irazein met \u00e0 disposition un b\u00e2timent pour le d\u00e9veloppement d\u2019une activit\u00e9 polyvalente autour de la restauration, de<\/p>\n\t\t<\/div>\n\t\t\n\t\t<a class=\"elementor-post__read-more\" href=\"https:\/\/gr10.org\/index.php\/2025\/05\/16\/avis-de-mise-a-disposition-dun-batiment-communal-a-bonac-irazein\/\" aria-label=\"En savoir plus sur Avis de mise \u00e0 disposition d\u2019un b\u00e2timent communal \u00e0 Bonac-Irazein\" tabindex=\"-1\" >\n\t\t\tLire la suite \u00bb\t\t<\/a>\n\n\t\t\t\t<\/div>\n\t\t\t\t<div class=\"elementor-post__meta-data\">\n\t\t\t\t\t<span class=\"elementor-post-date\">\n\t\t\t16 mai 2025\t\t<\/span>\n\t\t\t\t<\/div>\n\t\t\t\t\t<\/div>\n\t\t<\/article>\n\t\t\t\t<article class=\"elementor-post elementor-grid-item post-14197 post type-post status-publish format-standard has-post-thumbnail hentry category-actu-info-gr10 tag-pyrenees-ariegeoises\" role=\"listitem\">\n\t\t\t<div class=\"elementor-post__card\">\n\t\t\t\t<a class=\"elementor-post__thumbnail__link\" href=\"https:\/\/gr10.org\/index.php\/2025\/03\/19\/le-camping-de-st-lizier-dustou-change-de-gerant\/\" tabindex=\"-1\" ><div class=\"elementor-post__thumbnail\"><img loading=\"lazy\" decoding=\"async\" width=\"800\" height=\"535\" src=\"https:\/\/gr10.org\/wp-content\/uploads\/2022\/03\/camping-municipal-de-St-Lizier-dUstou.jpg\" class=\"attachment-large size-large wp-image-4491\" alt=\"camping municipal de St Lizier d&#039;Ustou\" srcset=\"https:\/\/gr10.org\/wp-content\/uploads\/2022\/03\/camping-municipal-de-St-Lizier-dUstou.jpg 800w, https:\/\/gr10.org\/wp-content\/uploads\/2022\/03\/camping-municipal-de-St-Lizier-dUstou-300x201.jpg 300w, https:\/\/gr10.org\/wp-content\/uploads\/2022\/03\/camping-municipal-de-St-Lizier-dUstou-768x514.jpg 768w\" sizes=\"(max-width: 800px) 100vw, 800px\" \/><\/div><\/a>\n\t\t\t\t<div class=\"elementor-post__badge\">Pyr\u00e9n\u00e9es Ari\u00e9geoises<\/div>\n\t\t\t\t<div class=\"elementor-post__text\">\n\t\t\t\t<h3 class=\"elementor-post__title\">\n\t\t\t<a href=\"https:\/\/gr10.org\/index.php\/2025\/03\/19\/le-camping-de-st-lizier-dustou-change-de-gerant\/\" >\n\t\t\t\tLe camping de St Lizier d&rsquo;Ustou change de g\u00e9rant\t\t\t<\/a>\n\t\t<\/h3>\n\t\t\t\t<div class=\"elementor-post__excerpt\">\n\t\t\t<p>Voici un message de la part deSofiane et Djemri les nouveaux g\u00e9rants du Camping Municipal de St Lizier d&rsquo;Ustou. Un<\/p>\n\t\t<\/div>\n\t\t\n\t\t<a class=\"elementor-post__read-more\" href=\"https:\/\/gr10.org\/index.php\/2025\/03\/19\/le-camping-de-st-lizier-dustou-change-de-gerant\/\" aria-label=\"En savoir plus sur Le camping de St Lizier d&rsquo;Ustou change de g\u00e9rant\" tabindex=\"-1\" >\n\t\t\tLire la suite \u00bb\t\t<\/a>\n\n\t\t\t\t<\/div>\n\t\t\t\t<div class=\"elementor-post__meta-data\">\n\t\t\t\t\t<span class=\"elementor-post-date\">\n\t\t\t19 mars 2025\t\t<\/span>\n\t\t\t\t<\/div>\n\t\t\t\t\t<\/div>\n\t\t<\/article>\n\t\t\t\t<article class=\"elementor-post elementor-grid-item post-13478 post type-post status-publish format-standard has-post-thumbnail hentry category-actu-info-gr10 tag-pyrenees-ariegeoises tag-pyrenees-centrales tag-pyrenees-occidentales tag-pyrenees-orientales\" role=\"listitem\">\n\t\t\t<div class=\"elementor-post__card\">\n\t\t\t\t<a class=\"elementor-post__thumbnail__link\" href=\"https:\/\/gr10.org\/index.php\/2024\/05\/23\/grdistes-on-the-way-ameliorer-la-communication-et-la-securite-sur-le-gr10\/\" tabindex=\"-1\" ><div class=\"elementor-post__thumbnail\"><img decoding=\"async\" width=\"421\" height=\"318\" src=\"https:\/\/gr10.org\/wp-content\/uploads\/2024\/05\/logo-whatsapp-1.jpg\" class=\"attachment-large size-large wp-image-13339\" alt=\"Rejoindre le groupe WhatsApp randonneurs GR10\" srcset=\"https:\/\/gr10.org\/wp-content\/uploads\/2024\/05\/logo-whatsapp-1.jpg 421w, https:\/\/gr10.org\/wp-content\/uploads\/2024\/05\/logo-whatsapp-1-300x227.jpg 300w\" sizes=\"(max-width: 421px) 100vw, 421px\" \/><\/div><\/a>\n\t\t\t\t<div class=\"elementor-post__badge\">Pyr\u00e9n\u00e9es Ari\u00e9geoises<\/div>\n\t\t\t\t<div class=\"elementor-post__text\">\n\t\t\t\t<h3 class=\"elementor-post__title\">\n\t\t\t<a href=\"https:\/\/gr10.org\/index.php\/2024\/05\/23\/grdistes-on-the-way-ameliorer-la-communication-et-la-securite-sur-le-gr10\/\" >\n\t\t\t\t\u00ab GRdistes On The Way \u00bb : Am\u00e9liorer la Communication et la S\u00e9curit\u00e9 sur le GR10\t\t\t<\/a>\n\t\t<\/h3>\n\t\t\t\t<div class=\"elementor-post__excerpt\">\n\t\t\t<p>L&rsquo;association des Amis GRdistes propose \u00ab GRdistes On The Way \u00bb, un groupe WhatsApp d\u00e9di\u00e9 aux randonneurs du GR10. Accessible<\/p>\n\t\t<\/div>\n\t\t\n\t\t<a class=\"elementor-post__read-more\" href=\"https:\/\/gr10.org\/index.php\/2024\/05\/23\/grdistes-on-the-way-ameliorer-la-communication-et-la-securite-sur-le-gr10\/\" aria-label=\"En savoir plus sur \u00ab GRdistes On The Way \u00bb : Am\u00e9liorer la Communication et la S\u00e9curit\u00e9 sur le GR10\" tabindex=\"-1\" >\n\t\t\tLire la suite \u00bb\t\t<\/a>\n\n\t\t\t\t<\/div>\n\t\t\t\t<div class=\"elementor-post__meta-data\">\n\t\t\t\t\t<span class=\"elementor-post-date\">\n\t\t\t23 mai 2024\t\t<\/span>\n\t\t\t\t<\/div>\n\t\t\t\t\t<\/div>\n\t\t<\/article>\n\t\t\t\t<article class=\"elementor-post elementor-grid-item post-10984 post type-post status-publish format-standard has-post-thumbnail hentry category-actu-info-gr10 tag-pyrenees-ariegeoises tag-pyrenees-centrales tag-pyrenees-occidentales tag-pyrenees-orientales\" role=\"listitem\">\n\t\t\t<div class=\"elementor-post__card\">\n\t\t\t\t<a class=\"elementor-post__thumbnail__link\" href=\"https:\/\/gr10.org\/index.php\/2023\/07\/18\/alerte-presence-ponctuelle-de-punaises-de-lit-au-gite-detape-maison-elichalt-de-st-engrace-sur-le-gr10-dans-le-pays-basque-panique-0-prevention-1\/\" tabindex=\"-1\" ><div class=\"elementor-post__thumbnail\"><img loading=\"lazy\" decoding=\"async\" width=\"800\" height=\"795\" src=\"https:\/\/gr10.org\/wp-content\/uploads\/2022\/03\/La-punaise-de-lit.jpg\" class=\"attachment-large size-large wp-image-3570\" alt=\"La punaise de lit\" srcset=\"https:\/\/gr10.org\/wp-content\/uploads\/2022\/03\/La-punaise-de-lit.jpg 800w, https:\/\/gr10.org\/wp-content\/uploads\/2022\/03\/La-punaise-de-lit-300x298.jpg 300w, https:\/\/gr10.org\/wp-content\/uploads\/2022\/03\/La-punaise-de-lit-150x150.jpg 150w, https:\/\/gr10.org\/wp-content\/uploads\/2022\/03\/La-punaise-de-lit-768x763.jpg 768w\" sizes=\"(max-width: 800px) 100vw, 800px\" \/><\/div><\/a>\n\t\t\t\t<div class=\"elementor-post__badge\">Pyr\u00e9n\u00e9es Ari\u00e9geoises<\/div>\n\t\t\t\t<div class=\"elementor-post__text\">\n\t\t\t\t<h3 class=\"elementor-post__title\">\n\t\t\t<a href=\"https:\/\/gr10.org\/index.php\/2023\/07\/18\/alerte-presence-ponctuelle-de-punaises-de-lit-au-gite-detape-maison-elichalt-de-st-engrace-sur-le-gr10-dans-le-pays-basque-panique-0-prevention-1\/\" >\n\t\t\t\tALERTE : Pr\u00e9sence ponctuelle de punaises de lit au g\u00eete d&rsquo;\u00e9tape Maison Elichalt de St Engr\u00e2ce sur le GR10 dans le Pays-Basque. Panique : 0 \/ Pr\u00e9vention : 1\t\t\t<\/a>\n\t\t<\/h3>\n\t\t\t\t<div class=\"elementor-post__excerpt\">\n\t\t\t<p>Nous vous informons de fa\u00e7on transparente et responsable qu\u2019une situation ponctuelle de pr\u00e9sence de punaises de lits a \u00e9t\u00e9 rapport\u00e9e au g\u00eete d&rsquo;\u00e9tape Maison Elichalt de St Engr\u00e2ce. Cet h\u00e9bergeur nous assure que des mesures appropri\u00e9es sont mises en place pour y rem\u00e9dier.<\/p>\n\t\t<\/div>\n\t\t\n\t\t<a class=\"elementor-post__read-more\" href=\"https:\/\/gr10.org\/index.php\/2023\/07\/18\/alerte-presence-ponctuelle-de-punaises-de-lit-au-gite-detape-maison-elichalt-de-st-engrace-sur-le-gr10-dans-le-pays-basque-panique-0-prevention-1\/\" aria-label=\"En savoir plus sur ALERTE : Pr\u00e9sence ponctuelle de punaises de lit au g\u00eete d&rsquo;\u00e9tape Maison Elichalt de St Engr\u00e2ce sur le GR10 dans le Pays-Basque. Panique : 0 \/ Pr\u00e9vention : 1\" tabindex=\"-1\" >\n\t\t\tLire la suite \u00bb\t\t<\/a>\n\n\t\t\t\t<\/div>\n\t\t\t\t<div class=\"elementor-post__meta-data\">\n\t\t\t\t\t<span class=\"elementor-post-date\">\n\t\t\t18 juillet 2023\t\t<\/span>\n\t\t\t\t<\/div>\n\t\t\t\t\t<\/div>\n\t\t<\/article>\n\t\t\t\t<article class=\"elementor-post elementor-grid-item post-10527 post type-post status-publish format-standard has-post-thumbnail hentry category-actu-info-gr10 tag-pyrenees-ariegeoises\" role=\"listitem\">\n\t\t\t<div class=\"elementor-post__card\">\n\t\t\t\t<a class=\"elementor-post__thumbnail__link\" href=\"https:\/\/gr10.org\/index.php\/2023\/04\/16\/la-cabane-de-clarans-sur-le-gr10-est-en-cours-de-renovation\/\" tabindex=\"-1\" ><div class=\"elementor-post__thumbnail\"><img loading=\"lazy\" decoding=\"async\" width=\"1024\" height=\"768\" src=\"https:\/\/gr10.org\/wp-content\/uploads\/2023\/04\/20230409_144349-1024x768.jpg\" class=\"attachment-large size-large wp-image-10528\" alt=\"R\u00e9novation de la cabane de Clarans sur le GR10\" srcset=\"https:\/\/gr10.org\/wp-content\/uploads\/2023\/04\/20230409_144349-1024x768.jpg 1024w, https:\/\/gr10.org\/wp-content\/uploads\/2023\/04\/20230409_144349-300x225.jpg 300w, https:\/\/gr10.org\/wp-content\/uploads\/2023\/04\/20230409_144349-768x576.jpg 768w, https:\/\/gr10.org\/wp-content\/uploads\/2023\/04\/20230409_144349-1536x1152.jpg 1536w, https:\/\/gr10.org\/wp-content\/uploads\/2023\/04\/20230409_144349-2048x1536.jpg 2048w\" sizes=\"(max-width: 1024px) 100vw, 1024px\" \/><\/div><\/a>\n\t\t\t\t<div class=\"elementor-post__badge\">Pyr\u00e9n\u00e9es Ari\u00e9geoises<\/div>\n\t\t\t\t<div class=\"elementor-post__text\">\n\t\t\t\t<h3 class=\"elementor-post__title\">\n\t\t\t<a href=\"https:\/\/gr10.org\/index.php\/2023\/04\/16\/la-cabane-de-clarans-sur-le-gr10-est-en-cours-de-renovation\/\" >\n\t\t\t\tLa cabane de Clarans sur le GR\u00ae10 est en cours de r\u00e9novation\t\t\t<\/a>\n\t\t<\/h3>\n\t\t\t\t<div class=\"elementor-post__excerpt\">\n\t\t\t<p>La r\u00e9novation de la cabane de Clarans, situ\u00e9e sur le GR\u00ae10, se poursuit avec succ\u00e8s et est en bonne voie pour offrir aux randonneurs un havre de paix et de repos. Les travaux avancent rapidement, et plusieurs \u00e9l\u00e9ments importants sont en cours d&rsquo;installation. Les nouvelles fen\u00eatres sont actuellement en train d&rsquo;\u00eatre pos\u00e9es, permettant \u00e0 la cabane de b\u00e9n\u00e9ficier d&rsquo;une meilleure isolation et d&rsquo;une vue imprenable sur les paysages montagneux environnants.<\/p>\n\t\t<\/div>\n\t\t\n\t\t<a class=\"elementor-post__read-more\" href=\"https:\/\/gr10.org\/index.php\/2023\/04\/16\/la-cabane-de-clarans-sur-le-gr10-est-en-cours-de-renovation\/\" aria-label=\"En savoir plus sur La cabane de Clarans sur le GR\u00ae10 est en cours de r\u00e9novation\" tabindex=\"-1\" >\n\t\t\tLire la suite \u00bb\t\t<\/a>\n\n\t\t\t\t<\/div>\n\t\t\t\t<div class=\"elementor-post__meta-data\">\n\t\t\t\t\t<span class=\"elementor-post-date\">\n\t\t\t16 avril 2023\t\t<\/span>\n\t\t\t\t<\/div>\n\t\t\t\t\t<\/div>\n\t\t<\/article>\n\t\t\t\t<article class=\"elementor-post elementor-grid-item post-10467 post type-post status-publish format-standard has-post-thumbnail hentry category-actu-info-gr10 tag-pyrenees-ariegeoises\" role=\"listitem\">\n\t\t\t<div class=\"elementor-post__card\">\n\t\t\t\t<a class=\"elementor-post__thumbnail__link\" href=\"https:\/\/gr10.org\/index.php\/2023\/04\/08\/la-cabane-de-clarans-sur-le-gr-10-en-cours-de-renovation\/\" tabindex=\"-1\" ><div class=\"elementor-post__thumbnail\"><img loading=\"lazy\" decoding=\"async\" width=\"684\" height=\"1024\" src=\"https:\/\/gr10.org\/wp-content\/uploads\/2023\/04\/Cabane-14-684x1024.jpg\" class=\"attachment-large size-large wp-image-10483\" alt=\"R\u00e9novation de la cabane de Clarans sur le GR10\" srcset=\"https:\/\/gr10.org\/wp-content\/uploads\/2023\/04\/Cabane-14-684x1024.jpg 684w, https:\/\/gr10.org\/wp-content\/uploads\/2023\/04\/Cabane-14-200x300.jpg 200w, https:\/\/gr10.org\/wp-content\/uploads\/2023\/04\/Cabane-14-768x1150.jpg 768w, https:\/\/gr10.org\/wp-content\/uploads\/2023\/04\/Cabane-14-1025x1536.jpg 1025w, https:\/\/gr10.org\/wp-content\/uploads\/2023\/04\/Cabane-14-1367x2048.jpg 1367w, https:\/\/gr10.org\/wp-content\/uploads\/2023\/04\/Cabane-14-scaled.jpg 1709w\" sizes=\"(max-width: 684px) 100vw, 684px\" \/><\/div><\/a>\n\t\t\t\t<div class=\"elementor-post__badge\">Pyr\u00e9n\u00e9es Ari\u00e9geoises<\/div>\n\t\t\t\t<div class=\"elementor-post__text\">\n\t\t\t\t<h3 class=\"elementor-post__title\">\n\t\t\t<a href=\"https:\/\/gr10.org\/index.php\/2023\/04\/08\/la-cabane-de-clarans-sur-le-gr-10-en-cours-de-renovation\/\" >\n\t\t\t\tLa cabane de Clarans sur le GR\u00ae10 en cours de r\u00e9novation\t\t\t<\/a>\n\t\t<\/h3>\n\t\t\t\t<div class=\"elementor-post__excerpt\">\n\t\t\t<p>C&rsquo;est une excellente nouvelle pour les randonneurs de passage sur le GR\u00ae 10 ! Les travaux de r\u00e9novation de la cabane de Clarans ont commenc\u00e9 et sont bien lanc\u00e9s. Le mercredi 5 avril 2023, les mat\u00e9riaux n\u00e9cessaires pour la restauration de la cabane ont \u00e9t\u00e9 achemin\u00e9s par h\u00e9liportage.<\/p>\n\t\t<\/div>\n\t\t\n\t\t<a class=\"elementor-post__read-more\" href=\"https:\/\/gr10.org\/index.php\/2023\/04\/08\/la-cabane-de-clarans-sur-le-gr-10-en-cours-de-renovation\/\" aria-label=\"En savoir plus sur La cabane de Clarans sur le GR\u00ae10 en cours de r\u00e9novation\" tabindex=\"-1\" >\n\t\t\tLire la suite \u00bb\t\t<\/a>\n\n\t\t\t\t<\/div>\n\t\t\t\t<div class=\"elementor-post__meta-data\">\n\t\t\t\t\t<span class=\"elementor-post-date\">\n\t\t\t8 avril 2023\t\t<\/span>\n\t\t\t\t<\/div>\n\t\t\t\t\t<\/div>\n\t\t<\/article>\n\t\t\t\t<article class=\"elementor-post elementor-grid-item post-9567 post type-post status-publish format-standard has-post-thumbnail hentry category-actu-info-gr10 tag-pyrenees-ariegeoises\" role=\"listitem\">\n\t\t\t<div class=\"elementor-post__card\">\n\t\t\t\t<a class=\"elementor-post__thumbnail__link\" href=\"https:\/\/gr10.org\/index.php\/2022\/07\/18\/au-barrage-dizourt-le-refuge-est-ferme-en-2022\/\" tabindex=\"-1\" ><div class=\"elementor-post__thumbnail\"><img loading=\"lazy\" decoding=\"async\" width=\"504\" height=\"375\" src=\"https:\/\/gr10.org\/wp-content\/uploads\/2022\/07\/cabane-dizourt-2022.jpg\" class=\"attachment-large size-large wp-image-9569\" alt=\"cabane d&#039;izourt ferm\u00e9e en 2022\" srcset=\"https:\/\/gr10.org\/wp-content\/uploads\/2022\/07\/cabane-dizourt-2022.jpg 504w, https:\/\/gr10.org\/wp-content\/uploads\/2022\/07\/cabane-dizourt-2022-300x223.jpg 300w\" sizes=\"(max-width: 504px) 100vw, 504px\" \/><\/div><\/a>\n\t\t\t\t<div class=\"elementor-post__badge\">Pyr\u00e9n\u00e9es Ari\u00e9geoises<\/div>\n\t\t\t\t<div class=\"elementor-post__text\">\n\t\t\t\t<h3 class=\"elementor-post__title\">\n\t\t\t<a href=\"https:\/\/gr10.org\/index.php\/2022\/07\/18\/au-barrage-dizourt-le-refuge-est-ferme-en-2022\/\" >\n\t\t\t\tAu barrage d&rsquo;Izourt : le refuge ferm\u00e9 en 2022\t\t\t<\/a>\n\t\t<\/h3>\n\t\t\t\t<div class=\"elementor-post__excerpt\">\n\t\t\t<p>Avis de fermeture de la cabane refuge d&rsquo;Izourt jusqu&rsquo;au 30 octobre 2022. Vous aurez la possibilit\u00e9 de planter la tente<\/p>\n\t\t<\/div>\n\t\t\n\t\t<a class=\"elementor-post__read-more\" href=\"https:\/\/gr10.org\/index.php\/2022\/07\/18\/au-barrage-dizourt-le-refuge-est-ferme-en-2022\/\" aria-label=\"En savoir plus sur Au barrage d&rsquo;Izourt : le refuge ferm\u00e9 en 2022\" tabindex=\"-1\" >\n\t\t\tLire la suite \u00bb\t\t<\/a>\n\n\t\t\t\t<\/div>\n\t\t\t\t<div class=\"elementor-post__meta-data\">\n\t\t\t\t\t<span class=\"elementor-post-date\">\n\t\t\t18 juillet 2022\t\t<\/span>\n\t\t\t\t<\/div>\n\t\t\t\t\t<\/div>\n\t\t<\/article>\n\t\t\t\t<article class=\"elementor-post elementor-grid-item post-9507 post type-post status-publish format-standard has-post-thumbnail hentry category-actu-info-gr10 tag-pyrenees-ariegeoises\" role=\"listitem\">\n\t\t\t<div class=\"elementor-post__card\">\n\t\t\t\t<a class=\"elementor-post__thumbnail__link\" href=\"https:\/\/gr10.org\/index.php\/2022\/06\/29\/bonac-sur-le-gr10e-le-relais-montagnard-est-ferme-mais\/\" tabindex=\"-1\" ><div class=\"elementor-post__thumbnail\"><img loading=\"lazy\" decoding=\"async\" width=\"1024\" height=\"538\" src=\"https:\/\/gr10.org\/wp-content\/uploads\/2022\/06\/unnamed-1024x538.jpg\" class=\"attachment-large size-large wp-image-9509\" alt=\"Relais Montagnard de Bonac sur le GR10E\" srcset=\"https:\/\/gr10.org\/wp-content\/uploads\/2022\/06\/unnamed-1024x538.jpg 1024w, https:\/\/gr10.org\/wp-content\/uploads\/2022\/06\/unnamed-300x158.jpg 300w, https:\/\/gr10.org\/wp-content\/uploads\/2022\/06\/unnamed-768x403.jpg 768w, https:\/\/gr10.org\/wp-content\/uploads\/2022\/06\/unnamed.jpg 1281w\" sizes=\"(max-width: 1024px) 100vw, 1024px\" \/><\/div><\/a>\n\t\t\t\t<div class=\"elementor-post__badge\">Pyr\u00e9n\u00e9es Ari\u00e9geoises<\/div>\n\t\t\t\t<div class=\"elementor-post__text\">\n\t\t\t\t<h3 class=\"elementor-post__title\">\n\t\t\t<a href=\"https:\/\/gr10.org\/index.php\/2022\/06\/29\/bonac-sur-le-gr10e-le-relais-montagnard-est-ferme-mais\/\" >\n\t\t\t\tBonac : Sur le GR10E, Le Relais Montagnard ferm\u00e9 administrativement\t\t\t<\/a>\n\t\t<\/h3>\n\t\t\t\t<div class=\"elementor-post__excerpt\">\n\t\t\t<p>Suite \u00e0 un probl\u00e8me administratif. Le g\u00eete d&rsquo;\u00e9tape Le Relais Montagnard est ferm\u00e9. Il ne peut donc plus accueillir de<\/p>\n\t\t<\/div>\n\t\t\n\t\t<a class=\"elementor-post__read-more\" href=\"https:\/\/gr10.org\/index.php\/2022\/06\/29\/bonac-sur-le-gr10e-le-relais-montagnard-est-ferme-mais\/\" aria-label=\"En savoir plus sur Bonac : Sur le GR10E, Le Relais Montagnard ferm\u00e9 administrativement\" tabindex=\"-1\" >\n\t\t\tLire la suite \u00bb\t\t<\/a>\n\n\t\t\t\t<\/div>\n\t\t\t\t<div class=\"elementor-post__meta-data\">\n\t\t\t\t\t<span class=\"elementor-post-date\">\n\t\t\t29 juin 2022\t\t<\/span>\n\t\t\t\t<\/div>\n\t\t\t\t\t<\/div>\n\t\t<\/article>\n\t\t\t\t<article class=\"elementor-post elementor-grid-item post-9193 post type-post status-publish format-standard has-post-thumbnail hentry category-actu-info-gr10 tag-pyrenees-ariegeoises\" role=\"listitem\">\n\t\t\t<div class=\"elementor-post__card\">\n\t\t\t\t<a class=\"elementor-post__thumbnail__link\" href=\"https:\/\/gr10.org\/index.php\/2022\/06\/16\/merens-les-vals-reouverture-du-bar-restaurant-epicerie-la-gare-des-vals\/\" tabindex=\"-1\" ><div class=\"elementor-post__thumbnail\"><img loading=\"lazy\" decoding=\"async\" width=\"497\" height=\"675\" src=\"https:\/\/gr10.org\/wp-content\/uploads\/2022\/06\/IMG_20220527_121913-Copie.jpg\" class=\"attachment-large size-large wp-image-9194\" alt=\"bar-restaurant-\u00e9picerie de M\u00e9rens les Vals\" srcset=\"https:\/\/gr10.org\/wp-content\/uploads\/2022\/06\/IMG_20220527_121913-Copie.jpg 497w, https:\/\/gr10.org\/wp-content\/uploads\/2022\/06\/IMG_20220527_121913-Copie-221x300.jpg 221w\" sizes=\"(max-width: 497px) 100vw, 497px\" \/><\/div><\/a>\n\t\t\t\t<div class=\"elementor-post__badge\">Pyr\u00e9n\u00e9es Ari\u00e9geoises<\/div>\n\t\t\t\t<div class=\"elementor-post__text\">\n\t\t\t\t<h3 class=\"elementor-post__title\">\n\t\t\t<a href=\"https:\/\/gr10.org\/index.php\/2022\/06\/16\/merens-les-vals-reouverture-du-bar-restaurant-epicerie-la-gare-des-vals\/\" >\n\t\t\t\tM\u00e9rens-les-Vals : R\u00e9ouverture du bar-restaurant-\u00e9picerie \u00ab\u00a0La Gare des Vals\u00a0\u00bb\t\t\t<\/a>\n\t\t<\/h3>\n\t\t\t\t<div class=\"elementor-post__excerpt\">\n\t\t\t<p>Avis de r\u00e9ouverture de ce petit \u00e9tablissement qui rendra les plus grands services aux GRdistes de passage. Ouvert de 7h00<\/p>\n\t\t<\/div>\n\t\t\n\t\t<a class=\"elementor-post__read-more\" href=\"https:\/\/gr10.org\/index.php\/2022\/06\/16\/merens-les-vals-reouverture-du-bar-restaurant-epicerie-la-gare-des-vals\/\" aria-label=\"En savoir plus sur M\u00e9rens-les-Vals : R\u00e9ouverture du bar-restaurant-\u00e9picerie \u00ab\u00a0La Gare des Vals\u00a0\u00bb\" tabindex=\"-1\" >\n\t\t\tLire la suite \u00bb\t\t<\/a>\n\n\t\t\t\t<\/div>\n\t\t\t\t<div class=\"elementor-post__meta-data\">\n\t\t\t\t\t<span class=\"elementor-post-date\">\n\t\t\t16 juin 2022\t\t<\/span>\n\t\t\t\t<\/div>\n\t\t\t\t\t<\/div>\n\t\t<\/article>\n\t\t\t\t<\/div>\n\t\t\t\t\t<span class=\"e-load-more-spinner\">\n\t\t\t\t<i aria-hidden=\"true\" class=\"fas fa-cog\"><\/i>\t\t\t<\/span>\n\t\t\n\t\t\t\t\t\t<\/div>\n\t\t\t\t<\/div>\n\t\t\t\t<\/div>\n\t\t                    <\/div>\n\t\t        \n                    <div id=\"orientales-tab\" class=\"clearfix eael-tab-content-item active-default\" data-title-link=\"orientales-tab\">\n\t\t\t\t        <style>.elementor-widget-posts .elementor-post__title, .elementor-widget-posts .elementor-post__title a{color:var( --e-global-color-secondary );font-family:var( --e-global-typography-primary-font-family ), Sans-serif;font-weight:var( --e-global-typography-primary-font-weight );}.elementor-widget-posts .elementor-post__meta-data{font-family:var( --e-global-typography-secondary-font-family ), Sans-serif;font-size:var( --e-global-typography-secondary-font-size );font-weight:var( --e-global-typography-secondary-font-weight );}.elementor-widget-posts .elementor-post__excerpt p{font-family:var( --e-global-typography-text-font-family ), Sans-serif;font-weight:var( --e-global-typography-text-font-weight );}.elementor-widget-posts .elementor-post__read-more{color:var( --e-global-color-accent );}.elementor-widget-posts a.elementor-post__read-more{font-family:var( --e-global-typography-accent-font-family ), Sans-serif;font-weight:var( --e-global-typography-accent-font-weight );}.elementor-widget-posts .elementor-post__card .elementor-post__badge{background-color:var( --e-global-color-accent );font-family:var( --e-global-typography-accent-font-family ), Sans-serif;font-weight:var( --e-global-typography-accent-font-weight );}.elementor-widget-posts .elementor-pagination{font-family:var( --e-global-typography-secondary-font-family ), Sans-serif;font-size:var( --e-global-typography-secondary-font-size );font-weight:var( --e-global-typography-secondary-font-weight );}.elementor-widget-posts .elementor-button{font-family:var( --e-global-typography-accent-font-family ), Sans-serif;font-weight:var( --e-global-typography-accent-font-weight );background-color:var( --e-global-color-accent );}.elementor-widget-posts .e-load-more-message{font-family:var( --e-global-typography-secondary-font-family ), Sans-serif;font-size:var( --e-global-typography-secondary-font-size );font-weight:var( --e-global-typography-secondary-font-weight );}.elementor-10969 .elementor-element.elementor-element-6ec9263d .elementor-posts-container .elementor-post__thumbnail{padding-bottom:calc( 0.17 * 100% );}.elementor-10969 .elementor-element.elementor-element-6ec9263d:after{content:\"0.17\";}.elementor-10969 .elementor-element.elementor-element-6ec9263d .elementor-post__meta-data span + span:before{content:\"\u2022\";}.elementor-10969 .elementor-element.elementor-element-6ec9263d{--grid-column-gap:25px;--grid-row-gap:20px;--load-more\u2014spacing:0px;}.elementor-10969 .elementor-element.elementor-element-6ec9263d .elementor-post__card{background-color:#242F34;border-width:0px;border-radius:6px;padding-top:0px;padding-bottom:0px;}.elementor-10969 .elementor-element.elementor-element-6ec9263d .elementor-post__text{padding:0 21px;margin-top:0px;margin-bottom:0px;}.elementor-10969 .elementor-element.elementor-element-6ec9263d .elementor-post__meta-data{padding:10px 21px;color:#FFEC27;font-family:\"Poppins\", Sans-serif;font-weight:200;line-height:1.3em;}.elementor-10969 .elementor-element.elementor-element-6ec9263d .elementor-post__avatar{padding-right:21px;padding-left:21px;}.elementor-10969 .elementor-element.elementor-element-6ec9263d .elementor-post__badge{left:0;}.elementor-10969 .elementor-element.elementor-element-6ec9263d .elementor-post__card .elementor-post__badge{background-color:#2D3748AB;font-size:9px;margin:11px;font-family:var( --e-global-typography-e97df68-font-family ), Sans-serif;font-weight:var( --e-global-typography-e97df68-font-weight );line-height:var( --e-global-typography-e97df68-line-height );letter-spacing:var( --e-global-typography-e97df68-letter-spacing );word-spacing:var( --e-global-typography-e97df68-word-spacing );}.elementor-10969 .elementor-element.elementor-element-6ec9263d .elementor-post__title, .elementor-10969 .elementor-element.elementor-element-6ec9263d .elementor-post__title a{color:#FFFFFF;font-family:\"Roboto\", Sans-serif;font-size:20px;font-weight:400;line-height:1.3em;}.elementor-10969 .elementor-element.elementor-element-6ec9263d .elementor-post__title{margin-bottom:10px;}.elementor-10969 .elementor-element.elementor-element-6ec9263d .elementor-post__excerpt p{color:#FFFFFF87;font-family:var( --e-global-typography-ef9164a-font-family ), Sans-serif;font-size:var( --e-global-typography-ef9164a-font-size );font-weight:var( --e-global-typography-ef9164a-font-weight );line-height:var( --e-global-typography-ef9164a-line-height );letter-spacing:var( --e-global-typography-ef9164a-letter-spacing );word-spacing:var( --e-global-typography-ef9164a-word-spacing );}.elementor-10969 .elementor-element.elementor-element-6ec9263d .elementor-post__excerpt{margin-bottom:0px;}.elementor-10969 .elementor-element.elementor-element-6ec9263d .elementor-post__read-more{color:#FFFFFF;margin-bottom:0px;}.elementor-10969 .elementor-element.elementor-element-6ec9263d a.elementor-post__read-more{font-family:\"Poppins\", Sans-serif;font-size:14px;font-weight:400;text-transform:lowercase;line-height:1.3em;}.elementor-10969 .elementor-element.elementor-element-6ec9263d > .elementor-widget-container{background-color:#FFFFFF66;}@media(max-width:1024px){.elementor-widget-posts .elementor-post__meta-data{font-size:var( --e-global-typography-secondary-font-size );}.elementor-widget-posts .elementor-pagination{font-size:var( --e-global-typography-secondary-font-size );}.elementor-widget-posts .e-load-more-message{font-size:var( --e-global-typography-secondary-font-size );}.elementor-10969 .elementor-element.elementor-element-6ec9263d .elementor-posts-container .elementor-post__thumbnail{padding-bottom:calc( 0.15 * 100% );}.elementor-10969 .elementor-element.elementor-element-6ec9263d:after{content:\"0.15\";}.elementor-10969 .elementor-element.elementor-element-6ec9263d .elementor-post__card .elementor-post__badge{line-height:var( --e-global-typography-e97df68-line-height );letter-spacing:var( --e-global-typography-e97df68-letter-spacing );word-spacing:var( --e-global-typography-e97df68-word-spacing );}.elementor-10969 .elementor-element.elementor-element-6ec9263d .elementor-post__title{margin-bottom:22px;}.elementor-10969 .elementor-element.elementor-element-6ec9263d .elementor-post__excerpt p{font-size:var( --e-global-typography-ef9164a-font-size );line-height:var( --e-global-typography-ef9164a-line-height );letter-spacing:var( --e-global-typography-ef9164a-letter-spacing );word-spacing:var( --e-global-typography-ef9164a-word-spacing );}.elementor-10969 .elementor-element.elementor-element-6ec9263d > .elementor-widget-container{--e-transform-translateX:0px;}}@media(max-width:767px){.elementor-widget-posts .elementor-post__meta-data{font-size:var( --e-global-typography-secondary-font-size );}.elementor-widget-posts .elementor-pagination{font-size:var( --e-global-typography-secondary-font-size );}.elementor-widget-posts .e-load-more-message{font-size:var( --e-global-typography-secondary-font-size );}.elementor-10969 .elementor-element.elementor-element-6ec9263d .elementor-posts-container .elementor-post__thumbnail{padding-bottom:calc( 0.39 * 100% );}.elementor-10969 .elementor-element.elementor-element-6ec9263d:after{content:\"0.39\";}.elementor-10969 .elementor-element.elementor-element-6ec9263d{--grid-column-gap:10px;--grid-row-gap:11px;}.elementor-10969 .elementor-element.elementor-element-6ec9263d.elementor-posts--thumbnail-left .elementor-post__thumbnail__link{margin-right:0px;}.elementor-10969 .elementor-element.elementor-element-6ec9263d.elementor-posts--thumbnail-right .elementor-post__thumbnail__link{margin-left:0px;}.elementor-10969 .elementor-element.elementor-element-6ec9263d.elementor-posts--thumbnail-top .elementor-post__thumbnail__link{margin-bottom:0px;}.elementor-10969 .elementor-element.elementor-element-6ec9263d .elementor-post__card .elementor-post__badge{line-height:var( --e-global-typography-e97df68-line-height );letter-spacing:var( --e-global-typography-e97df68-letter-spacing );word-spacing:var( --e-global-typography-e97df68-word-spacing );}.elementor-10969 .elementor-element.elementor-element-6ec9263d .elementor-post__title, .elementor-10969 .elementor-element.elementor-element-6ec9263d .elementor-post__title a{line-height:1.2em;}.elementor-10969 .elementor-element.elementor-element-6ec9263d .elementor-post__title{margin-bottom:19px;}.elementor-10969 .elementor-element.elementor-element-6ec9263d .elementor-post__meta-data{font-size:15px;line-height:1.2em;}.elementor-10969 .elementor-element.elementor-element-6ec9263d .elementor-post__excerpt p{font-size:var( --e-global-typography-ef9164a-font-size );line-height:var( --e-global-typography-ef9164a-line-height );letter-spacing:var( --e-global-typography-ef9164a-letter-spacing );word-spacing:var( --e-global-typography-ef9164a-word-spacing );}.elementor-10969 .elementor-element.elementor-element-6ec9263d .elementor-post__excerpt{margin-bottom:0px;}.elementor-10969 .elementor-element.elementor-element-6ec9263d .elementor-post__text{margin-bottom:7px;}.elementor-10969 .elementor-element.elementor-element-6ec9263d > .elementor-widget-container{margin:0px 0px 0px 0px;}}\/* Start custom CSS for posts, class: .elementor-element-6ec9263d *\/{-- @media (min-width:1024px){\r\n.elementor-posts--thumbnail-top .elementor-posts--skin-cards:not(.elementor-posts-masonry) .elementor-post__card, .elementor-posts .elementor-posts--skin-cards:not(.elementor-posts-masonry) .elementor-post__card {\r\n    display: -webkit-box;\r\n    display: -ms-flexbox;\r\n    display: flex;\r\n    -webkit-box-orient: vertical;\r\n    -webkit-box-direction: normal;\r\n    -ms-flex-direction: column;\r\n    -webkit-box-pack: start;\r\n    -ms-flex-pack: start;\r\n    justify-content: flex-start;\r\n    flex-direction: row!important;\r\n}}\r\n\r\n@media (min-width:1130px){\r\n.elementor-posts-container .elementor-post__thumbnail__link {\r\n    position: relative;\r\n    display: block;\r\n    width: 25%!important;\r\n}}\r\n@media (max-width:1129px) and (min-width:1024px){\r\n.elementor-posts-container .elementor-post__thumbnail__link {\r\n    position: relative;\r\n    display: block;\r\n    width: 35%!important;\r\n}}\r\n@media (min-width:1024px){\r\n.elementor-posts--thumbnail-top .elementor-post__thumbnail__link {\r\n    margin-bottom: 0px!important;\r\n}}\r\n --}\r\n.elementor-10969 .elementor-element.elementor-element-6ec9263d{\r\n    margin:auto;\r\n    width: 630px;\r\n}\r\n.elementor-post__meta-data {\r\n    border-width: 0px!important;\r\n}\r\n\r\n.elementor-post__meta-data {\r\n    text-align: end;\r\n}\r\n\r\n.elementor-posts--thumbnail-top .elementor-posts--skin-cards:not(.elementor-posts-masonry) .elementor-post__meta-data, .elementor-posts .elementor-posts--skin-cards:not(.elementor-posts-masonry) .elementor-post__meta-data {\r\n    padding-bottom: 10px;\r\n}\r\n\r\n.elementor-posts .elementor-post__badge {\r\n    position: absolute;\r\n    top: 0;\r\n    background: #fcb735!important;\r\n    color: #000!important;\r\n    font-size: 11px!important;\r\n    padding: 0.6em 1.2em;\r\n    line-height: 1;\r\n    font-weight: 500!important;\r\n    margin: 20px;\r\n    border-radius: 999px;\r\n}\/* End custom CSS *\/<\/style>\t\t<div data-elementor-type=\"widget\" data-elementor-id=\"10969\" class=\"elementor elementor-10969\" data-elementor-post-type=\"elementor_library\">\n\t\t\t\t\t\t<div class=\"elementor-element elementor-element-6ec9263d elementor-posts--align-left elementor-grid-1 elementor-grid-tablet-1 e-transform elementor-grid-mobile-1 elementor-posts--thumbnail-top elementor-posts__hover-gradient elementor-widget elementor-widget-posts\" data-id=\"6ec9263d\" data-element_type=\"widget\" data-e-type=\"widget\" data-settings=\"{&quot;cards_row_gap&quot;:{&quot;unit&quot;:&quot;px&quot;,&quot;size&quot;:20,&quot;sizes&quot;:[]},&quot;pagination_type&quot;:&quot;load_more_infinite_scroll&quot;,&quot;load_more_spinner&quot;:{&quot;value&quot;:&quot;fas fa-cog&quot;,&quot;library&quot;:&quot;fa-solid&quot;},&quot;cards_row_gap_mobile&quot;:{&quot;unit&quot;:&quot;px&quot;,&quot;size&quot;:11,&quot;sizes&quot;:[]},&quot;cards_columns&quot;:&quot;1&quot;,&quot;motion_fx_motion_fx_mouse&quot;:&quot;yes&quot;,&quot;cards_columns_tablet&quot;:&quot;1&quot;,&quot;_transform_translateX_effect_tablet&quot;:{&quot;unit&quot;:&quot;px&quot;,&quot;size&quot;:0,&quot;sizes&quot;:[]},&quot;cards_columns_mobile&quot;:&quot;1&quot;,&quot;cards_row_gap_tablet&quot;:{&quot;unit&quot;:&quot;px&quot;,&quot;size&quot;:&quot;&quot;,&quot;sizes&quot;:[]},&quot;_transform_translateX_effect&quot;:{&quot;unit&quot;:&quot;px&quot;,&quot;size&quot;:&quot;&quot;,&quot;sizes&quot;:[]},&quot;_transform_translateX_effect_mobile&quot;:{&quot;unit&quot;:&quot;px&quot;,&quot;size&quot;:&quot;&quot;,&quot;sizes&quot;:[]},&quot;_transform_translateY_effect&quot;:{&quot;unit&quot;:&quot;px&quot;,&quot;size&quot;:&quot;&quot;,&quot;sizes&quot;:[]},&quot;_transform_translateY_effect_tablet&quot;:{&quot;unit&quot;:&quot;px&quot;,&quot;size&quot;:&quot;&quot;,&quot;sizes&quot;:[]},&quot;_transform_translateY_effect_mobile&quot;:{&quot;unit&quot;:&quot;px&quot;,&quot;size&quot;:&quot;&quot;,&quot;sizes&quot;:[]}}\" data-widget_type=\"posts.cards\">\n\t\t\t\t<div class=\"elementor-widget-container\">\n\t\t\t\t\t\t\t<div class=\"elementor-posts-container elementor-posts elementor-posts--skin-cards elementor-grid\" role=\"list\">\n\t\t\t\t<article class=\"elementor-post elementor-grid-item post-14525 post type-post status-publish format-standard has-post-thumbnail hentry category-actu-info-gr10 tag-pyrenees-orientales\" role=\"listitem\">\n\t\t\t<div class=\"elementor-post__card\">\n\t\t\t\t<a class=\"elementor-post__thumbnail__link\" href=\"https:\/\/gr10.org\/index.php\/2025\/06\/25\/alerte-punaises-de-lit-sur-le-gr10-a-la-cabane-de-pinateil\/\" tabindex=\"-1\" ><div class=\"elementor-post__thumbnail\"><img loading=\"lazy\" decoding=\"async\" width=\"1024\" height=\"461\" src=\"https:\/\/gr10.org\/wp-content\/uploads\/2022\/08\/299820742_541320421128956_7238120236226755220_n-1024x461.jpg\" class=\"attachment-large size-large wp-image-9707\" alt=\"Cabane du Pinateil\" srcset=\"https:\/\/gr10.org\/wp-content\/uploads\/2022\/08\/299820742_541320421128956_7238120236226755220_n-1024x461.jpg 1024w, https:\/\/gr10.org\/wp-content\/uploads\/2022\/08\/299820742_541320421128956_7238120236226755220_n-300x135.jpg 300w, https:\/\/gr10.org\/wp-content\/uploads\/2022\/08\/299820742_541320421128956_7238120236226755220_n-768x346.jpg 768w, https:\/\/gr10.org\/wp-content\/uploads\/2022\/08\/299820742_541320421128956_7238120236226755220_n-1536x692.jpg 1536w, https:\/\/gr10.org\/wp-content\/uploads\/2022\/08\/299820742_541320421128956_7238120236226755220_n.jpg 2048w\" sizes=\"(max-width: 1024px) 100vw, 1024px\" \/><\/div><\/a>\n\t\t\t\t<div class=\"elementor-post__badge\">Pyr\u00e9n\u00e9es Orientales<\/div>\n\t\t\t\t<div class=\"elementor-post__text\">\n\t\t\t\t<h3 class=\"elementor-post__title\">\n\t\t\t<a href=\"https:\/\/gr10.org\/index.php\/2025\/06\/25\/alerte-punaises-de-lit-sur-le-gr10-a-la-cabane-de-pinateil\/\" >\n\t\t\t\tAlerte Punaises de Lit sur le GR10 \u00e0 la cabane de Pinateil\t\t\t<\/a>\n\t\t<\/h3>\n\t\t\t\t<div class=\"elementor-post__excerpt\">\n\t\t\t<p>Depuis plusieurs ann\u00e9es, le refuge non gard\u00e9 de Pinateil, situ\u00e9 dans les Pyr\u00e9n\u00e9es-Orientales entre les refuges de Bat\u00e8re et des<\/p>\n\t\t<\/div>\n\t\t\n\t\t<a class=\"elementor-post__read-more\" href=\"https:\/\/gr10.org\/index.php\/2025\/06\/25\/alerte-punaises-de-lit-sur-le-gr10-a-la-cabane-de-pinateil\/\" aria-label=\"En savoir plus sur Alerte Punaises de Lit sur le GR10 \u00e0 la cabane de Pinateil\" tabindex=\"-1\" >\n\t\t\tLire la suite \u00bb\t\t<\/a>\n\n\t\t\t\t<\/div>\n\t\t\t\t<div class=\"elementor-post__meta-data\">\n\t\t\t\t\t<span class=\"elementor-post-date\">\n\t\t\t25 juin 2025\t\t<\/span>\n\t\t\t\t<\/div>\n\t\t\t\t\t<\/div>\n\t\t<\/article>\n\t\t\t\t<article class=\"elementor-post elementor-grid-item post-13478 post type-post status-publish format-standard has-post-thumbnail hentry category-actu-info-gr10 tag-pyrenees-ariegeoises tag-pyrenees-centrales tag-pyrenees-occidentales tag-pyrenees-orientales\" role=\"listitem\">\n\t\t\t<div class=\"elementor-post__card\">\n\t\t\t\t<a class=\"elementor-post__thumbnail__link\" href=\"https:\/\/gr10.org\/index.php\/2024\/05\/23\/grdistes-on-the-way-ameliorer-la-communication-et-la-securite-sur-le-gr10\/\" tabindex=\"-1\" ><div class=\"elementor-post__thumbnail\"><img decoding=\"async\" width=\"421\" height=\"318\" src=\"https:\/\/gr10.org\/wp-content\/uploads\/2024\/05\/logo-whatsapp-1.jpg\" class=\"attachment-large size-large wp-image-13339\" alt=\"Rejoindre le groupe WhatsApp randonneurs GR10\" srcset=\"https:\/\/gr10.org\/wp-content\/uploads\/2024\/05\/logo-whatsapp-1.jpg 421w, https:\/\/gr10.org\/wp-content\/uploads\/2024\/05\/logo-whatsapp-1-300x227.jpg 300w\" sizes=\"(max-width: 421px) 100vw, 421px\" \/><\/div><\/a>\n\t\t\t\t<div class=\"elementor-post__badge\">Pyr\u00e9n\u00e9es Ari\u00e9geoises<\/div>\n\t\t\t\t<div class=\"elementor-post__text\">\n\t\t\t\t<h3 class=\"elementor-post__title\">\n\t\t\t<a href=\"https:\/\/gr10.org\/index.php\/2024\/05\/23\/grdistes-on-the-way-ameliorer-la-communication-et-la-securite-sur-le-gr10\/\" >\n\t\t\t\t\u00ab GRdistes On The Way \u00bb : Am\u00e9liorer la Communication et la S\u00e9curit\u00e9 sur le GR10\t\t\t<\/a>\n\t\t<\/h3>\n\t\t\t\t<div class=\"elementor-post__excerpt\">\n\t\t\t<p>L&rsquo;association des Amis GRdistes propose \u00ab GRdistes On The Way \u00bb, un groupe WhatsApp d\u00e9di\u00e9 aux randonneurs du GR10. Accessible<\/p>\n\t\t<\/div>\n\t\t\n\t\t<a class=\"elementor-post__read-more\" href=\"https:\/\/gr10.org\/index.php\/2024\/05\/23\/grdistes-on-the-way-ameliorer-la-communication-et-la-securite-sur-le-gr10\/\" aria-label=\"En savoir plus sur \u00ab GRdistes On The Way \u00bb : Am\u00e9liorer la Communication et la S\u00e9curit\u00e9 sur le GR10\" tabindex=\"-1\" >\n\t\t\tLire la suite \u00bb\t\t<\/a>\n\n\t\t\t\t<\/div>\n\t\t\t\t<div class=\"elementor-post__meta-data\">\n\t\t\t\t\t<span class=\"elementor-post-date\">\n\t\t\t23 mai 2024\t\t<\/span>\n\t\t\t\t<\/div>\n\t\t\t\t\t<\/div>\n\t\t<\/article>\n\t\t\t\t<article class=\"elementor-post elementor-grid-item post-10984 post type-post status-publish format-standard has-post-thumbnail hentry category-actu-info-gr10 tag-pyrenees-ariegeoises tag-pyrenees-centrales tag-pyrenees-occidentales tag-pyrenees-orientales\" role=\"listitem\">\n\t\t\t<div class=\"elementor-post__card\">\n\t\t\t\t<a class=\"elementor-post__thumbnail__link\" href=\"https:\/\/gr10.org\/index.php\/2023\/07\/18\/alerte-presence-ponctuelle-de-punaises-de-lit-au-gite-detape-maison-elichalt-de-st-engrace-sur-le-gr10-dans-le-pays-basque-panique-0-prevention-1\/\" tabindex=\"-1\" ><div class=\"elementor-post__thumbnail\"><img loading=\"lazy\" decoding=\"async\" width=\"800\" height=\"795\" src=\"https:\/\/gr10.org\/wp-content\/uploads\/2022\/03\/La-punaise-de-lit.jpg\" class=\"attachment-large size-large wp-image-3570\" alt=\"La punaise de lit\" srcset=\"https:\/\/gr10.org\/wp-content\/uploads\/2022\/03\/La-punaise-de-lit.jpg 800w, https:\/\/gr10.org\/wp-content\/uploads\/2022\/03\/La-punaise-de-lit-300x298.jpg 300w, https:\/\/gr10.org\/wp-content\/uploads\/2022\/03\/La-punaise-de-lit-150x150.jpg 150w, https:\/\/gr10.org\/wp-content\/uploads\/2022\/03\/La-punaise-de-lit-768x763.jpg 768w\" sizes=\"(max-width: 800px) 100vw, 800px\" \/><\/div><\/a>\n\t\t\t\t<div class=\"elementor-post__badge\">Pyr\u00e9n\u00e9es Ari\u00e9geoises<\/div>\n\t\t\t\t<div class=\"elementor-post__text\">\n\t\t\t\t<h3 class=\"elementor-post__title\">\n\t\t\t<a href=\"https:\/\/gr10.org\/index.php\/2023\/07\/18\/alerte-presence-ponctuelle-de-punaises-de-lit-au-gite-detape-maison-elichalt-de-st-engrace-sur-le-gr10-dans-le-pays-basque-panique-0-prevention-1\/\" >\n\t\t\t\tALERTE : Pr\u00e9sence ponctuelle de punaises de lit au g\u00eete d&rsquo;\u00e9tape Maison Elichalt de St Engr\u00e2ce sur le GR10 dans le Pays-Basque. Panique : 0 \/ Pr\u00e9vention : 1\t\t\t<\/a>\n\t\t<\/h3>\n\t\t\t\t<div class=\"elementor-post__excerpt\">\n\t\t\t<p>Nous vous informons de fa\u00e7on transparente et responsable qu\u2019une situation ponctuelle de pr\u00e9sence de punaises de lits a \u00e9t\u00e9 rapport\u00e9e au g\u00eete d&rsquo;\u00e9tape Maison Elichalt de St Engr\u00e2ce. Cet h\u00e9bergeur nous assure que des mesures appropri\u00e9es sont mises en place pour y rem\u00e9dier.<\/p>\n\t\t<\/div>\n\t\t\n\t\t<a class=\"elementor-post__read-more\" href=\"https:\/\/gr10.org\/index.php\/2023\/07\/18\/alerte-presence-ponctuelle-de-punaises-de-lit-au-gite-detape-maison-elichalt-de-st-engrace-sur-le-gr10-dans-le-pays-basque-panique-0-prevention-1\/\" aria-label=\"En savoir plus sur ALERTE : Pr\u00e9sence ponctuelle de punaises de lit au g\u00eete d&rsquo;\u00e9tape Maison Elichalt de St Engr\u00e2ce sur le GR10 dans le Pays-Basque. Panique : 0 \/ Pr\u00e9vention : 1\" tabindex=\"-1\" >\n\t\t\tLire la suite \u00bb\t\t<\/a>\n\n\t\t\t\t<\/div>\n\t\t\t\t<div class=\"elementor-post__meta-data\">\n\t\t\t\t\t<span class=\"elementor-post-date\">\n\t\t\t18 juillet 2023\t\t<\/span>\n\t\t\t\t<\/div>\n\t\t\t\t\t<\/div>\n\t\t<\/article>\n\t\t\t\t<article class=\"elementor-post elementor-grid-item post-10781 post type-post status-publish format-standard has-post-thumbnail hentry category-actu-info-gr10 tag-pyrenees-orientales\" role=\"listitem\">\n\t\t\t<div class=\"elementor-post__card\">\n\t\t\t\t<a class=\"elementor-post__thumbnail__link\" href=\"https:\/\/gr10.org\/index.php\/2023\/05\/18\/vigilance-feux-de-forets-secteur-pyrenees-orientales\/\" tabindex=\"-1\" ><div class=\"elementor-post__thumbnail\"><img loading=\"lazy\" decoding=\"async\" width=\"770\" height=\"871\" src=\"https:\/\/gr10.org\/wp-content\/uploads\/2023\/05\/Vigilance-feux-de-forets-secteur-Pyrenees-orientales.jpg\" class=\"attachment-large size-large wp-image-10782\" alt=\"Vigilance feux de for\u00eats secteur Pyr\u00e9n\u00e9es orientales\" srcset=\"https:\/\/gr10.org\/wp-content\/uploads\/2023\/05\/Vigilance-feux-de-forets-secteur-Pyrenees-orientales.jpg 770w, https:\/\/gr10.org\/wp-content\/uploads\/2023\/05\/Vigilance-feux-de-forets-secteur-Pyrenees-orientales-265x300.jpg 265w, https:\/\/gr10.org\/wp-content\/uploads\/2023\/05\/Vigilance-feux-de-forets-secteur-Pyrenees-orientales-768x869.jpg 768w\" sizes=\"(max-width: 770px) 100vw, 770px\" \/><\/div><\/a>\n\t\t\t\t<div class=\"elementor-post__badge\">Pyr\u00e9n\u00e9es Orientales<\/div>\n\t\t\t\t<div class=\"elementor-post__text\">\n\t\t\t\t<h3 class=\"elementor-post__title\">\n\t\t\t<a href=\"https:\/\/gr10.org\/index.php\/2023\/05\/18\/vigilance-feux-de-forets-secteur-pyrenees-orientales\/\" >\n\t\t\t\tVigilance feux de for\u00eats secteur Pyr\u00e9n\u00e9es orientales saison 2023\t\t\t<\/a>\n\t\t<\/h3>\n\t\t\t\t<div class=\"elementor-post__excerpt\">\n\t\t\t<p>Risque \u00e9lev\u00e9 d\u2019incendie de for\u00eat :<br \/>\nIl est crucial de noter que le risque d\u2019incendie de for\u00eat sera class\u00e9 comme \u00ab fort \u00bb tout au long de la saison. Les conditions m\u00e9t\u00e9orologiques actuelles et les niveaux de s\u00e9cheresse augmentent la probabilit\u00e9 d\u2019incidents graves. Il est donc essentiel de respecter scrupuleusement les mesures de pr\u00e9vention pour minimiser les risques.<\/p>\n\t\t<\/div>\n\t\t\n\t\t<a class=\"elementor-post__read-more\" href=\"https:\/\/gr10.org\/index.php\/2023\/05\/18\/vigilance-feux-de-forets-secteur-pyrenees-orientales\/\" aria-label=\"En savoir plus sur Vigilance feux de for\u00eats secteur Pyr\u00e9n\u00e9es orientales saison 2023\" tabindex=\"-1\" >\n\t\t\tLire la suite \u00bb\t\t<\/a>\n\n\t\t\t\t<\/div>\n\t\t\t\t<div class=\"elementor-post__meta-data\">\n\t\t\t\t\t<span class=\"elementor-post-date\">\n\t\t\t18 mai 2023\t\t<\/span>\n\t\t\t\t<\/div>\n\t\t\t\t\t<\/div>\n\t\t<\/article>\n\t\t\t\t<article class=\"elementor-post elementor-grid-item post-9702 post type-post status-publish format-standard has-post-thumbnail hentry category-actu-info-gr10 tag-pyrenees-orientales\" role=\"listitem\">\n\t\t\t<div class=\"elementor-post__card\">\n\t\t\t\t<a class=\"elementor-post__thumbnail__link\" href=\"https:\/\/gr10.org\/index.php\/2022\/08\/21\/article-type-actu-info-gr10\/\" tabindex=\"-1\" ><div class=\"elementor-post__thumbnail\"><img loading=\"lazy\" decoding=\"async\" width=\"1024\" height=\"461\" src=\"https:\/\/gr10.org\/wp-content\/uploads\/2022\/08\/299820742_541320421128956_7238120236226755220_n-1024x461.jpg\" class=\"attachment-large size-large wp-image-9707\" alt=\"Cabane du Pinateil\" srcset=\"https:\/\/gr10.org\/wp-content\/uploads\/2022\/08\/299820742_541320421128956_7238120236226755220_n-1024x461.jpg 1024w, https:\/\/gr10.org\/wp-content\/uploads\/2022\/08\/299820742_541320421128956_7238120236226755220_n-300x135.jpg 300w, https:\/\/gr10.org\/wp-content\/uploads\/2022\/08\/299820742_541320421128956_7238120236226755220_n-768x346.jpg 768w, https:\/\/gr10.org\/wp-content\/uploads\/2022\/08\/299820742_541320421128956_7238120236226755220_n-1536x692.jpg 1536w, https:\/\/gr10.org\/wp-content\/uploads\/2022\/08\/299820742_541320421128956_7238120236226755220_n.jpg 2048w\" sizes=\"(max-width: 1024px) 100vw, 1024px\" \/><\/div><\/a>\n\t\t\t\t<div class=\"elementor-post__badge\">Pyr\u00e9n\u00e9es Orientales<\/div>\n\t\t\t\t<div class=\"elementor-post__text\">\n\t\t\t\t<h3 class=\"elementor-post__title\">\n\t\t\t<a href=\"https:\/\/gr10.org\/index.php\/2022\/08\/21\/article-type-actu-info-gr10\/\" >\n\t\t\t\tCabane du Pinateil entre les Cortalets et Bat\u00e8re : Punaises de lit pr\u00e9sentes\t\t\t<\/a>\n\t\t<\/h3>\n\t\t\t\t<div class=\"elementor-post__excerpt\">\n\t\t\t<p>2022 confirme bien les observations des ann\u00e9es pr\u00e9c\u00e9dentes. Avis aux randonneurs, il y a toujours des punaises de lit dans<\/p>\n\t\t<\/div>\n\t\t\n\t\t<a class=\"elementor-post__read-more\" href=\"https:\/\/gr10.org\/index.php\/2022\/08\/21\/article-type-actu-info-gr10\/\" aria-label=\"En savoir plus sur Cabane du Pinateil entre les Cortalets et Bat\u00e8re : Punaises de lit pr\u00e9sentes\" tabindex=\"-1\" >\n\t\t\tLire la suite \u00bb\t\t<\/a>\n\n\t\t\t\t<\/div>\n\t\t\t\t<div class=\"elementor-post__meta-data\">\n\t\t\t\t\t<span class=\"elementor-post-date\">\n\t\t\t21 ao\u00fbt 2022\t\t<\/span>\n\t\t\t\t<\/div>\n\t\t\t\t\t<\/div>\n\t\t<\/article>\n\t\t\t\t<article class=\"elementor-post elementor-grid-item post-8961 post type-post status-publish format-standard has-post-thumbnail hentry category-actu-info-gr10 tag-pyrenees-orientales\" role=\"listitem\">\n\t\t\t<div class=\"elementor-post__card\">\n\t\t\t\t<a class=\"elementor-post__thumbnail__link\" href=\"https:\/\/gr10.org\/index.php\/2022\/06\/02\/de-nouveaux-gerants-pour-lauberge-de-py\/\" tabindex=\"-1\" ><div class=\"elementor-post__thumbnail\"><img loading=\"lazy\" decoding=\"async\" width=\"768\" height=\"1024\" src=\"https:\/\/gr10.org\/wp-content\/uploads\/2022\/06\/FB_IMG_1654793107609-768x1024.jpg\" class=\"attachment-large size-large wp-image-8962\" alt=\"Alexis et Marie, auberge de PY\" srcset=\"https:\/\/gr10.org\/wp-content\/uploads\/2022\/06\/FB_IMG_1654793107609-768x1024.jpg 768w, https:\/\/gr10.org\/wp-content\/uploads\/2022\/06\/FB_IMG_1654793107609-225x300.jpg 225w, https:\/\/gr10.org\/wp-content\/uploads\/2022\/06\/FB_IMG_1654793107609.jpg 1080w\" sizes=\"(max-width: 768px) 100vw, 768px\" \/><\/div><\/a>\n\t\t\t\t<div class=\"elementor-post__badge\">Pyr\u00e9n\u00e9es Orientales<\/div>\n\t\t\t\t<div class=\"elementor-post__text\">\n\t\t\t\t<h3 class=\"elementor-post__title\">\n\t\t\t<a href=\"https:\/\/gr10.org\/index.php\/2022\/06\/02\/de-nouveaux-gerants-pour-lauberge-de-py\/\" >\n\t\t\t\tDe nouveaux g\u00e9rants pour l&rsquo;auberge de Py\t\t\t<\/a>\n\t\t<\/h3>\n\t\t\t\t<div class=\"elementor-post__excerpt\">\n\t\t\t<p>Souhaitons la bienvenue \u00e0 Alexis et Marie dans le monde des h\u00e9bergeurs du GR10 \u00e0 Py dans les Pyr\u00e9n\u00e9es Orientales.\u00a0<\/p>\n\t\t<\/div>\n\t\t\n\t\t<a class=\"elementor-post__read-more\" href=\"https:\/\/gr10.org\/index.php\/2022\/06\/02\/de-nouveaux-gerants-pour-lauberge-de-py\/\" aria-label=\"En savoir plus sur De nouveaux g\u00e9rants pour l&rsquo;auberge de Py\" tabindex=\"-1\" >\n\t\t\tLire la suite \u00bb\t\t<\/a>\n\n\t\t\t\t<\/div>\n\t\t\t\t<div class=\"elementor-post__meta-data\">\n\t\t\t\t\t<span class=\"elementor-post-date\">\n\t\t\t2 juin 2022\t\t<\/span>\n\t\t\t\t<\/div>\n\t\t\t\t\t<\/div>\n\t\t<\/article>\n\t\t\t\t<article class=\"elementor-post elementor-grid-item post-9028 post type-post status-publish format-standard has-post-thumbnail hentry category-actu-info-gr10 tag-pyrenees-orientales\" role=\"listitem\">\n\t\t\t<div class=\"elementor-post__card\">\n\t\t\t\t<a class=\"elementor-post__thumbnail__link\" href=\"https:\/\/gr10.org\/index.php\/2022\/01\/11\/arles-sur-tech-hotel-restaurant-detape-des-glycines-ferme-en-2022\/\" tabindex=\"-1\" ><div class=\"elementor-post__thumbnail\"><img loading=\"lazy\" decoding=\"async\" width=\"600\" height=\"800\" src=\"https:\/\/gr10.org\/wp-content\/uploads\/2022\/02\/hotel-restaurant-detape-des-Glycines.jpg\" class=\"attachment-large size-large wp-image-2084\" alt=\"h\u00f4tel restaurant d&#039;\u00e9tape des Glycines\" srcset=\"https:\/\/gr10.org\/wp-content\/uploads\/2022\/02\/hotel-restaurant-detape-des-Glycines.jpg 600w, https:\/\/gr10.org\/wp-content\/uploads\/2022\/02\/hotel-restaurant-detape-des-Glycines-225x300.jpg 225w\" sizes=\"(max-width: 600px) 100vw, 600px\" \/><\/div><\/a>\n\t\t\t\t<div class=\"elementor-post__badge\">Pyr\u00e9n\u00e9es Orientales<\/div>\n\t\t\t\t<div class=\"elementor-post__text\">\n\t\t\t\t<h3 class=\"elementor-post__title\">\n\t\t\t<a href=\"https:\/\/gr10.org\/index.php\/2022\/01\/11\/arles-sur-tech-hotel-restaurant-detape-des-glycines-ferme-en-2022\/\" >\n\t\t\t\tArles-sur-Tech : h\u00f4tel restaurant d&rsquo;\u00e9tape des Glycines ferm\u00e9 en 2022\t\t\t<\/a>\n\t\t<\/h3>\n\t\t\t\t<div class=\"elementor-post__excerpt\">\n\t\t\t<p>Etablissement ferm\u00e9 pour la saison 2022. Pour en savoir plus : https:\/\/gr10.org\/index.php\/hebergements-du-gr10-en-pyrenees-orientales\/#Arles-sur-Tech Retour page des actualit\u00e9s<\/p>\n\t\t<\/div>\n\t\t\n\t\t<a class=\"elementor-post__read-more\" href=\"https:\/\/gr10.org\/index.php\/2022\/01\/11\/arles-sur-tech-hotel-restaurant-detape-des-glycines-ferme-en-2022\/\" aria-label=\"En savoir plus sur Arles-sur-Tech : h\u00f4tel restaurant d&rsquo;\u00e9tape des Glycines ferm\u00e9 en 2022\" tabindex=\"-1\" >\n\t\t\tLire la suite \u00bb\t\t<\/a>\n\n\t\t\t\t<\/div>\n\t\t\t\t<div class=\"elementor-post__meta-data\">\n\t\t\t\t\t<span class=\"elementor-post-date\">\n\t\t\t11 janvier 2022\t\t<\/span>\n\t\t\t\t<\/div>\n\t\t\t\t\t<\/div>\n\t\t<\/article>\n\t\t\t\t<article class=\"elementor-post elementor-grid-item post-9022 post type-post status-publish format-standard has-post-thumbnail hentry category-actu-info-gr10 tag-pyrenees-orientales\" role=\"listitem\">\n\t\t\t<div class=\"elementor-post__card\">\n\t\t\t\t<a class=\"elementor-post__thumbnail__link\" href=\"https:\/\/gr10.org\/index.php\/2022\/01\/01\/lac-des-bouillouses-refuge-des-bouillouses-ferme-jusquen-2023\/\" tabindex=\"-1\" ><div class=\"elementor-post__thumbnail\"><img loading=\"lazy\" decoding=\"async\" width=\"210\" height=\"158\" src=\"https:\/\/gr10.org\/wp-content\/uploads\/2022\/02\/refuge-des-Bouillouses.jpg\" class=\"attachment-large size-large wp-image-2026\" alt=\"refuge des Bouillouses\" \/><\/div><\/a>\n\t\t\t\t<div class=\"elementor-post__badge\">Pyr\u00e9n\u00e9es Orientales<\/div>\n\t\t\t\t<div class=\"elementor-post__text\">\n\t\t\t\t<h3 class=\"elementor-post__title\">\n\t\t\t<a href=\"https:\/\/gr10.org\/index.php\/2022\/01\/01\/lac-des-bouillouses-refuge-des-bouillouses-ferme-jusquen-2023\/\" >\n\t\t\t\tLac des Bouillouses : refuge des Bouillouses ferm\u00e9 jusqu&rsquo;en 2023\t\t\t<\/a>\n\t\t<\/h3>\n\t\t\t\t<div class=\"elementor-post__excerpt\">\n\t\t\t<p>Pour raison de travaux et de remise aux normes, l&rsquo;\u00e9tablissement sera ferm\u00e9 pour la saison 2022. L\u2019activit\u00e9 reprendra en 2023.<\/p>\n\t\t<\/div>\n\t\t\n\t\t<a class=\"elementor-post__read-more\" href=\"https:\/\/gr10.org\/index.php\/2022\/01\/01\/lac-des-bouillouses-refuge-des-bouillouses-ferme-jusquen-2023\/\" aria-label=\"En savoir plus sur Lac des Bouillouses : refuge des Bouillouses ferm\u00e9 jusqu&rsquo;en 2023\" tabindex=\"-1\" >\n\t\t\tLire la suite \u00bb\t\t<\/a>\n\n\t\t\t\t<\/div>\n\t\t\t\t<div class=\"elementor-post__meta-data\">\n\t\t\t\t\t<span class=\"elementor-post-date\">\n\t\t\t1 janvier 2022\t\t<\/span>\n\t\t\t\t<\/div>\n\t\t\t\t\t<\/div>\n\t\t<\/article>\n\t\t\t\t<\/div>\n\t\t\t\t\t<span class=\"e-load-more-spinner\">\n\t\t\t\t<i aria-hidden=\"true\" class=\"fas fa-cog\"><\/i>\t\t\t<\/span>\n\t\t\n\t\t\t\t\t\t<\/div>\n\t\t\t\t<\/div>\n\t\t\t\t<\/div>\n\t\t                    <\/div>\n\t\t                    <\/div>\n        <\/div>\n\t\t\t\t<\/div>\n\t\t\t\t<\/div>\n\t\t\t\t\t<\/div>\n\t\t<\/div>\n\t\t\t\t\t<\/div>\n\t\t<\/section>\n\t\t\t\t<\/div>\n\t\t","protected":false},"excerpt":{"rendered":"<p>Le site du GR10 vous propose de suivre r\u00e9guli\u00e8rement l&rsquo;actualit\u00e9 du parcours de Hendaye \u00e0 Banyuls. Si vous avez des informations importantes \u00e0 partager avec nous, n&rsquo;h\u00e9sitez pas \u00e0 nous contacter par mail (assogr10@gmail.com), par t\u00e9l\u00e9phone au 06 83 61 48 49 ou en laissant un commentaire sur l&rsquo;un de nos articles. Nous vous remercions&#8230;<\/p>\n","protected":false},"author":1,"featured_media":9148,"parent":0,"menu_order":0,"comment_status":"closed","ping_status":"closed","template":"","meta":{"_acf_changed":false,"_kad_post_transparent":"","_kad_post_title":"hide","_kad_post_layout":"right","_kad_post_sidebar_id":"sidebar-primary","_kad_post_content_style":"unboxed","_kad_post_vertical_padding":"hide","_kad_post_feature":"hide","_kad_post_feature_position":"","_kad_post_header":false,"_kad_post_footer":false,"footnotes":""},"categories":[35],"tags":[],"class_list":["post-8526","page","type-page","status-publish","has-post-thumbnail","hentry","category-actu-info-gr10"],"acf":[],"yoast_head":"<!-- This site is optimized with the Yoast SEO plugin v27.4 - https:\/\/yoast.com\/product\/yoast-seo-wordpress\/ -->\n<title>Actualit\u00e9s et informations du GR\u00ae10<\/title>\n<meta name=\"description\" content=\"Gr\u00e2ce \u00e0 notre r\u00e9seau de correspondants locaux, retrouvez toutes les actualit\u00e9s et informations du GR10 en continu.\" \/>\n<meta name=\"robots\" content=\"index, follow, max-snippet:-1, max-image-preview:large, max-video-preview:-1\" \/>\n<link rel=\"canonical\" href=\"https:\/\/gr10.org\/index.php\/actualites-et-informations-du-gr10\/\" \/>\n<meta property=\"og:locale\" content=\"fr_FR\" \/>\n<meta property=\"og:type\" content=\"article\" \/>\n<meta property=\"og:title\" content=\"Actualit\u00e9s et informations du GR\u00ae10\" \/>\n<meta property=\"og:description\" content=\"Gr\u00e2ce \u00e0 notre r\u00e9seau de correspondants locaux, retrouvez toutes les actualit\u00e9s et informations du GR10 en continu.\" \/>\n<meta property=\"og:url\" content=\"https:\/\/gr10.org\/index.php\/actualites-et-informations-du-gr10\/\" \/>\n<meta property=\"og:site_name\" content=\"GR10 - La grande travers\u00e9e des Pyr\u00e9n\u00e9es\" \/>\n<meta property=\"article:modified_time\" content=\"2023-07-11T15:37:57+00:00\" \/>\n<meta property=\"og:image\" content=\"https:\/\/gr10.org\/wp-content\/uploads\/2022\/06\/114974172_o.jpg\" \/>\n\t<meta property=\"og:image:width\" content=\"325\" \/>\n\t<meta property=\"og:image:height\" content=\"244\" \/>\n\t<meta property=\"og:image:type\" content=\"image\/jpeg\" \/>\n<meta name=\"twitter:card\" content=\"summary_large_image\" \/>\n<meta name=\"twitter:label1\" content=\"Dur\u00e9e de lecture estim\u00e9e\" \/>\n\t<meta name=\"twitter:data1\" content=\"26 minutes\" \/>\n<script type=\"application\/ld+json\" class=\"yoast-schema-graph\">{\"@context\":\"https:\\\/\\\/schema.org\",\"@graph\":[{\"@type\":\"WebPage\",\"@id\":\"https:\\\/\\\/gr10.org\\\/index.php\\\/actualites-et-informations-du-gr10\\\/\",\"url\":\"https:\\\/\\\/gr10.org\\\/index.php\\\/actualites-et-informations-du-gr10\\\/\",\"name\":\"Actualit\u00e9s et informations du GR\u00ae10\",\"isPartOf\":{\"@id\":\"https:\\\/\\\/gr10.org\\\/#website\"},\"primaryImageOfPage\":{\"@id\":\"https:\\\/\\\/gr10.org\\\/index.php\\\/actualites-et-informations-du-gr10\\\/#primaryimage\"},\"image\":{\"@id\":\"https:\\\/\\\/gr10.org\\\/index.php\\\/actualites-et-informations-du-gr10\\\/#primaryimage\"},\"thumbnailUrl\":\"https:\\\/\\\/gr10.org\\\/wp-content\\\/uploads\\\/2022\\\/06\\\/114974172_o.jpg\",\"datePublished\":\"2022-06-02T16:50:05+00:00\",\"dateModified\":\"2023-07-11T15:37:57+00:00\",\"description\":\"Gr\u00e2ce \u00e0 notre r\u00e9seau de correspondants locaux, retrouvez toutes les actualit\u00e9s et informations du GR10 en continu.\",\"breadcrumb\":{\"@id\":\"https:\\\/\\\/gr10.org\\\/index.php\\\/actualites-et-informations-du-gr10\\\/#breadcrumb\"},\"inLanguage\":\"fr-FR\",\"potentialAction\":[{\"@type\":\"ReadAction\",\"target\":[\"https:\\\/\\\/gr10.org\\\/index.php\\\/actualites-et-informations-du-gr10\\\/\"]}]},{\"@type\":\"ImageObject\",\"inLanguage\":\"fr-FR\",\"@id\":\"https:\\\/\\\/gr10.org\\\/index.php\\\/actualites-et-informations-du-gr10\\\/#primaryimage\",\"url\":\"https:\\\/\\\/gr10.org\\\/wp-content\\\/uploads\\\/2022\\\/06\\\/114974172_o.jpg\",\"contentUrl\":\"https:\\\/\\\/gr10.org\\\/wp-content\\\/uploads\\\/2022\\\/06\\\/114974172_o.jpg\",\"width\":325,\"height\":244,\"caption\":\"Actualit\u00e9s Information GR10\"},{\"@type\":\"BreadcrumbList\",\"@id\":\"https:\\\/\\\/gr10.org\\\/index.php\\\/actualites-et-informations-du-gr10\\\/#breadcrumb\",\"itemListElement\":[{\"@type\":\"ListItem\",\"position\":1,\"name\":\"Accueil\",\"item\":\"https:\\\/\\\/gr10.org\\\/\"},{\"@type\":\"ListItem\",\"position\":2,\"name\":\"Actualit\u00e9s et informations du GR\u00ae10\"}]},{\"@type\":\"WebSite\",\"@id\":\"https:\\\/\\\/gr10.org\\\/#website\",\"url\":\"https:\\\/\\\/gr10.org\\\/\",\"name\":\"GR10 - La grande travers\u00e9e des Pyr\u00e9n\u00e9es\",\"description\":\"La grande aventure de la travers\u00e9e des Pyr\u00e9n\u00e9es via le gr10, vous en avez r\u00eav\u00e9? Alors, faite-la! Ce site vous aidera \u00e0 r\u00e9aliser votre aventure.\",\"potentialAction\":[{\"@type\":\"SearchAction\",\"target\":{\"@type\":\"EntryPoint\",\"urlTemplate\":\"https:\\\/\\\/gr10.org\\\/?s={search_term_string}\"},\"query-input\":{\"@type\":\"PropertyValueSpecification\",\"valueRequired\":true,\"valueName\":\"search_term_string\"}}],\"inLanguage\":\"fr-FR\"}]}<\/script>\n<!-- \/ Yoast SEO plugin. -->","yoast_head_json":{"title":"Actualit\u00e9s et informations du GR\u00ae10","description":"Gr\u00e2ce \u00e0 notre r\u00e9seau de correspondants locaux, retrouvez toutes les actualit\u00e9s et informations du GR10 en continu.","robots":{"index":"index","follow":"follow","max-snippet":"max-snippet:-1","max-image-preview":"max-image-preview:large","max-video-preview":"max-video-preview:-1"},"canonical":"https:\/\/gr10.org\/index.php\/actualites-et-informations-du-gr10\/","og_locale":"fr_FR","og_type":"article","og_title":"Actualit\u00e9s et informations du GR\u00ae10","og_description":"Gr\u00e2ce \u00e0 notre r\u00e9seau de correspondants locaux, retrouvez toutes les actualit\u00e9s et informations du GR10 en continu.","og_url":"https:\/\/gr10.org\/index.php\/actualites-et-informations-du-gr10\/","og_site_name":"GR10 - La grande travers\u00e9e des Pyr\u00e9n\u00e9es","article_modified_time":"2023-07-11T15:37:57+00:00","og_image":[{"width":325,"height":244,"url":"https:\/\/gr10.org\/wp-content\/uploads\/2022\/06\/114974172_o.jpg","type":"image\/jpeg"}],"twitter_card":"summary_large_image","twitter_misc":{"Dur\u00e9e de lecture estim\u00e9e":"26 minutes"},"schema":{"@context":"https:\/\/schema.org","@graph":[{"@type":"WebPage","@id":"https:\/\/gr10.org\/index.php\/actualites-et-informations-du-gr10\/","url":"https:\/\/gr10.org\/index.php\/actualites-et-informations-du-gr10\/","name":"Actualit\u00e9s et informations du GR\u00ae10","isPartOf":{"@id":"https:\/\/gr10.org\/#website"},"primaryImageOfPage":{"@id":"https:\/\/gr10.org\/index.php\/actualites-et-informations-du-gr10\/#primaryimage"},"image":{"@id":"https:\/\/gr10.org\/index.php\/actualites-et-informations-du-gr10\/#primaryimage"},"thumbnailUrl":"https:\/\/gr10.org\/wp-content\/uploads\/2022\/06\/114974172_o.jpg","datePublished":"2022-06-02T16:50:05+00:00","dateModified":"2023-07-11T15:37:57+00:00","description":"Gr\u00e2ce \u00e0 notre r\u00e9seau de correspondants locaux, retrouvez toutes les actualit\u00e9s et informations du GR10 en continu.","breadcrumb":{"@id":"https:\/\/gr10.org\/index.php\/actualites-et-informations-du-gr10\/#breadcrumb"},"inLanguage":"fr-FR","potentialAction":[{"@type":"ReadAction","target":["https:\/\/gr10.org\/index.php\/actualites-et-informations-du-gr10\/"]}]},{"@type":"ImageObject","inLanguage":"fr-FR","@id":"https:\/\/gr10.org\/index.php\/actualites-et-informations-du-gr10\/#primaryimage","url":"https:\/\/gr10.org\/wp-content\/uploads\/2022\/06\/114974172_o.jpg","contentUrl":"https:\/\/gr10.org\/wp-content\/uploads\/2022\/06\/114974172_o.jpg","width":325,"height":244,"caption":"Actualit\u00e9s Information GR10"},{"@type":"BreadcrumbList","@id":"https:\/\/gr10.org\/index.php\/actualites-et-informations-du-gr10\/#breadcrumb","itemListElement":[{"@type":"ListItem","position":1,"name":"Accueil","item":"https:\/\/gr10.org\/"},{"@type":"ListItem","position":2,"name":"Actualit\u00e9s et informations du GR\u00ae10"}]},{"@type":"WebSite","@id":"https:\/\/gr10.org\/#website","url":"https:\/\/gr10.org\/","name":"GR10 - La grande travers\u00e9e des Pyr\u00e9n\u00e9es","description":"La grande aventure de la travers\u00e9e des Pyr\u00e9n\u00e9es via le gr10, vous en avez r\u00eav\u00e9? Alors, faite-la! Ce site vous aidera \u00e0 r\u00e9aliser votre aventure.","potentialAction":[{"@type":"SearchAction","target":{"@type":"EntryPoint","urlTemplate":"https:\/\/gr10.org\/?s={search_term_string}"},"query-input":{"@type":"PropertyValueSpecification","valueRequired":true,"valueName":"search_term_string"}}],"inLanguage":"fr-FR"}]}},"_links":{"self":[{"href":"https:\/\/gr10.org\/index.php\/wp-json\/wp\/v2\/pages\/8526","targetHints":{"allow":["GET"]}}],"collection":[{"href":"https:\/\/gr10.org\/index.php\/wp-json\/wp\/v2\/pages"}],"about":[{"href":"https:\/\/gr10.org\/index.php\/wp-json\/wp\/v2\/types\/page"}],"author":[{"embeddable":true,"href":"https:\/\/gr10.org\/index.php\/wp-json\/wp\/v2\/users\/1"}],"replies":[{"embeddable":true,"href":"https:\/\/gr10.org\/index.php\/wp-json\/wp\/v2\/comments?post=8526"}],"version-history":[{"count":213,"href":"https:\/\/gr10.org\/index.php\/wp-json\/wp\/v2\/pages\/8526\/revisions"}],"predecessor-version":[{"id":10983,"href":"https:\/\/gr10.org\/index.php\/wp-json\/wp\/v2\/pages\/8526\/revisions\/10983"}],"wp:featuredmedia":[{"embeddable":true,"href":"https:\/\/gr10.org\/index.php\/wp-json\/wp\/v2\/media\/9148"}],"wp:attachment":[{"href":"https:\/\/gr10.org\/index.php\/wp-json\/wp\/v2\/media?parent=8526"}],"wp:term":[{"taxonomy":"category","embeddable":true,"href":"https:\/\/gr10.org\/index.php\/wp-json\/wp\/v2\/categories?post=8526"},{"taxonomy":"post_tag","embeddable":true,"href":"https:\/\/gr10.org\/index.php\/wp-json\/wp\/v2\/tags?post=8526"}],"curies":[{"name":"wp","href":"https:\/\/api.w.org\/{rel}","templated":true}]}}