{"id":9715,"date":"2022-03-02T08:13:50","date_gmt":"2022-03-02T07:13:50","guid":{"rendered":"https:\/\/gr10.org\/?page_id=9715"},"modified":"2023-10-19T22:38:52","modified_gmt":"2023-10-19T20:38:52","slug":"les-temps-de-marche-sur-le-gr10","status":"publish","type":"page","link":"https:\/\/gr10.org\/index.php\/les-temps-de-marche-sur-le-gr10\/","title":{"rendered":"Les temps de marche sur le GR10"},"content":{"rendered":"\t\t<div data-elementor-type=\"wp-page\" data-elementor-id=\"9715\" class=\"elementor elementor-9715\" data-elementor-post-type=\"page\">\n\t\t\t\t\t\t<section class=\"elementor-section elementor-top-section elementor-element elementor-element-3b52da6 elementor-section-boxed elementor-section-height-default elementor-section-height-default\" data-id=\"3b52da6\" data-element_type=\"section\" data-e-type=\"section\" data-settings=\"{&quot;background_background&quot;:&quot;classic&quot;}\">\n\t\t\t\t\t\t<div class=\"elementor-container elementor-column-gap-default\">\n\t\t\t\t\t<div class=\"elementor-column elementor-col-100 elementor-top-column elementor-element elementor-element-e867cfc\" data-id=\"e867cfc\" data-element_type=\"column\" data-e-type=\"column\" data-settings=\"{&quot;background_background&quot;:&quot;classic&quot;}\">\n\t\t\t<div class=\"elementor-widget-wrap elementor-element-populated\">\n\t\t\t\t\t\t<section class=\"elementor-section elementor-inner-section elementor-element elementor-element-150f354 elementor-section-full_width elementor-section-content-middle elementor-section-height-default elementor-section-height-default\" data-id=\"150f354\" data-element_type=\"section\" data-e-type=\"section\">\n\t\t\t\t\t\t<div class=\"elementor-container elementor-column-gap-default\">\n\t\t\t\t\t<div class=\"elementor-column elementor-col-50 elementor-inner-column elementor-element elementor-element-ed81a5b\" data-id=\"ed81a5b\" data-element_type=\"column\" data-e-type=\"column\">\n\t\t\t<div class=\"elementor-widget-wrap elementor-element-populated\">\n\t\t\t\t\t\t<div class=\"elementor-element elementor-element-25d45a6 elementor-widget elementor-widget-image\" data-id=\"25d45a6\" data-element_type=\"widget\" data-e-type=\"widget\" data-widget_type=\"image.default\">\n\t\t\t\t<div class=\"elementor-widget-container\">\n\t\t\t\t\t\t\t\t\t\t\t\t\t\t\t<img fetchpriority=\"high\" decoding=\"async\" width=\"800\" height=\"600\" src=\"https:\/\/gr10.org\/wp-content\/uploads\/2022\/08\/69486011.jpg\" class=\"attachment-large size-large wp-image-9740\" alt=\"Les temps de marche sur le GR10\" srcset=\"https:\/\/gr10.org\/wp-content\/uploads\/2022\/08\/69486011.jpg 800w, https:\/\/gr10.org\/wp-content\/uploads\/2022\/08\/69486011-300x225.jpg 300w, https:\/\/gr10.org\/wp-content\/uploads\/2022\/08\/69486011-768x576.jpg 768w\" sizes=\"(max-width: 800px) 100vw, 800px\" \/>\t\t\t\t\t\t\t\t\t\t\t\t\t\t\t<\/div>\n\t\t\t\t<\/div>\n\t\t\t\t\t<\/div>\n\t\t<\/div>\n\t\t\t\t<div class=\"elementor-column elementor-col-50 elementor-inner-column elementor-element elementor-element-990a38c\" data-id=\"990a38c\" data-element_type=\"column\" data-e-type=\"column\">\n\t\t\t<div class=\"elementor-widget-wrap elementor-element-populated\">\n\t\t\t\t\t\t<div class=\"elementor-element elementor-element-b386325 elementor-widget elementor-widget-heading\" data-id=\"b386325\" data-element_type=\"widget\" data-e-type=\"widget\" data-widget_type=\"heading.default\">\n\t\t\t\t<div class=\"elementor-widget-container\">\n\t\t\t\t\t<h2 class=\"elementor-heading-title elementor-size-default\">Les temps de marche sur le GR10\n<\/h2>\t\t\t\t<\/div>\n\t\t\t\t<\/div>\n\t\t\t\t<div class=\"elementor-element elementor-element-5b1b473 elementor-widget elementor-widget-heading\" data-id=\"5b1b473\" data-element_type=\"widget\" data-e-type=\"widget\" data-widget_type=\"heading.default\">\n\t\t\t\t<div class=\"elementor-widget-container\">\n\t\t\t\t\t<h2 class=\"elementor-heading-title elementor-size-default\">O\u00f9 les trouver et comment les interpr\u00e9ter?\n<\/h2>\t\t\t\t<\/div>\n\t\t\t\t<\/div>\n\t\t\t\t<div class=\"elementor-element elementor-element-4f38013 elementor-widget elementor-widget-text-editor\" data-id=\"4f38013\" data-element_type=\"widget\" data-e-type=\"widget\" data-widget_type=\"text-editor.default\">\n\t\t\t\t<div class=\"elementor-widget-container\">\n\t\t\t\t\t\t\t\t\t<p>Pour se pr\u00e9parer \u00e0 parcourir le GR10, le futur randonneur devra \u00e9valuer les temps de marche \u00e0 un moment ou \u00e0 un autre. C&rsquo;est un sujet d\u00e9licat qui peut susciter de nombreuses questions. Il est donc essentiel de lui donner des explications claires pour qu&rsquo;il comprenne comment interpr\u00e9ter ces temps et r\u00e9ponde \u00e0 ses interrogations.<\/p>\t\t\t\t\t\t\t\t<\/div>\n\t\t\t\t<\/div>\n\t\t\t\t\t<\/div>\n\t\t<\/div>\n\t\t\t\t\t<\/div>\n\t\t<\/section>\n\t\t\t\t<section class=\"elementor-section elementor-inner-section elementor-element elementor-element-eb87c81 elementor-section-full_width elementor-section-content-middle elementor-section-height-default elementor-section-height-default\" data-id=\"eb87c81\" data-element_type=\"section\" data-e-type=\"section\">\n\t\t\t\t\t\t<div class=\"elementor-container elementor-column-gap-default\">\n\t\t\t\t\t<div class=\"elementor-column elementor-col-100 elementor-inner-column elementor-element elementor-element-07f2229\" data-id=\"07f2229\" data-element_type=\"column\" data-e-type=\"column\">\n\t\t\t<div class=\"elementor-widget-wrap elementor-element-populated\">\n\t\t\t\t\t\t<div class=\"elementor-element elementor-element-6f520a0 elementor-widget elementor-widget-heading\" data-id=\"6f520a0\" data-element_type=\"widget\" data-e-type=\"widget\" data-widget_type=\"heading.default\">\n\t\t\t\t<div class=\"elementor-widget-container\">\n\t\t\t\t\t<h3 class=\"elementor-heading-title elementor-size-default\">\nO\u00f9 trouver les temps de marche sur le GR10 ?<\/h3>\t\t\t\t<\/div>\n\t\t\t\t<\/div>\n\t\t\t\t<div class=\"elementor-element elementor-element-efad7d0 elementor-widget elementor-widget-text-editor\" data-id=\"efad7d0\" data-element_type=\"widget\" data-e-type=\"widget\" data-widget_type=\"text-editor.default\">\n\t\t\t\t<div class=\"elementor-widget-container\">\n\t\t\t\t\t\t\t\t\t<p>Il existe trois principales sources distinctes o\u00f9 les temps de marche sont indiqu\u00e9s.<\/p><ol><li><span style=\"font-family: var(--global-body-font-family);\">Les temps de marche des <\/span><a style=\"font-family: var(--global-body-font-family);\" href=\"https:\/\/gr10.org\/index.php\/topo-guides-gr10\/\" target=\"_blank\" rel=\"noopener\">topo-guides de la FFRandonn\u00e9e<\/a><\/li><li><a href=\"https:\/\/gr10.org\/index.php\/topographie-gr10\/\" target=\"_blank\" rel=\"noopener\">Les temps de marche calcul\u00e9s par l&rsquo;Association de Amis GRdistes<\/a><\/li><li>Les temps de marche pr\u00e9sents sur les poteaux directionnels pr\u00e9sents sur le terrain.<\/li><\/ol>\t\t\t\t\t\t\t\t<\/div>\n\t\t\t\t<\/div>\n\t\t\t\t<div class=\"elementor-element elementor-element-1f33c6f elementor-widget elementor-widget-gallery\" data-id=\"1f33c6f\" data-element_type=\"widget\" data-e-type=\"widget\" data-settings=\"{&quot;columns&quot;:3,&quot;gap&quot;:{&quot;unit&quot;:&quot;px&quot;,&quot;size&quot;:15,&quot;sizes&quot;:[]},&quot;aspect_ratio&quot;:&quot;1:1&quot;,&quot;overlay_title&quot;:&quot;caption&quot;,&quot;overlay_description&quot;:&quot;caption&quot;,&quot;lazyload&quot;:&quot;yes&quot;,&quot;gallery_layout&quot;:&quot;grid&quot;,&quot;columns_tablet&quot;:2,&quot;columns_mobile&quot;:1,&quot;gap_tablet&quot;:{&quot;unit&quot;:&quot;px&quot;,&quot;size&quot;:10,&quot;sizes&quot;:[]},&quot;gap_mobile&quot;:{&quot;unit&quot;:&quot;px&quot;,&quot;size&quot;:10,&quot;sizes&quot;:[]},&quot;link_to&quot;:&quot;file&quot;,&quot;overlay_background&quot;:&quot;yes&quot;,&quot;content_hover_animation&quot;:&quot;fade-in&quot;}\" data-widget_type=\"gallery.default\">\n\t\t\t\t<div class=\"elementor-widget-container\">\n\t\t\t\t\t\t\t<div class=\"elementor-gallery__container\">\n\t\t\t\t\t\t\t<a class=\"e-gallery-item elementor-gallery-item elementor-animated-content\" href=\"https:\/\/gr10.org\/wp-content\/uploads\/2022\/08\/temps-3.png\" data-elementor-open-lightbox=\"yes\" data-elementor-lightbox-slideshow=\"1f33c6f\" data-elementor-lightbox-title=\"Les temps de marche du GR10 FFRandonn\u00e9e\" data-e-action-hash=\"#elementor-action%3Aaction%3Dlightbox%26settings%3DeyJpZCI6OTcyNSwidXJsIjoiaHR0cHM6XC9cL2dyMTAub3JnXC93cC1jb250ZW50XC91cGxvYWRzXC8yMDIyXC8wOFwvdGVtcHMtMy5wbmciLCJzbGlkZXNob3ciOiIxZjMzYzZmIn0%3D\">\n\t\t\t\t\t<div class=\"e-gallery-image elementor-gallery-item__image\" data-thumbnail=\"https:\/\/gr10.org\/wp-content\/uploads\/2022\/08\/temps-3-297x300.png\" data-width=\"297\" data-height=\"300\" aria-label=\"Les temps de marche du GR10 FFRandonn\u00e9e\" role=\"img\" ><\/div>\n\t\t\t\t\t\t\t\t\t\t\t<div class=\"elementor-gallery-item__overlay\"><\/div>\n\t\t\t\t\t\t\t\t\t\t\t\t\t\t\t<div class=\"elementor-gallery-item__content\">\n\t\t\t\t\t\t\t\t\t\t\t\t\t\t<div class=\"elementor-gallery-item__title\">\n\t\t\t\t\t\t\t\t\t\t\t\t\t\t\t\t\t\tLes temps de marche du GR10 FFRandonn\u00e9e\t\t\t\t\t\t\t\t<\/div>\n\t\t\t\t\t\t\t\t\t\t\t\t\t\t\t<div class=\"elementor-gallery-item__description\">\n\t\t\t\t\t\t\t\t\t\t\t\t\t\t\t\t\t\tLes temps de marche du GR10 FFRandonn\u00e9e\t\t\t\t\t\t\t\t<\/div>\n\t\t\t\t\t\t\t\t\t\t\t\t<\/div>\n\t\t\t\t\t\t\t\t\t<\/a>\n\t\t\t\t\t\t\t<a class=\"e-gallery-item elementor-gallery-item elementor-animated-content\" href=\"https:\/\/gr10.org\/wp-content\/uploads\/2022\/08\/temps-1.png\" data-elementor-open-lightbox=\"yes\" data-elementor-lightbox-slideshow=\"1f33c6f\" data-elementor-lightbox-title=\"Les temps de marche GR10 Asso des Amis GRdistes\" data-e-action-hash=\"#elementor-action%3Aaction%3Dlightbox%26settings%3DeyJpZCI6OTcyNiwidXJsIjoiaHR0cHM6XC9cL2dyMTAub3JnXC93cC1jb250ZW50XC91cGxvYWRzXC8yMDIyXC8wOFwvdGVtcHMtMS5wbmciLCJzbGlkZXNob3ciOiIxZjMzYzZmIn0%3D\">\n\t\t\t\t\t<div class=\"e-gallery-image elementor-gallery-item__image\" data-thumbnail=\"https:\/\/gr10.org\/wp-content\/uploads\/2022\/08\/temps-1-297x300.png\" data-width=\"297\" data-height=\"300\" aria-label=\"Les temps de marche GR10 Asso des Amis GRdistes\" role=\"img\" ><\/div>\n\t\t\t\t\t\t\t\t\t\t\t<div class=\"elementor-gallery-item__overlay\"><\/div>\n\t\t\t\t\t\t\t\t\t\t\t\t\t\t\t<div class=\"elementor-gallery-item__content\">\n\t\t\t\t\t\t\t\t\t\t\t\t\t\t<div class=\"elementor-gallery-item__title\">\n\t\t\t\t\t\t\t\t\t\t\t\t\t\t\t\t\t\tLes temps de marche GR10 Asso des Amis GRdistes\t\t\t\t\t\t\t\t<\/div>\n\t\t\t\t\t\t\t\t\t\t\t\t\t\t\t<div class=\"elementor-gallery-item__description\">\n\t\t\t\t\t\t\t\t\t\t\t\t\t\t\t\t\t\tLes temps de marche GR10 Asso des Amis GRdistes\t\t\t\t\t\t\t\t<\/div>\n\t\t\t\t\t\t\t\t\t\t\t\t<\/div>\n\t\t\t\t\t\t\t\t\t<\/a>\n\t\t\t\t\t\t\t<a class=\"e-gallery-item elementor-gallery-item elementor-animated-content\" href=\"https:\/\/gr10.org\/wp-content\/uploads\/2022\/08\/temps-2.png\" data-elementor-open-lightbox=\"yes\" data-elementor-lightbox-slideshow=\"1f33c6f\" data-elementor-lightbox-title=\"Les temps de marche du GR10 sur m\u00e2ts directionnels\" data-e-action-hash=\"#elementor-action%3Aaction%3Dlightbox%26settings%3DeyJpZCI6OTcyNywidXJsIjoiaHR0cHM6XC9cL2dyMTAub3JnXC93cC1jb250ZW50XC91cGxvYWRzXC8yMDIyXC8wOFwvdGVtcHMtMi5wbmciLCJzbGlkZXNob3ciOiIxZjMzYzZmIn0%3D\">\n\t\t\t\t\t<div class=\"e-gallery-image elementor-gallery-item__image\" data-thumbnail=\"https:\/\/gr10.org\/wp-content\/uploads\/2022\/08\/temps-2-297x300.png\" data-width=\"297\" data-height=\"300\" aria-label=\"Les temps de marche du GR10 sur m\u00e2ts directionnels\" role=\"img\" ><\/div>\n\t\t\t\t\t\t\t\t\t\t\t<div class=\"elementor-gallery-item__overlay\"><\/div>\n\t\t\t\t\t\t\t\t\t\t\t\t\t\t\t<div class=\"elementor-gallery-item__content\">\n\t\t\t\t\t\t\t\t\t\t\t\t\t\t<div class=\"elementor-gallery-item__title\">\n\t\t\t\t\t\t\t\t\t\t\t\t\t\t\t\t\t\tLes temps de marche du GR10 sur m\u00e2ts directionnels\t\t\t\t\t\t\t\t<\/div>\n\t\t\t\t\t\t\t\t\t\t\t\t\t\t\t<div class=\"elementor-gallery-item__description\">\n\t\t\t\t\t\t\t\t\t\t\t\t\t\t\t\t\t\tLes temps de marche du GR10 sur m\u00e2ts directionnels\t\t\t\t\t\t\t\t<\/div>\n\t\t\t\t\t\t\t\t\t\t\t\t<\/div>\n\t\t\t\t\t\t\t\t\t<\/a>\n\t\t\t\t\t<\/div>\n\t\t\t\t\t<\/div>\n\t\t\t\t<\/div>\n\t\t\t\t\t<\/div>\n\t\t<\/div>\n\t\t\t\t\t<\/div>\n\t\t<\/section>\n\t\t\t\t<section class=\"elementor-section elementor-inner-section elementor-element elementor-element-f2f2103 elementor-section-full_width elementor-section-content-middle elementor-section-height-default elementor-section-height-default\" data-id=\"f2f2103\" data-element_type=\"section\" data-e-type=\"section\">\n\t\t\t\t\t\t<div class=\"elementor-container elementor-column-gap-default\">\n\t\t\t\t\t<div class=\"elementor-column elementor-col-100 elementor-inner-column elementor-element elementor-element-6e31aa6\" data-id=\"6e31aa6\" data-element_type=\"column\" data-e-type=\"column\">\n\t\t\t<div class=\"elementor-widget-wrap elementor-element-populated\">\n\t\t\t\t\t\t<div class=\"elementor-element elementor-element-1d3917b elementor-widget elementor-widget-heading\" data-id=\"1d3917b\" data-element_type=\"widget\" data-e-type=\"widget\" data-widget_type=\"heading.default\">\n\t\t\t\t<div class=\"elementor-widget-container\">\n\t\t\t\t\t<h3 class=\"elementor-heading-title elementor-size-default\">Les temps de pause sont t ils compris dans les temps de marche ?<\/h3>\t\t\t\t<\/div>\n\t\t\t\t<\/div>\n\t\t\t\t<div class=\"elementor-element elementor-element-5e20385 elementor-widget elementor-widget-text-editor\" data-id=\"5e20385\" data-element_type=\"widget\" data-e-type=\"widget\" data-widget_type=\"text-editor.default\">\n\t\t\t\t<div class=\"elementor-widget-container\">\n\t\t\t\t\t\t\t\t\t<p>Cette question est tr\u00e8s certainement la plus pos\u00e9e. Pour y r\u00e9pondre d\u00e9finitivement, la r\u00e9ponse est non. Les temps de marche relatifs au GR10 et plus g\u00e9n\u00e9ralement \u00e0 tous les sentiers, ne sont jamais exprim\u00e9s temps de pause inclus.<\/p>\t\t\t\t\t\t\t\t<\/div>\n\t\t\t\t<\/div>\n\t\t\t\t\t<\/div>\n\t\t<\/div>\n\t\t\t\t\t<\/div>\n\t\t<\/section>\n\t\t\t\t<section class=\"elementor-section elementor-inner-section elementor-element elementor-element-87f3851 elementor-section-full_width elementor-section-content-middle elementor-section-height-default elementor-section-height-default\" data-id=\"87f3851\" data-element_type=\"section\" data-e-type=\"section\">\n\t\t\t\t\t\t<div class=\"elementor-container elementor-column-gap-default\">\n\t\t\t\t\t<div class=\"elementor-column elementor-col-100 elementor-inner-column elementor-element elementor-element-9cca06f\" data-id=\"9cca06f\" data-element_type=\"column\" data-e-type=\"column\">\n\t\t\t<div class=\"elementor-widget-wrap elementor-element-populated\">\n\t\t\t\t\t\t<div class=\"elementor-element elementor-element-fb0472f elementor-widget elementor-widget-heading\" data-id=\"fb0472f\" data-element_type=\"widget\" data-e-type=\"widget\" data-widget_type=\"heading.default\">\n\t\t\t\t<div class=\"elementor-widget-container\">\n\t\t\t\t\t<h3 class=\"elementor-heading-title elementor-size-default\">Comment sont d\u00e9finis les temps de marche ? Tiennent-ils compte de la charge du randonneur ?<\/h3>\t\t\t\t<\/div>\n\t\t\t\t<\/div>\n\t\t\t\t<div class=\"elementor-element elementor-element-89ff9bd elementor-widget elementor-widget-text-editor\" data-id=\"89ff9bd\" data-element_type=\"widget\" data-e-type=\"widget\" data-widget_type=\"text-editor.default\">\n\t\t\t\t<div class=\"elementor-widget-container\">\n\t\t\t\t\t\t\t\t\t<p>Devant s&rsquo;adresser au plus grand nombre, les temps de marche ne tiennent pas compte du niveau du marcheur ou encore de l&rsquo;importance de son chargement. Selon les sources, les crit\u00e8re d&rsquo;appr\u00e9ciation des temps de marche sont tr\u00e8s diff\u00e9rents. Il n&rsquo;existe pas une m\u00e9thode universelle permettant leur d\u00e9termination. Il faut donc raisonner au cas par cas.<\/p>\t\t\t\t\t\t\t\t<\/div>\n\t\t\t\t<\/div>\n\t\t\t\t\t<\/div>\n\t\t<\/div>\n\t\t\t\t\t<\/div>\n\t\t<\/section>\n\t\t\t\t<section class=\"elementor-section elementor-inner-section elementor-element elementor-element-da42128 elementor-section-full_width elementor-section-content-middle elementor-section-height-default elementor-section-height-default\" data-id=\"da42128\" data-element_type=\"section\" data-e-type=\"section\">\n\t\t\t\t\t\t<div class=\"elementor-container elementor-column-gap-default\">\n\t\t\t\t\t<div class=\"elementor-column elementor-col-50 elementor-inner-column elementor-element elementor-element-9fc6d3c\" data-id=\"9fc6d3c\" data-element_type=\"column\" data-e-type=\"column\">\n\t\t\t<div class=\"elementor-widget-wrap elementor-element-populated\">\n\t\t\t\t\t\t<div class=\"elementor-element elementor-element-f0304d6 elementor-widget elementor-widget-image\" data-id=\"f0304d6\" data-element_type=\"widget\" data-e-type=\"widget\" data-widget_type=\"image.default\">\n\t\t\t\t<div class=\"elementor-widget-container\">\n\t\t\t\t\t\t\t\t\t\t\t\t<figure class=\"wp-caption\">\n\t\t\t\t\t\t\t\t\t\t\t<a href=\"https:\/\/gr10.org\/index.php\/topo-guides-gr10\/\" target=\"_blank\">\n\t\t\t\t\t\t\t<img decoding=\"async\" width=\"674\" height=\"271\" src=\"https:\/\/gr10.org\/wp-content\/uploads\/2022\/01\/Les-quatres-topo-guides-FFRandonnee-du-GR10.jpg\" class=\"attachment-large size-large wp-image-401\" alt=\"Les quatre topo-guides FFRandonn\u00e9e du GR10\" srcset=\"https:\/\/gr10.org\/wp-content\/uploads\/2022\/01\/Les-quatres-topo-guides-FFRandonnee-du-GR10.jpg 674w, https:\/\/gr10.org\/wp-content\/uploads\/2022\/01\/Les-quatres-topo-guides-FFRandonnee-du-GR10-300x121.jpg 300w\" sizes=\"(max-width: 674px) 100vw, 674px\" \/>\t\t\t\t\t\t\t\t<\/a>\n\t\t\t\t\t\t\t\t\t\t\t<figcaption class=\"widget-image-caption wp-caption-text\">Les quatre topo-guides FFRandonn\u00e9e du GR10<\/figcaption>\n\t\t\t\t\t\t\t\t\t\t<\/figure>\n\t\t\t\t\t\t\t\t\t<\/div>\n\t\t\t\t<\/div>\n\t\t\t\t<div class=\"elementor-element elementor-element-071664d elementor-widget elementor-widget-image\" data-id=\"071664d\" data-element_type=\"widget\" data-e-type=\"widget\" data-widget_type=\"image.default\">\n\t\t\t\t<div class=\"elementor-widget-container\">\n\t\t\t\t\t\t\t\t\t\t\t\t<figure class=\"wp-caption\">\n\t\t\t\t\t\t\t\t\t\t\t<a href=\"https:\/\/gr10.org\/index.php\/topographie-gr10\/\" target=\"_blank\">\n\t\t\t\t\t\t\t<img decoding=\"async\" width=\"150\" height=\"150\" src=\"https:\/\/gr10.org\/wp-content\/uploads\/2022\/01\/topo7-150x150.jpg\" class=\"attachment-thumbnail size-thumbnail wp-image-400\" alt=\"Vignette Topographie compl\u00e8te topo7 GR10\" \/>\t\t\t\t\t\t\t\t<\/a>\n\t\t\t\t\t\t\t\t\t\t\t<figcaption class=\"widget-image-caption wp-caption-text\">Temps Asso Amis GRdistes<\/figcaption>\n\t\t\t\t\t\t\t\t\t\t<\/figure>\n\t\t\t\t\t\t\t\t\t<\/div>\n\t\t\t\t<\/div>\n\t\t\t\t<div class=\"elementor-element elementor-element-11fb461 elementor-widget elementor-widget-image\" data-id=\"11fb461\" data-element_type=\"widget\" data-e-type=\"widget\" data-widget_type=\"image.default\">\n\t\t\t\t<div class=\"elementor-widget-container\">\n\t\t\t\t\t\t\t\t\t\t\t\t<figure class=\"wp-caption\">\n\t\t\t\t\t\t\t\t\t\t\t<a href=\"https:\/\/gr10.org\/wp-content\/uploads\/2022\/08\/69486011.jpg\" data-elementor-open-lightbox=\"yes\" data-elementor-lightbox-title=\"Les temps de marche sur le GR10\" data-e-action-hash=\"#elementor-action%3Aaction%3Dlightbox%26settings%3DeyJpZCI6OTc0MCwidXJsIjoiaHR0cHM6XC9cL2dyMTAub3JnXC93cC1jb250ZW50XC91cGxvYWRzXC8yMDIyXC8wOFwvNjk0ODYwMTEuanBnIn0%3D\">\n\t\t\t\t\t\t\t<img fetchpriority=\"high\" decoding=\"async\" width=\"800\" height=\"600\" src=\"https:\/\/gr10.org\/wp-content\/uploads\/2022\/08\/69486011.jpg\" class=\"attachment-large size-large wp-image-9740\" alt=\"Les temps de marche sur le GR10\" srcset=\"https:\/\/gr10.org\/wp-content\/uploads\/2022\/08\/69486011.jpg 800w, https:\/\/gr10.org\/wp-content\/uploads\/2022\/08\/69486011-300x225.jpg 300w, https:\/\/gr10.org\/wp-content\/uploads\/2022\/08\/69486011-768x576.jpg 768w\" sizes=\"(max-width: 800px) 100vw, 800px\" \/>\t\t\t\t\t\t\t\t<\/a>\n\t\t\t\t\t\t\t\t\t\t\t<figcaption class=\"widget-image-caption wp-caption-text\">Les temps de marche sur le GR10<\/figcaption>\n\t\t\t\t\t\t\t\t\t\t<\/figure>\n\t\t\t\t\t\t\t\t\t<\/div>\n\t\t\t\t<\/div>\n\t\t\t\t\t<\/div>\n\t\t<\/div>\n\t\t\t\t<div class=\"elementor-column elementor-col-50 elementor-inner-column elementor-element elementor-element-50e4271\" data-id=\"50e4271\" data-element_type=\"column\" data-e-type=\"column\">\n\t\t\t<div class=\"elementor-widget-wrap elementor-element-populated\">\n\t\t\t\t\t\t<div class=\"elementor-element elementor-element-d64e82e elementor-widget elementor-widget-heading\" data-id=\"d64e82e\" data-element_type=\"widget\" data-e-type=\"widget\" data-widget_type=\"heading.default\">\n\t\t\t\t<div class=\"elementor-widget-container\">\n\t\t\t\t\t<h3 class=\"elementor-heading-title elementor-size-small\">1\/ Les temps de marche indiqu\u00e9s dans les topo-guides \u00e9dit\u00e9s par la FFRandonn\u00e9e<\/h3>\t\t\t\t<\/div>\n\t\t\t\t<\/div>\n\t\t\t\t<div class=\"elementor-element elementor-element-98f2496 elementor-widget elementor-widget-text-editor\" data-id=\"98f2496\" data-element_type=\"widget\" data-e-type=\"widget\" data-widget_type=\"text-editor.default\">\n\t\t\t\t<div class=\"elementor-widget-container\">\n\t\t\t\t\t\t\t\t\t<p>Les informations relatives aux temps de marche figurant dans les topo-guides \u00e9dit\u00e9s par la FFRandonn\u00e9e sont consid\u00e9r\u00e9s comme des temps \u00ab\u00a0officiels\u00a0\u00bb. Toutefois, il est important de conna\u00eetre leur m\u00e9thode de calcul afin de mieux appr\u00e9cier leur niveau de pr\u00e9cision. En effet, une analyse th\u00e9orique tr\u00e8s simple est \u00e0 l\u2019origine de la d\u00e9termination des temps de marche FFRandonn\u00e9e. Selon cette m\u00e9thode, le marcheur est suppos\u00e9 marcher \u00e0 une vitesse moyenne de 4 km\/h sur du plat et une vitesse ascensionnelle de 300 m\/h. Les retours d\u2019exp\u00e9rience en provenance du terrain viennent ensuite corriger le r\u00e9sultat de l\u2019analyse th\u00e9orique. Bien que g\u00e9n\u00e9ralement r\u00e9put\u00e9s pour leur pr\u00e9cision, cette m\u00e9thode bas\u00e9e sur \u00ab l\u2019humain \u00bb n\u2019est pas infaillible et peut pr\u00e9senter de nombreuses erreurs.<\/p>\t\t\t\t\t\t\t\t<\/div>\n\t\t\t\t<\/div>\n\t\t\t\t<div class=\"elementor-element elementor-element-c904fe1 elementor-widget elementor-widget-heading\" data-id=\"c904fe1\" data-element_type=\"widget\" data-e-type=\"widget\" data-widget_type=\"heading.default\">\n\t\t\t\t<div class=\"elementor-widget-container\">\n\t\t\t\t\t<h3 class=\"elementor-heading-title elementor-size-small\">2\/ Les temps de marche indiqu\u00e9s par l'Association des Amis GRdistes<\/h3>\t\t\t\t<\/div>\n\t\t\t\t<\/div>\n\t\t\t\t<div class=\"elementor-element elementor-element-5dda828 elementor-widget elementor-widget-text-editor\" data-id=\"5dda828\" data-element_type=\"widget\" data-e-type=\"widget\" data-widget_type=\"text-editor.default\">\n\t\t\t\t<div class=\"elementor-widget-container\">\n\t\t\t\t\t\t\t\t\t<p>Les temps indiqu\u00e9s par l&rsquo;Association des Amis GRdistes, quant \u00e0 eux, reposent sur une m\u00e9thode de calcul complexe bas\u00e9e sur un d\u00e9coupage tr\u00e8s fin de la trace officielle GPX du GR10 en segments unitaires de parcours. Chacun de ces segments poss\u00e8de une longueur et un pourcentage de pente, auxquels est associ\u00e9e une vitesse d\u2019\u00e9volution. Les temps ainsi obtenus sont \u00e9galement corrig\u00e9s selon les retours d\u2019exp\u00e9riences du terrain. Cependant, il faut \u00eatre attentif au r\u00e9sultat, car la nature du terrain peut influer sur les vitesses de progression, et n&rsquo;est pas toujours identique d&rsquo;un endroit \u00e0 l&rsquo;autre.<\/p>\t\t\t\t\t\t\t\t<\/div>\n\t\t\t\t<\/div>\n\t\t\t\t<div class=\"elementor-element elementor-element-4527f2b elementor-widget elementor-widget-heading\" data-id=\"4527f2b\" data-element_type=\"widget\" data-e-type=\"widget\" data-widget_type=\"heading.default\">\n\t\t\t\t<div class=\"elementor-widget-container\">\n\t\t\t\t\t<h3 class=\"elementor-heading-title elementor-size-small\">3\/ Les temps de marche indiqu\u00e9s sur les m\u00e2ts directionnels positionn\u00e9s sur le parcours<\/h3>\t\t\t\t<\/div>\n\t\t\t\t<\/div>\n\t\t\t\t<div class=\"elementor-element elementor-element-10c6e86 elementor-widget elementor-widget-text-editor\" data-id=\"10c6e86\" data-element_type=\"widget\" data-e-type=\"widget\" data-widget_type=\"text-editor.default\">\n\t\t\t\t<div class=\"elementor-widget-container\">\n\t\t\t\t\t\t\t\t\t<p>Enfin, les temps de marche indiqu\u00e9s sur les m\u00e2ts directionnels positionn\u00e9s sur le parcours ne rel\u00e8vent pas toujours de la responsabilit\u00e9 de la FFRandonn\u00e9e, contrairement aux balises blanches et rouges. Les temps qui y sont indiqu\u00e9s ne sont pas toujours en ad\u00e9quation avec les temps de la FFRandonn\u00e9e, car il n\u2019y a pas de r\u00e8gle stricte quant \u00e0 la proc\u00e9dure de retranscription des temps de marche des topo-guides vers les panneaux directionnels. Il est donc courant de constater des diff\u00e9rences significatives entre les temps indiqu\u00e9s sur les m\u00e2ts directionnels et ceux indiqu\u00e9s dans les topo-guides FFRandonn\u00e9e.<\/p>\t\t\t\t\t\t\t\t<\/div>\n\t\t\t\t<\/div>\n\t\t\t\t\t<\/div>\n\t\t<\/div>\n\t\t\t\t\t<\/div>\n\t\t<\/section>\n\t\t\t\t<section class=\"elementor-section elementor-inner-section elementor-element elementor-element-a0fce9a elementor-section-full_width elementor-section-content-middle elementor-section-height-default elementor-section-height-default\" data-id=\"a0fce9a\" data-element_type=\"section\" data-e-type=\"section\">\n\t\t\t\t\t\t<div class=\"elementor-container elementor-column-gap-default\">\n\t\t\t\t\t<div class=\"elementor-column elementor-col-100 elementor-inner-column elementor-element elementor-element-121b806\" data-id=\"121b806\" data-element_type=\"column\" data-e-type=\"column\">\n\t\t\t<div class=\"elementor-widget-wrap elementor-element-populated\">\n\t\t\t\t\t\t<div class=\"elementor-element elementor-element-ef2ffd1 elementor-widget elementor-widget-heading\" data-id=\"ef2ffd1\" data-element_type=\"widget\" data-e-type=\"widget\" data-widget_type=\"heading.default\">\n\t\t\t\t<div class=\"elementor-widget-container\">\n\t\t\t\t\t<h3 class=\"elementor-heading-title elementor-size-default\">En conclusion<\/h3>\t\t\t\t<\/div>\n\t\t\t\t<\/div>\n\t\t\t\t<div class=\"elementor-element elementor-element-75b7851 elementor-widget elementor-widget-text-editor\" data-id=\"75b7851\" data-element_type=\"widget\" data-e-type=\"widget\" data-widget_type=\"text-editor.default\">\n\t\t\t\t<div class=\"elementor-widget-container\">\n\t\t\t\t\t\t\t\t\t<p>En mati\u00e8re de temps de marche, il est essentiel de faire preuve de prudence et de garder une approche critique. Le meilleur moyen de garantir une estimation fiable sera de recouper les donn\u00e9es provenant de diff\u00e9rentes sources. En cas de divergence, il est recommand\u00e9 de consid\u00e9rer les temps les plus pessimistes, c&rsquo;est-\u00e0-dire les plus longs.<br \/><span style=\"color: var( --e-global-color-ef96547 ); font-family: var( --e-global-typography-ef9164a-font-family ), Sans-serif; font-size: var( --e-global-typography-ef9164a-font-size ); font-weight: var( --e-global-typography-ef9164a-font-weight ); letter-spacing: var( --e-global-typography-ef9164a-letter-spacing ); word-spacing: var( --e-global-typography-ef9164a-word-spacing );\"><br \/>Une fois lanc\u00e9 dans votre aventure, vous pourrez ajuster les temps de marche en fonction de diff\u00e9rents facteurs. Votre niveau physique, votre chargement ou encore votre mode d\u2019\u00e9volution devront \u00eatre ainsi consid\u00e9r\u00e9s. Il est donc recommand\u00e9 de garder une certaine souplesse dans votre planification, tout en restant attentif aux indications donn\u00e9es sur le terrain.<br \/><\/span><\/p>\t\t\t\t\t\t\t\t<\/div>\n\t\t\t\t<\/div>\n\t\t\t\t\t<\/div>\n\t\t<\/div>\n\t\t\t\t\t<\/div>\n\t\t<\/section>\n\t\t\t\t<section class=\"elementor-section elementor-inner-section elementor-element elementor-element-011ccec elementor-section-full_width elementor-section-content-middle elementor-section-height-default elementor-section-height-default\" data-id=\"011ccec\" data-element_type=\"section\" data-e-type=\"section\">\n\t\t\t\t\t\t<div class=\"elementor-container elementor-column-gap-default\">\n\t\t\t\t\t<div class=\"elementor-column elementor-col-50 elementor-inner-column elementor-element elementor-element-a241543 elementor-hidden-mobile\" data-id=\"a241543\" data-element_type=\"column\" data-e-type=\"column\">\n\t\t\t<div class=\"elementor-widget-wrap\">\n\t\t\t\t\t\t\t<\/div>\n\t\t<\/div>\n\t\t\t\t<div class=\"elementor-column elementor-col-50 elementor-inner-column elementor-element elementor-element-6437a58\" data-id=\"6437a58\" data-element_type=\"column\" data-e-type=\"column\">\n\t\t\t<div class=\"elementor-widget-wrap elementor-element-populated\">\n\t\t\t\t\t\t<div class=\"elementor-element elementor-element-18c125b elementor-align-center elementor-widget__width-auto elementor-widget elementor-widget-button\" data-id=\"18c125b\" data-element_type=\"widget\" data-e-type=\"widget\" data-widget_type=\"button.default\">\n\t\t\t\t<div class=\"elementor-widget-container\">\n\t\t\t\t\t\t\t\t\t<div class=\"elementor-button-wrapper\">\n\t\t\t\t\t<a class=\"elementor-button elementor-button-link elementor-size-xs\" href=\"https:\/\/gr10.org\/index.php\/portail-des-dossiers-de-preparation-au-gr10\/\">\n\t\t\t\t\t\t<span class=\"elementor-button-content-wrapper\">\n\t\t\t\t\t\t\t\t\t<span class=\"elementor-button-text\">Retour au portail des dossiers de pr\u00e9paration<\/span>\n\t\t\t\t\t<\/span>\n\t\t\t\t\t<\/a>\n\t\t\t\t<\/div>\n\t\t\t\t\t\t\t\t<\/div>\n\t\t\t\t<\/div>\n\t\t\t\t\t<\/div>\n\t\t<\/div>\n\t\t\t\t\t<\/div>\n\t\t<\/section>\n\t\t\t\t<section class=\"elementor-section elementor-inner-section elementor-element elementor-element-b4ec738 elementor-section-boxed elementor-section-height-default elementor-section-height-default\" data-id=\"b4ec738\" data-element_type=\"section\" data-e-type=\"section\">\n\t\t\t\t\t\t<div class=\"elementor-container elementor-column-gap-default\">\n\t\t\t\t\t<div class=\"elementor-column elementor-col-100 elementor-inner-column elementor-element elementor-element-c977750\" data-id=\"c977750\" data-element_type=\"column\" data-e-type=\"column\">\n\t\t\t<div class=\"elementor-widget-wrap elementor-element-populated\">\n\t\t\t\t\t\t<div class=\"elementor-element elementor-element-550f2a5 elementor-position-inline-start elementor-widget__width-inherit elementor-view-default elementor-mobile-position-block-start elementor-widget elementor-widget-icon-box\" data-id=\"550f2a5\" data-element_type=\"widget\" data-e-type=\"widget\" data-widget_type=\"icon-box.default\">\n\t\t\t\t<div class=\"elementor-widget-container\">\n\t\t\t\t\t\t\t<div class=\"elementor-icon-box-wrapper\">\n\n\t\t\t\t\t\t<div class=\"elementor-icon-box-icon\">\n\t\t\t\t<span  class=\"elementor-icon\">\n\t\t\t\t<i aria-hidden=\"true\" class=\"fas fa-info-circle\"><\/i>\t\t\t\t<\/span>\n\t\t\t<\/div>\n\t\t\t\n\t\t\t\t\t\t<div class=\"elementor-icon-box-content\">\n\n\t\t\t\t\n\t\t\t\t\t\t\t\t\t<p class=\"elementor-icon-box-description\">\n\t\t\t\t\t\tPoint info\t\t\t\t\t<\/p>\n\t\t\t\t\n\t\t\t<\/div>\n\t\t\t\n\t\t<\/div>\n\t\t\t\t\t\t<\/div>\n\t\t\t\t<\/div>\n\t\t\t\t<div class=\"elementor-element elementor-element-528c279 elementor-widget elementor-widget-text-editor\" data-id=\"528c279\" data-element_type=\"widget\" data-e-type=\"widget\" data-widget_type=\"text-editor.default\">\n\t\t\t\t<div class=\"elementor-widget-container\">\n\t\t\t\t\t\t\t\t\tPour toutes questions relatives aux dossiers de pr\u00e9paration, n&rsquo;h\u00e9sitez-pas \u00e0 contacter :\n<br>\nEric CHAIGNEAU\n<br>\nanimateur b\u00e9n\u00e9vole des Amis GRdistes.\n<br>\n<a href=\"mailto:assogr10@gmail.com\" target=\"_blank\" rel=\"noopener\">assogr10@gmail.com<\/a>\n<br>\ntel 06 83 61 48 49\t\t\t\t\t\t\t\t<\/div>\n\t\t\t\t<\/div>\n\t\t\t\t\t<\/div>\n\t\t<\/div>\n\t\t\t\t\t<\/div>\n\t\t<\/section>\n\t\t\t\t\t<\/div>\n\t\t<\/div>\n\t\t\t\t\t<\/div>\n\t\t<\/section>\n\t\t\t\t<\/div>\n\t\t","protected":false},"excerpt":{"rendered":"<p>Les temps de marche sur le GR10 O\u00f9 les trouver et comment les interpr\u00e9ter? Pour se pr\u00e9parer \u00e0 parcourir le GR10, le futur randonneur devra \u00e9valuer les temps de marche \u00e0 un moment ou \u00e0 un autre. C&rsquo;est un sujet d\u00e9licat qui peut susciter de nombreuses questions. Il est donc essentiel de lui donner des&#8230;<\/p>\n","protected":false},"author":3,"featured_media":9740,"parent":0,"menu_order":0,"comment_status":"open","ping_status":"closed","template":"elementor_theme","meta":{"_acf_changed":false,"_kad_post_transparent":"","_kad_post_title":"hide","_kad_post_layout":"right","_kad_post_sidebar_id":"sidebar-primary","_kad_post_content_style":"unboxed","_kad_post_vertical_padding":"hide","_kad_post_feature":"hide","_kad_post_feature_position":"","_kad_post_header":false,"_kad_post_footer":false,"footnotes":""},"categories":[18,19,23],"tags":[],"class_list":["post-9715","page","type-page","status-publish","has-post-thumbnail","hentry","category-dossier-de-preparation","category-les-essentiels","category-sentiers-orientation"],"acf":[],"yoast_head":"<!-- This site is optimized with the Yoast SEO plugin v27.4 - https:\/\/yoast.com\/product\/yoast-seo-wordpress\/ -->\n<title>Dossier de pr\u00e9paration - Les temps de marche sur le GR10<\/title>\n<meta name=\"description\" content=\"Les temps de marche sur le GR10. O\u00f9 les trouver et comment les interpr\u00e9ter ? Un dossier de pr\u00e9paration essentiel pour le futur GRdiste.\" \/>\n<meta name=\"robots\" content=\"index, follow, max-snippet:-1, max-image-preview:large, max-video-preview:-1\" \/>\n<link rel=\"canonical\" href=\"https:\/\/gr10.org\/index.php\/les-temps-de-marche-sur-le-gr10\/\" \/>\n<meta property=\"og:locale\" content=\"fr_FR\" \/>\n<meta property=\"og:type\" content=\"article\" \/>\n<meta property=\"og:title\" content=\"Dossier de pr\u00e9paration - Les temps de marche sur le GR10\" \/>\n<meta property=\"og:description\" content=\"Les temps de marche sur le GR10. O\u00f9 les trouver et comment les interpr\u00e9ter ? Un dossier de pr\u00e9paration essentiel pour le futur GRdiste.\" \/>\n<meta property=\"og:url\" content=\"https:\/\/gr10.org\/index.php\/les-temps-de-marche-sur-le-gr10\/\" \/>\n<meta property=\"og:site_name\" content=\"GR10 - La grande travers\u00e9e des Pyr\u00e9n\u00e9es\" \/>\n<meta property=\"article:modified_time\" content=\"2023-10-19T20:38:52+00:00\" \/>\n<meta property=\"og:image\" content=\"https:\/\/gr10.org\/wp-content\/uploads\/2022\/08\/69486011.jpg\" \/>\n\t<meta property=\"og:image:width\" content=\"800\" \/>\n\t<meta property=\"og:image:height\" content=\"600\" \/>\n\t<meta property=\"og:image:type\" content=\"image\/jpeg\" \/>\n<meta name=\"twitter:card\" content=\"summary_large_image\" \/>\n<meta name=\"twitter:label1\" content=\"Dur\u00e9e de lecture estim\u00e9e\" \/>\n\t<meta name=\"twitter:data1\" content=\"6 minutes\" \/>\n<script type=\"application\/ld+json\" class=\"yoast-schema-graph\">{\"@context\":\"https:\\\/\\\/schema.org\",\"@graph\":[{\"@type\":\"WebPage\",\"@id\":\"https:\\\/\\\/gr10.org\\\/index.php\\\/les-temps-de-marche-sur-le-gr10\\\/\",\"url\":\"https:\\\/\\\/gr10.org\\\/index.php\\\/les-temps-de-marche-sur-le-gr10\\\/\",\"name\":\"Dossier de pr\u00e9paration - Les temps de marche sur le GR10\",\"isPartOf\":{\"@id\":\"https:\\\/\\\/gr10.org\\\/#website\"},\"primaryImageOfPage\":{\"@id\":\"https:\\\/\\\/gr10.org\\\/index.php\\\/les-temps-de-marche-sur-le-gr10\\\/#primaryimage\"},\"image\":{\"@id\":\"https:\\\/\\\/gr10.org\\\/index.php\\\/les-temps-de-marche-sur-le-gr10\\\/#primaryimage\"},\"thumbnailUrl\":\"https:\\\/\\\/gr10.org\\\/wp-content\\\/uploads\\\/2022\\\/08\\\/69486011.jpg\",\"datePublished\":\"2022-03-02T07:13:50+00:00\",\"dateModified\":\"2023-10-19T20:38:52+00:00\",\"description\":\"Les temps de marche sur le GR10. O\u00f9 les trouver et comment les interpr\u00e9ter ? Un dossier de pr\u00e9paration essentiel pour le futur GRdiste.\",\"breadcrumb\":{\"@id\":\"https:\\\/\\\/gr10.org\\\/index.php\\\/les-temps-de-marche-sur-le-gr10\\\/#breadcrumb\"},\"inLanguage\":\"fr-FR\",\"potentialAction\":[{\"@type\":\"ReadAction\",\"target\":[\"https:\\\/\\\/gr10.org\\\/index.php\\\/les-temps-de-marche-sur-le-gr10\\\/\"]}]},{\"@type\":\"ImageObject\",\"inLanguage\":\"fr-FR\",\"@id\":\"https:\\\/\\\/gr10.org\\\/index.php\\\/les-temps-de-marche-sur-le-gr10\\\/#primaryimage\",\"url\":\"https:\\\/\\\/gr10.org\\\/wp-content\\\/uploads\\\/2022\\\/08\\\/69486011.jpg\",\"contentUrl\":\"https:\\\/\\\/gr10.org\\\/wp-content\\\/uploads\\\/2022\\\/08\\\/69486011.jpg\",\"width\":800,\"height\":600,\"caption\":\"Les temps de marche sur le GR10\"},{\"@type\":\"BreadcrumbList\",\"@id\":\"https:\\\/\\\/gr10.org\\\/index.php\\\/les-temps-de-marche-sur-le-gr10\\\/#breadcrumb\",\"itemListElement\":[{\"@type\":\"ListItem\",\"position\":1,\"name\":\"Accueil\",\"item\":\"https:\\\/\\\/gr10.org\\\/\"},{\"@type\":\"ListItem\",\"position\":2,\"name\":\"Les temps de marche sur le GR10\"}]},{\"@type\":\"WebSite\",\"@id\":\"https:\\\/\\\/gr10.org\\\/#website\",\"url\":\"https:\\\/\\\/gr10.org\\\/\",\"name\":\"GR10 - La grande travers\u00e9e des Pyr\u00e9n\u00e9es\",\"description\":\"La grande aventure de la travers\u00e9e des Pyr\u00e9n\u00e9es via le gr10, vous en avez r\u00eav\u00e9? Alors, faite-la! Ce site vous aidera \u00e0 r\u00e9aliser votre aventure.\",\"potentialAction\":[{\"@type\":\"SearchAction\",\"target\":{\"@type\":\"EntryPoint\",\"urlTemplate\":\"https:\\\/\\\/gr10.org\\\/?s={search_term_string}\"},\"query-input\":{\"@type\":\"PropertyValueSpecification\",\"valueRequired\":true,\"valueName\":\"search_term_string\"}}],\"inLanguage\":\"fr-FR\"}]}<\/script>\n<!-- \/ Yoast SEO plugin. -->","yoast_head_json":{"title":"Dossier de pr\u00e9paration - Les temps de marche sur le GR10","description":"Les temps de marche sur le GR10. O\u00f9 les trouver et comment les interpr\u00e9ter ? Un dossier de pr\u00e9paration essentiel pour le futur GRdiste.","robots":{"index":"index","follow":"follow","max-snippet":"max-snippet:-1","max-image-preview":"max-image-preview:large","max-video-preview":"max-video-preview:-1"},"canonical":"https:\/\/gr10.org\/index.php\/les-temps-de-marche-sur-le-gr10\/","og_locale":"fr_FR","og_type":"article","og_title":"Dossier de pr\u00e9paration - Les temps de marche sur le GR10","og_description":"Les temps de marche sur le GR10. O\u00f9 les trouver et comment les interpr\u00e9ter ? Un dossier de pr\u00e9paration essentiel pour le futur GRdiste.","og_url":"https:\/\/gr10.org\/index.php\/les-temps-de-marche-sur-le-gr10\/","og_site_name":"GR10 - La grande travers\u00e9e des Pyr\u00e9n\u00e9es","article_modified_time":"2023-10-19T20:38:52+00:00","og_image":[{"width":800,"height":600,"url":"https:\/\/gr10.org\/wp-content\/uploads\/2022\/08\/69486011.jpg","type":"image\/jpeg"}],"twitter_card":"summary_large_image","twitter_misc":{"Dur\u00e9e de lecture estim\u00e9e":"6 minutes"},"schema":{"@context":"https:\/\/schema.org","@graph":[{"@type":"WebPage","@id":"https:\/\/gr10.org\/index.php\/les-temps-de-marche-sur-le-gr10\/","url":"https:\/\/gr10.org\/index.php\/les-temps-de-marche-sur-le-gr10\/","name":"Dossier de pr\u00e9paration - Les temps de marche sur le GR10","isPartOf":{"@id":"https:\/\/gr10.org\/#website"},"primaryImageOfPage":{"@id":"https:\/\/gr10.org\/index.php\/les-temps-de-marche-sur-le-gr10\/#primaryimage"},"image":{"@id":"https:\/\/gr10.org\/index.php\/les-temps-de-marche-sur-le-gr10\/#primaryimage"},"thumbnailUrl":"https:\/\/gr10.org\/wp-content\/uploads\/2022\/08\/69486011.jpg","datePublished":"2022-03-02T07:13:50+00:00","dateModified":"2023-10-19T20:38:52+00:00","description":"Les temps de marche sur le GR10. O\u00f9 les trouver et comment les interpr\u00e9ter ? Un dossier de pr\u00e9paration essentiel pour le futur GRdiste.","breadcrumb":{"@id":"https:\/\/gr10.org\/index.php\/les-temps-de-marche-sur-le-gr10\/#breadcrumb"},"inLanguage":"fr-FR","potentialAction":[{"@type":"ReadAction","target":["https:\/\/gr10.org\/index.php\/les-temps-de-marche-sur-le-gr10\/"]}]},{"@type":"ImageObject","inLanguage":"fr-FR","@id":"https:\/\/gr10.org\/index.php\/les-temps-de-marche-sur-le-gr10\/#primaryimage","url":"https:\/\/gr10.org\/wp-content\/uploads\/2022\/08\/69486011.jpg","contentUrl":"https:\/\/gr10.org\/wp-content\/uploads\/2022\/08\/69486011.jpg","width":800,"height":600,"caption":"Les temps de marche sur le GR10"},{"@type":"BreadcrumbList","@id":"https:\/\/gr10.org\/index.php\/les-temps-de-marche-sur-le-gr10\/#breadcrumb","itemListElement":[{"@type":"ListItem","position":1,"name":"Accueil","item":"https:\/\/gr10.org\/"},{"@type":"ListItem","position":2,"name":"Les temps de marche sur le GR10"}]},{"@type":"WebSite","@id":"https:\/\/gr10.org\/#website","url":"https:\/\/gr10.org\/","name":"GR10 - La grande travers\u00e9e des Pyr\u00e9n\u00e9es","description":"La grande aventure de la travers\u00e9e des Pyr\u00e9n\u00e9es via le gr10, vous en avez r\u00eav\u00e9? Alors, faite-la! Ce site vous aidera \u00e0 r\u00e9aliser votre aventure.","potentialAction":[{"@type":"SearchAction","target":{"@type":"EntryPoint","urlTemplate":"https:\/\/gr10.org\/?s={search_term_string}"},"query-input":{"@type":"PropertyValueSpecification","valueRequired":true,"valueName":"search_term_string"}}],"inLanguage":"fr-FR"}]}},"_links":{"self":[{"href":"https:\/\/gr10.org\/index.php\/wp-json\/wp\/v2\/pages\/9715","targetHints":{"allow":["GET"]}}],"collection":[{"href":"https:\/\/gr10.org\/index.php\/wp-json\/wp\/v2\/pages"}],"about":[{"href":"https:\/\/gr10.org\/index.php\/wp-json\/wp\/v2\/types\/page"}],"author":[{"embeddable":true,"href":"https:\/\/gr10.org\/index.php\/wp-json\/wp\/v2\/users\/3"}],"replies":[{"embeddable":true,"href":"https:\/\/gr10.org\/index.php\/wp-json\/wp\/v2\/comments?post=9715"}],"version-history":[{"count":89,"href":"https:\/\/gr10.org\/index.php\/wp-json\/wp\/v2\/pages\/9715\/revisions"}],"predecessor-version":[{"id":12629,"href":"https:\/\/gr10.org\/index.php\/wp-json\/wp\/v2\/pages\/9715\/revisions\/12629"}],"wp:featuredmedia":[{"embeddable":true,"href":"https:\/\/gr10.org\/index.php\/wp-json\/wp\/v2\/media\/9740"}],"wp:attachment":[{"href":"https:\/\/gr10.org\/index.php\/wp-json\/wp\/v2\/media?parent=9715"}],"wp:term":[{"taxonomy":"category","embeddable":true,"href":"https:\/\/gr10.org\/index.php\/wp-json\/wp\/v2\/categories?post=9715"},{"taxonomy":"post_tag","embeddable":true,"href":"https:\/\/gr10.org\/index.php\/wp-json\/wp\/v2\/tags?post=9715"}],"curies":[{"name":"wp","href":"https:\/\/api.w.org\/{rel}","templated":true}]}}